{"id":988,"date":"2025-04-08T10:55:00","date_gmt":"2025-04-08T10:55:00","guid":{"rendered":"https:\/\/sar-camp.wtf\/home\/"},"modified":"2025-08-29T18:27:45","modified_gmt":"2025-08-29T18:27:45","slug":"home","status":"publish","type":"page","link":"https:\/\/sar-camp.wtf\/it\/","title":{"rendered":"Home"},"content":{"rendered":"\n<div class=\"gb-element-4572d2a8 alignfull header\">\n<div class=\"gb-element-27091987 regular-width\">\n<h1 class=\"wp-block-heading has-text-align-center\" style=\"font-size:6rem\">Riflettere. Resistere. Riappropriarsi del Futuro.  <\/h1>\n\n\n\n<p class=\"subtitle has-contrast-2-color has-text-color has-link-color wp-elements-c15888dd49d7c97956f3515c39c25d9a\">Un campo per le persone coinvolte nel SaR(Search and Rescue), no-confini, decolonizzazione e migrazione, e per chiunque sia connesso a queste lotte.<\/p>\n\n\n\n<div class=\"gb-element-eefbab26 navButtons\"><nav class=\"has-text-color has-contrast-2-color items-justified-center wp-block-navigation is-content-justification-center is-layout-flex wp-container-core-navigation-is-layout-16018d1d wp-block-navigation-is-layout-flex\" aria-label=\"Navigation\"><ul class=\"wp-block-navigation__container has-text-color has-contrast-2-color items-justified-center wp-block-navigation\"><li class=\" wp-block-navigation-item wp-block-navigation-link\"><a class=\"wp-block-navigation-item__content\"  href=\"#About\"><span class=\"wp-block-navigation-item__label\">About<\/span><\/a><\/li><li class=\" wp-block-navigation-item wp-block-navigation-link\"><a class=\"wp-block-navigation-item__content\"  href=\"#Expect\"><span class=\"wp-block-navigation-item__label\">What to expect<\/span><\/a><\/li><li class=\" wp-block-navigation-item wp-block-navigation-link\"><a class=\"wp-block-navigation-item__content\"  href=\"#WhereWhenHow\"><span class=\"wp-block-navigation-item__label\">Location &amp; Dates<\/span><\/a><\/li><li class=\" wp-block-navigation-item wp-block-navigation-link\"><a class=\"wp-block-navigation-item__content\"  href=\"#FAQ\"><span class=\"wp-block-navigation-item__label\">FAQ<\/span><\/a><\/li><li class=\" wp-block-navigation-item wp-block-navigation-link\"><a class=\"wp-block-navigation-item__content\"  href=\"https:\/\/sar-camp.wtf\/program\/\"><span class=\"wp-block-navigation-item__label\">Program<\/span><\/a><\/li><li class=\" wp-block-navigation-item wp-block-navigation-link\"><a class=\"wp-block-navigation-item__content\"  href=\"https:\/\/sar-camp.wtf\/accessibility-awareness\/\"><span class=\"wp-block-navigation-item__label\">Accessibility &amp; Awareness<\/span><\/a><\/li><\/ul><\/nav>\n\n\n<div style=\"height:16px\" aria-hidden=\"true\" class=\"wp-block-spacer\"><\/div>\n\n\n\n<div class=\"gb-element-c037695b nav_highlight \">\n<a class=\"gb-text-03e1ebf5 navButtons \" href=\"https:\/\/tickets.sar-camp.wtf\"><span class=\"gb-shape\"><svg xmlns=\"http:\/\/www.w3.org\/2000\/svg\" aria-hidden=\"true\" role=\"img\" height=\"1em\" width=\"1em\" viewbox=\"0 0 512 512\"><path fill=\"currentColor\" d=\"M462.3 62.6C407.5 15.9 326 24.3 275.7 76.2L256 96.5l-19.7-20.3C186.1 24.3 104.5 15.9 49.7 62.6c-62.8 53.6-66.1 149.8-9.9 207.9l193.5 199.8c12.5 12.9 32.8 12.9 45.3 0l193.5-199.8c56.3-58.1 53-154.3-9.8-207.9z\"><\/path><\/svg><\/span><span class=\"gb-text\">Prendi il tuo biglietto<\/span><\/a>\n<\/div>\n<\/div>\n<\/div>\n\n\n\n<div class=\"gb-element-0ef186e7 alignfull\">\n<!--Waves Container-->\n<div>\n<svg xmlns=\"http:\/\/www.w3.org\/2000\/svg\" xmlns:xlink=\"http:\/\/www.w3.org\/1999\/xlink\" class=\"waves\" viewbox=\"0 24 150 28\" preserveaspectratio=\"none\" shape-rendering=\"auto\">\n<defs>\n<path id=\"gentle-wave\" d=\"M-160 44c30 0 58-18 88-18s 58 18 88 18 58-18 88-18 58 18 88 18 v44h-352z\"><\/path>\n<\/defs>\n<g class=\"parallax\">\n<use xlink:href=\"#gentle-wave\" x=\"48\" y=\"0\" fill=\"rgba(255,255,255,0.7\"><\/use>\n<use xlink:href=\"#gentle-wave\" x=\"48\" y=\"3\" fill=\"rgba(255,255,255,0.5)\"><\/use>\n<use xlink:href=\"#gentle-wave\" x=\"48\" y=\"5\" fill=\"rgba(255,255,255,0.3)\"><\/use>\n<use xlink:href=\"#gentle-wave\" x=\"48\" y=\"7\" fill=\"#fff\"><\/use>\n<\/g>\n<\/svg>\n<\/div>\n<!--Waves end-->\n<\/div>\n<\/div>\n\n<div class=\"gb-element-fc0a1654  alignfull\" id=\"About\">\n<div class=\"gb-element-df018f58 regular-width\">\n<div class=\"headline_block\">\n<h2 class=\"wp-block-heading has-text-align-center small has-contrast-color has-text-color has-link-color wp-elements-7fa53af718d3a47a6e8e3f16ad6de21c\"><br\/><strong>04. &#8211; 07 Settembre 2025 &#8211; 07.2025<\/strong><\/h2>\n\n\n\n<h2 class=\"wp-block-heading has-text-align-center has-contrast-color has-text-color has-link-color wp-elements-497025c7ab4e5ff7764c093ecfea6750\">10 Anni di Solidariet\u00e0 e Resistenze \u2013<br\/>Search &amp; Rescue<\/h2>\n<\/div>\n\n\n\n<div class=\"wp-block-columns is-layout-flex wp-container-core-columns-is-layout-9d6595d7 wp-block-columns-is-layout-flex\">\n<div class=\"wp-block-column is-layout-flow wp-block-column-is-layout-flow\">\n<p class=\"has-contrast-color has-text-color has-link-color wp-elements-37bafe14206bbcb46e66fffa3cedab8f\">Invitiamo le persone con esperienza di dislocamento, attivist\u0259 e alleat\u0259, a condividere esperienze, riflettere sulle nostre strategie politiche, imparare da l\u2019un l\u2019altr\u0259, e a formare il nuovo capitolo del nostro movimento.<\/p>\n\n\n\n<p class=\"has-contrast-color has-text-color has-link-color wp-elements-0185f8d874e302060e0fdc6b42337e07\">Per dieci anni, abbiamo combattuto per il recupero marittimo civile, libert\u00e0 di movimento e i diritti fondamentali di tutt\u0259.<\/p>\n<\/div>\n\n\n\n<div class=\"wp-block-column is-layout-flow wp-block-column-is-layout-flow\">\n<p class=\"has-contrast-color has-text-color has-link-color wp-elements-7d407d72fdbff9c3ba6275812ecacffd\">Questo anniversario \u00e8 radicato nella lotta pi\u00f9 ampia che \u00e8 emersa con forza durante l&#8217;Estate delle migrazioni: essere solidali con le persone in movimento, resistere alla fortezza mortale dell&#8217;Europa e lottare per un futuro senza confini, ma con giustizia e solidariet\u00e0.<br\/><br\/><br\/>Siamo parte della <a href=\"https:\/\/trans-border.net\/index.php\/join-the-transnational-chain-of-actions-for-free-movement\/\">Catena transnazionale di azioni che<\/a> sta ricordando l&#8217;estate migratoria del 2015. <\/p>\n\n\n\n<p class=\"has-contrast-color has-text-color has-link-color wp-elements-ad86c6149514f375c7be395b446a34fe\"><br\/>Organizziamo questo campo dall&#8217;interno della \u201cbolla\u201d del soccorso marittimo e siamo consapevoli che la nostra prospettiva \u00e8 limitata. Ecco perch\u00e9 vogliamo mettere in discussione questi sistemi nel nostro lavoro e rendere il campo il pi\u00f9 inclusivo e accessibile possibile. <a href=\"https:\/\/sar-camp.wtf\/it\/child-care-concept\/\">Leggi la nostra dichiarazione completa qui.<\/a>  <\/p>\n\n\n\n<p><\/p>\n\n\n\n<p><\/p>\n<\/div>\n<\/div>\n<\/div>\n\n\n\n<div class=\"gb-element-e41a739b overlap\">\n<div class=\"regular-width\">\n<p class=\"has-contrast-color has-text-color has-link-color wp-elements-0f0f20cebcacb4c0bc11db93f95729c0\"><strong>Questo campo \u00e8 per te se\u2026<\/strong><\/p>\n\n\n\n<ul class=\"wp-block-list has-contrast-color has-text-color has-link-color wp-elements-43f36818467819e0c84a6084ebb08078\">\n<li>Sei attiv\u0259 nel <strong>recupero marittimo, in lavori di solidariet\u00e0<\/strong> o <strong>supporto per persone in movimento<\/strong>. <\/li>\n\n\n\n<li><strong>Combatti per la libert\u00e0 di movimento<\/strong> e l\u2019abolizione dei confini<\/li>\n\n\n\n<li>Sei una persona con <strong>esperienze vissute<\/strong> di fuga, migrazione, or ricerca d\u2019asilo e vuoi connettere, condividere ed organizzare <\/li>\n\n\n\n<li>Sei coinvolt\u0259<strong> <\/strong>nei movimenti di <strong>anti-razzismo<\/strong>, <strong>decolonizzazione <\/strong>o <strong>giustizia migratoria<\/strong>.<\/li>\n\n\n\n<li>Non sei ancora organizzat\u0259 ma sei <strong>interessat\u0259 a partecipare a queste battaglie<\/strong><\/li>\n\n\n\n<li>Vuoi <strong>dare forma alla prossima decade assieme<\/strong>.<\/li>\n<\/ul>\n<\/div>\n\n\n\n<a class=\"gb-text-651e24c7 button_on_secondary\" href=\"https:\/\/tickets.sar-camp.wtf\/\" target=\"_blank\" rel=\"noopener\"><span class=\"gb-shape\"><svg xmlns=\"http:\/\/www.w3.org\/2000\/svg\" aria-hidden=\"true\" role=\"img\" height=\"1em\" width=\"1em\" viewbox=\"0 0 512 512\"><path fill=\"currentColor\" d=\"M462.3 62.6C407.5 15.9 326 24.3 275.7 76.2L256 96.5l-19.7-20.3C186.1 24.3 104.5 15.9 49.7 62.6c-62.8 53.6-66.1 149.8-9.9 207.9l193.5 199.8c12.5 12.9 32.8 12.9 45.3 0l193.5-199.8c56.3-58.1 53-154.3-9.8-207.9z\"><\/path><\/svg><\/span><span class=\"gb-text\">Prendi il tuo biglietto<\/span><\/a>\n<\/div>\n<\/div>\n\n<div class=\"gb-element-31d34648\" id=\"Expect\">\n<div class=\"gb-element-eebbbc60\">\n<h2 class=\"wp-block-heading has-text-align-center\">Scambio. Apprendimento. Organizzazione. Qualsiasi cosa le persone vogliano e possano contribuire pu\u00f2 avvenire al campo. E\u2019 un campo di partecipazione.    <\/h2>\n\n\n\n<div style=\"height:62px\" aria-hidden=\"true\" class=\"wp-block-spacer\"><\/div>\n\n\n\n<div class=\"wp-block-columns is-layout-flex wp-container-core-columns-is-layout-9d6595d7 wp-block-columns-is-layout-flex\">\n<div class=\"wp-block-column is-layout-flow wp-block-column-is-layout-flow\">\n<div class=\"gb-element-6fec51d8\">\n<div class=\"gb-element-a05d9282 teasercardimg_container\">\n<figure class=\"wp-block-image size-large is-resized\"><img decoding=\"async\" src=\"https:\/\/sar-camp.wtf\/wp-content\/uploads\/2025\/04\/workshop-panels.svg\" alt=\"\" class=\"wp-image-797\" style=\"width:300px\"\/><\/figure>\n<\/div>\n\n\n\n<div>\n<div class=\"gb-element-2c14ddeb\">\n<h3 class=\"wp-block-heading\">Workshops &amp; Panels<\/h3>\n<\/div>\n\n\n\n<p><\/p>\n<\/div>\n<\/div>\n<\/div>\n\n\n\n<div class=\"wp-block-column is-layout-flow wp-block-column-is-layout-flow\">\n<div class=\"gb-element-6fec51d8\">\n<div class=\"gb-element-a05d9282 teasercardimg_container\">\n<figure class=\"wp-block-image size-large is-resized\"><img decoding=\"async\" src=\"https:\/\/sar-camp.wtf\/wp-content\/uploads\/2025\/04\/history-storytelling.svg\" alt=\"\" class=\"wp-image-761\" style=\"width:300px\"\/><\/figure>\n<\/div>\n\n\n\n<div>\n<div class=\"gb-element-2c14ddeb\">\n<h3 class=\"wp-block-heading\">Racconti e storia<\/h3>\n<\/div>\n\n\n\n<p><\/p>\n<\/div>\n<\/div>\n<\/div>\n\n\n\n<div class=\"wp-block-column is-layout-flow wp-block-column-is-layout-flow\">\n<div class=\"gb-element-6fec51d8\">\n<div class=\"gb-element-a05d9282 teasercardimg_container\">\n<figure class=\"wp-block-image size-large is-resized\"><img decoding=\"async\" src=\"https:\/\/sar-camp.wtf\/wp-content\/uploads\/2025\/04\/strategy-lab.svg\" alt=\"\" class=\"wp-image-793\" style=\"width:300px\"\/><\/figure>\n<\/div>\n\n\n\n<div>\n<div class=\"gb-element-2c14ddeb\">\n<h3 class=\"wp-block-heading\">Laboratori di strategia<\/h3>\n<\/div>\n\n\n\n<p><\/p>\n<\/div>\n<\/div>\n<\/div>\n<\/div>\n\n\n\n<div class=\"wp-block-columns is-layout-flex wp-container-core-columns-is-layout-9d6595d7 wp-block-columns-is-layout-flex\">\n<div class=\"wp-block-column is-layout-flow wp-block-column-is-layout-flow\">\n<div class=\"gb-element-6fec51d8\">\n<div class=\"gb-element-a05d9282 teasercardimg_container\">\n<figure class=\"wp-block-image size-large is-resized\"><img decoding=\"async\" src=\"https:\/\/sar-camp.wtf\/wp-content\/uploads\/2025\/04\/open-spaces.svg\" alt=\"\" class=\"wp-image-792\" style=\"width:300px\"\/><\/figure>\n<\/div>\n\n\n\n<div>\n<div class=\"gb-element-2c14ddeb\">\n<h3 class=\"wp-block-heading\">Spazi aperti<\/h3>\n<\/div>\n\n\n\n<p><\/p>\n<\/div>\n<\/div>\n<\/div>\n\n\n\n<div class=\"wp-block-column is-layout-flow wp-block-column-is-layout-flow\">\n<div class=\"gb-element-6fec51d8\">\n<div class=\"gb-element-a05d9282 teasercardimg_container\">\n<figure class=\"wp-block-image size-large is-resized\"><img decoding=\"async\" src=\"https:\/\/sar-camp.wtf\/wp-content\/uploads\/2025\/04\/concert-art-music.svg\" alt=\"\" class=\"wp-image-757\" style=\"width:300px\"\/><\/figure>\n<\/div>\n\n\n\n<div>\n<div class=\"gb-element-2c14ddeb\">\n<h3 class=\"wp-block-heading\">Incontri serali, concerti, arte, festa<\/h3>\n<\/div>\n\n\n\n<p><\/p>\n<\/div>\n<\/div>\n<\/div>\n\n\n\n<div class=\"wp-block-column is-layout-flow wp-block-column-is-layout-flow\">\n<div class=\"gb-element-6fec51d8\">\n<div class=\"gb-element-a05d9282 teasercardimg_container\">\n<figure class=\"wp-block-image size-large is-resized\"><img decoding=\"async\" src=\"https:\/\/sar-camp.wtf\/wp-content\/uploads\/2025\/04\/movement-building.svg\" alt=\"\" class=\"wp-image-781\" style=\"width:300px\"\/><\/figure>\n<\/div>\n\n\n\n<div>\n<div class=\"gb-element-2c14ddeb\">\n<h3 class=\"wp-block-heading\">Costruzione del movimento<\/h3>\n<\/div>\n\n\n\n<p><\/p>\n<\/div>\n<\/div>\n<\/div>\n<\/div>\n<\/div>\n\n\n\n<div style=\"height:60px\" aria-hidden=\"true\" class=\"wp-block-spacer\"><\/div>\n\n\n\n<div class=\"gb-element-39102394 overlap\">\n<div class=\"regular-width\">\n<div class=\"gb-element-a6d24788 baseline_middle\">\n<div class=\"gb-element-894208b2\">\n<h2 class=\"wp-block-heading deco-headline has-contrast-color has-text-color has-link-color wp-elements-90d4cf6c1154fa44699a23c5e8ea74c4\"><img loading=\"lazy\" decoding=\"async\" width=\"40\" height=\"40\" class=\"wp-image-17\" style=\"width: 40px;\" src=\"https:\/\/sar-camp.wtf\/wp-content\/uploads\/2025\/03\/cropped-Element-1.png\" alt=\"\" srcset=\"https:\/\/sar-camp.wtf\/wp-content\/uploads\/2025\/03\/cropped-Element-1.png 512w, https:\/\/sar-camp.wtf\/wp-content\/uploads\/2025\/03\/cropped-Element-1-300x300.png 300w, https:\/\/sar-camp.wtf\/wp-content\/uploads\/2025\/03\/cropped-Element-1-150x150.png 150w, https:\/\/sar-camp.wtf\/wp-content\/uploads\/2025\/03\/cropped-Element-1-270x270.png 270w, https:\/\/sar-camp.wtf\/wp-content\/uploads\/2025\/03\/cropped-Element-1-192x192.png 192w, https:\/\/sar-camp.wtf\/wp-content\/uploads\/2025\/03\/cropped-Element-1-180x180.png 180w, https:\/\/sar-camp.wtf\/wp-content\/uploads\/2025\/03\/cropped-Element-1-32x32.png 32w\" sizes=\"auto, (max-width: 40px) 100vw, 40px\" \/>Porta le tue conoscenze, idee e lotte<img loading=\"lazy\" decoding=\"async\" width=\"40\" height=\"40\" class=\"wp-image-17\" style=\"width: 40px;\" src=\"https:\/\/sar-camp.wtf\/wp-content\/uploads\/2025\/03\/cropped-Element-1.png\" alt=\"\" srcset=\"https:\/\/sar-camp.wtf\/wp-content\/uploads\/2025\/03\/cropped-Element-1.png 512w, https:\/\/sar-camp.wtf\/wp-content\/uploads\/2025\/03\/cropped-Element-1-300x300.png 300w, https:\/\/sar-camp.wtf\/wp-content\/uploads\/2025\/03\/cropped-Element-1-150x150.png 150w, https:\/\/sar-camp.wtf\/wp-content\/uploads\/2025\/03\/cropped-Element-1-270x270.png 270w, https:\/\/sar-camp.wtf\/wp-content\/uploads\/2025\/03\/cropped-Element-1-192x192.png 192w, https:\/\/sar-camp.wtf\/wp-content\/uploads\/2025\/03\/cropped-Element-1-180x180.png 180w, https:\/\/sar-camp.wtf\/wp-content\/uploads\/2025\/03\/cropped-Element-1-32x32.png 32w\" sizes=\"auto, (max-width: 40px) 100vw, 40px\" \/><\/h2>\n<\/div>\n<\/div>\n\n\n\n<p class=\"has-contrast-color has-text-color has-link-color wp-elements-a09754def7428b2f70d5f0e67070b89a\">Che sia un workshop, un film, un concerto, una discussione, o una condivisione di conoscenze.<\/p>\n\n\n\n<div class=\"gb-element-db848ef7\">\n<p class=\"has-contrast-color has-text-color has-link-color wp-elements-7c02090b93c6d8e352e0f28484950848\">We are looking forward for your contribution.<br\/><strong>Submit until August 14!<\/strong> <br\/><em>If you are wondering whether your contribution fits, please reach out to <a href=\"mailto:camp@sea-watch.org\">camp@sea-watch.org.<\/a><\/em><\/p>\n\n\n\n<div>\n<a class=\"gb-text-736b29e0 button_on_secondary\" href=\"https:\/\/content.sar-camp.wtf\/sar-camp-2025\/cfp\" target=\"_blank\" rel=\"noopener\"><span class=\"gb-shape\"><svg xmlns=\"http:\/\/www.w3.org\/2000\/svg\" width=\"48\" height=\"48\" viewbox=\"0 0 48 48\" fill=\"none\">\n  <path fill-rule=\"evenodd\" clip-rule=\"evenodd\" d=\"M30 8C28.8954 8 28 7.10457 28 6C28 4.89543 28.8954 4 30 4H42C43.1046 4 44 4.89543 44 6V18C44 19.1046 43.1046 20 42 20C40.8954 20 40 19.1046 40 18V10.8284L21.4142 29.4142C20.6332 30.1953 19.3668 30.1953 18.5858 29.4142C17.8047 28.6332 17.8047 27.3668 18.5858 26.5858L37.1716 8H30ZM10 14C9.46957 14 8.96086 14.2107 8.58579 14.5858C8.21071 14.9609 8 15.4696 8 16V38C8 38.5304 8.21071 39.0391 8.58579 39.4142C8.96086 39.7893 9.46957 40 10 40H32C32.5304 40 33.0391 39.7893 33.4142 39.4142C33.7893 39.0391 34 38.5304 34 38V26C34 24.8954 34.8954 24 36 24C37.1046 24 38 24.8954 38 26V38C38 39.5913 37.3679 41.1174 36.2426 42.2426C35.1174 43.3679 33.5913 44 32 44H10C8.4087 44 6.88258 43.3679 5.75736 42.2426C4.63214 41.1174 4 39.5913 4 38V16C4 14.4087 4.63214 12.8826 5.75736 11.7574C6.88258 10.6321 8.4087 10 10 10H22C23.1046 10 24 10.8954 24 12C24 13.1046 23.1046 14 22 14H10Z\" fill=\"white\"><\/path>\n<\/svg><\/span><span class=\"gb-text\">Invia il tuo contributo<\/span><\/a>\n<\/div>\n<\/div>\n<\/div>\n<\/div>\n<\/div>\n\n<div class=\"gb-element-ca0d7206 alignfull\" id=\"WhereWhenHow\">\n<div class=\"gb-element-48ee4355 regular-width\">\n<div class=\"gb-element-2ce19e62\">\n<div class=\"gb-element-052d099a\">\n<h2 class=\"wp-block-heading has-main-1-dark-color has-text-color has-link-color wp-elements-864238cd4d474ab0bb45781b717b2152\">Dove, Quando e Come?<\/h2>\n\n\n\n<p>Ogni biglietto include il campeggio, l\u2019entrata al campo SAR e il vitto.<br\/>Aspettiamo impazientemente di vederti e di sentire le tue idee!<\/p>\n\n\n\n<div>\n<p class=\"has-text-align-left date has-contrast-color has-text-color has-link-color wp-elements-510f4e420d39b8649302e838cf8d9e74\"><img loading=\"lazy\" decoding=\"async\" width=\"36\" height=\"36\" class=\"wp-image-415\" style=\"width: 36px;\" src=\"https:\/\/sar-camp.wtf\/wp-content\/uploads\/2025\/04\/icon_calendar.png\" alt=\"\"\/>  04. &#8211; 07. Settembre 2025<\/p>\n\n\n\n<p class=\"location\"><img loading=\"lazy\" decoding=\"async\" width=\"36\" height=\"37\" class=\"wp-image-416\" style=\"width: 36px;\" src=\"https:\/\/sar-camp.wtf\/wp-content\/uploads\/2025\/04\/icon_location.png\" alt=\"\"\/>Luogo: Biesenthal near Berlin<\/p>\n<\/div>\n<\/div>\n<\/div>\n\n\n\n<figure class=\"wp-block-image size-full\"><img loading=\"lazy\" decoding=\"async\" width=\"490\" height=\"540\" src=\"https:\/\/sar-camp.wtf\/wp-content\/uploads\/2025\/04\/map_tmp.png\" alt=\"\" class=\"wp-image-299\" style=\"object-fit:cover\" srcset=\"https:\/\/sar-camp.wtf\/wp-content\/uploads\/2025\/04\/map_tmp.png 490w, https:\/\/sar-camp.wtf\/wp-content\/uploads\/2025\/04\/map_tmp-272x300.png 272w\" sizes=\"auto, (max-width: 490px) 100vw, 490px\" \/><\/figure>\n<\/div>\n\n\n\n<div class=\"gb-element-5bd87dc3\" id=\"Join\">\n<h2 class=\"wp-block-heading has-contrast-color has-text-color has-link-color wp-elements-41864d9ec11fd404c235fbf47bd6076f\">Vuoi unirti?<\/h2>\n\n\n\n<p class=\"has-contrast-color has-text-color has-link-color wp-elements-796a1bcc58513ec163c8621e4ce6231c\">Iscriviti al campo qui<\/p>\n\n\n\n<a class=\"gb-text-37f323a3 button_on_secondary\" href=\"https:\/\/tickets.sar-camp.wtf\/\" target=\"_blank\" rel=\"noopener\"><span class=\"gb-shape\"><svg xmlns=\"http:\/\/www.w3.org\/2000\/svg\" aria-hidden=\"true\" role=\"img\" height=\"1em\" width=\"1em\" viewbox=\"0 0 512 512\"><path fill=\"currentColor\" d=\"M462.3 62.6C407.5 15.9 326 24.3 275.7 76.2L256 96.5l-19.7-20.3C186.1 24.3 104.5 15.9 49.7 62.6c-62.8 53.6-66.1 149.8-9.9 207.9l193.5 199.8c12.5 12.9 32.8 12.9 45.3 0l193.5-199.8c56.3-58.1 53-154.3-9.8-207.9z\"><\/path><\/svg><\/span><span class=\"gb-text\">Prendi il tuo biglietto<\/span><\/a>\n<\/div>\n\n\n\n<div class=\"gb-element-537d2e61 faq\" id=\"FAQ\">\n<div style=\"height:100px\" aria-hidden=\"true\" class=\"wp-block-spacer\"><\/div>\n\n\n\n<h2 class=\"wp-block-heading has-main-1-dark-color has-text-color has-link-color wp-elements-7dddf385c741a3ee8b3bcd7244dd9fbe\">FAQ<\/h2>\n\n\n\n<p>Altre domande?<br\/>Raggiungeteci via camp@sea-watch.org<\/p>\n\n\n\n<h3 class=\"wp-block-heading has-main-2-color has-text-color has-link-color wp-elements-7f3bd7c004d33a928f27738c13efbcd5\"><strong>Accomodazione<\/strong><\/h3>\n\n\n\n<details class=\"wp-block-details is-layout-flow wp-block-details-is-layout-flow\"><summary>Hai da dormire in una tenda?<\/summary>\n<p>Non necessariamente! Mentre molte persone campeggeranno, ci sar\u00e0 un numero limitato di spazi per dormire al chiuso o alternative accessibili \u2013 contataci se ne hai bisogno.Hai da dormire in una tenda? <\/p>\n<\/details>\n\n\n\n<hr class=\"wp-block-separator has-alpha-channel-opacity\"\/>\n\n\n\n<details class=\"wp-block-details is-layout-flow wp-block-details-is-layout-flow\"><summary>Cosa devo portare con me?<\/summary>\n<p>Porta vestiti adattati al clima locale, materiale per campeggiare (tenda, sacco a pelo, materassino,\u2026), e qualsiasi medicina di cui tua abbia bisogno, un asciugamano per la sauna e tutto ci\u00f2 che ti serva per stare a tuo agio.<\/p>\n<\/details>\n\n\n\n<hr class=\"wp-block-separator has-alpha-channel-opacity\"\/>\n\n\n\n<details class=\"wp-block-details is-layout-flow wp-block-details-is-layout-flow\"><summary>Ci sar\u00e0 la possibilit\u00e0 di farsi la doccia?<\/summary>\n<p>Sul sito si trova un lago, perfetto per farsi il bagno. Alcune docce esterne saranno disponibili in loco. <\/p>\n<\/details>\n\n\n\n<hr class=\"wp-block-separator has-alpha-channel-opacity\"\/>\n\n\n\n<details class=\"wp-block-details is-layout-flow wp-block-details-is-layout-flow\"><summary>Ci sono bancomat o servizi di pagamento con carta in loco?<\/summary>\n<p>No, purtroppo nessuno dei due \u00e8 disponibile in loco. Ti consigliamo di portare con te del contante. <\/p>\n<\/details>\n\n\n\n<hr class=\"wp-block-separator has-alpha-channel-opacity\"\/>\n\n\n\n<details class=\"wp-block-details is-layout-flow wp-block-details-is-layout-flow\"><summary>Posso portare il mio cane?<\/summary>\n<p>I cani sono i benvenuti. All&#8217;interno dell&#8217;area del festival devono essere tenuti al guinzaglio, ma all&#8217;esterno sono disponibili aree dove possono correre liberamente. <\/p>\n<\/details>\n\n\n\n<hr class=\"wp-block-separator has-alpha-channel-opacity\"\/>\n\n\n\n<details class=\"wp-block-details is-layout-flow wp-block-details-is-layout-flow\"><summary>C&#8217;\u00e8 uno spazio di co-working?<\/summary>\n<p>Nell&#8217;area del festival sar\u00e0 disponibile una sala di lavoro attrezzata con tavoli e connessione Wi-Fi.<\/p>\n<\/details>\n\n\n\n<hr class=\"wp-block-separator has-alpha-channel-opacity\"\/>\n\n\n\n<details class=\"wp-block-details is-layout-flow wp-block-details-is-layout-flow\"><summary>Ci sar\u00e0 uno scambio di libri durante l&#8217;evento?<\/summary>\n<p>S\u00ec! Portate pure i vostri libri gi\u00e0 letti e scambiateli con gli altri partecipanti! <\/p>\n<\/details>\n\n\n\n<hr class=\"wp-block-separator has-alpha-channel-opacity\"\/>\n\n\n\n<h3 class=\"wp-block-heading has-main-2-color has-text-color has-link-color wp-elements-c8f813d30941a96a239b0b2a7c35fedf\"><strong>Transporto<\/strong><\/h3>\n\n\n\n<details class=\"wp-block-details is-layout-flow wp-block-details-is-layout-flow\"><summary>Come raggiungo il campo? <\/summary>\n<p>Il campo \u00e8 raggiungibile con il trasporto pubblico. Condivideremo le indicazioni dettagliate e le opzioni via email dopo la tua registrazione. Provvederemo anche delle navette tra la stazione ed il campo.  <\/p>\n<\/details>\n\n\n\n<hr class=\"wp-block-separator has-alpha-channel-opacity\"\/>\n\n\n\n<details class=\"wp-block-details is-layout-flow wp-block-details-is-layout-flow\"><summary>Posso venire con il camper o l\u2019auto? Ci sono parcheggi? <\/summary>\n<p>Ci sar\u00e0 un numero limitato di parcheggi. Puoi venire con il tuo mezzo se pensi di usarlo per dormire, altrimenti ti incoraggiamo a venire con il trasporto pubblico, non potendo assicurare il parcheggio. Incoraggiamo anche di fare carpooling se possibile!  <\/p>\n<\/details>\n\n\n\n<hr class=\"wp-block-separator has-alpha-channel-opacity\"\/>\n\n\n\n<h3 class=\"wp-block-heading has-main-2-color has-text-color has-link-color wp-elements-c8f813d30941a96a239b0b2a7c35fedf\"><strong>Transporto<\/strong><\/h3>\n\n\n\n<details class=\"wp-block-details is-layout-flow wp-block-details-is-layout-flow\"><summary>Voglio venire per un solo giorno- devo comunque comprare il biglietto intero?<\/summary>\n<p>Saremmo felici di vederti stare tutto il fine settimana per avere un\u2019esperienza completa di scambio e networking, quindi non c\u2019\u00e8 un biglietto giornaliero. Chiaramente, tutti possono arrivare e ripartire in qualsiasi momento. In questo caso, puoi scriverci e ti daremo un voucher, cos\u00ec che tu non debba pagare tutto il biglietto.  <\/p>\n<\/details>\n\n\n\n<hr class=\"wp-block-separator has-alpha-channel-opacity\"\/>\n\n\n\n<details class=\"wp-block-details is-layout-flow wp-block-details-is-layout-flow\"><summary>Non mi posso permettere il biglietto solidale \u2013 posso ancora venire?<\/summary>\n<p>Certo. Ti suggeriamo una contribuzione parziale, ma nessun\u0259 sar\u00e0 rifiutat\u0259 per la mancanza di fondi. Accessibilit\u00e0 comprende l\u2019accesso finanziario. Se non puoi permetterti il costo, facci sapere \u2013 troveremo un modo di far funzionare tutto.   <\/p>\n<\/details>\n\n\n\n<hr class=\"wp-block-separator has-alpha-channel-opacity\"\/>\n\n\n\n<details class=\"wp-block-details is-layout-flow wp-block-details-is-layout-flow\"><summary>E il vitto?<\/summary>\n<p>Ci sar\u00e0 una cucina supportata da tutti che ci offrir\u00e0 pasti vegani. Cibo e acqua sono compresi nel biglietto. Se vuoi portare il tuo cibo, sei benvenut\u0259 a prendere un biglietto pi\u00f9 economico sul portale.<br\/>In aggiunta, puoi prendere il caff\u00e8 o altre bevande al bar. Porta del contante!   <\/p>\n<\/details>\n\n\n\n<hr class=\"wp-block-separator has-alpha-channel-opacity\"\/>\n\n\n\n<h3 class=\"wp-block-heading has-main-2-color has-text-color has-link-color wp-elements-d38a71d2f067dc49e96ed5a149eb3483\"><strong>Famiglie e Bambini<\/strong><\/h3>\n\n\n\n<div>\n<details class=\"wp-block-details is-layout-flow wp-block-details-is-layout-flow\"><summary>Posso portare bambini?<\/summary>\n<p>Si! I bambini sono benvenuti. Per favore, informaci durante la registrazione quanti ce ne saranno, cos\u00ec ci possiamo organizzare per il cibo e l\u2019assistenza, che saranno disponibili in loco. Bambini sopra i 14 anni dovranno avere un biglietto.    The <a href=\"https:\/\/sar-camp.wtf\/it\/accessibilita-e-consapevolezza\/\"><mark style=\"background-color:rgba(0, 0, 0, 0)\" class=\"has-inline-color has-accent-color\">Child Care Concept can be found here<\/mark><\/a>.<\/p>\n<\/details>\n<\/div>\n\n\n\n<hr class=\"wp-block-separator has-alpha-channel-opacity\"\/>\n\n\n\n<h3 class=\"wp-block-heading has-main-2-color has-text-color has-link-color wp-elements-b138e001320dacb920d6c8acde189414\"><strong>Workshops &amp; Programmi<\/strong><\/h3>\n\n\n\n<details class=\"wp-block-details is-layout-flow wp-block-details-is-layout-flow\"><summary>In che lingua saranno i lavori?<\/summary>\n<p>Le lingue principali del campo saranno il tedesco e l&#8217;inglese e faremo del nostro meglio per fornire traduzioni in entrambe le lingue. Se avete bisogno di altre lingue o se potete aiutare con la traduzione, fatecelo sapere. <\/p>\n<\/details>\n\n\n\n<hr class=\"wp-block-separator has-alpha-channel-opacity\"\/>\n\n\n\n<details class=\"wp-block-details is-layout-flow wp-block-details-is-layout-flow\"><summary>\u00c8 possibile per i partecipanti o le organizzazioni vendere prodotti o raccogliere fondi in loco?<\/summary>\n<p>Siamo entusiasti che molte organizzazioni e iniziative senza scopo di lucro e finanziate principalmente da donazioni si stiano riunendo a Biesenthal. Il campo non ha lo scopo n\u00e9 il carattere di raccogliere fondi per le numerose e diverse organizzazioni e riteniamo quindi che non sia la sede appropriata per questo. <\/p>\n<\/details>\n\n\n\n<hr class=\"wp-block-separator has-alpha-channel-opacity\"\/>\n\n\n\n<h3 class=\"wp-block-heading has-main-2-color has-text-color has-link-color wp-elements-30b6e7c9709f9d60b7c295853e0de357\"><strong>Connessione<\/strong><\/h3>\n\n\n\n<details class=\"wp-block-details is-layout-flow wp-block-details-is-layout-flow\"><summary>Ci sono modi per connettersi se vengo da solo?<\/summary>\n<p>Molte persone arrivano al campo senza un gruppo, e va benissimo cos\u00ec! Stiamo organizzando alcuni modi semplici per aiutarti a conoscere altri e sentirti parte del gruppo fin da subito. <\/p>\n\n\n\n<p>Ecco cosa abbiamo preparato:<\/p>\n\n\n\n<p><strong>Gruppi Telegram<\/strong><br\/>Appena hai il biglietto, riceverai le info per accedere al nostro Telegram, che include: <\/p>\n\n\n\n<ul class=\"wp-block-list\">\n<li>Un<strong> gruppo di connessione<\/strong> per chiacchierare e incontrare persone prima del campo<\/li>\n\n\n\n<li>Un gruppo per organizzare <strong>passaggi in auto<\/strong><\/li>\n\n\n\n<li>Un <strong>canale principale<\/strong> per aggiornamenti e info pratiche<\/li>\n<\/ul>\n\n\n\n<p><strong>Incontri quotidiani<\/strong><br\/>Ogni giorno c\u2019\u00e8 un breve incontro al campo per chi vuole conoscere gli altri. Sar\u00e0 rilassato e aperto a tutti. <\/p>\n\n\n\n<p><strong>Turni insieme<\/strong><br\/>La maggior parte dei turni al campo (cucina, sensibilizzazione, ecc.) si fanno in piccoli gruppi. \u00c8 una grande occasione per incontrare gente facendo qualcosa di utile. Non devi preoccuparti di farlo da solo.  <\/p>\n\n\n\n<p><strong>Sessioni aperte<\/strong><br\/>Dedicheremo del tempo nel programma per chiunque voglia iniziare una piccola conversazione o attivit\u00e0 di gruppo.<br\/><br\/>Quindi, che tu venga con un gruppo o da solo, ci sar\u00e0 sempre spazio per connettersi \ud83d\ude42<\/p>\n<\/details>\n\n\n\n<hr class=\"wp-block-separator has-alpha-channel-opacity\"\/>\n\n\n\n<div class=\"wp-block-group is-vertical is-layout-flex wp-container-core-group-is-layout-8cf370e7 wp-block-group-is-layout-flex\">\n<p class=\"has-main-2-color has-text-color has-link-color wp-elements-edc5aa53f68d23c0b79f6aff268793fa\"><strong>Consapevolezza e Accessibilit\u00e0<\/strong><\/p>\n\n\n\n<details class=\"wp-block-details is-layout-flow wp-block-details-is-layout-flow\"><summary>Dove posso trovare ulteriori informazioni su consapevolezza e accessibilit\u00e0?<\/summary>\n<div>\n<p>La consapevolezza e l&#8217;accessibilit\u00e0 sono essenziali per noi. Potete trovare i rispettivi concetti al seguente link: <a href=\"https:\/\/sar-camp.wtf\/it\/programma\/\"><mark style=\"background-color:rgba(0, 0, 0, 0)\" class=\"has-inline-color has-accent-color\"><em>Awareness and Accessibility <\/em><\/mark><\/a>  <\/p>\n<\/div>\n<\/details>\n<\/div>\n\n\n\n<hr class=\"wp-block-separator has-alpha-channel-opacity\"\/>\n\n\n\n<div style=\"height:90px\" aria-hidden=\"true\" class=\"wp-block-spacer\"><\/div>\n\n\n\n<h2 class=\"wp-block-heading has-text-align-left has-contrast-color has-text-color has-link-color wp-elements-394aaddcf9031b00ba2219e2858ce17c\">Grazie! <\/h2>\n\n\n\n<p>Questo campo \u00e8 offerto da: Collective aid, I Have Rights., ROSA &#8211; rolling safe space, Sea-Eye, Sea-Watch, Seebr\u00fccke Berlin, Wir packen\u2019s an e tutte le persone che partecipano<br\/><br\/>Questo campo non sarebbe possibile senza il sostegno di: AStA FU Berlin, AStA TU Berlin, Bar crew, Ben &amp; Jerry&#8217;s, Extinction Rebellion, FLBackline, Food4Action, Movement Hub, Netzwerk Polylux, No Nation Truck, Otto Events, ReBeam, Roses of Care, Satis&amp;fy, Solide Strukturen, Solikante, Woodpecker Dreams e molti altri<\/p>\n\n\n\n<div style=\"height:45px\" aria-hidden=\"true\" class=\"wp-block-spacer\"><\/div>\n<\/div>\n<\/div>\n\n<div class=\"gb-element-5ef24ea1 alignfull\">\n<!--Waves Container-->\n<div>\n<svg xmlns=\"http:\/\/www.w3.org\/2000\/svg\" xmlns:xlink=\"http:\/\/www.w3.org\/1999\/xlink\" class=\"waves\" viewbox=\"0 24 150 28\" preserveaspectratio=\"none\" shape-rendering=\"auto\">\n<defs>\n<path id=\"gentle-wave\" d=\"M-160 44c30 0 58-18 88-18s 58 18 88 18 58-18 88-18 58 18 88 18 v44h-352z\"><\/path>\n<\/defs>\n<g class=\"parallax\">\n<use xlink:href=\"#gentle-wave\" x=\"48\" y=\"0\" fill=\"rgba(86,0,189,0.7\"><\/use>\n<use xlink:href=\"#gentle-wave\" x=\"48\" y=\"3\" fill=\"rgba(86,0,189,0.5)\"><\/use>\n<use xlink:href=\"#gentle-wave\" x=\"48\" y=\"5\" fill=\"rgba(86,0,189,0.3)\"><\/use>\n<use xlink:href=\"#gentle-wave\" x=\"48\" y=\"7\" fill=\"#5600BD\"><\/use>\n<\/g>\n<\/svg>\n<\/div>\n<!--Waves end-->\n<\/div>\n","protected":false},"excerpt":{"rendered":"<p>Riflettere. Resistere. Riappropriarsi del Futuro. Un campo per le persone coinvolte nel SaR(Search and Rescue), no-confini, decolonizzazione e migrazione, e per chiunque sia connesso a queste lotte. Prendi il tuo biglietto 04. &#8211; 07 Settembre 2025 &#8211; 07.2025 10 Anni di Solidariet\u00e0 e Resistenze \u2013Search &amp; Rescue Invitiamo le persone con esperienza di dislocamento, attivist\u0259 &#8230; <a title=\"Home\" class=\"read-more\" href=\"https:\/\/sar-camp.wtf\/it\/\" aria-label=\"Per saperne di pi\u00f9 su Home\">Leggi tutto<\/a><\/p>\n","protected":false},"author":3,"featured_media":693,"parent":0,"menu_order":0,"comment_status":"closed","ping_status":"closed","template":"","meta":{"inline_featured_image":false,"footnotes":""},"class_list":["post-988","page","type-page","status-publish","has-post-thumbnail"],"yoast_head":"<!-- This site is optimized with the Yoast SEO plugin v26.1.1 - https:\/\/yoast.com\/wordpress\/plugins\/seo\/ -->\n<title>Home - SAR Solidarity &amp; Resistance Camp<\/title>\n<meta name=\"description\" content=\"Un campo per le persone coinvolte nel SaR(Search and Rescue), no-confini, decolonizzazione e migrazione, e per chiunque sia connesso a queste lotte. Invitiamo le attivist\u0259 e alleat\u0259, a condividere esperienze, riflettere sulle nostre strategie politiche, imparare da l\u2019un l\u2019altr\u0259, e a formare il nuovo capitolo del nostro movimento.\" \/>\n<meta name=\"robots\" content=\"index, follow, max-snippet:-1, max-image-preview:large, max-video-preview:-1\" \/>\n<link rel=\"canonical\" href=\"https:\/\/sar-camp.wtf\/it\/\" \/>\n<meta property=\"og:locale\" content=\"it_IT\" \/>\n<meta property=\"og:type\" content=\"article\" \/>\n<meta property=\"og:title\" content=\"Home - SAR Solidarity &amp; Resistance Camp\" \/>\n<meta property=\"og:description\" content=\"Un campo per le persone coinvolte nel SaR(Search and Rescue), no-confini, decolonizzazione e migrazione, e per chiunque sia connesso a queste lotte. Invitiamo le attivist\u0259 e alleat\u0259, a condividere esperienze, riflettere sulle nostre strategie politiche, imparare da l\u2019un l\u2019altr\u0259, e a formare il nuovo capitolo del nostro movimento.\" \/>\n<meta property=\"og:url\" content=\"https:\/\/sar-camp.wtf\/it\/\" \/>\n<meta property=\"og:site_name\" content=\"SAR Solidarity &amp; Resistance Camp\" \/>\n<meta property=\"article:modified_time\" content=\"2025-08-29T18:27:45+00:00\" \/>\n<meta property=\"og:image\" content=\"https:\/\/sar-camp.wtf\/wp-content\/uploads\/2025\/04\/sar-logo-w-text.png\" \/>\n\t<meta property=\"og:image:width\" content=\"2485\" \/>\n\t<meta property=\"og:image:height\" content=\"1560\" \/>\n\t<meta property=\"og:image:type\" content=\"image\/png\" \/>\n<meta name=\"twitter:card\" content=\"summary_large_image\" \/>\n<meta name=\"twitter:label1\" content=\"Tempo di lettura stimato\" \/>\n\t<meta name=\"twitter:data1\" content=\"6 minuti\" \/>\n<script type=\"application\/ld+json\" class=\"yoast-schema-graph\">{\"@context\":\"https:\/\/schema.org\",\"@graph\":[{\"@type\":\"WebPage\",\"@id\":\"https:\/\/sar-camp.wtf\/it\/\",\"url\":\"https:\/\/sar-camp.wtf\/it\/\",\"name\":\"Home - SAR Solidarity &amp; Resistance Camp\",\"isPartOf\":{\"@id\":\"https:\/\/sar-camp.wtf\/it\/#website\"},\"primaryImageOfPage\":{\"@id\":\"https:\/\/sar-camp.wtf\/it\/#primaryimage\"},\"image\":{\"@id\":\"https:\/\/sar-camp.wtf\/it\/#primaryimage\"},\"thumbnailUrl\":\"https:\/\/sar-camp.wtf\/wp-content\/uploads\/2025\/04\/sar-logo-w-text.png\",\"datePublished\":\"2025-04-08T10:55:00+00:00\",\"dateModified\":\"2025-08-29T18:27:45+00:00\",\"description\":\"Un campo per le persone coinvolte nel SaR(Search and Rescue), no-confini, decolonizzazione e migrazione, e per chiunque sia connesso a queste lotte. Invitiamo le attivist\u0259 e alleat\u0259, a condividere esperienze, riflettere sulle nostre strategie politiche, imparare da l\u2019un l\u2019altr\u0259, e a formare il nuovo capitolo del nostro movimento.\",\"breadcrumb\":{\"@id\":\"https:\/\/sar-camp.wtf\/it\/#breadcrumb\"},\"inLanguage\":\"it-IT\",\"potentialAction\":[{\"@type\":\"ReadAction\",\"target\":[\"https:\/\/sar-camp.wtf\/it\/\"]}]},{\"@type\":\"ImageObject\",\"inLanguage\":\"it-IT\",\"@id\":\"https:\/\/sar-camp.wtf\/it\/#primaryimage\",\"url\":\"https:\/\/sar-camp.wtf\/wp-content\/uploads\/2025\/04\/sar-logo-w-text.png\",\"contentUrl\":\"https:\/\/sar-camp.wtf\/wp-content\/uploads\/2025\/04\/sar-logo-w-text.png\",\"width\":2485,\"height\":1560},{\"@type\":\"BreadcrumbList\",\"@id\":\"https:\/\/sar-camp.wtf\/it\/#breadcrumb\",\"itemListElement\":[{\"@type\":\"ListItem\",\"position\":1,\"name\":\"Startseite\",\"item\":\"https:\/\/sar-camp.wtf\/it\/\"},{\"@type\":\"ListItem\",\"position\":2,\"name\":\"Home\"}]},{\"@type\":\"WebSite\",\"@id\":\"https:\/\/sar-camp.wtf\/it\/#website\",\"url\":\"https:\/\/sar-camp.wtf\/it\/\",\"name\":\"SAR Solidarity &amp; Resistance Camp\",\"description\":\"10 Years of Solidarity &amp; Resistance - Search &amp; Rescue\",\"publisher\":{\"@id\":\"https:\/\/sar-camp.wtf\/it\/#organization\"},\"potentialAction\":[{\"@type\":\"SearchAction\",\"target\":{\"@type\":\"EntryPoint\",\"urlTemplate\":\"https:\/\/sar-camp.wtf\/it\/?s={search_term_string}\"},\"query-input\":{\"@type\":\"PropertyValueSpecification\",\"valueRequired\":true,\"valueName\":\"search_term_string\"}}],\"inLanguage\":\"it-IT\"},{\"@type\":\"Organization\",\"@id\":\"https:\/\/sar-camp.wtf\/it\/#organization\",\"name\":\"SAR Solidarity &amp; Resistance Camp\",\"url\":\"https:\/\/sar-camp.wtf\/it\/\",\"logo\":{\"@type\":\"ImageObject\",\"inLanguage\":\"it-IT\",\"@id\":\"https:\/\/sar-camp.wtf\/it\/#\/schema\/logo\/image\/\",\"url\":\"https:\/\/sar-camp.wtf\/wp-content\/uploads\/2025\/04\/sar-logo-w-text.png\",\"contentUrl\":\"https:\/\/sar-camp.wtf\/wp-content\/uploads\/2025\/04\/sar-logo-w-text.png\",\"width\":2485,\"height\":1560,\"caption\":\"SAR Solidarity &amp; Resistance Camp\"},\"image\":{\"@id\":\"https:\/\/sar-camp.wtf\/it\/#\/schema\/logo\/image\/\"}}]}<\/script>\n<!-- \/ Yoast SEO plugin. -->","yoast_head_json":{"title":"Home - SAR Solidarity &amp; Resistance Camp","description":"Un campo per le persone coinvolte nel SaR(Search and Rescue), no-confini, decolonizzazione e migrazione, e per chiunque sia connesso a queste lotte. Invitiamo le attivist\u0259 e alleat\u0259, a condividere esperienze, riflettere sulle nostre strategie politiche, imparare da l\u2019un l\u2019altr\u0259, e a formare il nuovo capitolo del nostro movimento.","robots":{"index":"index","follow":"follow","max-snippet":"max-snippet:-1","max-image-preview":"max-image-preview:large","max-video-preview":"max-video-preview:-1"},"canonical":"https:\/\/sar-camp.wtf\/it\/","og_locale":"it_IT","og_type":"article","og_title":"Home - SAR Solidarity &amp; Resistance Camp","og_description":"Un campo per le persone coinvolte nel SaR(Search and Rescue), no-confini, decolonizzazione e migrazione, e per chiunque sia connesso a queste lotte. Invitiamo le attivist\u0259 e alleat\u0259, a condividere esperienze, riflettere sulle nostre strategie politiche, imparare da l\u2019un l\u2019altr\u0259, e a formare il nuovo capitolo del nostro movimento.","og_url":"https:\/\/sar-camp.wtf\/it\/","og_site_name":"SAR Solidarity &amp; Resistance Camp","article_modified_time":"2025-08-29T18:27:45+00:00","og_image":[{"width":2485,"height":1560,"url":"https:\/\/sar-camp.wtf\/wp-content\/uploads\/2025\/04\/sar-logo-w-text.png","type":"image\/png"}],"twitter_card":"summary_large_image","twitter_misc":{"Tempo di lettura stimato":"6 minuti"},"schema":{"@context":"https:\/\/schema.org","@graph":[{"@type":"WebPage","@id":"https:\/\/sar-camp.wtf\/it\/","url":"https:\/\/sar-camp.wtf\/it\/","name":"Home - SAR Solidarity &amp; Resistance Camp","isPartOf":{"@id":"https:\/\/sar-camp.wtf\/it\/#website"},"primaryImageOfPage":{"@id":"https:\/\/sar-camp.wtf\/it\/#primaryimage"},"image":{"@id":"https:\/\/sar-camp.wtf\/it\/#primaryimage"},"thumbnailUrl":"https:\/\/sar-camp.wtf\/wp-content\/uploads\/2025\/04\/sar-logo-w-text.png","datePublished":"2025-04-08T10:55:00+00:00","dateModified":"2025-08-29T18:27:45+00:00","description":"Un campo per le persone coinvolte nel SaR(Search and Rescue), no-confini, decolonizzazione e migrazione, e per chiunque sia connesso a queste lotte. Invitiamo le attivist\u0259 e alleat\u0259, a condividere esperienze, riflettere sulle nostre strategie politiche, imparare da l\u2019un l\u2019altr\u0259, e a formare il nuovo capitolo del nostro movimento.","breadcrumb":{"@id":"https:\/\/sar-camp.wtf\/it\/#breadcrumb"},"inLanguage":"it-IT","potentialAction":[{"@type":"ReadAction","target":["https:\/\/sar-camp.wtf\/it\/"]}]},{"@type":"ImageObject","inLanguage":"it-IT","@id":"https:\/\/sar-camp.wtf\/it\/#primaryimage","url":"https:\/\/sar-camp.wtf\/wp-content\/uploads\/2025\/04\/sar-logo-w-text.png","contentUrl":"https:\/\/sar-camp.wtf\/wp-content\/uploads\/2025\/04\/sar-logo-w-text.png","width":2485,"height":1560},{"@type":"BreadcrumbList","@id":"https:\/\/sar-camp.wtf\/it\/#breadcrumb","itemListElement":[{"@type":"ListItem","position":1,"name":"Startseite","item":"https:\/\/sar-camp.wtf\/it\/"},{"@type":"ListItem","position":2,"name":"Home"}]},{"@type":"WebSite","@id":"https:\/\/sar-camp.wtf\/it\/#website","url":"https:\/\/sar-camp.wtf\/it\/","name":"SAR Solidarity &amp; Resistance Camp","description":"10 Years of Solidarity &amp; Resistance - Search &amp; Rescue","publisher":{"@id":"https:\/\/sar-camp.wtf\/it\/#organization"},"potentialAction":[{"@type":"SearchAction","target":{"@type":"EntryPoint","urlTemplate":"https:\/\/sar-camp.wtf\/it\/?s={search_term_string}"},"query-input":{"@type":"PropertyValueSpecification","valueRequired":true,"valueName":"search_term_string"}}],"inLanguage":"it-IT"},{"@type":"Organization","@id":"https:\/\/sar-camp.wtf\/it\/#organization","name":"SAR Solidarity &amp; Resistance Camp","url":"https:\/\/sar-camp.wtf\/it\/","logo":{"@type":"ImageObject","inLanguage":"it-IT","@id":"https:\/\/sar-camp.wtf\/it\/#\/schema\/logo\/image\/","url":"https:\/\/sar-camp.wtf\/wp-content\/uploads\/2025\/04\/sar-logo-w-text.png","contentUrl":"https:\/\/sar-camp.wtf\/wp-content\/uploads\/2025\/04\/sar-logo-w-text.png","width":2485,"height":1560,"caption":"SAR Solidarity &amp; Resistance Camp"},"image":{"@id":"https:\/\/sar-camp.wtf\/it\/#\/schema\/logo\/image\/"}}]}},"_links":{"self":[{"href":"https:\/\/sar-camp.wtf\/it\/wp-json\/wp\/v2\/pages\/988","targetHints":{"allow":["GET"]}}],"collection":[{"href":"https:\/\/sar-camp.wtf\/it\/wp-json\/wp\/v2\/pages"}],"about":[{"href":"https:\/\/sar-camp.wtf\/it\/wp-json\/wp\/v2\/types\/page"}],"author":[{"embeddable":true,"href":"https:\/\/sar-camp.wtf\/it\/wp-json\/wp\/v2\/users\/3"}],"replies":[{"embeddable":true,"href":"https:\/\/sar-camp.wtf\/it\/wp-json\/wp\/v2\/comments?post=988"}],"version-history":[{"count":9,"href":"https:\/\/sar-camp.wtf\/it\/wp-json\/wp\/v2\/pages\/988\/revisions"}],"predecessor-version":[{"id":1358,"href":"https:\/\/sar-camp.wtf\/it\/wp-json\/wp\/v2\/pages\/988\/revisions\/1358"}],"wp:featuredmedia":[{"embeddable":true,"href":"https:\/\/sar-camp.wtf\/it\/wp-json\/wp\/v2\/media\/693"}],"wp:attachment":[{"href":"https:\/\/sar-camp.wtf\/it\/wp-json\/wp\/v2\/media?parent=988"}],"curies":[{"name":"wp","href":"https:\/\/api.w.org\/{rel}","templated":true}]}}