{"id":1212,"date":"2025-08-18T16:06:37","date_gmt":"2025-08-18T16:06:37","guid":{"rendered":"https:\/\/sar-camp.wtf\/?page_id=1212"},"modified":"2025-08-19T19:44:13","modified_gmt":"2025-08-19T19:44:13","slug":"accessibilita-e-consapevolezza","status":"publish","type":"page","link":"https:\/\/sar-camp.wtf\/it\/accessibilita-e-consapevolezza\/","title":{"rendered":"Child Care Concept"},"content":{"rendered":"\n<div class=\"gb-element-0ef186e7 alignfull\">\n<!--Waves Container-->\n<div>\n<svg xmlns=\"http:\/\/www.w3.org\/2000\/svg\" xmlns:xlink=\"http:\/\/www.w3.org\/1999\/xlink\" class=\"waves\" viewbox=\"0 24 150 28\" preserveaspectratio=\"none\" shape-rendering=\"auto\">\n<defs>\n<path id=\"gentle-wave\" d=\"M-160 44c30 0 58-18 88-18s 58 18 88 18 58-18 88-18 58 18 88 18 v44h-352z\"><\/path>\n<\/defs>\n<g class=\"parallax\">\n<use xlink:href=\"#gentle-wave\" x=\"48\" y=\"0\" fill=\"rgba(255,255,255,0.7\"><\/use>\n<use xlink:href=\"#gentle-wave\" x=\"48\" y=\"3\" fill=\"rgba(255,255,255,0.5)\"><\/use>\n<use xlink:href=\"#gentle-wave\" x=\"48\" y=\"5\" fill=\"rgba(255,255,255,0.3)\"><\/use>\n<use xlink:href=\"#gentle-wave\" x=\"48\" y=\"7\" fill=\"#fff\"><\/use>\n<\/g>\n<\/svg>\n<\/div>\n<!--Waves end-->\n<\/div>\n\n<div class=\"gb-element-58f1432b alignfull\">\n<div class=\"gb-element-0b206c7b regular-width\">\n<p class=\"has-main-2-color has-text-color has-link-color wp-elements-ddf84d84d10fe1718f29493f9ea6b52e\" style=\"font-size:30px\"><strong>Concetto di assistenza all&#8217;infanzia Campo SAR 4-7 settembre 2025<\/strong><\/p>\n\n\n\n<p>Cari genitori e tutori,<\/p>\n\n\n\n<p>Presso il nostro campo sar\u00e0 disponibile un servizio di assistenza all&#8217;infanzia. Ecco alcune informazioni su ci\u00f2 che offriamo. <\/p>\n\n\n\n<p><strong><br\/><strong>QUANDO<\/strong><\/strong><\/p>\n\n\n\n<p>Offriamo un servizio di assistenza all&#8217;infanzia durante il giorno, mentre il programma \u00e8 in corso (dalle 10:30 alle 13:00 e dalle 15:00 alle 17:30) nello Kids Spacein modo che possiate partecipare ai laboratori e agli eventi. Il Kids Space apre alle 10:15 e alle 14:45, in modo che i bambini possano ambientarsi con voi nel Kids Space. Vi preghiamo di portare i vostri bambini in orario, in modo da poterli affidare a noi e conoscerci un po&#8217;.  <\/p>\n\n\n\n<p><strong>DOVE<\/strong><\/p>\n\n\n\n<p>Lo spazio dedicato ai bambini si trova al centro del campo. Si tratta di una tenda aperta ben segnalata, visibile da tutti i lati e indicata su tutte le mappe. Si trova inoltre vicino alla tenda medica, in modo da poter fornire rapidamente assistenza in caso di emergenza.  <\/p>\n\n\n\n<p><strong>CHI<\/strong><\/p>\n\n\n\n<p>Lo spazio bambini \u00e8 aperto a tutti i bambini dai 4 anni in su. Per i bambini pi\u00f9 piccoli, si prega di contattare i responsabili dei turni di assistenza all&#8217;infanzia. I turni di assistenza all&#8217;infanzia sono svolti da squadre composte da almeno altri due partecipanti al campo. Non abbiamo educatori professionisti in loco, ma naturalmente tutti i volontari amano lavorare con i bambini e\/o hanno esperienza in questo campo.   <\/p>\n\n\n\n<p><strong>COSA<\/strong><\/p>\n\n\n\n<p>Il nostro obiettivo \u00e8 che tutti i bambini si sentano a proprio agio con noi. Pertanto, accogliamo solo bambini che desiderano stare con noi. Vi preghiamo di comunicarci eventuali esigenze e necessit\u00e0 particolari dei vostri bambini (ad esempio allergie o problemi di salute), preferibilmente in anticipo presso l&#8217;infopoint o al pi\u00f9 tardi al momento della registrazione dei bambini al Kids Space. Al momento della registrazione, vi chiederemo anche i vostri recapiti, l&#8217;orario previsto per il ritiro e l&#8217;evento a cui partecipate, in modo da potervi contattare se necessario. Durante l&#8217;orario di assistenza all&#8217;infanzia siamo raggiungibili al nostro numero di telefono. Naturalmente, siete anche invitati a rimanere con i vostri bambini al Kids Space. Ci sar\u00e0 un&#8217;area pi\u00f9 tranquilla e un&#8217;area per giochi pi\u00f9 movimentati. Abbiamo anche acqua e crema solare a disposizione.       <\/p>\n\n\n\n<p>Vi preghiamo di comunicarci se i vostri bambini sono gi\u00e0 in grado di usare il vasino e se possiamo accompagnarli, se necessario. Vi preghiamo di fornirci pannolini puliti per i bambini che non sono ancora in grado di usare il vasino e di venire a cambiarli, se necessario. <\/p>\n\n\n\n<p><strong>LINGUA<\/strong><\/p>\n\n\n\n<p>Purtroppo non \u00e8 possibile offrire assistenza all&#8217;infanzia in tutte le lingue. Abbiamo libri per bambini in tedesco e inglese, ma vi preghiamo di comunicarci quale lingua parlano i vostri bambini. Molte attivit\u00e0 e giochi non richiedono alcuna competenza linguistica.  <\/p>\n\n\n\n<p>Per qualsiasi domanda, contatta camp@sea-watch.org<\/p>\n\n\n\n<div style=\"height:151px\" aria-hidden=\"true\" class=\"wp-block-spacer\"><\/div>\n<\/div>\n<\/div>\n","protected":false},"excerpt":{"rendered":"<p>Concetto di assistenza all&#8217;infanzia Campo SAR 4-7 settembre 2025 Cari genitori e tutori, Presso il nostro campo sar\u00e0 disponibile un servizio di assistenza all&#8217;infanzia. Ecco alcune informazioni su ci\u00f2 che offriamo. QUANDO Offriamo un servizio di assistenza all&#8217;infanzia durante il giorno, mentre il programma \u00e8 in corso (dalle 10:30 alle 13:00 e dalle 15:00 alle &#8230; <a title=\"Child Care Concept\" class=\"read-more\" href=\"https:\/\/sar-camp.wtf\/it\/accessibilita-e-consapevolezza\/\" aria-label=\"Per saperne di pi\u00f9 su Child Care Concept\">Leggi tutto<\/a><\/p>\n","protected":false},"author":1,"featured_media":0,"parent":0,"menu_order":0,"comment_status":"closed","ping_status":"closed","template":"","meta":{"inline_featured_image":false,"footnotes":""},"class_list":["post-1212","page","type-page","status-publish"],"yoast_head":"<!-- This site is optimized with the Yoast SEO plugin v26.1.1 - https:\/\/yoast.com\/wordpress\/plugins\/seo\/ -->\n<title>Child Care Concept - SAR Solidarity &amp; Resistance Camp<\/title>\n<meta name=\"robots\" content=\"index, follow, max-snippet:-1, max-image-preview:large, max-video-preview:-1\" \/>\n<link rel=\"canonical\" href=\"https:\/\/sar-camp.wtf\/it\/accessibilita-e-consapevolezza\/\" \/>\n<meta property=\"og:locale\" content=\"it_IT\" \/>\n<meta property=\"og:type\" content=\"article\" \/>\n<meta property=\"og:title\" content=\"Child Care Concept - SAR Solidarity &amp; Resistance Camp\" \/>\n<meta property=\"og:description\" content=\"Concetto di assistenza all&#8217;infanzia Campo SAR 4-7 settembre 2025 Cari genitori e tutori, Presso il nostro campo sar\u00e0 disponibile un servizio di assistenza all&#8217;infanzia. Ecco alcune informazioni su ci\u00f2 che offriamo. QUANDO Offriamo un servizio di assistenza all&#8217;infanzia durante il giorno, mentre il programma \u00e8 in corso (dalle 10:30 alle 13:00 e dalle 15:00 alle ... Leggi tutto\" \/>\n<meta property=\"og:url\" content=\"https:\/\/sar-camp.wtf\/it\/accessibilita-e-consapevolezza\/\" \/>\n<meta property=\"og:site_name\" content=\"SAR Solidarity &amp; Resistance Camp\" \/>\n<meta property=\"article:modified_time\" content=\"2025-08-19T19:44:13+00:00\" \/>\n<meta name=\"twitter:card\" content=\"summary_large_image\" \/>\n<meta name=\"twitter:label1\" content=\"Tempo di lettura stimato\" \/>\n\t<meta name=\"twitter:data1\" content=\"2 minuti\" \/>\n<script type=\"application\/ld+json\" class=\"yoast-schema-graph\">{\"@context\":\"https:\/\/schema.org\",\"@graph\":[{\"@type\":\"WebPage\",\"@id\":\"https:\/\/sar-camp.wtf\/it\/accessibilita-e-consapevolezza\/\",\"url\":\"https:\/\/sar-camp.wtf\/it\/accessibilita-e-consapevolezza\/\",\"name\":\"Child Care Concept - SAR Solidarity &amp; Resistance Camp\",\"isPartOf\":{\"@id\":\"https:\/\/sar-camp.wtf\/it\/#website\"},\"datePublished\":\"2025-08-18T16:06:37+00:00\",\"dateModified\":\"2025-08-19T19:44:13+00:00\",\"breadcrumb\":{\"@id\":\"https:\/\/sar-camp.wtf\/it\/accessibilita-e-consapevolezza\/#breadcrumb\"},\"inLanguage\":\"it-IT\",\"potentialAction\":[{\"@type\":\"ReadAction\",\"target\":[\"https:\/\/sar-camp.wtf\/it\/accessibilita-e-consapevolezza\/\"]}]},{\"@type\":\"BreadcrumbList\",\"@id\":\"https:\/\/sar-camp.wtf\/it\/accessibilita-e-consapevolezza\/#breadcrumb\",\"itemListElement\":[{\"@type\":\"ListItem\",\"position\":1,\"name\":\"Startseite\",\"item\":\"https:\/\/sar-camp.wtf\/it\/\"},{\"@type\":\"ListItem\",\"position\":2,\"name\":\"Child Care Concept\"}]},{\"@type\":\"WebSite\",\"@id\":\"https:\/\/sar-camp.wtf\/it\/#website\",\"url\":\"https:\/\/sar-camp.wtf\/it\/\",\"name\":\"SAR Solidarity &amp; Resistance Camp\",\"description\":\"10 Years of Solidarity &amp; Resistance - Search &amp; Rescue\",\"publisher\":{\"@id\":\"https:\/\/sar-camp.wtf\/it\/#organization\"},\"potentialAction\":[{\"@type\":\"SearchAction\",\"target\":{\"@type\":\"EntryPoint\",\"urlTemplate\":\"https:\/\/sar-camp.wtf\/it\/?s={search_term_string}\"},\"query-input\":{\"@type\":\"PropertyValueSpecification\",\"valueRequired\":true,\"valueName\":\"search_term_string\"}}],\"inLanguage\":\"it-IT\"},{\"@type\":\"Organization\",\"@id\":\"https:\/\/sar-camp.wtf\/it\/#organization\",\"name\":\"SAR Solidarity &amp; Resistance Camp\",\"url\":\"https:\/\/sar-camp.wtf\/it\/\",\"logo\":{\"@type\":\"ImageObject\",\"inLanguage\":\"it-IT\",\"@id\":\"https:\/\/sar-camp.wtf\/it\/#\/schema\/logo\/image\/\",\"url\":\"https:\/\/sar-camp.wtf\/wp-content\/uploads\/2025\/04\/sar-logo-w-text.png\",\"contentUrl\":\"https:\/\/sar-camp.wtf\/wp-content\/uploads\/2025\/04\/sar-logo-w-text.png\",\"width\":2485,\"height\":1560,\"caption\":\"SAR Solidarity &amp; Resistance Camp\"},\"image\":{\"@id\":\"https:\/\/sar-camp.wtf\/it\/#\/schema\/logo\/image\/\"}}]}<\/script>\n<!-- \/ Yoast SEO plugin. -->","yoast_head_json":{"title":"Child Care Concept - SAR Solidarity &amp; Resistance Camp","robots":{"index":"index","follow":"follow","max-snippet":"max-snippet:-1","max-image-preview":"max-image-preview:large","max-video-preview":"max-video-preview:-1"},"canonical":"https:\/\/sar-camp.wtf\/it\/accessibilita-e-consapevolezza\/","og_locale":"it_IT","og_type":"article","og_title":"Child Care Concept - SAR Solidarity &amp; Resistance Camp","og_description":"Concetto di assistenza all&#8217;infanzia Campo SAR 4-7 settembre 2025 Cari genitori e tutori, Presso il nostro campo sar\u00e0 disponibile un servizio di assistenza all&#8217;infanzia. Ecco alcune informazioni su ci\u00f2 che offriamo. QUANDO Offriamo un servizio di assistenza all&#8217;infanzia durante il giorno, mentre il programma \u00e8 in corso (dalle 10:30 alle 13:00 e dalle 15:00 alle ... Leggi tutto","og_url":"https:\/\/sar-camp.wtf\/it\/accessibilita-e-consapevolezza\/","og_site_name":"SAR Solidarity &amp; Resistance Camp","article_modified_time":"2025-08-19T19:44:13+00:00","twitter_card":"summary_large_image","twitter_misc":{"Tempo di lettura stimato":"2 minuti"},"schema":{"@context":"https:\/\/schema.org","@graph":[{"@type":"WebPage","@id":"https:\/\/sar-camp.wtf\/it\/accessibilita-e-consapevolezza\/","url":"https:\/\/sar-camp.wtf\/it\/accessibilita-e-consapevolezza\/","name":"Child Care Concept - SAR Solidarity &amp; Resistance Camp","isPartOf":{"@id":"https:\/\/sar-camp.wtf\/it\/#website"},"datePublished":"2025-08-18T16:06:37+00:00","dateModified":"2025-08-19T19:44:13+00:00","breadcrumb":{"@id":"https:\/\/sar-camp.wtf\/it\/accessibilita-e-consapevolezza\/#breadcrumb"},"inLanguage":"it-IT","potentialAction":[{"@type":"ReadAction","target":["https:\/\/sar-camp.wtf\/it\/accessibilita-e-consapevolezza\/"]}]},{"@type":"BreadcrumbList","@id":"https:\/\/sar-camp.wtf\/it\/accessibilita-e-consapevolezza\/#breadcrumb","itemListElement":[{"@type":"ListItem","position":1,"name":"Startseite","item":"https:\/\/sar-camp.wtf\/it\/"},{"@type":"ListItem","position":2,"name":"Child Care Concept"}]},{"@type":"WebSite","@id":"https:\/\/sar-camp.wtf\/it\/#website","url":"https:\/\/sar-camp.wtf\/it\/","name":"SAR Solidarity &amp; Resistance Camp","description":"10 Years of Solidarity &amp; Resistance - Search &amp; Rescue","publisher":{"@id":"https:\/\/sar-camp.wtf\/it\/#organization"},"potentialAction":[{"@type":"SearchAction","target":{"@type":"EntryPoint","urlTemplate":"https:\/\/sar-camp.wtf\/it\/?s={search_term_string}"},"query-input":{"@type":"PropertyValueSpecification","valueRequired":true,"valueName":"search_term_string"}}],"inLanguage":"it-IT"},{"@type":"Organization","@id":"https:\/\/sar-camp.wtf\/it\/#organization","name":"SAR Solidarity &amp; Resistance Camp","url":"https:\/\/sar-camp.wtf\/it\/","logo":{"@type":"ImageObject","inLanguage":"it-IT","@id":"https:\/\/sar-camp.wtf\/it\/#\/schema\/logo\/image\/","url":"https:\/\/sar-camp.wtf\/wp-content\/uploads\/2025\/04\/sar-logo-w-text.png","contentUrl":"https:\/\/sar-camp.wtf\/wp-content\/uploads\/2025\/04\/sar-logo-w-text.png","width":2485,"height":1560,"caption":"SAR Solidarity &amp; Resistance Camp"},"image":{"@id":"https:\/\/sar-camp.wtf\/it\/#\/schema\/logo\/image\/"}}]}},"_links":{"self":[{"href":"https:\/\/sar-camp.wtf\/it\/wp-json\/wp\/v2\/pages\/1212","targetHints":{"allow":["GET"]}}],"collection":[{"href":"https:\/\/sar-camp.wtf\/it\/wp-json\/wp\/v2\/pages"}],"about":[{"href":"https:\/\/sar-camp.wtf\/it\/wp-json\/wp\/v2\/types\/page"}],"author":[{"embeddable":true,"href":"https:\/\/sar-camp.wtf\/it\/wp-json\/wp\/v2\/users\/1"}],"replies":[{"embeddable":true,"href":"https:\/\/sar-camp.wtf\/it\/wp-json\/wp\/v2\/comments?post=1212"}],"version-history":[{"count":4,"href":"https:\/\/sar-camp.wtf\/it\/wp-json\/wp\/v2\/pages\/1212\/revisions"}],"predecessor-version":[{"id":1261,"href":"https:\/\/sar-camp.wtf\/it\/wp-json\/wp\/v2\/pages\/1212\/revisions\/1261"}],"wp:attachment":[{"href":"https:\/\/sar-camp.wtf\/it\/wp-json\/wp\/v2\/media?parent=1212"}],"curies":[{"name":"wp","href":"https:\/\/api.w.org\/{rel}","templated":true}]}}