{"id":1094,"date":"2025-07-31T09:12:59","date_gmt":"2025-07-31T09:12:59","guid":{"rendered":"https:\/\/sar-camp.wtf\/?page_id=1094"},"modified":"2025-08-19T17:07:03","modified_gmt":"2025-08-19T17:07:03","slug":"programma","status":"publish","type":"page","link":"https:\/\/sar-camp.wtf\/it\/programma\/","title":{"rendered":"Accessibilit\u00e0 e Awareness"},"content":{"rendered":"\n<div class=\"gb-element-0ef186e7 alignfull\">\n<!--Waves Container-->\n<div>\n<svg xmlns=\"http:\/\/www.w3.org\/2000\/svg\" xmlns:xlink=\"http:\/\/www.w3.org\/1999\/xlink\" class=\"waves\" viewbox=\"0 24 150 28\" preserveaspectratio=\"none\" shape-rendering=\"auto\">\n<defs>\n<path id=\"gentle-wave\" d=\"M-160 44c30 0 58-18 88-18s 58 18 88 18 58-18 88-18 58 18 88 18 v44h-352z\"><\/path>\n<\/defs>\n<g class=\"parallax\">\n<use xlink:href=\"#gentle-wave\" x=\"48\" y=\"0\" fill=\"rgba(255,255,255,0.7\"><\/use>\n<use xlink:href=\"#gentle-wave\" x=\"48\" y=\"3\" fill=\"rgba(255,255,255,0.5)\"><\/use>\n<use xlink:href=\"#gentle-wave\" x=\"48\" y=\"5\" fill=\"rgba(255,255,255,0.3)\"><\/use>\n<use xlink:href=\"#gentle-wave\" x=\"48\" y=\"7\" fill=\"#fff\"><\/use>\n<\/g>\n<\/svg>\n<\/div>\n<!--Waves end-->\n<\/div>\n\n<div class=\"gb-element-58f1432b alignfull\">\n<div class=\"gb-element-0b206c7b regular-width\">\n<p class=\"has-main-2-color has-text-color has-link-color wp-elements-6be5354d0e995d507600482be83c0399\" style=\"font-size:30px\"><strong>Accessibilit\u00e0 e Awareness sono per noi indispensabili. <\/strong><\/p>\n\n\n\n<p><\/p>\n\n\n\n<details class=\"wp-block-details is-layout-flow wp-block-details-is-layout-flow\"><summary><strong><strong>Concepto de Awareness SAR-Camp 04\/09\/2025 \u2013 07\/09\/2025<\/strong><\/strong><\/summary>\n<p><\/p>\n\n\n\n<p><strong>1. Cosa si intende per Awareness?<\/strong><\/p>\n\n\n\n<p>La parola \u201cawareness\u201d deriva dall&#8217;inglese \u201cto be aware\u201d e significa \u201cessere consapevoli, attenti, essere sensibilizzati\u201d. Si tratta soprattutto di essere consapevoli e prestare attenzione a situazioni in cui tu e\/o altr* subite comportamenti offensivi, discriminatori o che violano i vostri confini personali. La pratica del lavoro di Awareness ha le sue origini nei movimenti neri e indigeni. Si tratta di una forma di auto-organizzazione, che mira a risolvere i conflitti in modo indipendente dalla logica punitiva violenta dello Stato.   <\/p>\n\n\n\n<p>Il concetto di Awareness si presenta come una pratica antidiscriminatoria contro ogni forma di discriminazione, come il razzismo, l&#8217;omofobia, l&#8217;abilismo, il sessismo e il classismo, contro la violenza e la violazione dei confini personali. Idealmente, la consapevolezza delle strutture discriminatorie pu\u00f2 aiutare a evitare in anticipo il superamento dei limiti. Tuttavia, la discriminazione strutturale \u00e8 profondamente radicata nella nostra societ\u00e0. Nessun* \u00e8 completamente priv* di pregiudizi e discriminazioni nei rapporti con l* altr*. Per questo motivo sono necessarie una riflessione consapevole e una struttura per contrastare le discriminazioni. \u00c8 impossibile offrire uno spazio sicuro per tutte le persone. Tuttavia, cerchiamo di rendere il nostro camp un \u201csafe space\u201d, per cui il lavoro di awareness \u00e8 fondamentale.      <\/p>\n\n\n\n<p>Vogliamo quindi incoraggiare te e tutt* noi a prestare attenzione a noi stess* e al benessere de* nostr* vicin* e ad avere rispetto l* un* dell* altr*. Pronunciare correttamente un nome o usare il pronome giusto pu\u00f2 gi\u00e0 fare una grande differenza! Rifletti su te stess*: nessun* di noi smette mai di imparare.  <\/p>\n\n\n\n<p><strong>2. Team Awareness<\/strong><\/p>\n\n\n\n<p>Ci sono sempre situazioni in cui ci sentiamo a disagio, soprattutto in luoghi affollati. Ci\u00f2 pu\u00f2 essere causato da comportamenti discriminatori e prevaricanti da parte del* altr*, ma anche dal fatto che determinati stimoli ci ricordano situazioni passate in cui abbiamo vissuto esperienze dolorose. Questi stimoli sono chiamati trigger e possono assumere forme diverse, ad esempio odori, rumori, immagini, comportamenti altrui e molto altro ancora. Questi ricordi possono causare un forte stress emotivo.   <\/p>\n\n\n\n<p>Se dovessero verificarsi situazioni in cui tu e\/o altr* venite provocat* o subite discriminazioni, l&#8217;Awareness team \u00e8 a vostra disposizione. Pu\u00f2 trattarsi, ad esempio, di percezioni di disparit\u00e0 di potere, discriminazione, violazioni dei limiti e superamento di episodi di disagio intenso. L&#8217;Awareness team ha il compito di garantire che non si verifichino discriminazioni in maniera ripetuta. Il team \u00e8 sempre disponibile per tutt* e riconoscibile grazie ai gilet viola ben visibili. \u00c8 composto da un totale di cinque o sei persone e si trova nell&#8217;Awareness area. Ci sono anche membri in movimento del team che sono presenti in coppie durante singoli eventi e soprattutto in contesti di festa. Puoi anche rivolgerti ad altre persone al bar e al punto informazioni, che contatteranno per te l&#8217;Awareness team. C&#8217;\u00e8 anche un numero di cellulare raggiungibile 24 ore su 24.         <\/p>\n\n\n\n<p>L&#8217;Awareness team ti sostiene attivamente in quanto persona vittima di comportamenti inappropriati e ti offre solidariet\u00e0. Ti ascolta senza mettere in dubbio le tue emozioni. Sei tu ad avere il potere di definire ci\u00f2 che \u00e8 successo. Ci\u00f2 significa che solo tu puoi decidere dove sono i tuoi confini e solo tu puoi definire quando questi sono stati superati. L&#8217;Awareness team si basa sui tuoi desideri e bisogni in quanto persona coinvolta ed \u00e8 dalla tua parte. Se lo desideri, si rifletter\u00e0 e si decider\u00e0 insieme, eventualmente anche con persone di fiducia, su come tu, in quanto persona coinvolta, possa affrontare al meglio l&#8217;esperienza vissuta     <\/p>\n\n\n\n<p>Il team offre consulenza, intervento attivo, colloqui chiarificatori e informazioni sui possibili aiuti disponibili. Tutti i colloqui sono sempre confidenziali. In situazioni di conflitto, l\u2019awareness team agisce in modo da ridurre la tensione e cerca di contribuire alla risoluzione dei conflitti. Si impegna a favorire una comunicazione non violenta e non ha l&#8217;obiettivo di punire le persone per il loro comportamento, ma di incoraggiare tutte le parti ad assumersi la responsabilit\u00e0 delle proprie azioni.   <\/p>\n\n\n\n<p><strong>3.Lo spazio Awareness<\/strong><\/p>\n\n\n\n<p>C&#8217;\u00e8 uno spazio awareness che puoi usare per parlare con l\u2019awareness team in un ambiente protetto. \u00c8 un luogo ben segnalato e facile da trovare. \u00c8 un posto dove non stare da sol* durante o dopo una situazione stressante. \u00c8 anche un buon luogo per parlare con l\u2019awareness team. L\u2019awareness area funge generalmente da rifugio dopo esperienze triggeranti e\/o discriminatorie. Puoi quindi utilizzare lo spazio anche senza ricorrere direttamente ai servizi offerti dall\u2019awareness team, ma l\u00ec troverai sempre almeno una persona del team.     <\/p>\n\n\n\n<p>Se hai semplicemente bisogno di un momento di tranquillit\u00e0 e desideri stare da sol*, c&#8217;\u00e8 anche un&#8217;area dedicata al riposo. Anche questa \u00e8 segnalata e ben indicata. L&#8217;area relax \u00e8 sempre aperta e pu\u00f2 essere utilizzata in qualsiasi momento come luogo di ritiro.  <\/p>\n\n\n\n<p>Sia l&#8217;awareness area che l&#8217;area relax sono luoghi in cui \u00e8 vietato consumare sostanze, compreso fumare sigarette e bere bevande alcoliche.<\/p>\n\n\n\n<p>Inoltre, abbiamo un team di paramedici in loco, che puoi trovare nella sala medica. I paramedici aiutano in caso di qualsiasi tipo di disturbo fisico. In tali casi, rivolgiti ai paramedici e non all\u2019awareness team. <\/p>\n\n\n\n<p><strong>4. Avviso trigger e note sul contenuti<\/strong><\/p>\n\n\n\n<p>A seconda della tua storia personale e delle tue esperienze, alcune situazioni possono scatenare in te reazioni emotive molto intense, i cosidetti trigger. Purtroppo non possiamo impedirlo completamente. Temi come la migrazione forzata e il sistema europeo di frontiere e asilo sono estremamente violenti e possono essere molto traumatici per te che ne sei stat* vittima. Per ridurre al minimo le situazioni triggeranti, prima dei singoli eventi vengono fornite delle note sui contenuti che elencano i possibili argomenti triggeranti, in modo che tu possa prepararti al contenuto e decidere autonomamente se rimanere ed esporti a questi argomenti o meno. Naturalmente \u00e8 possibile lasciare tutti gli eventi in qualsiasi momento, anche durante lo svolgimento.    <\/p>\n\n\n\n<p><strong>E ora&#8230; divertiti al nostro campo!<\/strong><\/p>\n<\/details>\n\n\n\n<hr class=\"wp-block-separator has-alpha-channel-opacity\"\/>\n\n\n\n<details class=\"wp-block-details is-layout-flow wp-block-details-is-layout-flow\"><summary><strong><strong>Concepto do Accessibilit\u00e0 SAR Camp September 4\u20137, 2025<\/strong><\/strong><\/summary>\n<p><\/p>\n\n\n\n<p><strong>COME ARRIVARE<\/strong><\/p>\n\n\n\n<p>The Camp will be in Biesenthal. The nearest train station is Bernau. The station is step free accessible and has floor indicators and tactile guiding elements  <\/p>\n\n\n\n<p>Il camp sar\u00e0 a Biesenthal. La stazione ferroviaria pi\u00f9 vicina \u00e8 Bernau. La stazione \u00e8 accessibile anche a persone con ausili per la mobilit\u00e0 e dispone di indicatori del pavimento e di elementi di guida tattile (https:\/\/www.bahnhof.de\/en\/bernau-b-berlin). Per raggiungere il campo \u00e8 necessario prendere l&#8217;autobus e inoltre abbiamo una navetta che parte dalla fermata dell&#8217;autobus. Purtroppo la navetta non \u00e8 accessibile per sedie a rotelle. Dalla fermata dell&#8217;autobus ci sono altri 20 minuti di cammino intorno a un lago attraverso sentieri non asfaltati del parco. In alternativa, \u00e8 possibile percorrere un percorso pi\u00f9 lungo di circa 30 minuti attraverso strade asfaltate.(https:\/\/www.bahnhof.de\/en\/bernau-b-berlin). To get to the camp you have to then take the bus and in addition we have a shuttle from the bus stop. Sadly, the shuttle won\u2019t be accessible with a wheelchair. From the bus stop it is an additional 20 minute-walk around a lake via unpaved park paths. Alternatively, you can take the longer route via paved streets for about 30 minutes.   <\/p>\n\n\n\n<p>Vi chiediamo di evitare di arrivare in auto a causa del parcheggio limitato. Tuttavia, se necessario, \u00e8 possibile arrivare in auto e parcheggiare vicino all&#8217;ingresso. <\/p>\n\n\n\n<p><strong>AREA<\/strong><\/p>\n\n\n\n<p>OUTDOOR<\/p>\n\n\n\n<p>Il campo si trova ai margini di un lago ed \u00e8 circondato da alberi. Il terreno \u00e8 prevalentemente erboso. La maggior parte del programma e i pasti si svolgeranno all&#8217;aperto. Ci saranno luci soprattutto di notte. Tuttavia, non possiamo coprire l&#8217;intera area e le radici o i sentieri generalmente irregolari potrebbero essere difficili da vedere. Si consiglia di portare una torcia elettrica.     <\/p>\n\n\n\n<p>Il lago ha rive poco profonde ed \u00e8 accessibile solo attraverso una spiaggia sabbiosa. La sauna \u00e8 uno spazio irregolare e stretto, accessibile solo tramite scalini. <\/p>\n\n\n\n<p>Due delle case hanno un portico. Sono fatte di assi di legno con spazi vuoti tra di loro. Entrambe sono accessibili tramite rampe larghe 85 cm e con un bordo alto circa 2 cm.  <\/p>\n\n\n\n<p>INDOOR<\/p>\n\n\n\n<p>Alcuni workshop si svolgeranno al chiuso. Purtroppo, alcune di queste sale sono accessibili solo tramite scalini. I gradini non sono contrassegnati. Se volete partecipare a un workshop che non \u00e8 accessibile per voi, fatecelo sapere in anticipo, in modo che possiamo cercare di riorganizzare il luogo o supportarvi in altri modi.   <\/p>\n\n\n\n<p>Le porte sono leggere e hanno maniglie e non pomelli, ma la maggior parte di esse non supera gli 80 cm di larghezza. Questo vale anche per le stanze da letto interne. <\/p>\n\n\n\n<p>DORMIRE<\/p>\n\n\n\n<p>Se non potete dormire in tenda, c&#8217;\u00e8 la possibilit\u00e0 di un letto in una cabina\/camera condivisa. Dovrete portare le vostre lenzuola\/sacco a pelo. Vi preghiamo di comunicarci se volete utilizzare uno dei posti letto al coperto. Come gi\u00e0 detto, questi sono accessibili solo tramite scalini.   <\/p>\n\n\n\n<p>SPAZI<\/p>\n\n\n\n<p>Ci sar\u00e0 uno spazio tranquillo dove le persone potranno rilassarsi e riposare. Sar\u00e0 aperto a tutti in qualsiasi momento. <\/p>\n\n\n\n<p>Sul posto ci sar\u00e0 un bar dove verranno servite bevande alcoliche e analcoliche e un chiosco del caff\u00e8.<\/p>\n\n\n\n<p>In genere disponiamo di panche senza schienale nello spazio per mangiare e durante i workshop. Ma \u00e8 possibile ottenere sedie pieghevoli presso l&#8217;info point. <\/p>\n\n\n\n<p>SERVIZI SANITARI<\/p>\n\n\n\n<p><a><\/a>\u00c8 prevista una toilette accessibile alle persone in sedia a rotelle e un\u2019area in cui ricaricare i dispositivi elettronici.<\/p>\n\n\n\n<p><strong>ASSISTENZA MEDICA<\/strong><\/p>\n\n\n\n<p>Per qualsiasi emergenza medica sul posto, abbiamo un team di primo soccorso pronto ad aiutarti. Avremo un frigorifero in loco dove potrai conservare i tuoi farmaci. <\/p>\n\n\n\n<p>Il cibo sar\u00e0 vegano. Al momento della registrazione potrete comunicarci eventuali allergie, in modo che il nostro staff di cucina possa fornire un pasto alternativo, se necessario. <\/p>\n\n\n\n<p><strong>BAMBINI<\/strong><\/p>\n\n\n\n<p>Ci sar\u00e0 uno spazio dedicato ai bambini all&#8217;interno del campo: si tratta di una tenda aperta situata al centro dell&#8217;area. Lo spazio bambini fa parte del concetto partecipativo del campo: i turni saranno svolti dai partecipanti del campo. Se avete bisogno di supporto per i vostri bambini, vi preghiamo di indicarlo al momento dell&#8217;acquisto del biglietto: vi invieremo ulteriori informazioni quando si avviciner\u00e0 la data del campo.  <\/p>\n\n\n\n<p><strong>LINGUA<\/strong><\/p>\n\n\n\n<p>Le lingue principali del campo saranno il tedesco e l&#8217;inglese. La lingua degli eventi del programma sar\u00e0 indicata sulla bacheca del programma. <\/p>\n\n\n\n<p>Cercheremo di fornire la traduzione simultanea, se necessario, in modo che il contenuto sia accessibile al maggior numero di persone possibili. Durante la registrazione per ottenere un biglietto potete comunicarci se avete bisogno di traduzione o se potete aiutare con l&#8217;interpretazione. <\/p>\n\n\n\n<p>Durante il campo, vi preghiamo di recarvi al punto informazioni per comunicarci se avete bisogno di traduzione.<\/p>\n\n\n\n<p>Purtroppo, probabilmente non saremo in grado di fornire l&#8217;interpretazione nella lingua dei segni.<\/p>\n\n\n\n<p><strong>AWARENESS<\/strong><\/p>\n\n\n\n<p>Tutti i giorni sar\u00e0 presente un awareness team e sar\u00e0 allestito uno spazio awareness. Il team sar\u00e0 inoltre raggiungibile telefonicamente 24\/7. I turni di awareness saranno svolti dai partecipanti al campo, con la presenza di alcune persone esperte che coordineranno i turni e forniranno istruzioni.  <\/p>\n\n\n\n<p>Maggiori informazioni sul team awareness e sul suo lavoro sono disponibili nella sezione dedicata al concetto di awareness.<\/p>\n\n\n\n<p><strong>CONTATTI<\/strong><\/p>\n\n\n\n<p><a><\/a><a><\/a><a><\/a><a><\/a><a><\/a><a><\/a><a><\/a><a><\/a><a><\/a><a><\/a><a><\/a><a><\/a><a><\/a><a><\/a>In generale, desideriamo rendere il campo il pi\u00f9 accessibile possibile. Se avete esigenze particolari o desiderate ulteriori informazioni, scriveteci per e-mail all&#8217;indirizzo camp@sea-watch.org. <\/p>\n<\/details>\n\n\n\n<div style=\"height:151px\" aria-hidden=\"true\" class=\"wp-block-spacer\"><\/div>\n<\/div>\n<\/div>\n","protected":false},"excerpt":{"rendered":"<p>Accessibilit\u00e0 e Awareness sono per noi indispensabili.<\/p>\n","protected":false},"author":1,"featured_media":0,"parent":0,"menu_order":0,"comment_status":"closed","ping_status":"closed","template":"","meta":{"inline_featured_image":false,"footnotes":""},"class_list":["post-1094","page","type-page","status-publish"],"yoast_head":"<!-- This site is optimized with the Yoast SEO plugin v26.1.1 - https:\/\/yoast.com\/wordpress\/plugins\/seo\/ -->\n<title>Accessibilit\u00e0 e Awareness - SAR Solidarity &amp; Resistance Camp<\/title>\n<meta name=\"robots\" content=\"index, follow, max-snippet:-1, max-image-preview:large, max-video-preview:-1\" \/>\n<link rel=\"canonical\" href=\"https:\/\/sar-camp.wtf\/it\/programma\/\" \/>\n<meta property=\"og:locale\" content=\"it_IT\" \/>\n<meta property=\"og:type\" content=\"article\" \/>\n<meta property=\"og:title\" content=\"Accessibilit\u00e0 e Awareness - SAR Solidarity &amp; Resistance Camp\" \/>\n<meta property=\"og:description\" content=\"Accessibilit\u00e0 e Awareness sono per noi indispensabili.\" \/>\n<meta property=\"og:url\" content=\"https:\/\/sar-camp.wtf\/it\/programma\/\" \/>\n<meta property=\"og:site_name\" content=\"SAR Solidarity &amp; Resistance Camp\" \/>\n<meta property=\"article:modified_time\" content=\"2025-08-19T17:07:03+00:00\" \/>\n<meta name=\"twitter:card\" content=\"summary_large_image\" \/>\n<meta name=\"twitter:label1\" content=\"Tempo di lettura stimato\" \/>\n\t<meta name=\"twitter:data1\" content=\"9 minuti\" \/>\n<script type=\"application\/ld+json\" class=\"yoast-schema-graph\">{\"@context\":\"https:\/\/schema.org\",\"@graph\":[{\"@type\":\"WebPage\",\"@id\":\"https:\/\/sar-camp.wtf\/it\/programma\/\",\"url\":\"https:\/\/sar-camp.wtf\/it\/programma\/\",\"name\":\"Accessibilit\u00e0 e Awareness - SAR Solidarity &amp; Resistance Camp\",\"isPartOf\":{\"@id\":\"https:\/\/sar-camp.wtf\/it\/#website\"},\"datePublished\":\"2025-07-31T09:12:59+00:00\",\"dateModified\":\"2025-08-19T17:07:03+00:00\",\"breadcrumb\":{\"@id\":\"https:\/\/sar-camp.wtf\/it\/programma\/#breadcrumb\"},\"inLanguage\":\"it-IT\",\"potentialAction\":[{\"@type\":\"ReadAction\",\"target\":[\"https:\/\/sar-camp.wtf\/it\/programma\/\"]}]},{\"@type\":\"BreadcrumbList\",\"@id\":\"https:\/\/sar-camp.wtf\/it\/programma\/#breadcrumb\",\"itemListElement\":[{\"@type\":\"ListItem\",\"position\":1,\"name\":\"Startseite\",\"item\":\"https:\/\/sar-camp.wtf\/it\/\"},{\"@type\":\"ListItem\",\"position\":2,\"name\":\"Accessibilit\u00e0 e Awareness\"}]},{\"@type\":\"WebSite\",\"@id\":\"https:\/\/sar-camp.wtf\/it\/#website\",\"url\":\"https:\/\/sar-camp.wtf\/it\/\",\"name\":\"SAR Solidarity &amp; Resistance Camp\",\"description\":\"10 Years of Solidarity &amp; Resistance - Search &amp; Rescue\",\"publisher\":{\"@id\":\"https:\/\/sar-camp.wtf\/it\/#organization\"},\"potentialAction\":[{\"@type\":\"SearchAction\",\"target\":{\"@type\":\"EntryPoint\",\"urlTemplate\":\"https:\/\/sar-camp.wtf\/it\/?s={search_term_string}\"},\"query-input\":{\"@type\":\"PropertyValueSpecification\",\"valueRequired\":true,\"valueName\":\"search_term_string\"}}],\"inLanguage\":\"it-IT\"},{\"@type\":\"Organization\",\"@id\":\"https:\/\/sar-camp.wtf\/it\/#organization\",\"name\":\"SAR Solidarity &amp; Resistance Camp\",\"url\":\"https:\/\/sar-camp.wtf\/it\/\",\"logo\":{\"@type\":\"ImageObject\",\"inLanguage\":\"it-IT\",\"@id\":\"https:\/\/sar-camp.wtf\/it\/#\/schema\/logo\/image\/\",\"url\":\"https:\/\/sar-camp.wtf\/wp-content\/uploads\/2025\/04\/sar-logo-w-text.png\",\"contentUrl\":\"https:\/\/sar-camp.wtf\/wp-content\/uploads\/2025\/04\/sar-logo-w-text.png\",\"width\":2485,\"height\":1560,\"caption\":\"SAR Solidarity &amp; Resistance Camp\"},\"image\":{\"@id\":\"https:\/\/sar-camp.wtf\/it\/#\/schema\/logo\/image\/\"}}]}<\/script>\n<!-- \/ Yoast SEO plugin. -->","yoast_head_json":{"title":"Accessibilit\u00e0 e Awareness - SAR Solidarity &amp; Resistance Camp","robots":{"index":"index","follow":"follow","max-snippet":"max-snippet:-1","max-image-preview":"max-image-preview:large","max-video-preview":"max-video-preview:-1"},"canonical":"https:\/\/sar-camp.wtf\/it\/programma\/","og_locale":"it_IT","og_type":"article","og_title":"Accessibilit\u00e0 e Awareness - SAR Solidarity &amp; Resistance Camp","og_description":"Accessibilit\u00e0 e Awareness sono per noi indispensabili.","og_url":"https:\/\/sar-camp.wtf\/it\/programma\/","og_site_name":"SAR Solidarity &amp; Resistance Camp","article_modified_time":"2025-08-19T17:07:03+00:00","twitter_card":"summary_large_image","twitter_misc":{"Tempo di lettura stimato":"9 minuti"},"schema":{"@context":"https:\/\/schema.org","@graph":[{"@type":"WebPage","@id":"https:\/\/sar-camp.wtf\/it\/programma\/","url":"https:\/\/sar-camp.wtf\/it\/programma\/","name":"Accessibilit\u00e0 e Awareness - SAR Solidarity &amp; Resistance Camp","isPartOf":{"@id":"https:\/\/sar-camp.wtf\/it\/#website"},"datePublished":"2025-07-31T09:12:59+00:00","dateModified":"2025-08-19T17:07:03+00:00","breadcrumb":{"@id":"https:\/\/sar-camp.wtf\/it\/programma\/#breadcrumb"},"inLanguage":"it-IT","potentialAction":[{"@type":"ReadAction","target":["https:\/\/sar-camp.wtf\/it\/programma\/"]}]},{"@type":"BreadcrumbList","@id":"https:\/\/sar-camp.wtf\/it\/programma\/#breadcrumb","itemListElement":[{"@type":"ListItem","position":1,"name":"Startseite","item":"https:\/\/sar-camp.wtf\/it\/"},{"@type":"ListItem","position":2,"name":"Accessibilit\u00e0 e Awareness"}]},{"@type":"WebSite","@id":"https:\/\/sar-camp.wtf\/it\/#website","url":"https:\/\/sar-camp.wtf\/it\/","name":"SAR Solidarity &amp; Resistance Camp","description":"10 Years of Solidarity &amp; Resistance - Search &amp; Rescue","publisher":{"@id":"https:\/\/sar-camp.wtf\/it\/#organization"},"potentialAction":[{"@type":"SearchAction","target":{"@type":"EntryPoint","urlTemplate":"https:\/\/sar-camp.wtf\/it\/?s={search_term_string}"},"query-input":{"@type":"PropertyValueSpecification","valueRequired":true,"valueName":"search_term_string"}}],"inLanguage":"it-IT"},{"@type":"Organization","@id":"https:\/\/sar-camp.wtf\/it\/#organization","name":"SAR Solidarity &amp; Resistance Camp","url":"https:\/\/sar-camp.wtf\/it\/","logo":{"@type":"ImageObject","inLanguage":"it-IT","@id":"https:\/\/sar-camp.wtf\/it\/#\/schema\/logo\/image\/","url":"https:\/\/sar-camp.wtf\/wp-content\/uploads\/2025\/04\/sar-logo-w-text.png","contentUrl":"https:\/\/sar-camp.wtf\/wp-content\/uploads\/2025\/04\/sar-logo-w-text.png","width":2485,"height":1560,"caption":"SAR Solidarity &amp; Resistance Camp"},"image":{"@id":"https:\/\/sar-camp.wtf\/it\/#\/schema\/logo\/image\/"}}]}},"_links":{"self":[{"href":"https:\/\/sar-camp.wtf\/it\/wp-json\/wp\/v2\/pages\/1094","targetHints":{"allow":["GET"]}}],"collection":[{"href":"https:\/\/sar-camp.wtf\/it\/wp-json\/wp\/v2\/pages"}],"about":[{"href":"https:\/\/sar-camp.wtf\/it\/wp-json\/wp\/v2\/types\/page"}],"author":[{"embeddable":true,"href":"https:\/\/sar-camp.wtf\/it\/wp-json\/wp\/v2\/users\/1"}],"replies":[{"embeddable":true,"href":"https:\/\/sar-camp.wtf\/it\/wp-json\/wp\/v2\/comments?post=1094"}],"version-history":[{"count":5,"href":"https:\/\/sar-camp.wtf\/it\/wp-json\/wp\/v2\/pages\/1094\/revisions"}],"predecessor-version":[{"id":1253,"href":"https:\/\/sar-camp.wtf\/it\/wp-json\/wp\/v2\/pages\/1094\/revisions\/1253"}],"wp:attachment":[{"href":"https:\/\/sar-camp.wtf\/it\/wp-json\/wp\/v2\/media?parent=1094"}],"curies":[{"name":"wp","href":"https:\/\/api.w.org\/{rel}","templated":true}]}}