{"id":977,"date":"2025-04-08T10:55:00","date_gmt":"2025-04-08T10:55:00","guid":{"rendered":"https:\/\/sar-camp.wtf\/accueil\/"},"modified":"2025-08-29T18:29:18","modified_gmt":"2025-08-29T18:29:18","slug":"accueil","status":"publish","type":"page","link":"https:\/\/sar-camp.wtf\/fr\/","title":{"rendered":"Accueil"},"content":{"rendered":"\n<div class=\"gb-element-4572d2a8 alignfull header\">\n<div class=\"gb-element-27091987 regular-width\">\n<h1 class=\"wp-block-heading has-text-align-center\" style=\"font-size:6rem\">R\u00e9fl\u00e9chir. R\u00e9sister. Reconqu\u00e9rir l&rsquo;avenir.  <\/h1>\n\n\n\n<p class=\"subtitle has-contrast-2-color has-text-color has-link-color wp-elements-18d47cb7ffa4c02c52eb68bb0bf10caa\">Un camp destin\u00e9 aux personnes engag\u00e9es dans le sauvetage en mer, l&rsquo;exil, l&rsquo;abolition des fronti\u00e8res, la d\u00e9colonisation et la migration, ainsi qu&rsquo;\u00e0 tous ceux qui sont li\u00e9s \u00e0 ces luttes.<\/p>\n\n\n\n<div class=\"gb-element-eefbab26 navButtons\"><nav class=\"has-text-color has-contrast-2-color items-justified-center wp-block-navigation is-content-justification-center is-layout-flex wp-container-core-navigation-is-layout-16018d1d wp-block-navigation-is-layout-flex\" aria-label=\"Navigation\"><ul class=\"wp-block-navigation__container has-text-color has-contrast-2-color items-justified-center wp-block-navigation\"><li class=\" wp-block-navigation-item wp-block-navigation-link\"><a class=\"wp-block-navigation-item__content\"  href=\"#About\"><span class=\"wp-block-navigation-item__label\">About<\/span><\/a><\/li><li class=\" wp-block-navigation-item wp-block-navigation-link\"><a class=\"wp-block-navigation-item__content\"  href=\"#Expect\"><span class=\"wp-block-navigation-item__label\">What to expect<\/span><\/a><\/li><li class=\" wp-block-navigation-item wp-block-navigation-link\"><a class=\"wp-block-navigation-item__content\"  href=\"#WhereWhenHow\"><span class=\"wp-block-navigation-item__label\">Location &amp; Dates<\/span><\/a><\/li><li class=\" wp-block-navigation-item wp-block-navigation-link\"><a class=\"wp-block-navigation-item__content\"  href=\"#FAQ\"><span class=\"wp-block-navigation-item__label\">FAQ<\/span><\/a><\/li><li class=\" wp-block-navigation-item wp-block-navigation-link\"><a class=\"wp-block-navigation-item__content\"  href=\"https:\/\/sar-camp.wtf\/program\/\"><span class=\"wp-block-navigation-item__label\">Program<\/span><\/a><\/li><li class=\" wp-block-navigation-item wp-block-navigation-link\"><a class=\"wp-block-navigation-item__content\"  href=\"https:\/\/sar-camp.wtf\/accessibility-awareness\/\"><span class=\"wp-block-navigation-item__label\">Accessibility &amp; Awareness<\/span><\/a><\/li><\/ul><\/nav>\n\n\n<div style=\"height:16px\" aria-hidden=\"true\" class=\"wp-block-spacer\"><\/div>\n\n\n\n<div class=\"gb-element-c037695b nav_highlight \">\n<a class=\"gb-text-03e1ebf5 navButtons \" href=\"https:\/\/tickets.sar-camp.wtf\"><span class=\"gb-shape\"><svg xmlns=\"http:\/\/www.w3.org\/2000\/svg\" aria-hidden=\"true\" role=\"img\" height=\"1em\" width=\"1em\" viewbox=\"0 0 512 512\"><path fill=\"currentColor\" d=\"M462.3 62.6C407.5 15.9 326 24.3 275.7 76.2L256 96.5l-19.7-20.3C186.1 24.3 104.5 15.9 49.7 62.6c-62.8 53.6-66.1 149.8-9.9 207.9l193.5 199.8c12.5 12.9 32.8 12.9 45.3 0l193.5-199.8c56.3-58.1 53-154.3-9.8-207.9z\"><\/path><\/svg><\/span><span class=\"gb-text\">Obtenez votre billet<\/span><\/a>\n<\/div>\n<\/div>\n<\/div>\n\n\n\n<div class=\"gb-element-0ef186e7 alignfull\">\n<!--Waves Container-->\n<div>\n<svg xmlns=\"http:\/\/www.w3.org\/2000\/svg\" xmlns:xlink=\"http:\/\/www.w3.org\/1999\/xlink\" class=\"waves\" viewbox=\"0 24 150 28\" preserveaspectratio=\"none\" shape-rendering=\"auto\">\n<defs>\n<path id=\"gentle-wave\" d=\"M-160 44c30 0 58-18 88-18s 58 18 88 18 58-18 88-18 58 18 88 18 v44h-352z\"><\/path>\n<\/defs>\n<g class=\"parallax\">\n<use xlink:href=\"#gentle-wave\" x=\"48\" y=\"0\" fill=\"rgba(255,255,255,0.7\"><\/use>\n<use xlink:href=\"#gentle-wave\" x=\"48\" y=\"3\" fill=\"rgba(255,255,255,0.5)\"><\/use>\n<use xlink:href=\"#gentle-wave\" x=\"48\" y=\"5\" fill=\"rgba(255,255,255,0.3)\"><\/use>\n<use xlink:href=\"#gentle-wave\" x=\"48\" y=\"7\" fill=\"#fff\"><\/use>\n<\/g>\n<\/svg>\n<\/div>\n<!--Waves end-->\n<\/div>\n<\/div>\n\n<div class=\"gb-element-fc0a1654  alignfull\" id=\"About\">\n<div class=\"gb-element-df018f58 regular-width\">\n<div class=\"headline_block\">\n<h2 class=\"wp-block-heading has-text-align-center small has-contrast-color has-text-color has-link-color wp-elements-935f2cfb72bf671569516d959779bd58\"><br\/><strong>4 septembre &#8211; 07.2025<\/strong><\/h2>\n\n\n\n<h2 class=\"wp-block-heading has-text-align-center has-contrast-color has-text-color has-link-color wp-elements-4965ad1a5f8d0a29efe00643d71f92dc\">10 ans de solidarit\u00e9 et de r\u00e9sistance &#8211; sauvetage en mer<\/h2>\n<\/div>\n\n\n\n<div class=\"wp-block-columns is-layout-flex wp-container-core-columns-is-layout-9d6595d7 wp-block-columns-is-layout-flex\">\n<div class=\"wp-block-column is-layout-flow wp-block-column-is-layout-flow\">\n<p class=\"has-contrast-color has-text-color has-link-color wp-elements-992cb326f519171b6090c56fe1a05e95\">Nous invitons les personnes ayant v\u00e9cu le d\u00e9placement, les militants et leurs alli\u00e9s \u00e0 partager leurs exp\u00e9riences, r\u00e9fl\u00e9chir \u00e0 nos strat\u00e9gies politiques, apprendre les uns des autres et fa\u00e7onner le prochain chapitre de ce mouvement.<\/p>\n\n\n\n<p class=\"has-contrast-color has-text-color has-link-color wp-elements-aaaf5abf8b1eaa4cabb03752700261e1\">Depuis dix ans, nous luttons pour le sauvetage en mer civil, la libert\u00e9 de circulation et les droits fondamentaux pour tous.<\/p>\n<\/div>\n\n\n\n<div class=\"wp-block-column is-layout-flow wp-block-column-is-layout-flow\">\n<p class=\"has-contrast-color has-text-color has-link-color wp-elements-68d6b4c16d94182b0b2095dcd946ea78\">Cet anniversaire s&rsquo;inscrit dans le cadre plus large de la lutte qui a \u00e9merg\u00e9 avec force pendant l&rsquo;\u00e9t\u00e9 des migrations : \u00eatre solidaire des personnes en d\u00e9placement, r\u00e9sister \u00e0 la forteresse Europe meurtri\u00e8re et lutter pour un avenir sans fronti\u00e8res, mais avec justice et solidarit\u00e9.<br\/><br\/><br\/>Nous faisons partie d<a href=\"https:\/\/trans-border.net\/index.php\/join-the-transnational-chain-of-actions-for-free-movement\/\">e la cha\u00eene d&rsquo;actions transnationale <\/a>qui comm\u00e9more l&rsquo;\u00e9t\u00e9 des migrations de 2015. <\/p>\n\n\n\n<p class=\"has-contrast-color has-text-color has-link-color wp-elements-016a23f3182796e7c324d394a7156468\"><br\/>Nous organisons ce camp depuis notre \u00ab bulle \u00bb de sauvetage en mer et sommes conscients que notre perspective est limit\u00e9e. C&rsquo;est pourquoi nous voulons remettre en question ces syst\u00e8mes dans notre propre travail et rendre le camp aussi inclusif et accessible que possible. <a href=\"https:\/\/sar-camp.wtf\/fr\/concept-de-garde-denfants\/\">Lisez notre d\u00e9claration compl\u00e8te ici.<\/a>  <\/p>\n\n\n\n<p><\/p>\n\n\n\n<p><\/p>\n<\/div>\n<\/div>\n<\/div>\n\n\n\n<div class=\"gb-element-e41a739b overlap\">\n<div class=\"regular-width\">\n<p class=\"has-contrast-color has-text-color has-link-color wp-elements-1539bbbc9ffb12c684183d2bf748f6c1\"><strong>Ce camp est fait pour vous si&#8230;<\/strong><\/p>\n\n\n\n<ul class=\"wp-block-list has-contrast-color has-text-color has-link-color wp-elements-5d0c4b58b13c702f05c3dafa51afb3b9\">\n<li>Vous \u00eates actif dans <strong>le sauvetage en mer, le travail de solidarit\u00e9<\/strong> <strong>ou les r\u00e9seaux de soutien aux personnes en d\u00e9placement<\/strong> <\/li>\n\n\n\n<li>Vous <strong>luttez pour la libert\u00e9 de circulation<\/strong> et l&rsquo;abolition des fronti\u00e8res.<\/li>\n\n\n\n<li>Vous \u00eates une personne ayant <strong>une exp\u00e9rience v\u00e9cue<\/strong> de l&rsquo;exil, de la migration ou de la demande d&rsquo;asile et souhaitez vous connecter, partager et vous organiser. <\/li>\n\n\n\n<li>Vous \u00eates engag\u00e9 dans <strong> <\/strong><strong>le travail antiraciste<\/strong>, <strong>d\u00e9colonial<\/strong> ou <strong>pour la justice des migrants<\/strong>.<\/li>\n\n\n\n<li>Vous n&rsquo;\u00eates pas encore organis\u00e9, mais vous \u00eates <strong>int\u00e9ress\u00e9 \u00e0 rejoindre les luttes<\/strong>.<\/li>\n\n\n\n<li>Vous voulez <strong>fa\u00e7onner ensemble la prochaine d\u00e9cennie<\/strong>.<\/li>\n<\/ul>\n<\/div>\n\n\n\n<a class=\"gb-text-651e24c7 button_on_secondary\" href=\"https:\/\/tickets.sar-camp.wtf\/\" target=\"_blank\" rel=\"noopener\"><span class=\"gb-shape\"><svg xmlns=\"http:\/\/www.w3.org\/2000\/svg\" aria-hidden=\"true\" role=\"img\" height=\"1em\" width=\"1em\" viewbox=\"0 0 512 512\"><path fill=\"currentColor\" d=\"M462.3 62.6C407.5 15.9 326 24.3 275.7 76.2L256 96.5l-19.7-20.3C186.1 24.3 104.5 15.9 49.7 62.6c-62.8 53.6-66.1 149.8-9.9 207.9l193.5 199.8c12.5 12.9 32.8 12.9 45.3 0l193.5-199.8c56.3-58.1 53-154.3-9.8-207.9z\"><\/path><\/svg><\/span><span class=\"gb-text\">Obtenez votre billet<\/span><\/a>\n<\/div>\n<\/div>\n\n<div class=\"gb-element-31d34648\" id=\"Expect\">\n<div class=\"gb-element-eebbbc60\">\n<h2 class=\"wp-block-heading has-text-align-center\">\u00c9changer. Apprendre. S&rsquo;organiser. Tout ce que les gens voudront et pourront apporter se r\u00e9alisera au camp. C&rsquo;est un camp participatif.    <\/h2>\n\n\n\n<div style=\"height:62px\" aria-hidden=\"true\" class=\"wp-block-spacer\"><\/div>\n\n\n\n<div class=\"wp-block-columns is-layout-flex wp-container-core-columns-is-layout-9d6595d7 wp-block-columns-is-layout-flex\">\n<div class=\"wp-block-column is-layout-flow wp-block-column-is-layout-flow\">\n<div class=\"gb-element-6fec51d8\">\n<div class=\"gb-element-a05d9282 teasercardimg_container\">\n<figure class=\"wp-block-image size-large is-resized\"><img decoding=\"async\" src=\"https:\/\/sar-camp.wtf\/wp-content\/uploads\/2025\/04\/workshop-panels.svg\" alt=\"\" class=\"wp-image-797\" style=\"width:300px\"\/><\/figure>\n<\/div>\n\n\n\n<div>\n<div class=\"gb-element-2c14ddeb\">\n<h3 class=\"wp-block-heading\">Workshops &amp; Panels<\/h3>\n<\/div>\n\n\n\n<p><\/p>\n<\/div>\n<\/div>\n<\/div>\n\n\n\n<div class=\"wp-block-column is-layout-flow wp-block-column-is-layout-flow\">\n<div class=\"gb-element-6fec51d8\">\n<div class=\"gb-element-a05d9282 teasercardimg_container\">\n<figure class=\"wp-block-image size-large is-resized\"><img decoding=\"async\" src=\"https:\/\/sar-camp.wtf\/wp-content\/uploads\/2025\/04\/history-storytelling.svg\" alt=\"\" class=\"wp-image-761\" style=\"width:300px\"\/><\/figure>\n<\/div>\n\n\n\n<div>\n<div class=\"gb-element-2c14ddeb\">\n<h3 class=\"wp-block-heading\">Narration et histoire<\/h3>\n<\/div>\n\n\n\n<p><\/p>\n<\/div>\n<\/div>\n<\/div>\n\n\n\n<div class=\"wp-block-column is-layout-flow wp-block-column-is-layout-flow\">\n<div class=\"gb-element-6fec51d8\">\n<div class=\"gb-element-a05d9282 teasercardimg_container\">\n<figure class=\"wp-block-image size-large is-resized\"><img decoding=\"async\" src=\"https:\/\/sar-camp.wtf\/wp-content\/uploads\/2025\/04\/strategy-lab.svg\" alt=\"\" class=\"wp-image-793\" style=\"width:300px\"\/><\/figure>\n<\/div>\n\n\n\n<div>\n<div class=\"gb-element-2c14ddeb\">\n<h3 class=\"wp-block-heading\">Laboratoires de strat\u00e9gie<\/h3>\n<\/div>\n\n\n\n<p><\/p>\n<\/div>\n<\/div>\n<\/div>\n<\/div>\n\n\n\n<div class=\"wp-block-columns is-layout-flex wp-container-core-columns-is-layout-9d6595d7 wp-block-columns-is-layout-flex\">\n<div class=\"wp-block-column is-layout-flow wp-block-column-is-layout-flow\">\n<div class=\"gb-element-6fec51d8\">\n<div class=\"gb-element-a05d9282 teasercardimg_container\">\n<figure class=\"wp-block-image size-large is-resized\"><img decoding=\"async\" src=\"https:\/\/sar-camp.wtf\/wp-content\/uploads\/2025\/04\/open-spaces.svg\" alt=\"\" class=\"wp-image-790\" style=\"width:300px\"\/><\/figure>\n<\/div>\n\n\n\n<div>\n<div class=\"gb-element-2c14ddeb\">\n<h3 class=\"wp-block-heading\">Espaces ouverts<\/h3>\n<\/div>\n\n\n\n<p><\/p>\n<\/div>\n<\/div>\n<\/div>\n\n\n\n<div class=\"wp-block-column is-layout-flow wp-block-column-is-layout-flow\">\n<div class=\"gb-element-6fec51d8\">\n<div class=\"gb-element-a05d9282 teasercardimg_container\">\n<figure class=\"wp-block-image size-large is-resized\"><img decoding=\"async\" src=\"https:\/\/sar-camp.wtf\/wp-content\/uploads\/2025\/04\/concert-art-music.svg\" alt=\"\" class=\"wp-image-757\" style=\"width:300px\"\/><\/figure>\n<\/div>\n\n\n\n<div>\n<div class=\"gb-element-2c14ddeb\">\n<h3 class=\"wp-block-heading\">Rassemblements en soir\u00e9e, concerts, art, festivit\u00e9s<\/h3>\n<\/div>\n\n\n\n<p><\/p>\n<\/div>\n<\/div>\n<\/div>\n\n\n\n<div class=\"wp-block-column is-layout-flow wp-block-column-is-layout-flow\">\n<div class=\"gb-element-6fec51d8\">\n<div class=\"gb-element-a05d9282 teasercardimg_container\">\n<figure class=\"wp-block-image size-large is-resized\"><img decoding=\"async\" src=\"https:\/\/sar-camp.wtf\/wp-content\/uploads\/2025\/04\/movement-building.svg\" alt=\"\" class=\"wp-image-781\" style=\"width:300px\"\/><\/figure>\n<\/div>\n\n\n\n<div>\n<div class=\"gb-element-2c14ddeb\">\n<h3 class=\"wp-block-heading\">Construction du mouvement<\/h3>\n<\/div>\n\n\n\n<p><\/p>\n<\/div>\n<\/div>\n<\/div>\n<\/div>\n<\/div>\n\n\n\n<div style=\"height:60px\" aria-hidden=\"true\" class=\"wp-block-spacer\"><\/div>\n\n\n\n<div class=\"gb-element-39102394 overlap\">\n<div class=\"regular-width\">\n<div class=\"gb-element-a6d24788 baseline_middle\">\n<div class=\"gb-element-894208b2\">\n<h2 class=\"wp-block-heading deco-headline has-contrast-color has-text-color has-link-color wp-elements-bfd16405fd6172353b8e946edd66af33\"><img loading=\"lazy\" decoding=\"async\" width=\"40\" height=\"40\" class=\"wp-image-17\" style=\"width: 40px;\" src=\"https:\/\/sar-camp.wtf\/wp-content\/uploads\/2025\/03\/cropped-Element-1.png\" alt=\"\" srcset=\"https:\/\/sar-camp.wtf\/wp-content\/uploads\/2025\/03\/cropped-Element-1.png 512w, https:\/\/sar-camp.wtf\/wp-content\/uploads\/2025\/03\/cropped-Element-1-300x300.png 300w, https:\/\/sar-camp.wtf\/wp-content\/uploads\/2025\/03\/cropped-Element-1-150x150.png 150w, https:\/\/sar-camp.wtf\/wp-content\/uploads\/2025\/03\/cropped-Element-1-270x270.png 270w, https:\/\/sar-camp.wtf\/wp-content\/uploads\/2025\/03\/cropped-Element-1-192x192.png 192w, https:\/\/sar-camp.wtf\/wp-content\/uploads\/2025\/03\/cropped-Element-1-180x180.png 180w, https:\/\/sar-camp.wtf\/wp-content\/uploads\/2025\/03\/cropped-Element-1-32x32.png 32w\" sizes=\"auto, (max-width: 40px) 100vw, 40px\" \/>Apportez vos comp\u00e9tences, vos id\u00e9es et vos luttes<img loading=\"lazy\" decoding=\"async\" width=\"40\" height=\"40\" class=\"wp-image-17\" style=\"width: 40px;\" src=\"https:\/\/sar-camp.wtf\/wp-content\/uploads\/2025\/03\/cropped-Element-1.png\" alt=\"\" srcset=\"https:\/\/sar-camp.wtf\/wp-content\/uploads\/2025\/03\/cropped-Element-1.png 512w, https:\/\/sar-camp.wtf\/wp-content\/uploads\/2025\/03\/cropped-Element-1-300x300.png 300w, https:\/\/sar-camp.wtf\/wp-content\/uploads\/2025\/03\/cropped-Element-1-150x150.png 150w, https:\/\/sar-camp.wtf\/wp-content\/uploads\/2025\/03\/cropped-Element-1-270x270.png 270w, https:\/\/sar-camp.wtf\/wp-content\/uploads\/2025\/03\/cropped-Element-1-192x192.png 192w, https:\/\/sar-camp.wtf\/wp-content\/uploads\/2025\/03\/cropped-Element-1-180x180.png 180w, https:\/\/sar-camp.wtf\/wp-content\/uploads\/2025\/03\/cropped-Element-1-32x32.png 32w\" sizes=\"auto, (max-width: 40px) 100vw, 40px\" \/><\/h2>\n<\/div>\n<\/div>\n\n\n\n<p class=\"has-contrast-color has-text-color has-link-color wp-elements-10f5dbb1ef3b5e068345cc006e62f9cb\">Que ce soit un atelier, un film, une conf\u00e9rence, un concert, une discussion ou un partage de comp\u00e9tences &#8211; nous cr\u00e9ons cet espace ensemble.<\/p>\n\n\n\n<div class=\"gb-element-db848ef7\">\n<p class=\"has-contrast-color has-text-color has-link-color wp-elements-7c02090b93c6d8e352e0f28484950848\">We are looking forward for your contribution.<br\/><strong>Submit until August 14!<\/strong> <br\/><em>If you are wondering whether your contribution fits, please reach out to <a href=\"mailto:camp@sea-watch.org\">camp@sea-watch.org.<\/a><\/em><\/p>\n\n\n\n<div>\n<a class=\"gb-text-736b29e0 button_on_secondary\" href=\"https:\/\/content.sar-camp.wtf\/sar-camp-2025\/cfp\" target=\"_blank\" rel=\"noopener\"><span class=\"gb-shape\"><svg xmlns=\"http:\/\/www.w3.org\/2000\/svg\" width=\"48\" height=\"48\" viewbox=\"0 0 48 48\" fill=\"none\">\n  <path fill-rule=\"evenodd\" clip-rule=\"evenodd\" d=\"M30 8C28.8954 8 28 7.10457 28 6C28 4.89543 28.8954 4 30 4H42C43.1046 4 44 4.89543 44 6V18C44 19.1046 43.1046 20 42 20C40.8954 20 40 19.1046 40 18V10.8284L21.4142 29.4142C20.6332 30.1953 19.3668 30.1953 18.5858 29.4142C17.8047 28.6332 17.8047 27.3668 18.5858 26.5858L37.1716 8H30ZM10 14C9.46957 14 8.96086 14.2107 8.58579 14.5858C8.21071 14.9609 8 15.4696 8 16V38C8 38.5304 8.21071 39.0391 8.58579 39.4142C8.96086 39.7893 9.46957 40 10 40H32C32.5304 40 33.0391 39.7893 33.4142 39.4142C33.7893 39.0391 34 38.5304 34 38V26C34 24.8954 34.8954 24 36 24C37.1046 24 38 24.8954 38 26V38C38 39.5913 37.3679 41.1174 36.2426 42.2426C35.1174 43.3679 33.5913 44 32 44H10C8.4087 44 6.88258 43.3679 5.75736 42.2426C4.63214 41.1174 4 39.5913 4 38V16C4 14.4087 4.63214 12.8826 5.75736 11.7574C6.88258 10.6321 8.4087 10 10 10H22C23.1046 10 24 10.8954 24 12C24 13.1046 23.1046 14 22 14H10Z\" fill=\"white\"><\/path>\n<\/svg><\/span><span class=\"gb-text\">Soumettez votre contribution<\/span><\/a>\n<\/div>\n<\/div>\n<\/div>\n<\/div>\n<\/div>\n\n<div class=\"gb-element-ca0d7206 alignfull\" id=\"WhereWhenHow\">\n<div class=\"gb-element-48ee4355 regular-width\">\n<div class=\"gb-element-2ce19e62\">\n<div class=\"gb-element-052d099a\">\n<h2 class=\"wp-block-heading has-main-1-dark-color has-text-color has-link-color wp-elements-9fad3860491804ee522c136be57bab56\">O\u00f9, quand et comment<\/h2>\n\n\n\n<p>Chaque billet comprend le camping et l&rsquo;entr\u00e9e au camp SAR ainsi que les repas.<br\/>Nous avons h\u00e2te de vous voir, vous et vos id\u00e9es !<\/p>\n\n\n\n<div>\n<p class=\"has-text-align-left date has-contrast-color has-text-color has-link-color wp-elements-4d5a72cb6ac9e9231e5da53ab2a84916\"><img loading=\"lazy\" decoding=\"async\" width=\"36\" height=\"36\" class=\"wp-image-415\" style=\"width: 36px;\" src=\"https:\/\/sar-camp.wtf\/wp-content\/uploads\/2025\/04\/icon_calendar.png\" alt=\"\"\/>  04. &#8211; 07. Septembre 2025<\/p>\n\n\n\n<p class=\"location\"><img loading=\"lazy\" decoding=\"async\" width=\"36\" height=\"37\" class=\"wp-image-416\" style=\"width: 36px;\" src=\"https:\/\/sar-camp.wtf\/wp-content\/uploads\/2025\/04\/icon_location.png\" alt=\"\"\/>Lieu : Biesenthal pr\u00e8s de Berlin<\/p>\n<\/div>\n<\/div>\n<\/div>\n\n\n\n<figure class=\"wp-block-image size-full\"><img loading=\"lazy\" decoding=\"async\" width=\"490\" height=\"540\" src=\"https:\/\/sar-camp.wtf\/wp-content\/uploads\/2025\/04\/map_tmp.png\" alt=\"\" class=\"wp-image-299\" style=\"object-fit:cover\" srcset=\"https:\/\/sar-camp.wtf\/wp-content\/uploads\/2025\/04\/map_tmp.png 490w, https:\/\/sar-camp.wtf\/wp-content\/uploads\/2025\/04\/map_tmp-272x300.png 272w\" sizes=\"auto, (max-width: 490px) 100vw, 490px\" \/><\/figure>\n<\/div>\n\n\n\n<div class=\"gb-element-5bd87dc3\" id=\"Join\">\n<h2 class=\"wp-block-heading has-contrast-color has-text-color has-link-color wp-elements-00c8bedaf94c0948da8110fd08a11b06\">Voulez-vous nous rejoindre ?<\/h2>\n\n\n\n<p class=\"has-contrast-color has-text-color has-link-color wp-elements-c486be97e9a56385e107bfcd2b95469b\">Inscrivez-vous au camp ici.<\/p>\n\n\n\n<a class=\"gb-text-37f323a3 button_on_secondary\" href=\"https:\/\/tickets.sar-camp.wtf\/\" target=\"_blank\" rel=\"noopener\"><span class=\"gb-shape\"><svg xmlns=\"http:\/\/www.w3.org\/2000\/svg\" aria-hidden=\"true\" role=\"img\" height=\"1em\" width=\"1em\" viewbox=\"0 0 512 512\"><path fill=\"currentColor\" d=\"M462.3 62.6C407.5 15.9 326 24.3 275.7 76.2L256 96.5l-19.7-20.3C186.1 24.3 104.5 15.9 49.7 62.6c-62.8 53.6-66.1 149.8-9.9 207.9l193.5 199.8c12.5 12.9 32.8 12.9 45.3 0l193.5-199.8c56.3-58.1 53-154.3-9.8-207.9z\"><\/path><\/svg><\/span><span class=\"gb-text\">Obtenez votre billet<\/span><\/a>\n<\/div>\n\n\n\n<div class=\"gb-element-537d2e61 faq\" id=\"FAQ\">\n<div style=\"height:100px\" aria-hidden=\"true\" class=\"wp-block-spacer\"><\/div>\n\n\n\n<h2 class=\"wp-block-heading has-main-1-dark-color has-text-color has-link-color wp-elements-7dddf385c741a3ee8b3bcd7244dd9fbe\">FAQ<\/h2>\n\n\n\n<p>D&rsquo;autres questions ?<br\/>Contactez-nous via camp@sea-watch.org<\/p>\n\n\n\n<h3 class=\"wp-block-heading has-main-2-color has-text-color has-link-color wp-elements-10f662d65ebd8855f6c3799ebed4dcfa\"><strong>H\u00e9bergement et installations<\/strong><\/h3>\n\n\n\n<details class=\"wp-block-details is-layout-flow wp-block-details-is-layout-flow\"><summary>Dois-je dormir dans une tente ou un camping-car ?<\/summary>\n<p>Pas n\u00e9cessairement ! Bien que de nombreuses personnes campent, nous fournirons des espaces de couchage int\u00e9rieurs limit\u00e9s ou des alternatives accessibles &#8211; contactez-nous si vous en avez besoin. <\/p>\n<\/details>\n\n\n\n<hr class=\"wp-block-separator has-alpha-channel-opacity\"\/>\n\n\n\n<details class=\"wp-block-details is-layout-flow wp-block-details-is-layout-flow\"><summary>Que dois-je apporter avec moi ?<\/summary>\n<p>Apportez des v\u00eatements adapt\u00e9s \u00e0 la m\u00e9t\u00e9o, du mat\u00e9riel de camping (tente, sac de couchage et matelas&#8230;), tous les m\u00e9dicaments dont vous avez besoin, une serviette pour le sauna et les choses qui vous font vous sentir \u00e0 l&rsquo;aise.<\/p>\n<\/details>\n\n\n\n<hr class=\"wp-block-separator has-alpha-channel-opacity\"\/>\n\n\n\n<details class=\"wp-block-details is-layout-flow wp-block-details-is-layout-flow\"><summary>Y aura-t-il une possibilit\u00e9 de se doucher ?<\/summary>\n<p>Il y a un lac sur le site, parfait pour nager et se baigner. Quelques douches ext\u00e9rieures suppl\u00e9mentaires seront disponibles sur le camping. <\/p>\n<\/details>\n\n\n\n<hr class=\"wp-block-separator has-alpha-channel-opacity\"\/>\n\n\n\n<details class=\"wp-block-details is-layout-flow wp-block-details-is-layout-flow\"><summary>Y a-t-il des distributeurs automatiques de billets ou des terminaux de paiement par carte sur place ?<\/summary>\n<p>Non, malheureusement, aucun des deux n&rsquo;est disponible sur place. Nous vous recommandons d&rsquo;apporter de l&rsquo;argent liquide avec vous. <\/p>\n<\/details>\n\n\n\n<hr class=\"wp-block-separator has-alpha-channel-opacity\"\/>\n\n\n\n<details class=\"wp-block-details is-layout-flow wp-block-details-is-layout-flow\"><summary>Puis-je venir avec mon chien ?<\/summary>\n<p>Les chiens sont les bienvenus. Ils doivent \u00eatre tenus en laisse \u00e0 tout moment sur le site du festival, mais des espaces o\u00f9 ils peuvent courir librement sont disponibles \u00e0 l&rsquo;ext\u00e9rieur du site. <\/p>\n<\/details>\n\n\n\n<hr class=\"wp-block-separator has-alpha-channel-opacity\"\/>\n\n\n\n<details class=\"wp-block-details is-layout-flow wp-block-details-is-layout-flow\"><summary>Y a-t-il un espace de coworking ?<\/summary>\n<p>Il y aura un espace de travail sur le site du festival, \u00e9quip\u00e9 de tables et d&rsquo;une connexion Wi-Fi.<\/p>\n<\/details>\n\n\n\n<hr class=\"wp-block-separator has-alpha-channel-opacity\"\/>\n\n\n\n<details class=\"wp-block-details is-layout-flow wp-block-details-is-layout-flow\"><summary>Y aura-t-il un \u00e9change de livres lors de l&rsquo;\u00e9v\u00e9nement ?<\/summary>\n<p>Oui ! N&rsquo;h\u00e9sitez pas \u00e0 apporter vos livres d\u00e9j\u00e0 lus et \u00e0 les \u00e9changer avec d&rsquo;autres participants ! <\/p>\n<\/details>\n\n\n\n<hr class=\"wp-block-separator has-alpha-channel-opacity\"\/>\n\n\n\n<h3 class=\"wp-block-heading has-main-2-color has-text-color has-link-color wp-elements-845656b3a2e88b7cc2113f380f522d2b\"><strong>Transport et acc\u00e8s<\/strong><\/h3>\n\n\n\n<details class=\"wp-block-details is-layout-flow wp-block-details-is-layout-flow\"><summary>Comment puis-je me rendre au camp ? Y a-t-il des transports en commun ? <\/summary>\n<p>Oui, le camp est accessible en transports en commun. Nous partagerons des instructions d\u00e9taill\u00e9es et des options par e-mail apr\u00e8s votre inscription. Nous fournirons \u00e9galement des navettes entre la gare et le camp.  <\/p>\n<\/details>\n\n\n\n<hr class=\"wp-block-separator has-alpha-channel-opacity\"\/>\n\n\n\n<details class=\"wp-block-details is-layout-flow wp-block-details-is-layout-flow\"><summary>Puis-je venir en voiture ou en camionnette ? Y a-t-il des places de stationnement ? <\/summary>\n<p>Il y aura un nombre limit\u00e9 de places de stationnement disponibles. Vous pouvez venir avec votre camionnette\/voiture si vous y dormez, sinon nous vous encourageons \u00e0 venir en transports en commun, car nous ne pouvons pas garantir une place de stationnement. Nous encourageons le covoiturage si possible !  <\/p>\n<\/details>\n\n\n\n<hr class=\"wp-block-separator has-alpha-channel-opacity\"\/>\n\n\n\n<h3 class=\"wp-block-heading has-main-2-color has-text-color has-link-color wp-elements-319b2306036035a657029ed7b4b4ba2d\"><strong>Billets et co\u00fbts<\/strong><\/h3>\n\n\n\n<details class=\"wp-block-details is-layout-flow wp-block-details-is-layout-flow\"><summary>Je ne veux venir que pour une journ\u00e9e &#8211; dois-je quand m\u00eame payer un billet complet ?<\/summary>\n<p>En r\u00e8gle g\u00e9n\u00e9rale, nous serions ravis de vous voir rester tout le week-end afin de b\u00e9n\u00e9ficier pleinement de l&rsquo;exp\u00e9rience d&rsquo;\u00e9change et de cr\u00e9ation de r\u00e9seau. Par cons\u00e9quent, il n&rsquo;y a pas de billet \u00ab d&rsquo;une journ\u00e9e \u00bb. N\u00e9anmoins, vous pouvez bien entendu arriver plus tard ou partir plus t\u00f4t. Dans ce cas, vous pouvez nous contacter et nous pourrons vous accorder un bon de r\u00e9duction afin que vous n&rsquo;ayez pas \u00e0 payer le prix int\u00e9gral.  <\/p>\n<\/details>\n\n\n\n<hr class=\"wp-block-separator has-alpha-channel-opacity\"\/>\n\n\n\n<details class=\"wp-block-details is-layout-flow wp-block-details-is-layout-flow\"><summary>Je ne peux pas me permettre le billet de solidarit\u00e9 \u2014 puis-je quand m\u00eame venir ?<\/summary>\n<p>Certainement. Nous proposons une contribution selon un bar\u00e8me progressif, mais personne ne sera refus\u00e9 par manque de moyens financiers. L&rsquo;accessibilit\u00e9 implique \u00e9galement l&rsquo;acc\u00e8s financier. Si vous ne pouvez pas vous le permettre, veuillez nous en informer \u2014 nous trouverons une solution.   <\/p>\n<\/details>\n\n\n\n<hr class=\"wp-block-separator has-alpha-channel-opacity\"\/>\n\n\n\n<details class=\"wp-block-details is-layout-flow wp-block-details-is-layout-flow\"><summary>Des repas seront-ils fournis ?<\/summary>\n<p>Effectivement, nous disposerons d&rsquo;une \u00e9quipe de cuisine soutenue par nous tous, offrant des repas v\u00e9g\u00e9taliens. La nourriture et l&rsquo;eau sont incluses dans le prix du billet. Si vous souhaitez apporter votre propre nourriture, vous \u00eates invit\u00e9 \u00e0 obtenir un billet \u00e0 prix r\u00e9duit via le portail de billetterie.<br\/>De plus, vous pourrez vous procurer du caf\u00e9 et d&rsquo;autres boissons au bar. Nous vous recommandons donc d&rsquo;apporter de l&rsquo;argent liquide \u00e0 cet effet \ud83d\ude09   <\/p>\n<\/details>\n\n\n\n<hr class=\"wp-block-separator has-alpha-channel-opacity\"\/>\n\n\n\n<h3 class=\"wp-block-heading has-main-2-color has-text-color has-link-color wp-elements-5b709e10fb8ddd42e0eaeb6eb4611482\"><strong>Familles et enfants<\/strong><\/h3>\n\n\n\n<div>\n<details class=\"wp-block-details is-layout-flow wp-block-details-is-layout-flow\"><summary>Puis-je amener des enfants ?<\/summary>\n<p>Absolument ! Les enfants sont les bienvenus. Veuillez nous informer lors de l&rsquo;inscription pour la billetterie du nombre d&rsquo;enfants que vous am\u00e8nerez, afin que nous puissions planifier les repas et la garde d&rsquo;enfants, car nous fournirons ces deux services sur place. Les enfants de plus de 14 ans devront disposer de leur propre billet.    The <a href=\"https:\/\/sar-camp.wtf\/fr\/accessibilite-et-sensibilisation\/\"><mark style=\"background-color:rgba(0, 0, 0, 0)\" class=\"has-inline-color has-accent-color\">Child Care Concept can be found here<\/mark><\/a>.<\/p>\n<\/details>\n<\/div>\n\n\n\n<hr class=\"wp-block-separator has-alpha-channel-opacity\"\/>\n\n\n\n<h3 class=\"wp-block-heading has-main-2-color has-text-color has-link-color wp-elements-6aab79be5897bd2af5f38f067ef8bf0d\"><strong>Ateliers et programme<\/strong><\/h3>\n\n\n\n<details class=\"wp-block-details is-layout-flow wp-block-details-is-layout-flow\"><summary>Dans quelle langue les ateliers seront-ils anim\u00e9s ?<\/summary>\n<p>Les langues principales du camp seront l&rsquo;allemand et l&rsquo;anglais, et nous ferons de notre mieux pour assurer la traduction dans ces deux langues. Si vous avez besoin d&rsquo;une autre langue ou si vous pouvez aider \u00e0 la traduction, veuillez nous en informer stp. <\/p>\n<\/details>\n\n\n\n<hr class=\"wp-block-separator has-alpha-channel-opacity\"\/>\n\n\n\n<details class=\"wp-block-details is-layout-flow wp-block-details-is-layout-flow\"><summary>Les participants ou les organisations peuvent-ils vendre des produits d\u00e9riv\u00e9s ou collecter des fonds sur place ?<\/summary>\n<p>Nous sommes ravis que de nombreuses organisations et initiatives \u00e0 but non lucratif, principalement financ\u00e9es par des dons, se r\u00e9unissent \u00e0 Biesenthal. Le camp n&rsquo;a pas pour objectif ni pour vocation de collecter des fonds pour les nombreuses organisations diverses, et nous estimons donc qu&rsquo;il ne s&rsquo;agit pas du lieu appropri\u00e9 pour cela. <\/p>\n<\/details>\n\n\n\n<hr class=\"wp-block-separator has-alpha-channel-opacity\"\/>\n\n\n\n<h3 class=\"wp-block-heading has-main-2-color has-text-color has-link-color wp-elements-b41b864230e47f8c085706e1b369b95f\"><strong>connexion<\/strong><\/h3>\n\n\n\n<details class=\"wp-block-details is-layout-flow wp-block-details-is-layout-flow\"><summary>Est-ce qu\u2019il y a des moyens de se connecter si je viens seul ?<\/summary>\n<p>Beaucoup de gens viennent au camp sans groupe, et c\u2019est totalement normal ! On met en place quelques moyens simples pour t\u2019aider \u00e0 rencontrer du monde et te sentir int\u00e9gr\u00e9 d\u00e8s le d\u00e9but. <\/p>\n\n\n\n<p>Voil\u00e0 ce qu\u2019on a pr\u00e9vu :<\/p>\n\n\n\n<p><strong>Groupes Telegram<\/strong><br\/>D\u00e8s que tu as ton billet, tu recevras les infos pour acc\u00e9der \u00e0 notre Telegram, qui comprend : <\/p>\n\n\n\n<ul class=\"wp-block-list\">\n<li>Un <strong>groupe de connexion<\/strong> pour discuter et rencontrer les autres avant le camp<\/li>\n\n\n\n<li>Un groupe pour organiser <strong>le covoiturage<\/strong><\/li>\n\n\n\n<li>Une <strong>cha\u00eene principale<\/strong> pour les mises \u00e0 jour et infos pratiques<\/li>\n<\/ul>\n\n\n\n<p><strong>Rencontres quotidiennes<\/strong><br\/>Chaque jour, il y a une petite rencontre au camp pour ceux qui veulent faire connaissance. C\u2019est d\u00e9tendu et ouvert \u00e0 tous. <\/p>\n\n\n\n<p><strong>Les \u00e9quipes<\/strong><br\/>La plupart des t\u00e2ches au camp (cuisine, sensibilisation, etc.) se font en petites \u00e9quipes. C\u2019est une super occasion de rencontrer des gens en faisant quelque chose d\u2019utile. Pas besoin de s\u2019inqui\u00e9ter d\u2019\u00eatre seul.  <\/p>\n\n\n\n<p><strong>Sessions ouvertes<\/strong><br\/>On r\u00e9serve du temps dans le programme pour que chacun puisse lancer une petite discussion ou activit\u00e9 en groupe.<br\/><br\/>Donc, que tu viennes avec un groupe ou seul, il y aura toujours de la place pour se connecter \ud83d\ude42<\/p>\n<\/details>\n\n\n\n<hr class=\"wp-block-separator has-alpha-channel-opacity\"\/>\n\n\n\n<div class=\"wp-block-group is-vertical is-layout-flex wp-container-core-group-is-layout-8cf370e7 wp-block-group-is-layout-flex\">\n<p class=\"has-main-2-color has-text-color has-link-color wp-elements-04194b6fd21b23de01c0a9b5307d9366\"><strong>Awareness et Accessibility<\/strong><\/p>\n\n\n\n<details class=\"wp-block-details is-layout-flow wp-block-details-is-layout-flow\"><summary>O\u00f9 puis-je trouver plus d&rsquo;informations sur la sensibilisation et l&rsquo;accessibilit\u00e9 ?<\/summary>\n<div>\n<p>La sensibilisation et l&rsquo;accessibilit\u00e9 sont essentielles pour nous. Vous trouverez les concepts respectifs sur le lien suivant: <a href=\"https:\/\/sar-camp.wtf\/fr\/programme\/\"><mark style=\"background-color:rgba(0, 0, 0, 0)\" class=\"has-inline-color has-accent-color\"><em>Awareness and Accessibility <\/em><\/mark><\/a>  <\/p>\n<\/div>\n<\/details>\n<\/div>\n\n\n\n<hr class=\"wp-block-separator has-alpha-channel-opacity\"\/>\n\n\n\n<div style=\"height:90px\" aria-hidden=\"true\" class=\"wp-block-spacer\"><\/div>\n\n\n\n<h2 class=\"wp-block-heading has-text-align-left has-contrast-color has-text-color has-link-color wp-elements-3d3ea84dc926e375956ca1044498b263\">Merci! <\/h2>\n\n\n\n<p>Ce camp vous est pr\u00e9sent\u00e9 par: Collective aid, I Have Rights., ROSA &#8211; rolling safe space, Sea-Eye, Sea-Watch, Seebr\u00fccke Berlin, Wir packen\u2019s an et toutes les personnes qui y participent<br\/> <br\/>Ce camp ne serait pas possible sans le soutien de: AStA FU Berlin, AStA TU Berlin, Bar crew, Ben &amp; Jerry&rsquo;s, Extinction Rebellion, FLBackline, Food4Action, Movement Hub, Netzwerk Polylux, No Nation Truck, Otto Events, ReBeam, Roses of Care, Satis&amp;fy, Solide Strukturen, Solikante, Woodpecker Dreams et bien d&rsquo;autres encore<\/p>\n\n\n\n<div style=\"height:45px\" aria-hidden=\"true\" class=\"wp-block-spacer\"><\/div>\n<\/div>\n<\/div>\n\n<div class=\"gb-element-5ef24ea1 alignfull\">\n<!--Waves Container-->\n<div>\n<svg xmlns=\"http:\/\/www.w3.org\/2000\/svg\" xmlns:xlink=\"http:\/\/www.w3.org\/1999\/xlink\" class=\"waves\" viewbox=\"0 24 150 28\" preserveaspectratio=\"none\" shape-rendering=\"auto\">\n<defs>\n<path id=\"gentle-wave\" d=\"M-160 44c30 0 58-18 88-18s 58 18 88 18 58-18 88-18 58 18 88 18 v44h-352z\"><\/path>\n<\/defs>\n<g class=\"parallax\">\n<use xlink:href=\"#gentle-wave\" x=\"48\" y=\"0\" fill=\"rgba(86,0,189,0.7\"><\/use>\n<use xlink:href=\"#gentle-wave\" x=\"48\" y=\"3\" fill=\"rgba(86,0,189,0.5)\"><\/use>\n<use xlink:href=\"#gentle-wave\" x=\"48\" y=\"5\" fill=\"rgba(86,0,189,0.3)\"><\/use>\n<use xlink:href=\"#gentle-wave\" x=\"48\" y=\"7\" fill=\"#5600BD\"><\/use>\n<\/g>\n<\/svg>\n<\/div>\n<!--Waves end-->\n<\/div>\n","protected":false},"excerpt":{"rendered":"<p>R\u00e9fl\u00e9chir. R\u00e9sister. Reconqu\u00e9rir l&rsquo;avenir. Un camp destin\u00e9 aux personnes engag\u00e9es dans le sauvetage en mer, l&rsquo;exil, l&rsquo;abolition des fronti\u00e8res, la d\u00e9colonisation et la migration, ainsi qu&rsquo;\u00e0 tous ceux qui sont li\u00e9s \u00e0 ces luttes. Obtenez votre billet 4 septembre &#8211; 07.2025 10 ans de solidarit\u00e9 et de r\u00e9sistance &#8211; sauvetage en mer Nous invitons les &#8230; <a title=\"Accueil\" class=\"read-more\" href=\"https:\/\/sar-camp.wtf\/fr\/\" aria-label=\"En savoir plus sur Accueil\">Lire la suite<\/a><\/p>\n","protected":false},"author":3,"featured_media":691,"parent":0,"menu_order":0,"comment_status":"closed","ping_status":"closed","template":"","meta":{"inline_featured_image":false,"footnotes":""},"class_list":["post-977","page","type-page","status-publish","has-post-thumbnail"],"yoast_head":"<!-- This site is optimized with the Yoast SEO plugin v26.1.1 - https:\/\/yoast.com\/wordpress\/plugins\/seo\/ -->\n<title>Accueil - SAR Solidarity &amp; Resistance Camp<\/title>\n<meta name=\"description\" content=\"Un camp pour les militants engag\u00e9s dans le sauvetage en mer, l&#039;exil, l&#039;abolition des fronti\u00e8res, la d\u00e9colonisation et la migration. Nous invitons les militants et leurs alli\u00e9s \u00e0 partager leurs exp\u00e9riences, r\u00e9fl\u00e9chir \u00e0 nos strat\u00e9gies politiques, apprendre les uns des autres et fa\u00e7onner le prochain chapitre de ce mouvement.\" \/>\n<meta name=\"robots\" content=\"index, follow, max-snippet:-1, max-image-preview:large, max-video-preview:-1\" \/>\n<link rel=\"canonical\" href=\"https:\/\/sar-camp.wtf\/fr\/\" \/>\n<meta property=\"og:locale\" content=\"fr_FR\" \/>\n<meta property=\"og:type\" content=\"article\" \/>\n<meta property=\"og:title\" content=\"Accueil - SAR Solidarity &amp; Resistance Camp\" \/>\n<meta property=\"og:description\" content=\"Un camp pour les militants engag\u00e9s dans le sauvetage en mer, l&#039;exil, l&#039;abolition des fronti\u00e8res, la d\u00e9colonisation et la migration. Nous invitons les militants et leurs alli\u00e9s \u00e0 partager leurs exp\u00e9riences, r\u00e9fl\u00e9chir \u00e0 nos strat\u00e9gies politiques, apprendre les uns des autres et fa\u00e7onner le prochain chapitre de ce mouvement.\" \/>\n<meta property=\"og:url\" content=\"https:\/\/sar-camp.wtf\/fr\/\" \/>\n<meta property=\"og:site_name\" content=\"SAR Solidarity &amp; Resistance Camp\" \/>\n<meta property=\"article:modified_time\" content=\"2025-08-29T18:29:18+00:00\" \/>\n<meta property=\"og:image\" content=\"https:\/\/sar-camp.wtf\/wp-content\/uploads\/2025\/04\/sar-logo-w-text.png\" \/>\n\t<meta property=\"og:image:width\" content=\"2485\" \/>\n\t<meta property=\"og:image:height\" content=\"1560\" \/>\n\t<meta property=\"og:image:type\" content=\"image\/png\" \/>\n<meta name=\"twitter:card\" content=\"summary_large_image\" \/>\n<meta name=\"twitter:label1\" content=\"Dur\u00e9e de lecture estim\u00e9e\" \/>\n\t<meta name=\"twitter:data1\" content=\"7 minutes\" \/>\n<script type=\"application\/ld+json\" class=\"yoast-schema-graph\">{\"@context\":\"https:\/\/schema.org\",\"@graph\":[{\"@type\":\"WebPage\",\"@id\":\"https:\/\/sar-camp.wtf\/fr\/\",\"url\":\"https:\/\/sar-camp.wtf\/fr\/\",\"name\":\"Accueil - SAR Solidarity &amp; Resistance Camp\",\"isPartOf\":{\"@id\":\"https:\/\/sar-camp.wtf\/fr\/#website\"},\"primaryImageOfPage\":{\"@id\":\"https:\/\/sar-camp.wtf\/fr\/#primaryimage\"},\"image\":{\"@id\":\"https:\/\/sar-camp.wtf\/fr\/#primaryimage\"},\"thumbnailUrl\":\"https:\/\/sar-camp.wtf\/wp-content\/uploads\/2025\/04\/sar-logo-w-text.png\",\"datePublished\":\"2025-04-08T10:55:00+00:00\",\"dateModified\":\"2025-08-29T18:29:18+00:00\",\"description\":\"Un camp pour les militants engag\u00e9s dans le sauvetage en mer, l'exil, l'abolition des fronti\u00e8res, la d\u00e9colonisation et la migration. Nous invitons les militants et leurs alli\u00e9s \u00e0 partager leurs exp\u00e9riences, r\u00e9fl\u00e9chir \u00e0 nos strat\u00e9gies politiques, apprendre les uns des autres et fa\u00e7onner le prochain chapitre de ce mouvement.\",\"breadcrumb\":{\"@id\":\"https:\/\/sar-camp.wtf\/fr\/#breadcrumb\"},\"inLanguage\":\"fr-FR\",\"potentialAction\":[{\"@type\":\"ReadAction\",\"target\":[\"https:\/\/sar-camp.wtf\/fr\/\"]}]},{\"@type\":\"ImageObject\",\"inLanguage\":\"fr-FR\",\"@id\":\"https:\/\/sar-camp.wtf\/fr\/#primaryimage\",\"url\":\"https:\/\/sar-camp.wtf\/wp-content\/uploads\/2025\/04\/sar-logo-w-text.png\",\"contentUrl\":\"https:\/\/sar-camp.wtf\/wp-content\/uploads\/2025\/04\/sar-logo-w-text.png\",\"width\":2485,\"height\":1560},{\"@type\":\"BreadcrumbList\",\"@id\":\"https:\/\/sar-camp.wtf\/fr\/#breadcrumb\",\"itemListElement\":[{\"@type\":\"ListItem\",\"position\":1,\"name\":\"Startseite\",\"item\":\"https:\/\/sar-camp.wtf\/fr\/\"},{\"@type\":\"ListItem\",\"position\":2,\"name\":\"Accueil\"}]},{\"@type\":\"WebSite\",\"@id\":\"https:\/\/sar-camp.wtf\/fr\/#website\",\"url\":\"https:\/\/sar-camp.wtf\/fr\/\",\"name\":\"SAR Solidarity &amp; Resistance Camp\",\"description\":\"10 Years of Solidarity &amp; Resistance - Search &amp; Rescue\",\"publisher\":{\"@id\":\"https:\/\/sar-camp.wtf\/fr\/#organization\"},\"potentialAction\":[{\"@type\":\"SearchAction\",\"target\":{\"@type\":\"EntryPoint\",\"urlTemplate\":\"https:\/\/sar-camp.wtf\/fr\/?s={search_term_string}\"},\"query-input\":{\"@type\":\"PropertyValueSpecification\",\"valueRequired\":true,\"valueName\":\"search_term_string\"}}],\"inLanguage\":\"fr-FR\"},{\"@type\":\"Organization\",\"@id\":\"https:\/\/sar-camp.wtf\/fr\/#organization\",\"name\":\"SAR Solidarity &amp; Resistance Camp\",\"url\":\"https:\/\/sar-camp.wtf\/fr\/\",\"logo\":{\"@type\":\"ImageObject\",\"inLanguage\":\"fr-FR\",\"@id\":\"https:\/\/sar-camp.wtf\/fr\/#\/schema\/logo\/image\/\",\"url\":\"https:\/\/sar-camp.wtf\/wp-content\/uploads\/2025\/04\/sar-logo-w-text.png\",\"contentUrl\":\"https:\/\/sar-camp.wtf\/wp-content\/uploads\/2025\/04\/sar-logo-w-text.png\",\"width\":2485,\"height\":1560,\"caption\":\"SAR Solidarity &amp; Resistance Camp\"},\"image\":{\"@id\":\"https:\/\/sar-camp.wtf\/fr\/#\/schema\/logo\/image\/\"}}]}<\/script>\n<!-- \/ Yoast SEO plugin. -->","yoast_head_json":{"title":"Accueil - SAR Solidarity &amp; Resistance Camp","description":"Un camp pour les militants engag\u00e9s dans le sauvetage en mer, l'exil, l'abolition des fronti\u00e8res, la d\u00e9colonisation et la migration. Nous invitons les militants et leurs alli\u00e9s \u00e0 partager leurs exp\u00e9riences, r\u00e9fl\u00e9chir \u00e0 nos strat\u00e9gies politiques, apprendre les uns des autres et fa\u00e7onner le prochain chapitre de ce mouvement.","robots":{"index":"index","follow":"follow","max-snippet":"max-snippet:-1","max-image-preview":"max-image-preview:large","max-video-preview":"max-video-preview:-1"},"canonical":"https:\/\/sar-camp.wtf\/fr\/","og_locale":"fr_FR","og_type":"article","og_title":"Accueil - SAR Solidarity &amp; Resistance Camp","og_description":"Un camp pour les militants engag\u00e9s dans le sauvetage en mer, l'exil, l'abolition des fronti\u00e8res, la d\u00e9colonisation et la migration. Nous invitons les militants et leurs alli\u00e9s \u00e0 partager leurs exp\u00e9riences, r\u00e9fl\u00e9chir \u00e0 nos strat\u00e9gies politiques, apprendre les uns des autres et fa\u00e7onner le prochain chapitre de ce mouvement.","og_url":"https:\/\/sar-camp.wtf\/fr\/","og_site_name":"SAR Solidarity &amp; Resistance Camp","article_modified_time":"2025-08-29T18:29:18+00:00","og_image":[{"width":2485,"height":1560,"url":"https:\/\/sar-camp.wtf\/wp-content\/uploads\/2025\/04\/sar-logo-w-text.png","type":"image\/png"}],"twitter_card":"summary_large_image","twitter_misc":{"Dur\u00e9e de lecture estim\u00e9e":"7 minutes"},"schema":{"@context":"https:\/\/schema.org","@graph":[{"@type":"WebPage","@id":"https:\/\/sar-camp.wtf\/fr\/","url":"https:\/\/sar-camp.wtf\/fr\/","name":"Accueil - SAR Solidarity &amp; Resistance Camp","isPartOf":{"@id":"https:\/\/sar-camp.wtf\/fr\/#website"},"primaryImageOfPage":{"@id":"https:\/\/sar-camp.wtf\/fr\/#primaryimage"},"image":{"@id":"https:\/\/sar-camp.wtf\/fr\/#primaryimage"},"thumbnailUrl":"https:\/\/sar-camp.wtf\/wp-content\/uploads\/2025\/04\/sar-logo-w-text.png","datePublished":"2025-04-08T10:55:00+00:00","dateModified":"2025-08-29T18:29:18+00:00","description":"Un camp pour les militants engag\u00e9s dans le sauvetage en mer, l'exil, l'abolition des fronti\u00e8res, la d\u00e9colonisation et la migration. Nous invitons les militants et leurs alli\u00e9s \u00e0 partager leurs exp\u00e9riences, r\u00e9fl\u00e9chir \u00e0 nos strat\u00e9gies politiques, apprendre les uns des autres et fa\u00e7onner le prochain chapitre de ce mouvement.","breadcrumb":{"@id":"https:\/\/sar-camp.wtf\/fr\/#breadcrumb"},"inLanguage":"fr-FR","potentialAction":[{"@type":"ReadAction","target":["https:\/\/sar-camp.wtf\/fr\/"]}]},{"@type":"ImageObject","inLanguage":"fr-FR","@id":"https:\/\/sar-camp.wtf\/fr\/#primaryimage","url":"https:\/\/sar-camp.wtf\/wp-content\/uploads\/2025\/04\/sar-logo-w-text.png","contentUrl":"https:\/\/sar-camp.wtf\/wp-content\/uploads\/2025\/04\/sar-logo-w-text.png","width":2485,"height":1560},{"@type":"BreadcrumbList","@id":"https:\/\/sar-camp.wtf\/fr\/#breadcrumb","itemListElement":[{"@type":"ListItem","position":1,"name":"Startseite","item":"https:\/\/sar-camp.wtf\/fr\/"},{"@type":"ListItem","position":2,"name":"Accueil"}]},{"@type":"WebSite","@id":"https:\/\/sar-camp.wtf\/fr\/#website","url":"https:\/\/sar-camp.wtf\/fr\/","name":"SAR Solidarity &amp; Resistance Camp","description":"10 Years of Solidarity &amp; Resistance - Search &amp; Rescue","publisher":{"@id":"https:\/\/sar-camp.wtf\/fr\/#organization"},"potentialAction":[{"@type":"SearchAction","target":{"@type":"EntryPoint","urlTemplate":"https:\/\/sar-camp.wtf\/fr\/?s={search_term_string}"},"query-input":{"@type":"PropertyValueSpecification","valueRequired":true,"valueName":"search_term_string"}}],"inLanguage":"fr-FR"},{"@type":"Organization","@id":"https:\/\/sar-camp.wtf\/fr\/#organization","name":"SAR Solidarity &amp; Resistance Camp","url":"https:\/\/sar-camp.wtf\/fr\/","logo":{"@type":"ImageObject","inLanguage":"fr-FR","@id":"https:\/\/sar-camp.wtf\/fr\/#\/schema\/logo\/image\/","url":"https:\/\/sar-camp.wtf\/wp-content\/uploads\/2025\/04\/sar-logo-w-text.png","contentUrl":"https:\/\/sar-camp.wtf\/wp-content\/uploads\/2025\/04\/sar-logo-w-text.png","width":2485,"height":1560,"caption":"SAR Solidarity &amp; Resistance Camp"},"image":{"@id":"https:\/\/sar-camp.wtf\/fr\/#\/schema\/logo\/image\/"}}]}},"_links":{"self":[{"href":"https:\/\/sar-camp.wtf\/fr\/wp-json\/wp\/v2\/pages\/977","targetHints":{"allow":["GET"]}}],"collection":[{"href":"https:\/\/sar-camp.wtf\/fr\/wp-json\/wp\/v2\/pages"}],"about":[{"href":"https:\/\/sar-camp.wtf\/fr\/wp-json\/wp\/v2\/types\/page"}],"author":[{"embeddable":true,"href":"https:\/\/sar-camp.wtf\/fr\/wp-json\/wp\/v2\/users\/3"}],"replies":[{"embeddable":true,"href":"https:\/\/sar-camp.wtf\/fr\/wp-json\/wp\/v2\/comments?post=977"}],"version-history":[{"count":9,"href":"https:\/\/sar-camp.wtf\/fr\/wp-json\/wp\/v2\/pages\/977\/revisions"}],"predecessor-version":[{"id":1359,"href":"https:\/\/sar-camp.wtf\/fr\/wp-json\/wp\/v2\/pages\/977\/revisions\/1359"}],"wp:featuredmedia":[{"embeddable":true,"href":"https:\/\/sar-camp.wtf\/fr\/wp-json\/wp\/v2\/media\/691"}],"wp:attachment":[{"href":"https:\/\/sar-camp.wtf\/fr\/wp-json\/wp\/v2\/media?parent=977"}],"curies":[{"name":"wp","href":"https:\/\/api.w.org\/{rel}","templated":true}]}}