{"id":943,"date":"2025-04-20T16:21:12","date_gmt":"2025-04-20T16:21:12","guid":{"rendered":"https:\/\/sar-camp.wtf\/impressum\/"},"modified":"2025-04-20T16:21:12","modified_gmt":"2025-04-20T16:21:12","slug":"impressum","status":"publish","type":"page","link":"https:\/\/sar-camp.wtf\/fr\/impressum\/","title":{"rendered":"Impressum"},"content":{"rendered":"\n<div class=\"gb-element-0ef186e7 alignfull\">\n<!--Waves Container-->\n<div>\n<svg class=\"waves\" xmlns=\"http:\/\/www.w3.org\/2000\/svg\" xmlns:xlink=\"http:\/\/www.w3.org\/1999\/xlink\"\nviewBox=\"0 24 150 28\" preserveAspectRatio=\"none\" shape-rendering=\"auto\">\n<defs>\n<path id=\"gentle-wave\" d=\"M-160 44c30 0 58-18 88-18s 58 18 88 18 58-18 88-18 58 18 88 18 v44h-352z\" \/>\n<\/defs>\n<g class=\"parallax\">\n<use xlink:href=\"#gentle-wave\" x=\"48\" y=\"0\" fill=\"rgba(255,255,255,0.7\" \/>\n<use xlink:href=\"#gentle-wave\" x=\"48\" y=\"3\" fill=\"rgba(255,255,255,0.5)\" \/>\n<use xlink:href=\"#gentle-wave\" x=\"48\" y=\"5\" fill=\"rgba(255,255,255,0.3)\" \/>\n<use xlink:href=\"#gentle-wave\" x=\"48\" y=\"7\" fill=\"#fff\" \/>\n<\/g>\n<\/svg>\n<\/div>\n<!--Waves end-->\n<\/div>\n\n\n\n<div class=\"gb-element-58f1432b alignfull\">\n<div class=\"gb-element-0b206c7b regular-width\">\n<div class=\"wp-block-columns is-layout-flex wp-container-core-columns-is-layout-9d6595d7 wp-block-columns-is-layout-flex\">\n<div class=\"wp-block-column is-layout-flow wp-block-column-is-layout-flow\">\n<h3 class=\"wp-block-heading has-contrast-color has-text-color has-link-color wp-elements-134016859a731400e4373ac3504f6917\">Rechtssitz<\/h3>\n\n\n\n<p>Verantwortlich f\u00fcr den Inhalt nach \u00a7 55 Abs. 2 RStV<br>Angaben gem\u00e4\u00df \u00a7 5 TMG<\/p>\n\n\n\n<p><strong>Sea-Watch e.V.<\/strong><br>Moosdorfstr. 7-9<br>12435 Berlin<br>Deutschland<\/p>\n\n\n\n<p><strong>Vorstand:<\/strong><br>Joshua Kr\u00fcger, Eva Spiekermann, Titus Molkenbur<\/p>\n\n\n\n<p class=\"has-contrast-color has-text-color has-link-color wp-elements-f09bf59624a2691b26377cceddc652d9\"><strong>Kontakt zum Projekt:<\/strong><a href=\"mailto:\u00a0info@sea-watch.org\">\u00a0info@sea-watch.org<\/a><br><strong>Kontakt zum Media- \/ Presseteam:<\/strong>\u00a0<a href=\"mailto:presse@sea-watch.org\">presse@sea-watch.org<\/a><\/p>\n<\/div>\n\n\n\n<div class=\"wp-block-column is-layout-flow wp-block-column-is-layout-flow\">\n<h3 class=\"wp-block-heading\">Warum keine Telefonnummer?<\/h3>\n\n\n\n<p class=\"has-contrast-color has-text-color has-link-color wp-elements-703b77e4f8904dfa95e6cb618306a5bf\">Seit Gr\u00fcndung von Sea-Watch mussten wir unz\u00e4hlige Anrufe erleben, die uns nach einiger Zeit dazu brachten, alle Telefonnummern von der Website zu nehmen. Darunter Drohanrufe, Schm\u00e4hungen, pers\u00f6nliche Beleidigungen, Aggressionen und Wutentladungen. Da wir im Sea-Watch-Team beinahe ausschlie\u00dflich ehrenamtlich t\u00e4tig sind, haben wir uns entschlossen unsere Zeit nicht mehr (zumeist sinnlos) am Telefon zu verbringen. Bitte nutzt unsere\u00a0<a href=\"https:\/\/sea-watch.org\/ueber-uns\/kontakt\/\" data-type=\"link\" data-id=\"https:\/\/sea-watch.org\/ueber-uns\/kontakt\/\" target=\"_blank\" rel=\"noreferrer noopener\">Kontaktseite<\/a>. Gerne rufen wir Euch bei dringenden Anliegen pers\u00f6nlich zur\u00fcck. Wir bitten um Verst\u00e4ndnis.<\/p>\n<\/div>\n<\/div>\n\n\n\n<p><strong>Registereintrag<\/strong><\/p>\n\n\n\n<p>Eintragung im Vereinsregister.<br>Registergericht: Amtsgericht Berlin Charlottenburg<br>Registernummer: VR 34179 B<\/p>\n\n\n\n<p><strong>Gemeinn\u00fctzigkeit \/ Freistellungsbescheid<\/strong><\/p>\n\n\n\n<p>Sea-Watch e.V. ist wegen F\u00f6rderung der Rettung aus Lebensgefahr, des b\u00fcrgerschaftlichen Engagements zugunsten gemeinn\u00fctziger Zwecke und der Volks- und Berufsbildung einschlie\u00dflich der Studentenhilfe nach der Anlage zum K\u00f6rperschaftsteuerbescheid des Finanzamtes f\u00fcr K\u00f6rperschaften I, Berlin, Steuer-Nr. 27\/677\/66910, vom 08.06.2023 f\u00fcr den letzten Veranlagungszeitraum 2019 nach \u00a7 5 Abs. 1 Nr. 9 des K\u00f6rperschaftsteuergesetzes von der K\u00f6rperschaftsteuer und nach \u00a7 3 Nr. 6 des Gewerbesteuergesetzes von der Gewerbesteuer befreit.<\/p>\n\n\n\n<p><strong>Haftung f\u00fcr Inhalte<\/strong><\/p>\n\n\n\n<p>Als Diensteanbieter sind wir gem\u00e4\u00df \u00a7 7 Abs.1 TMG f\u00fcr eigene Inhalte auf diesen Seiten nach den allgemeinen Gesetzen verantwortlich. Nach \u00a7\u00a7 8 bis 10 TMG sind wir als Diensteanbieter jedoch nicht verpflichtet, \u00fcbermittelte oder gespeicherte fremde Informationen zu \u00fcberwachen oder nach Umst\u00e4nden zu forschen, die auf eine rechtswidrige T\u00e4tigkeit hinweisen. Verpflichtungen zur Entfernung oder Sperrung der Nutzung von Informationen nach den allgemeinen Gesetzen bleiben hiervon unber\u00fchrt. Eine diesbez\u00fcgliche Haftung ist jedoch erst ab dem Zeitpunkt der Kenntnis einer konkreten Rechtsverletzung m\u00f6glich. Bei Bekanntwerden von entsprechenden Rechtsverletzungen werden wir diese Inhalte umgehend entfernen.<\/p>\n\n\n\n<p><strong>Haftung f\u00fcr Links<\/strong><\/p>\n\n\n\n<p>Unser Angebot enth\u00e4lt Links zu externen Webseiten Dritter, auf deren Inhalte wir keinen Einfluss haben. Deshalb k\u00f6nnen wir f\u00fcr diese fremden Inhalte auch keine Gew\u00e4hr \u00fcbernehmen. F\u00fcr die Inhalte der verlinkten Seiten ist stets der jeweilige Anbieter oder Betreiber der Seiten verantwortlich. Die verlinkten Seiten wurden zum Zeitpunkt der Verlinkung auf m\u00f6gliche Rechtsverst\u00f6\u00dfe \u00fcberpr\u00fcft. Rechtswidrige Inhalte waren zum Zeitpunkt der Verlinkung nicht erkennbar. Eine permanente inhaltliche Kontrolle der verlinkten Seiten ist jedoch ohne konkrete Anhaltspunkte einer Rechtsverletzung nicht zumutbar. Bei Bekanntwerden von Rechtsverletzungen werden wir derartige Links umgehend entfernen.<\/p>\n\n\n\n<p><strong>Urheberrecht<\/strong><\/p>\n\n\n\n<p>Die durch die Seitenbetreiber erstellten Inhalte und Werke auf diesen Seiten unterliegen dem deutschen Urheberrecht. Die Vervielf\u00e4ltigung, Bearbeitung, Verbreitung und jede Art der Verwertung au\u00dferhalb der Grenzen des Urheberrechtes bed\u00fcrfen der schriftlichen Zustimmung des jeweiligen Autors bzw. Erstellers. Downloads und Kopien dieser Seite sind nur f\u00fcr den privaten, nicht kommerziellen Gebrauch gestattet. Soweit die Inhalte auf dieser Seite nicht vom Betreiber erstellt wurden, werden die Urheberrechte Dritter beachtet. Insbesondere werden Inhalte Dritter als solche gekennzeichnet. Sollten Sie trotzdem auf eine Urheberrechtsverletzung aufmerksam werden, bitten wir um einen entsprechenden Hinweis. Bei Bekanntwerden von Rechtsverletzungen werden wir derartige Inhalte umgehend entfernen.<\/p>\n\n\n\n<div style=\"height:151px\" aria-hidden=\"true\" class=\"wp-block-spacer\"><\/div>\n<\/div>\n<\/div>\n","protected":false},"excerpt":{"rendered":"<p>Rechtssitz Verantwortlich f\u00fcr den Inhalt nach \u00a7 55 Abs. 2 RStVAngaben gem\u00e4\u00df \u00a7 5 TMG Sea-Watch e.V.Moosdorfstr. 7-912435 BerlinDeutschland Vorstand:Joshua Kr\u00fcger, Eva Spiekermann, Titus Molkenbur Kontakt zum Projekt:\u00a0info@sea-watch.orgKontakt zum Media- \/ Presseteam:\u00a0presse@sea-watch.org Warum keine Telefonnummer? Seit Gr\u00fcndung von Sea-Watch mussten wir unz\u00e4hlige Anrufe erleben, die uns nach einiger Zeit dazu brachten, alle Telefonnummern von der &#8230; <a title=\"Impressum\" class=\"read-more\" href=\"https:\/\/sar-camp.wtf\/fr\/impressum\/\" aria-label=\"En savoir plus sur Impressum\">Lire la suite<\/a><\/p>\n","protected":false},"author":3,"featured_media":0,"parent":0,"menu_order":0,"comment_status":"closed","ping_status":"closed","template":"","meta":{"inline_featured_image":false,"footnotes":""},"class_list":["post-943","page","type-page","status-publish"],"yoast_head":"<!-- This site is optimized with the Yoast SEO plugin v26.1.1 - https:\/\/yoast.com\/wordpress\/plugins\/seo\/ -->\n<title>Impressum - SAR Solidarity &amp; Resistance Camp<\/title>\n<meta name=\"robots\" content=\"index, follow, max-snippet:-1, max-image-preview:large, max-video-preview:-1\" \/>\n<link rel=\"canonical\" href=\"https:\/\/sar-camp.wtf\/fr\/impressum\/\" \/>\n<meta property=\"og:locale\" content=\"fr_FR\" \/>\n<meta property=\"og:type\" content=\"article\" \/>\n<meta property=\"og:title\" content=\"Impressum - SAR Solidarity &amp; Resistance Camp\" \/>\n<meta property=\"og:description\" content=\"Rechtssitz Verantwortlich f\u00fcr den Inhalt nach \u00a7 55 Abs. 2 RStVAngaben gem\u00e4\u00df \u00a7 5 TMG Sea-Watch e.V.Moosdorfstr. 7-912435 BerlinDeutschland Vorstand:Joshua Kr\u00fcger, Eva Spiekermann, Titus Molkenbur Kontakt zum Projekt:\u00a0info@sea-watch.orgKontakt zum Media- \/ Presseteam:\u00a0presse@sea-watch.org Warum keine Telefonnummer? Seit Gr\u00fcndung von Sea-Watch mussten wir unz\u00e4hlige Anrufe erleben, die uns nach einiger Zeit dazu brachten, alle Telefonnummern von der ... Lire la suite\" \/>\n<meta property=\"og:url\" content=\"https:\/\/sar-camp.wtf\/fr\/impressum\/\" \/>\n<meta property=\"og:site_name\" content=\"SAR Solidarity &amp; Resistance Camp\" \/>\n<meta name=\"twitter:card\" content=\"summary_large_image\" \/>\n<meta name=\"twitter:label1\" content=\"Dur\u00e9e de lecture estim\u00e9e\" \/>\n\t<meta name=\"twitter:data1\" content=\"3 minutes\" \/>\n<script type=\"application\/ld+json\" class=\"yoast-schema-graph\">{\"@context\":\"https:\/\/schema.org\",\"@graph\":[{\"@type\":\"WebPage\",\"@id\":\"https:\/\/sar-camp.wtf\/fr\/impressum\/\",\"url\":\"https:\/\/sar-camp.wtf\/fr\/impressum\/\",\"name\":\"Impressum - SAR Solidarity &amp; Resistance Camp\",\"isPartOf\":{\"@id\":\"https:\/\/sar-camp.wtf\/fr\/#website\"},\"datePublished\":\"2025-04-20T16:21:12+00:00\",\"breadcrumb\":{\"@id\":\"https:\/\/sar-camp.wtf\/fr\/impressum\/#breadcrumb\"},\"inLanguage\":\"fr-FR\",\"potentialAction\":[{\"@type\":\"ReadAction\",\"target\":[\"https:\/\/sar-camp.wtf\/fr\/impressum\/\"]}]},{\"@type\":\"BreadcrumbList\",\"@id\":\"https:\/\/sar-camp.wtf\/fr\/impressum\/#breadcrumb\",\"itemListElement\":[{\"@type\":\"ListItem\",\"position\":1,\"name\":\"Startseite\",\"item\":\"https:\/\/sar-camp.wtf\/fr\/\"},{\"@type\":\"ListItem\",\"position\":2,\"name\":\"Impressum\"}]},{\"@type\":\"WebSite\",\"@id\":\"https:\/\/sar-camp.wtf\/fr\/#website\",\"url\":\"https:\/\/sar-camp.wtf\/fr\/\",\"name\":\"SAR Solidarity &amp; Resistance Camp\",\"description\":\"10 Years of Solidarity &amp; Resistance - Search &amp; Rescue\",\"publisher\":{\"@id\":\"https:\/\/sar-camp.wtf\/fr\/#organization\"},\"potentialAction\":[{\"@type\":\"SearchAction\",\"target\":{\"@type\":\"EntryPoint\",\"urlTemplate\":\"https:\/\/sar-camp.wtf\/fr\/?s={search_term_string}\"},\"query-input\":{\"@type\":\"PropertyValueSpecification\",\"valueRequired\":true,\"valueName\":\"search_term_string\"}}],\"inLanguage\":\"fr-FR\"},{\"@type\":\"Organization\",\"@id\":\"https:\/\/sar-camp.wtf\/fr\/#organization\",\"name\":\"SAR Solidarity &amp; Resistance Camp\",\"url\":\"https:\/\/sar-camp.wtf\/fr\/\",\"logo\":{\"@type\":\"ImageObject\",\"inLanguage\":\"fr-FR\",\"@id\":\"https:\/\/sar-camp.wtf\/fr\/#\/schema\/logo\/image\/\",\"url\":\"https:\/\/sar-camp.wtf\/wp-content\/uploads\/2025\/04\/sar-logo-w-text.png\",\"contentUrl\":\"https:\/\/sar-camp.wtf\/wp-content\/uploads\/2025\/04\/sar-logo-w-text.png\",\"width\":2485,\"height\":1560,\"caption\":\"SAR Solidarity &amp; Resistance Camp\"},\"image\":{\"@id\":\"https:\/\/sar-camp.wtf\/fr\/#\/schema\/logo\/image\/\"}}]}<\/script>\n<!-- \/ Yoast SEO plugin. -->","yoast_head_json":{"title":"Impressum - SAR Solidarity &amp; Resistance Camp","robots":{"index":"index","follow":"follow","max-snippet":"max-snippet:-1","max-image-preview":"max-image-preview:large","max-video-preview":"max-video-preview:-1"},"canonical":"https:\/\/sar-camp.wtf\/fr\/impressum\/","og_locale":"fr_FR","og_type":"article","og_title":"Impressum - SAR Solidarity &amp; Resistance Camp","og_description":"Rechtssitz Verantwortlich f\u00fcr den Inhalt nach \u00a7 55 Abs. 2 RStVAngaben gem\u00e4\u00df \u00a7 5 TMG Sea-Watch e.V.Moosdorfstr. 7-912435 BerlinDeutschland Vorstand:Joshua Kr\u00fcger, Eva Spiekermann, Titus Molkenbur Kontakt zum Projekt:\u00a0info@sea-watch.orgKontakt zum Media- \/ Presseteam:\u00a0presse@sea-watch.org Warum keine Telefonnummer? Seit Gr\u00fcndung von Sea-Watch mussten wir unz\u00e4hlige Anrufe erleben, die uns nach einiger Zeit dazu brachten, alle Telefonnummern von der ... Lire la suite","og_url":"https:\/\/sar-camp.wtf\/fr\/impressum\/","og_site_name":"SAR Solidarity &amp; Resistance Camp","twitter_card":"summary_large_image","twitter_misc":{"Dur\u00e9e de lecture estim\u00e9e":"3 minutes"},"schema":{"@context":"https:\/\/schema.org","@graph":[{"@type":"WebPage","@id":"https:\/\/sar-camp.wtf\/fr\/impressum\/","url":"https:\/\/sar-camp.wtf\/fr\/impressum\/","name":"Impressum - SAR Solidarity &amp; Resistance Camp","isPartOf":{"@id":"https:\/\/sar-camp.wtf\/fr\/#website"},"datePublished":"2025-04-20T16:21:12+00:00","breadcrumb":{"@id":"https:\/\/sar-camp.wtf\/fr\/impressum\/#breadcrumb"},"inLanguage":"fr-FR","potentialAction":[{"@type":"ReadAction","target":["https:\/\/sar-camp.wtf\/fr\/impressum\/"]}]},{"@type":"BreadcrumbList","@id":"https:\/\/sar-camp.wtf\/fr\/impressum\/#breadcrumb","itemListElement":[{"@type":"ListItem","position":1,"name":"Startseite","item":"https:\/\/sar-camp.wtf\/fr\/"},{"@type":"ListItem","position":2,"name":"Impressum"}]},{"@type":"WebSite","@id":"https:\/\/sar-camp.wtf\/fr\/#website","url":"https:\/\/sar-camp.wtf\/fr\/","name":"SAR Solidarity &amp; Resistance Camp","description":"10 Years of Solidarity &amp; Resistance - Search &amp; Rescue","publisher":{"@id":"https:\/\/sar-camp.wtf\/fr\/#organization"},"potentialAction":[{"@type":"SearchAction","target":{"@type":"EntryPoint","urlTemplate":"https:\/\/sar-camp.wtf\/fr\/?s={search_term_string}"},"query-input":{"@type":"PropertyValueSpecification","valueRequired":true,"valueName":"search_term_string"}}],"inLanguage":"fr-FR"},{"@type":"Organization","@id":"https:\/\/sar-camp.wtf\/fr\/#organization","name":"SAR Solidarity &amp; Resistance Camp","url":"https:\/\/sar-camp.wtf\/fr\/","logo":{"@type":"ImageObject","inLanguage":"fr-FR","@id":"https:\/\/sar-camp.wtf\/fr\/#\/schema\/logo\/image\/","url":"https:\/\/sar-camp.wtf\/wp-content\/uploads\/2025\/04\/sar-logo-w-text.png","contentUrl":"https:\/\/sar-camp.wtf\/wp-content\/uploads\/2025\/04\/sar-logo-w-text.png","width":2485,"height":1560,"caption":"SAR Solidarity &amp; Resistance Camp"},"image":{"@id":"https:\/\/sar-camp.wtf\/fr\/#\/schema\/logo\/image\/"}}]}},"_links":{"self":[{"href":"https:\/\/sar-camp.wtf\/fr\/wp-json\/wp\/v2\/pages\/943","targetHints":{"allow":["GET"]}}],"collection":[{"href":"https:\/\/sar-camp.wtf\/fr\/wp-json\/wp\/v2\/pages"}],"about":[{"href":"https:\/\/sar-camp.wtf\/fr\/wp-json\/wp\/v2\/types\/page"}],"author":[{"embeddable":true,"href":"https:\/\/sar-camp.wtf\/fr\/wp-json\/wp\/v2\/users\/3"}],"replies":[{"embeddable":true,"href":"https:\/\/sar-camp.wtf\/fr\/wp-json\/wp\/v2\/comments?post=943"}],"version-history":[{"count":0,"href":"https:\/\/sar-camp.wtf\/fr\/wp-json\/wp\/v2\/pages\/943\/revisions"}],"wp:attachment":[{"href":"https:\/\/sar-camp.wtf\/fr\/wp-json\/wp\/v2\/media?parent=943"}],"curies":[{"name":"wp","href":"https:\/\/api.w.org\/{rel}","templated":true}]}}