{"id":1092,"date":"2025-07-31T09:12:59","date_gmt":"2025-07-31T09:12:59","guid":{"rendered":"https:\/\/sar-camp.wtf\/?page_id=1092"},"modified":"2025-08-26T15:46:52","modified_gmt":"2025-08-26T15:46:52","slug":"programme","status":"publish","type":"page","link":"https:\/\/sar-camp.wtf\/fr\/programme\/","title":{"rendered":"Accessibilit\u00e9 et sensibilisation"},"content":{"rendered":"\n<div class=\"gb-element-0ef186e7 alignfull\">\n<!--Waves Container-->\n<div>\n<svg xmlns=\"http:\/\/www.w3.org\/2000\/svg\" xmlns:xlink=\"http:\/\/www.w3.org\/1999\/xlink\" class=\"waves\" viewbox=\"0 24 150 28\" preserveaspectratio=\"none\" shape-rendering=\"auto\">\n<defs>\n<path id=\"gentle-wave\" d=\"M-160 44c30 0 58-18 88-18s 58 18 88 18 58-18 88-18 58 18 88 18 v44h-352z\"><\/path>\n<\/defs>\n<g class=\"parallax\">\n<use xlink:href=\"#gentle-wave\" x=\"48\" y=\"0\" fill=\"rgba(255,255,255,0.7\"><\/use>\n<use xlink:href=\"#gentle-wave\" x=\"48\" y=\"3\" fill=\"rgba(255,255,255,0.5)\"><\/use>\n<use xlink:href=\"#gentle-wave\" x=\"48\" y=\"5\" fill=\"rgba(255,255,255,0.3)\"><\/use>\n<use xlink:href=\"#gentle-wave\" x=\"48\" y=\"7\" fill=\"#fff\"><\/use>\n<\/g>\n<\/svg>\n<\/div>\n<!--Waves end-->\n<\/div>\n\n<div class=\"gb-element-58f1432b alignfull\">\n<div class=\"gb-element-0b206c7b regular-width\">\n<p class=\"has-main-2-color has-text-color has-link-color wp-elements-3c958ad82eaeecaddf8976299b9bdbd9\" style=\"font-size:30px\"><strong>L&rsquo;accessibilit\u00e9 et la sensibilisation sont indispensables pour nous. <\/strong><\/p>\n\n\n\n<p><\/p>\n\n\n\n<details class=\"wp-block-details is-layout-flow wp-block-details-is-layout-flow\"><summary><strong><strong>Concept de \u00ab\u00a0awareness\u00a0\u00bb SAR Camp September 4\u20137, 2025<\/strong><\/strong><\/summary>\n<p><\/p>\n\n\n\n<p><strong>1. Qu&rsquo;est-ce que c\u2019est \u201eAwareness\u201c?<\/strong><\/p>\n\n\n\n<p>Le terme \u00ab\u00a0awareness\u00a0\u00bb vient de l&rsquo;anglais\u00a0\u00bb to be aware\u00a0\u00bb et signifie\u00a0\u00bb \u00eatre conscient(e), sensibilis\u00e9(e)\u00a0\u00bb. Il s&rsquo;agit ici avant tout de la conscience et de l&rsquo;attention port\u00e9es aux situations dans lesquelles vous et\/ou d&rsquo;autres personnes \u00eates confront\u00e9s \u00e0 des comportements abusifs, discriminatoires ou qui d\u00e9passent les limites. La pratique du travail de sensibilisation trouve son origine dans les mouvements noirs et autochtones. Il s&rsquo;agit d&rsquo;une forme d&rsquo;auto-organisation, appel\u00e9e\u00a0\u00bb justice r\u00e9paratrice\u00a0\u00bb ou\u00a0\u00bb justice transformatrice\u00a0\u00bb, qui vise \u00e0 r\u00e9soudre les conflits ind\u00e9pendamment de la logique punitive violente de l&rsquo;\u00c9tat.   <\/p>\n\n\n\n<p>En tant que concept, la sensibilisation se pr\u00e9sente comme une pratique antidiscriminatoire contre toute forme de discrimination, telle que le racisme, l&rsquo;homophobie, le capacitisme, le sexisme et le classisme, contre la violence et les violations des limites. Dans l&rsquo;id\u00e9al, la prise de conscience des structures discriminatoires permet d&rsquo;\u00e9viter \u00e0 l&rsquo;avance les transgressions. Cependant, la discrimination structurelle est profond\u00e9ment ancr\u00e9e dans notre soci\u00e9t\u00e9. Personne n&rsquo;est totalement exempt de pr\u00e9jug\u00e9s et de discrimination dans ses relations avec les autres. C&rsquo;est pourquoi une r\u00e9flexion consciente et une structure sont n\u00e9cessaires pour lutter contre la discrimination. Il est impossible d&rsquo;offrir un espace s\u00fbr \u00e0 tout le monde. Nous essayons toutefois de faire de notre camp un espace plus s\u00fbr, pour lequel un travail de sensibilisation est indispensable.      <\/p>\n\n\n\n<p>Nous voulons donc t&rsquo;encourager, ainsi que nous tous, \u00e0 prendre soin de nous-m\u00eames et du bien-\u00eatre de nos semblables, et \u00e0 faire preuve de consid\u00e9ration les uns envers les autres. Prononcer correctement un nom ou utiliser le bon pronom peut d\u00e9j\u00e0 faire une grande diff\u00e9rence! R\u00e9fl\u00e9chis \u00e0 toi-m\u00eame: nous n&rsquo;avons jamais fini d&rsquo;apprendre.  <\/p>\n\n\n\n<p><strong>2. L&rsquo;\u00e9quipe de sensibilisation<\/strong><\/p>\n\n\n\n<p>Il arrive r\u00e9guli\u00e8rement que nous nous sentions mal \u00e0 l&rsquo;aise, en particulier dans des espaces o\u00f9 se trouvent beaucoup d&rsquo;autres personnes. Cela peut \u00eatre d\u00fb au comportement discriminatoire et intrusif d&rsquo;autrui, mais aussi au fait que certains d\u00e9clencheurs nous rappellent des situations pass\u00e9es dans lesquelles nous avons personnellement v\u00e9cu quelque chose de blessant. Ces d\u00e9clencheurs peuvent prendre toutes sortes de formes, par exemple des odeurs, des bruits, des images, le comportement d&rsquo;autrui et bien d&rsquo;autres choses encore. Ces souvenirs peuvent alors nous causer un stress \u00e9motionnel important.   <\/p>\n\n\n\n<p>Si vous et\/ou d&rsquo;autres personnes \u00eates victimes de d\u00e9clencheurs ou de discrimination, l&rsquo;\u00e9quipe de sensibilisation est l\u00e0 pour vous aider. Il peut s&rsquo;agir, par exemple, de perceptions de d\u00e9s\u00e9quilibre de pouvoir, de discrimination, de transgressions et de d\u00e9passement de d\u00e9clencheurs aigus. L&rsquo;\u00e9quipe de sensibilisation a pour mission de veiller \u00e0 ce qu&rsquo;il n&rsquo;y ait pas de discrimination r\u00e9p\u00e9t\u00e9e. Elle est toujours accessible \u00e0 tous et reconnaissable \u00e0 ses gilets violets bien visibles. Elle se compose de cinq \u00e0 six personnes au total et se trouve, entre autres, dans la zone de sensibilisation. Il existe \u00e9galement des membres mobiles de l&rsquo;\u00e9quipe de sensibilisation qui sont pr\u00e9sents par \u00e9quipes de deux lors d&rsquo;\u00e9v\u00e9nements individuels et en particulier dans le cadre de f\u00eates. Tu peux \u00e9galement t&rsquo;adresser \u00e0 d&rsquo;autres personnes au bar et au point d&rsquo;information, qui contacteront alors l&rsquo;\u00e9quipe de sensibilisation pour toi. Il existe \u00e9galement un t\u00e9l\u00e9phone portable d\u00e9di\u00e9 \u00e0 la sensibilisation, accessible 24 heures sur 24.         <\/p>\n\n\n\n<p>L&rsquo;\u00e9quipe de sensibilisation te soutient activement en tant que personne victime d&rsquo;un comportement inappropri\u00e9 et fait preuve de solidarit\u00e9 \u00e0 ton \u00e9gard. Elle t&rsquo;\u00e9coute et ne remet pas en question ton exp\u00e9rience. C&rsquo;est toi qui as le pouvoir de d\u00e9finir ce qui s&rsquo;est pass\u00e9. Cela signifie que toi seul peux d\u00e9cider o\u00f9 se situent tes limites et que toi seul peux d\u00e9finir quand celles-ci ont \u00e9t\u00e9 d\u00e9pass\u00e9es. L&rsquo;\u00e9quipe de sensibilisation s&rsquo;adapte \u00e0 tes souhaits et \u00e0 tes besoins en tant que personne concern\u00e9e et te soutient. Si tu le souhaites, elle r\u00e9fl\u00e9chira avec toi, \u00e9ventuellement avec des personnes de confiance, \u00e0 la meilleure fa\u00e7on de g\u00e9rer ce que tu as v\u00e9cu. L&rsquo;\u00e9quipe de sensibilisation te propose des conseils, une intervention active, des discussions clarificatrices et des informations sur les aides possibles. Toutes les discussions sont toujours confidentielles. Dans les situations conflictuelles, l&rsquo;\u00e9quipe de sensibilisation proc\u00e8de \u00e0 une d\u00e9sescalade et tente de contribuer \u00e0 la r\u00e9solution des conflits.     <\/p>\n\n\n\n<p>Elle pr\u00f4ne une communication non violente et ne cherche pas \u00e0 punir les personnes pour leur comportement, mais \u00e0 encourager toutes les parties \u00e0 assumer la responsabilit\u00e9 de leurs actes.   <\/p>\n\n\n\n<p><strong>3. L&rsquo;espace Awareness<\/strong><\/p>\n\n\n\n<p>Il existe un espace Awareness o\u00f9 tu peux te rendre pour t&rsquo;adresser \u00e0 l&rsquo;\u00e9quipe Awareness dans un cadre prot\u00e9g\u00e9. Il est signal\u00e9 et bien indiqu\u00e9. C&rsquo;est un endroit o\u00f9 tu ne seras pas seul(e) pendant ou apr\u00e8s une situation stressante. Il est \u00e9galement id\u00e9al pour discuter avec l&rsquo;\u00e9quipe Awareness. La zone de sensibilisation sert g\u00e9n\u00e9ralement de refuge apr\u00e8s des exp\u00e9riences traumatisantes et\/ou discriminatoires. Tu peux donc \u00e9galement utiliser la zone de sensibilisation sans faire directement appel aux services de l&rsquo;\u00e9quipe de sensibilisation, mais tu y trouveras toujours au moins une personne de l&rsquo;\u00e9quipe de sensibilisation.     <\/p>\n\n\n\n<p>Si tu as simplement besoin d&rsquo;un moment de calme et que tu souhaites \u00eatre seul, il existe \u00e9galement une zone de repos. Elle est \u00e9galement signal\u00e9e et bien indiqu\u00e9e. La zone de repos est toujours ouverte et peut \u00eatre utilis\u00e9e \u00e0 tout moment comme lieu de retraite.  <\/p>\n\n\n\n<p>La zone de sensibilisation et la zone de repos sont des lieux o\u00f9 il est interdit de consommer, y compris de fumer et de boire de l&rsquo;alcool.<\/p>\n\n\n\n<p>Nous avons \u00e9galement une \u00e9quipe de secouristes sur place, que tu trouveras dans la salle de premiers secours. Les secouristes t&rsquo;aideront pour tous types de probl\u00e8mes physiques. Dans ce cas, n&rsquo;h\u00e9site pas \u00e0 t&rsquo;adresser aux secouristes et non \u00e0 l&rsquo;\u00e9quipe de sensibilisation. <\/p>\n\n\n\n<p><strong>4. Avertissements et notes de contenu<\/strong><\/p>\n\n\n\n<p>En fonction de ton histoire personnelle et de tes propres exp\u00e9riences, certaines situations peuvent te perturber de mani\u00e8re tr\u00e8s individuelle. Malheureusement, nous ne pouvons pas non plus emp\u00eacher cela compl\u00e8tement. Des sujets tels que la fuite et le r\u00e9gime europ\u00e9en des fronti\u00e8res et de l&rsquo;asile sont extr\u00eamement violents et peuvent \u00eatre tr\u00e8s perturbants pour toi en tant que personne concern\u00e9e. Afin de r\u00e9duire au maximum les situations d\u00e9clencheuses, des notes de contenu sont fournies avant chaque \u00e9v\u00e9nement, r\u00e9pertoriant les th\u00e8mes potentiellement d\u00e9clencheurs, afin que tu puisses te pr\u00e9parer au contenu et d\u00e9cider toi-m\u00eame si tu souhaites rester et t&rsquo;exposer \u00e0 ces th\u00e8mes ou non. Bien s\u00fbr, tu peux quitter tous les \u00e9v\u00e9nements \u00e0 tout moment, m\u00eame en cours de route.    <\/p>\n\n\n\n<p><strong>Et maintenant, passe un excellent moment dans notre camp!<\/strong><\/p>\n<\/details>\n\n\n\n<hr class=\"wp-block-separator has-alpha-channel-opacity\"\/>\n\n\n\n<details class=\"wp-block-details is-layout-flow wp-block-details-is-layout-flow\"><summary><strong><strong>Concept d&rsquo;accessibilit\u00e9 SAR Camp September 4\u20137, 2025<\/strong><\/strong><\/summary>\n<p><\/p>\n\n\n\n<p><strong>SE RENDRE SUR PLACE<\/strong><\/p>\n\n\n\n<p>Le camp se trouve \u00e0 Biesenthal. La gare la plus proche est celle de Bernau. La gare est accessible sans marche et dispose d&rsquo;indicateurs au sol et d&rsquo;\u00e9l\u00e9ments de guidage tactiles  <\/p>\n\n\n\n<p>(https:\/\/www.bahnhof.de\/en\/bernau-b-berlin). Pour se rendre au camp, il faut prendre le bus et nous avons \u00e9galement une navette qui part de l&rsquo;arr\u00eat de bus. Malheureusement, la navette n&rsquo;est pas accessible en fauteuil roulant. Depuis l&rsquo;arr\u00eat de bus, il faut compter 20 minutes de marche autour d&rsquo;un lac en empruntant des chemins non pav\u00e9s du parc. Vous pouvez \u00e9galement emprunter l&rsquo;itin\u00e9raire le plus long, qui passe par des rues pav\u00e9es et dure environ 30 minutes.   <\/p>\n\n\n\n<p>Nous vous demandons d&rsquo;\u00e9viter d&rsquo;arriver en voiture en raison du nombre limit\u00e9 de places de stationnement. Cependant, si n\u00e9cessaire, il est possible d&rsquo;arriver en voiture et de se garer \u00e0 proximit\u00e9 de l&rsquo;entr\u00e9e. <\/p>\n\n\n\n<p><strong>DOMAINE<\/strong><\/p>\n\n\n\n<p>EXTERIEUR<\/p>\n\n\n\n<p>Le camp est situ\u00e9 au bord d&rsquo;un lac et entour\u00e9 d&rsquo;arbres. Le sol est un terrain naturel, principalement de l&rsquo;herbe. La majeure partie du programme ainsi que les repas se d\u00e9rouleront \u00e0 l&rsquo;ext\u00e9rieur. Il y aura des lumi\u00e8res, surtout la nuit. Mais nous ne pouvons pas couvrir toute la zone, et les racines ou les chemins g\u00e9n\u00e9ralement in\u00e9gaux peuvent \u00eatre difficiles \u00e0 voir. Nous vous conseillons d&rsquo;apporter une lampe de poche.     <\/p>\n\n\n\n<p>Le lac sur le site a des rives peu profondes et n&rsquo;est accessible que par une plage de sable. Le sauna est un espace \u00e9troit et in\u00e9gal, accessible uniquement par des marches. <\/p>\n\n\n\n<p>Deux des maisons ont un porche. Ils sont faits de planches de bois avec des interstices. Les deux sont accessibles par des rampes de 85 cm de large avec un rebord d&rsquo;environ 2 cm de haut.  <\/p>\n\n\n\n<p>INTERIEUR<\/p>\n\n\n\n<p>Certains ateliers se d\u00e9rouleront \u00e0 l&rsquo;int\u00e9rieur. Malheureusement, certaines de ces salles ne sont accessibles que par des marches. Les marches ne sont pas mises en \u00e9vidence. Faites-nous savoir \u00e0 l&rsquo;avance si vous souhaitez participer \u00e0 un atelier qui ne vous est pas accessible afin que nous puissions essayer de r\u00e9organiser l&rsquo;endroit ou de vous aider d&rsquo;une autre mani\u00e8re.   <\/p>\n\n\n\n<p>Les portes sont l\u00e9g\u00e8res et ont des poign\u00e9es et non des boutons, mais la plupart d&rsquo;entre elles ne d\u00e9passent pas 80 cm de large. Cela s&rsquo;applique \u00e9galement au dortoir \u00e0 l&rsquo;int\u00e9rieur. <\/p>\n\n\n\n<p>DORMIR<\/p>\n\n\n\n<p>Si vous ne pouvez pas dormir dans une tente, il est possible d&rsquo;obtenir un lit dans une cabane\/chambre partag\u00e9e. Vous devez apporter vos propres draps et votre sac de couchage. Veuillez nous informer si vous souhaitez utiliser l&rsquo;une des places de couchage int\u00e9rieures. Comme nous l&rsquo;avons mentionn\u00e9 plus haut, ces places ne sont accessibles que par des marches.   <\/p>\n\n\n\n<p>ESPACES<\/p>\n\n\n\n<p>Il y aura un espace tranquille pour que les gens puissent se calmer et se reposer. Il sera ouvert \u00e0 tous \u00e0 tout moment. <\/p>\n\n\n\n<p>Sur place, il y aura un bar o\u00f9 l&rsquo;on servira des boissons alcoolis\u00e9es et non alcoolis\u00e9es, ainsi qu&rsquo;un chariot \u00e0 caf\u00e9.<\/p>\n\n\n\n<p>Sur place, il y aura un bar o\u00f9 l&rsquo;on servira des boissons alcoolis\u00e9es et non alcoolis\u00e9es, ainsi qu&rsquo;un chariot \u00e0 caf\u00e9. <\/p>\n\n\n\n<p>INSTALLATIONS SANITAIRES<\/p>\n\n\n\n<p>Il y aura des toilettes et des douches accessibles aux fauteuils roulants, ainsi qu&rsquo;une zone de recharge.<\/p>\n\n\n\n<p><strong>SOINS M\u00c9DICAUX<\/strong><\/p>\n\n\n\n<p>En cas d&rsquo;urgence m\u00e9dicale sur le site, une \u00e9quipe de secouristes est l\u00e0 pour vous aider. Nous aurons un r\u00e9frig\u00e9rateur sur place o\u00f9 vous pourrez conserver vos m\u00e9dicaments. <\/p>\n\n\n\n<p>La nourriture sera v\u00e9g\u00e9talienne. Lors de l&rsquo;inscription, vous pouvez nous faire part de vos allergies afin que notre \u00e9quipe de cuisine puisse vous fournir un repas suppl\u00e9mentaire si n\u00e9cessaire. <\/p>\n\n\n\n<p><strong>ENFANTS<\/strong><\/p>\n\n\n\n<p>Il y aura un espace pour les enfants au camp &#8211; il s&rsquo;agit d&rsquo;une tente ouverte situ\u00e9e au centre du site. La garde d&rsquo;enfants fait partie du concept participatif du camp &#8211; les gardes d&rsquo;enfants seront assur\u00e9es par les participants au camp. Si vous avez besoin d&rsquo;une garde d&rsquo;enfants, veuillez le pr\u00e9ciser lors de l&rsquo;achat de votre billet &#8211; nous vous enverrons plus d&rsquo;informations \u00e0 l&rsquo;approche du camp.  <\/p>\n\n\n\n<p><strong>LANGUE<\/strong><\/p>\n\n\n\n<p>Les langues principales du camp sont l&rsquo;allemand et l&rsquo;anglais. La langue des \u00e9v\u00e9nements du programme sera indiqu\u00e9e sur le tableau du programme. <\/p>\n\n\n\n<p>Nous nous efforcerons de fournir une traduction simultan\u00e9e si n\u00e9cessaire afin que le contenu soit accessible au plus grand nombre. Lors de l&rsquo;inscription pour l&rsquo;obtention d&rsquo;un billet, vous pouvez nous indiquer si vous avez besoin d&rsquo;une traduction ou si vous pouvez b\u00e9n\u00e9ficier d&rsquo;un service d&rsquo;interpr\u00e9tation. <\/p>\n\n\n\n<p>Pendant le camp, veuillez vous rendre au point d&rsquo;information pour nous indiquer si vous avez besoin d&rsquo;une traduction.<\/p>\n\n\n\n<p>Malheureusement, nous ne serons probablement pas en mesure de fournir une interpr\u00e9tation en langue des signes.<\/p>\n\n\n\n<p><strong>AWARENESS\/SENSIBILISATION<\/strong><\/p>\n\n\n\n<p>Une \u00e9quipe de sensibilisation sera pr\u00e9sente pendant toute la dur\u00e9e du camp et disposera d&rsquo;un espace r\u00e9serv\u00e9 \u00e0 la sensibilisation. L&rsquo;\u00e9quipe sera \u00e9galement joignable par t\u00e9l\u00e9phone 24 heures sur 24 et 7 jours sur 7. Les actions de sensibilisation seront men\u00e9es par les participant.e.s au camp, et des personnes exp\u00e9riment\u00e9es seront pr\u00e9sentes en arri\u00e8re-plan pour coordonner les actions et donner des informations.  <\/p>\n\n\n\n<p>Une \u00e9quipe de sensibilisation sera pr\u00e9sente pendant toute la dur\u00e9e du camp et disposera d&rsquo;un espace r\u00e9serv\u00e9 \u00e0 la sensibilisation. L&rsquo;\u00e9quipe sera \u00e9galement joignable par t\u00e9l\u00e9phone 24 heures sur 24 et 7 jours sur 7. Les actions de sensibilisation seront men\u00e9es par les participant.e.s au camp, et des personnes exp\u00e9riment\u00e9es seront pr\u00e9sentes en arri\u00e8re-plan pour coordonner les actions et donner des informations.<\/p>\n\n\n\n<p><strong>CONTACTEZ NOUS<\/strong><\/p>\n\n\n\n<p><a><\/a><a><\/a><a><\/a><a><\/a><a><\/a><a><\/a><a><\/a><a><\/a><a><\/a><a><\/a><a><\/a><a><\/a><a><\/a><a><\/a>D&rsquo;une mani\u00e8re g\u00e9n\u00e9rale, nous souhaitons rendre le camp aussi accessible que possible. Si vous avez des besoins sp\u00e9cifiques ou si vous souhaitez obtenir de plus amples informations, contactez-nous \u00e0 l&rsquo;adresse suivante : camp@sea-watch.org. <\/p>\n<\/details>\n\n\n\n<div style=\"height:151px\" aria-hidden=\"true\" class=\"wp-block-spacer\"><\/div>\n<\/div>\n<\/div>\n","protected":false},"excerpt":{"rendered":"<p>L&rsquo;accessibilit\u00e9 et la sensibilisation sont indispensables pour nous.<\/p>\n","protected":false},"author":1,"featured_media":0,"parent":0,"menu_order":0,"comment_status":"closed","ping_status":"closed","template":"","meta":{"inline_featured_image":false,"footnotes":""},"class_list":["post-1092","page","type-page","status-publish"],"yoast_head":"<!-- This site is optimized with the Yoast SEO plugin v26.1.1 - https:\/\/yoast.com\/wordpress\/plugins\/seo\/ -->\n<title>Accessibilit\u00e9 et sensibilisation - SAR Solidarity &amp; Resistance Camp<\/title>\n<meta name=\"robots\" content=\"index, follow, max-snippet:-1, max-image-preview:large, max-video-preview:-1\" \/>\n<link rel=\"canonical\" href=\"https:\/\/sar-camp.wtf\/fr\/programme\/\" \/>\n<meta property=\"og:locale\" content=\"fr_FR\" \/>\n<meta property=\"og:type\" content=\"article\" \/>\n<meta property=\"og:title\" content=\"Accessibilit\u00e9 et sensibilisation - SAR Solidarity &amp; Resistance Camp\" \/>\n<meta property=\"og:description\" content=\"L&rsquo;accessibilit\u00e9 et la sensibilisation sont indispensables pour nous.\" \/>\n<meta property=\"og:url\" content=\"https:\/\/sar-camp.wtf\/fr\/programme\/\" \/>\n<meta property=\"og:site_name\" content=\"SAR Solidarity &amp; Resistance Camp\" \/>\n<meta property=\"article:modified_time\" content=\"2025-08-26T15:46:52+00:00\" \/>\n<meta name=\"twitter:card\" content=\"summary_large_image\" \/>\n<meta name=\"twitter:label1\" content=\"Dur\u00e9e de lecture estim\u00e9e\" \/>\n\t<meta name=\"twitter:data1\" content=\"11 minutes\" \/>\n<script type=\"application\/ld+json\" class=\"yoast-schema-graph\">{\"@context\":\"https:\/\/schema.org\",\"@graph\":[{\"@type\":\"WebPage\",\"@id\":\"https:\/\/sar-camp.wtf\/fr\/programme\/\",\"url\":\"https:\/\/sar-camp.wtf\/fr\/programme\/\",\"name\":\"Accessibilit\u00e9 et sensibilisation - SAR Solidarity &amp; Resistance Camp\",\"isPartOf\":{\"@id\":\"https:\/\/sar-camp.wtf\/fr\/#website\"},\"datePublished\":\"2025-07-31T09:12:59+00:00\",\"dateModified\":\"2025-08-26T15:46:52+00:00\",\"breadcrumb\":{\"@id\":\"https:\/\/sar-camp.wtf\/fr\/programme\/#breadcrumb\"},\"inLanguage\":\"fr-FR\",\"potentialAction\":[{\"@type\":\"ReadAction\",\"target\":[\"https:\/\/sar-camp.wtf\/fr\/programme\/\"]}]},{\"@type\":\"BreadcrumbList\",\"@id\":\"https:\/\/sar-camp.wtf\/fr\/programme\/#breadcrumb\",\"itemListElement\":[{\"@type\":\"ListItem\",\"position\":1,\"name\":\"Startseite\",\"item\":\"https:\/\/sar-camp.wtf\/fr\/\"},{\"@type\":\"ListItem\",\"position\":2,\"name\":\"Accessibilit\u00e9 et sensibilisation\"}]},{\"@type\":\"WebSite\",\"@id\":\"https:\/\/sar-camp.wtf\/fr\/#website\",\"url\":\"https:\/\/sar-camp.wtf\/fr\/\",\"name\":\"SAR Solidarity &amp; Resistance Camp\",\"description\":\"10 Years of Solidarity &amp; Resistance - Search &amp; Rescue\",\"publisher\":{\"@id\":\"https:\/\/sar-camp.wtf\/fr\/#organization\"},\"potentialAction\":[{\"@type\":\"SearchAction\",\"target\":{\"@type\":\"EntryPoint\",\"urlTemplate\":\"https:\/\/sar-camp.wtf\/fr\/?s={search_term_string}\"},\"query-input\":{\"@type\":\"PropertyValueSpecification\",\"valueRequired\":true,\"valueName\":\"search_term_string\"}}],\"inLanguage\":\"fr-FR\"},{\"@type\":\"Organization\",\"@id\":\"https:\/\/sar-camp.wtf\/fr\/#organization\",\"name\":\"SAR Solidarity &amp; Resistance Camp\",\"url\":\"https:\/\/sar-camp.wtf\/fr\/\",\"logo\":{\"@type\":\"ImageObject\",\"inLanguage\":\"fr-FR\",\"@id\":\"https:\/\/sar-camp.wtf\/fr\/#\/schema\/logo\/image\/\",\"url\":\"https:\/\/sar-camp.wtf\/wp-content\/uploads\/2025\/04\/sar-logo-w-text.png\",\"contentUrl\":\"https:\/\/sar-camp.wtf\/wp-content\/uploads\/2025\/04\/sar-logo-w-text.png\",\"width\":2485,\"height\":1560,\"caption\":\"SAR Solidarity &amp; Resistance Camp\"},\"image\":{\"@id\":\"https:\/\/sar-camp.wtf\/fr\/#\/schema\/logo\/image\/\"}}]}<\/script>\n<!-- \/ Yoast SEO plugin. -->","yoast_head_json":{"title":"Accessibilit\u00e9 et sensibilisation - SAR Solidarity &amp; Resistance Camp","robots":{"index":"index","follow":"follow","max-snippet":"max-snippet:-1","max-image-preview":"max-image-preview:large","max-video-preview":"max-video-preview:-1"},"canonical":"https:\/\/sar-camp.wtf\/fr\/programme\/","og_locale":"fr_FR","og_type":"article","og_title":"Accessibilit\u00e9 et sensibilisation - SAR Solidarity &amp; Resistance Camp","og_description":"L&rsquo;accessibilit\u00e9 et la sensibilisation sont indispensables pour nous.","og_url":"https:\/\/sar-camp.wtf\/fr\/programme\/","og_site_name":"SAR Solidarity &amp; Resistance Camp","article_modified_time":"2025-08-26T15:46:52+00:00","twitter_card":"summary_large_image","twitter_misc":{"Dur\u00e9e de lecture estim\u00e9e":"11 minutes"},"schema":{"@context":"https:\/\/schema.org","@graph":[{"@type":"WebPage","@id":"https:\/\/sar-camp.wtf\/fr\/programme\/","url":"https:\/\/sar-camp.wtf\/fr\/programme\/","name":"Accessibilit\u00e9 et sensibilisation - SAR Solidarity &amp; Resistance Camp","isPartOf":{"@id":"https:\/\/sar-camp.wtf\/fr\/#website"},"datePublished":"2025-07-31T09:12:59+00:00","dateModified":"2025-08-26T15:46:52+00:00","breadcrumb":{"@id":"https:\/\/sar-camp.wtf\/fr\/programme\/#breadcrumb"},"inLanguage":"fr-FR","potentialAction":[{"@type":"ReadAction","target":["https:\/\/sar-camp.wtf\/fr\/programme\/"]}]},{"@type":"BreadcrumbList","@id":"https:\/\/sar-camp.wtf\/fr\/programme\/#breadcrumb","itemListElement":[{"@type":"ListItem","position":1,"name":"Startseite","item":"https:\/\/sar-camp.wtf\/fr\/"},{"@type":"ListItem","position":2,"name":"Accessibilit\u00e9 et sensibilisation"}]},{"@type":"WebSite","@id":"https:\/\/sar-camp.wtf\/fr\/#website","url":"https:\/\/sar-camp.wtf\/fr\/","name":"SAR Solidarity &amp; Resistance Camp","description":"10 Years of Solidarity &amp; Resistance - Search &amp; Rescue","publisher":{"@id":"https:\/\/sar-camp.wtf\/fr\/#organization"},"potentialAction":[{"@type":"SearchAction","target":{"@type":"EntryPoint","urlTemplate":"https:\/\/sar-camp.wtf\/fr\/?s={search_term_string}"},"query-input":{"@type":"PropertyValueSpecification","valueRequired":true,"valueName":"search_term_string"}}],"inLanguage":"fr-FR"},{"@type":"Organization","@id":"https:\/\/sar-camp.wtf\/fr\/#organization","name":"SAR Solidarity &amp; Resistance Camp","url":"https:\/\/sar-camp.wtf\/fr\/","logo":{"@type":"ImageObject","inLanguage":"fr-FR","@id":"https:\/\/sar-camp.wtf\/fr\/#\/schema\/logo\/image\/","url":"https:\/\/sar-camp.wtf\/wp-content\/uploads\/2025\/04\/sar-logo-w-text.png","contentUrl":"https:\/\/sar-camp.wtf\/wp-content\/uploads\/2025\/04\/sar-logo-w-text.png","width":2485,"height":1560,"caption":"SAR Solidarity &amp; Resistance Camp"},"image":{"@id":"https:\/\/sar-camp.wtf\/fr\/#\/schema\/logo\/image\/"}}]}},"_links":{"self":[{"href":"https:\/\/sar-camp.wtf\/fr\/wp-json\/wp\/v2\/pages\/1092","targetHints":{"allow":["GET"]}}],"collection":[{"href":"https:\/\/sar-camp.wtf\/fr\/wp-json\/wp\/v2\/pages"}],"about":[{"href":"https:\/\/sar-camp.wtf\/fr\/wp-json\/wp\/v2\/types\/page"}],"author":[{"embeddable":true,"href":"https:\/\/sar-camp.wtf\/fr\/wp-json\/wp\/v2\/users\/1"}],"replies":[{"embeddable":true,"href":"https:\/\/sar-camp.wtf\/fr\/wp-json\/wp\/v2\/comments?post=1092"}],"version-history":[{"count":6,"href":"https:\/\/sar-camp.wtf\/fr\/wp-json\/wp\/v2\/pages\/1092\/revisions"}],"predecessor-version":[{"id":1316,"href":"https:\/\/sar-camp.wtf\/fr\/wp-json\/wp\/v2\/pages\/1092\/revisions\/1316"}],"wp:attachment":[{"href":"https:\/\/sar-camp.wtf\/fr\/wp-json\/wp\/v2\/media?parent=1092"}],"curies":[{"name":"wp","href":"https:\/\/api.w.org\/{rel}","templated":true}]}}