{"id":979,"date":"2025-04-08T10:55:00","date_gmt":"2025-04-08T10:55:00","guid":{"rendered":"https:\/\/sar-camp.wtf\/home\/"},"modified":"2025-08-29T18:25:50","modified_gmt":"2025-08-29T18:25:50","slug":"home","status":"publish","type":"page","link":"https:\/\/sar-camp.wtf\/es\/","title":{"rendered":"Home"},"content":{"rendered":"\n<div class=\"gb-element-4572d2a8 alignfull header\">\n<div class=\"gb-element-27091987 regular-width\">\n<h1 class=\"wp-block-heading has-text-align-center\" style=\"font-size:6rem\">Reflexionar. Resistir. Recuperar el futuro  <\/h1>\n\n\n\n<p class=\"subtitle has-contrast-2-color has-text-color has-link-color wp-elements-d362fead2edcebefc5ea4dbffc2d5532\">Un campamento para personas organizadas en b\u00fasqueda y rescate, huida, sin fronteras, descolonizaci\u00f3n y migraci\u00f3n, as\u00ed como para todas las relacionadas con estas luchas.<\/p>\n\n\n\n<div class=\"gb-element-eefbab26 navButtons\"><nav class=\"has-text-color has-contrast-2-color items-justified-center wp-block-navigation is-content-justification-center is-layout-flex wp-container-core-navigation-is-layout-16018d1d wp-block-navigation-is-layout-flex\" aria-label=\"Navigation\"><ul class=\"wp-block-navigation__container has-text-color has-contrast-2-color items-justified-center wp-block-navigation\"><li class=\" wp-block-navigation-item wp-block-navigation-link\"><a class=\"wp-block-navigation-item__content\"  href=\"#About\"><span class=\"wp-block-navigation-item__label\">About<\/span><\/a><\/li><li class=\" wp-block-navigation-item wp-block-navigation-link\"><a class=\"wp-block-navigation-item__content\"  href=\"#Expect\"><span class=\"wp-block-navigation-item__label\">What to expect<\/span><\/a><\/li><li class=\" wp-block-navigation-item wp-block-navigation-link\"><a class=\"wp-block-navigation-item__content\"  href=\"#WhereWhenHow\"><span class=\"wp-block-navigation-item__label\">Location &amp; Dates<\/span><\/a><\/li><li class=\" wp-block-navigation-item wp-block-navigation-link\"><a class=\"wp-block-navigation-item__content\"  href=\"#FAQ\"><span class=\"wp-block-navigation-item__label\">FAQ<\/span><\/a><\/li><li class=\" wp-block-navigation-item wp-block-navigation-link\"><a class=\"wp-block-navigation-item__content\"  href=\"https:\/\/sar-camp.wtf\/program\/\"><span class=\"wp-block-navigation-item__label\">Program<\/span><\/a><\/li><li class=\" wp-block-navigation-item wp-block-navigation-link\"><a class=\"wp-block-navigation-item__content\"  href=\"https:\/\/sar-camp.wtf\/accessibility-awareness\/\"><span class=\"wp-block-navigation-item__label\">Accessibility &amp; Awareness<\/span><\/a><\/li><\/ul><\/nav>\n\n\n<div style=\"height:16px\" aria-hidden=\"true\" class=\"wp-block-spacer\"><\/div>\n\n\n\n<div class=\"gb-element-c037695b nav_highlight \">\n<a class=\"gb-text-03e1ebf5 navButtons \" href=\"https:\/\/tickets.sar-camp.wtf\"><span class=\"gb-shape\"><svg xmlns=\"http:\/\/www.w3.org\/2000\/svg\" aria-hidden=\"true\" role=\"img\" height=\"1em\" width=\"1em\" viewbox=\"0 0 512 512\"><path fill=\"currentColor\" d=\"M462.3 62.6C407.5 15.9 326 24.3 275.7 76.2L256 96.5l-19.7-20.3C186.1 24.3 104.5 15.9 49.7 62.6c-62.8 53.6-66.1 149.8-9.9 207.9l193.5 199.8c12.5 12.9 32.8 12.9 45.3 0l193.5-199.8c56.3-58.1 53-154.3-9.8-207.9z\"><\/path><\/svg><\/span><span class=\"gb-text\">Consiga tu billete<\/span><\/a>\n<\/div>\n<\/div>\n<\/div>\n\n\n\n<div class=\"gb-element-0ef186e7 alignfull\">\n<!--Waves Container-->\n<div>\n<svg xmlns=\"http:\/\/www.w3.org\/2000\/svg\" xmlns:xlink=\"http:\/\/www.w3.org\/1999\/xlink\" class=\"waves\" viewbox=\"0 24 150 28\" preserveaspectratio=\"none\" shape-rendering=\"auto\">\n<defs>\n<path id=\"gentle-wave\" d=\"M-160 44c30 0 58-18 88-18s 58 18 88 18 58-18 88-18 58 18 88 18 v44h-352z\"><\/path>\n<\/defs>\n<g class=\"parallax\">\n<use xlink:href=\"#gentle-wave\" x=\"48\" y=\"0\" fill=\"rgba(255,255,255,0.7\"><\/use>\n<use xlink:href=\"#gentle-wave\" x=\"48\" y=\"3\" fill=\"rgba(255,255,255,0.5)\"><\/use>\n<use xlink:href=\"#gentle-wave\" x=\"48\" y=\"5\" fill=\"rgba(255,255,255,0.3)\"><\/use>\n<use xlink:href=\"#gentle-wave\" x=\"48\" y=\"7\" fill=\"#fff\"><\/use>\n<\/g>\n<\/svg>\n<\/div>\n<!--Waves end-->\n<\/div>\n<\/div>\n\n<div class=\"gb-element-fc0a1654  alignfull\" id=\"About\">\n<div class=\"gb-element-df018f58 regular-width\">\n<div class=\"headline_block\">\n<h2 class=\"wp-block-heading has-text-align-center small has-contrast-color has-text-color has-link-color wp-elements-a8ff0df3f0a09bca0a74642fcb6820a5\"><br\/><strong>04. &#8211; 07 Septiembre 2025 &#8211; 07.2025<\/strong><\/h2>\n\n\n\n<h2 class=\"wp-block-heading has-text-align-center has-contrast-color has-text-color has-link-color wp-elements-4810c822766f55e5473e4354cecae275\">10 A\u00f1os de Solidaridad y Resistencia \u2013 B\u00fasqueda y Rescate<\/h2>\n<\/div>\n\n\n\n<div class=\"wp-block-columns is-layout-flex wp-container-core-columns-is-layout-9d6595d7 wp-block-columns-is-layout-flex\">\n<div class=\"wp-block-column is-layout-flow wp-block-column-is-layout-flow\">\n<p class=\"has-contrast-color has-text-color has-link-color wp-elements-c7441b56085c5368777874f1e3ef3b5b\">Invitamos a personas con experiencias de desplazamiento, activistas y aliades a compartir experiencias, reflexionar sobre nuestras estrategias pol\u00edticas, aprender unes de otres y dar forma al pr\u00f3ximo cap\u00edtulo de este movimiento.<\/p>\n\n\n\n<p class=\"has-contrast-color has-text-color has-link-color wp-elements-a02377a96cf4916b6b1810b254fc72db\">Llevamos diez a\u00f1os luchando por el salvamento mar\u00edtimo civil, la libertad de circulaci\u00f3n y los derechos fundamentales para todes.<\/p>\n<\/div>\n\n\n\n<div class=\"wp-block-column is-layout-flow wp-block-column-is-layout-flow\">\n<p class=\"has-contrast-color has-text-color has-link-color wp-elements-33f2d780b31c89cf499925e94078c25e\">Este aniversario tiene sus ra\u00edces en la lucha m\u00e1s amplia que surgi\u00f3 con fuerza durante el Verano de la Migraci\u00f3n: solidarizarse con las personas en movimiento, resistir a la mort\u00edfera fortaleza Europa y luchar por un futuro sin fronteras, pero con justicia y solidaridad.<br\/><br\/><br\/>Formamos parte de la Cadena<a href=\"https:\/\/trans-border.net\/index.php\/join-the-transnational-chain-of-actions-for-free-movement\/\"> Transnacional de Acciones <\/a>que recuerda el verano de la migraci\u00f3n de 2015. <\/p>\n\n\n\n<p class=\"has-contrast-color has-text-color has-link-color wp-elements-00ec4cb984290d1a958908658ef99d95\"><br\/>Organizamos este campamento desde dentro de la \u00abburbuja\u00bb del rescate mar\u00edtimo y sabemos que nuestra perspectiva es limitada. Por eso queremos cuestionar estos sistemas en nuestro propio trabajo y hacer que el campamento sea lo m\u00e1s inclusivo y accesible posible. Lee <a href=\"https:\/\/sar-camp.wtf\/es\/concepto-de-cuidado-infantil\/\">nuestra declaraci\u00f3n completa aqu\u00ed.<\/a>  <\/p>\n\n\n\n<p><\/p>\n\n\n\n<p><\/p>\n<\/div>\n<\/div>\n<\/div>\n\n\n\n<div class=\"gb-element-e41a739b overlap\">\n<div class=\"regular-width\">\n<p class=\"has-contrast-color has-text-color has-link-color wp-elements-a048653c0c89487894339ff5d78b6471\"><strong>Este campamento es para ti si&#8230;<\/strong><\/p>\n\n\n\n<ul class=\"wp-block-list has-contrast-color has-text-color has-link-color wp-elements-775fc19242972adf9ea90db85a9b8151\">\n<li>Participas activamente en <strong>salvamento mar\u00edtimo, labores solidarias<\/strong> o <strong>redes de apoyo a personas desplazadas<\/strong> <\/li>\n\n\n\n<li>Luchas por <strong>la libertad de movimiento<\/strong> sin fronteras.<\/li>\n\n\n\n<li>Eres una persona con <strong>experiencia vivida de huida<\/strong>, migraci\u00f3n o b\u00fasqueda de asilo y quieres conectar, compartir y organizarte. <\/li>\n\n\n\n<li>Est\u00e1s involucrade en<strong> <\/strong><strong>trabajo anti-racista<\/strong>, <strong>decolonial<\/strong>, o de <strong>justicia migrante<\/strong>.<\/li>\n\n\n\n<li>A\u00fan no est\u00e1s organizade, pero est\u00e1s interesade en<strong> unirte a las luchas<\/strong>.<\/li>\n\n\n\n<li>Quieres <strong>dar forma a la pr\u00f3xima d\u00e9cada juntes<\/strong>.<\/li>\n<\/ul>\n<\/div>\n\n\n\n<a class=\"gb-text-651e24c7 button_on_secondary\" href=\"https:\/\/tickets.sar-camp.wtf\/\" target=\"_blank\" rel=\"noopener\"><span class=\"gb-shape\"><svg xmlns=\"http:\/\/www.w3.org\/2000\/svg\" aria-hidden=\"true\" role=\"img\" height=\"1em\" width=\"1em\" viewbox=\"0 0 512 512\"><path fill=\"currentColor\" d=\"M462.3 62.6C407.5 15.9 326 24.3 275.7 76.2L256 96.5l-19.7-20.3C186.1 24.3 104.5 15.9 49.7 62.6c-62.8 53.6-66.1 149.8-9.9 207.9l193.5 199.8c12.5 12.9 32.8 12.9 45.3 0l193.5-199.8c56.3-58.1 53-154.3-9.8-207.9z\"><\/path><\/svg><\/span><span class=\"gb-text\">Consiga tu billete<\/span><\/a>\n<\/div>\n<\/div>\n\n<div class=\"gb-element-31d34648\" id=\"Expect\">\n<div class=\"gb-element-eebbbc60\">\n<h2 class=\"wp-block-heading has-text-align-center\">Intercambiar. Aprender. Organizar. Todo lo que la gente quiera y pueda aportar tendr\u00e1 lugar en el campamento. Es un campamento participativo.    <\/h2>\n\n\n\n<div style=\"height:62px\" aria-hidden=\"true\" class=\"wp-block-spacer\"><\/div>\n\n\n\n<div class=\"wp-block-columns is-layout-flex wp-container-core-columns-is-layout-9d6595d7 wp-block-columns-is-layout-flex\">\n<div class=\"wp-block-column is-layout-flow wp-block-column-is-layout-flow\">\n<div class=\"gb-element-6fec51d8\">\n<div class=\"gb-element-a05d9282 teasercardimg_container\">\n<figure class=\"wp-block-image size-large is-resized\"><img decoding=\"async\" src=\"https:\/\/sar-camp.wtf\/wp-content\/uploads\/2025\/04\/workshop-panels.svg\" alt=\"\" class=\"wp-image-797\" style=\"width:300px\"\/><\/figure>\n<\/div>\n\n\n\n<div>\n<div class=\"gb-element-2c14ddeb\">\n<h3 class=\"wp-block-heading\">Workshops &amp; Panels<\/h3>\n<\/div>\n\n\n\n<p><\/p>\n<\/div>\n<\/div>\n<\/div>\n\n\n\n<div class=\"wp-block-column is-layout-flow wp-block-column-is-layout-flow\">\n<div class=\"gb-element-6fec51d8\">\n<div class=\"gb-element-a05d9282 teasercardimg_container\">\n<figure class=\"wp-block-image size-large is-resized\"><img decoding=\"async\" src=\"https:\/\/sar-camp.wtf\/wp-content\/uploads\/2025\/04\/history-storytelling.svg\" alt=\"\" class=\"wp-image-761\" style=\"width:300px\"\/><\/figure>\n<\/div>\n\n\n\n<div>\n<div class=\"gb-element-2c14ddeb\">\n<h3 class=\"wp-block-heading\">Storytelling &amp; History<\/h3>\n<\/div>\n\n\n\n<p><\/p>\n<\/div>\n<\/div>\n<\/div>\n\n\n\n<div class=\"wp-block-column is-layout-flow wp-block-column-is-layout-flow\">\n<div class=\"gb-element-6fec51d8\">\n<div class=\"gb-element-a05d9282 teasercardimg_container\">\n<figure class=\"wp-block-image size-large is-resized\"><img decoding=\"async\" src=\"https:\/\/sar-camp.wtf\/wp-content\/uploads\/2025\/04\/strategy-lab.svg\" alt=\"\" class=\"wp-image-793\" style=\"width:300px\"\/><\/figure>\n<\/div>\n\n\n\n<div>\n<div class=\"gb-element-2c14ddeb\">\n<h3 class=\"wp-block-heading\">Strategy Labs<\/h3>\n<\/div>\n\n\n\n<p><\/p>\n<\/div>\n<\/div>\n<\/div>\n<\/div>\n\n\n\n<div class=\"wp-block-columns is-layout-flex wp-container-core-columns-is-layout-9d6595d7 wp-block-columns-is-layout-flex\">\n<div class=\"wp-block-column is-layout-flow wp-block-column-is-layout-flow\">\n<div class=\"gb-element-6fec51d8\">\n<div class=\"gb-element-a05d9282 teasercardimg_container\">\n<figure class=\"wp-block-image size-large is-resized\"><img decoding=\"async\" src=\"https:\/\/sar-camp.wtf\/wp-content\/uploads\/2025\/04\/open-spaces.svg\" alt=\"\" class=\"wp-image-789\" style=\"width:300px\"\/><\/figure>\n<\/div>\n\n\n\n<div>\n<div class=\"gb-element-2c14ddeb\">\n<h3 class=\"wp-block-heading\">Open Spaces<\/h3>\n<\/div>\n\n\n\n<p><\/p>\n<\/div>\n<\/div>\n<\/div>\n\n\n\n<div class=\"wp-block-column is-layout-flow wp-block-column-is-layout-flow\">\n<div class=\"gb-element-6fec51d8\">\n<div class=\"gb-element-a05d9282 teasercardimg_container\">\n<figure class=\"wp-block-image size-large is-resized\"><img decoding=\"async\" src=\"https:\/\/sar-camp.wtf\/wp-content\/uploads\/2025\/04\/concert-art-music.svg\" alt=\"\" class=\"wp-image-757\" style=\"width:300px\"\/><\/figure>\n<\/div>\n\n\n\n<div>\n<div class=\"gb-element-2c14ddeb\">\n<h3 class=\"wp-block-heading\">Evening Gatherings, Concerts, Art, Party<\/h3>\n<\/div>\n\n\n\n<p><\/p>\n<\/div>\n<\/div>\n<\/div>\n\n\n\n<div class=\"wp-block-column is-layout-flow wp-block-column-is-layout-flow\">\n<div class=\"gb-element-6fec51d8\">\n<div class=\"gb-element-a05d9282 teasercardimg_container\">\n<figure class=\"wp-block-image size-large is-resized\"><img decoding=\"async\" src=\"https:\/\/sar-camp.wtf\/wp-content\/uploads\/2025\/04\/movement-building.svg\" alt=\"\" class=\"wp-image-781\" style=\"width:300px\"\/><\/figure>\n<\/div>\n\n\n\n<div>\n<div class=\"gb-element-2c14ddeb\">\n<h3 class=\"wp-block-heading\">Movement Building<\/h3>\n<\/div>\n\n\n\n<p><\/p>\n<\/div>\n<\/div>\n<\/div>\n<\/div>\n<\/div>\n\n\n\n<div style=\"height:60px\" aria-hidden=\"true\" class=\"wp-block-spacer\"><\/div>\n\n\n\n<div class=\"gb-element-39102394 overlap\">\n<div class=\"regular-width\">\n<div class=\"gb-element-a6d24788 baseline_middle\">\n<div class=\"gb-element-894208b2\">\n<h2 class=\"wp-block-heading deco-headline has-contrast-color has-text-color has-link-color wp-elements-3ca6db40220b8fa55991b44852373d20\"><img loading=\"lazy\" decoding=\"async\" width=\"40\" height=\"40\" class=\"wp-image-17\" style=\"width: 40px;\" src=\"https:\/\/sar-camp.wtf\/wp-content\/uploads\/2025\/03\/cropped-Element-1.png\" alt=\"\" srcset=\"https:\/\/sar-camp.wtf\/wp-content\/uploads\/2025\/03\/cropped-Element-1.png 512w, https:\/\/sar-camp.wtf\/wp-content\/uploads\/2025\/03\/cropped-Element-1-300x300.png 300w, https:\/\/sar-camp.wtf\/wp-content\/uploads\/2025\/03\/cropped-Element-1-150x150.png 150w, https:\/\/sar-camp.wtf\/wp-content\/uploads\/2025\/03\/cropped-Element-1-270x270.png 270w, https:\/\/sar-camp.wtf\/wp-content\/uploads\/2025\/03\/cropped-Element-1-192x192.png 192w, https:\/\/sar-camp.wtf\/wp-content\/uploads\/2025\/03\/cropped-Element-1-180x180.png 180w, https:\/\/sar-camp.wtf\/wp-content\/uploads\/2025\/03\/cropped-Element-1-32x32.png 32w\" sizes=\"auto, (max-width: 40px) 100vw, 40px\" \/>Aporta tus habilidades, ideas y luchas<img loading=\"lazy\" decoding=\"async\" width=\"40\" height=\"40\" class=\"wp-image-17\" style=\"width: 40px;\" src=\"https:\/\/sar-camp.wtf\/wp-content\/uploads\/2025\/03\/cropped-Element-1.png\" alt=\"\" srcset=\"https:\/\/sar-camp.wtf\/wp-content\/uploads\/2025\/03\/cropped-Element-1.png 512w, https:\/\/sar-camp.wtf\/wp-content\/uploads\/2025\/03\/cropped-Element-1-300x300.png 300w, https:\/\/sar-camp.wtf\/wp-content\/uploads\/2025\/03\/cropped-Element-1-150x150.png 150w, https:\/\/sar-camp.wtf\/wp-content\/uploads\/2025\/03\/cropped-Element-1-270x270.png 270w, https:\/\/sar-camp.wtf\/wp-content\/uploads\/2025\/03\/cropped-Element-1-192x192.png 192w, https:\/\/sar-camp.wtf\/wp-content\/uploads\/2025\/03\/cropped-Element-1-180x180.png 180w, https:\/\/sar-camp.wtf\/wp-content\/uploads\/2025\/03\/cropped-Element-1-32x32.png 32w\" sizes=\"auto, (max-width: 40px) 100vw, 40px\" \/><\/h2>\n<\/div>\n<\/div>\n\n\n\n<p class=\"has-contrast-color has-text-color has-link-color wp-elements-b71a0a3f01d4b6c3b5904a05838b383e\">Ya sea un taller, una pel\u00edcula, una charla, un concierto, un debate o un intercambio de conocimientos, estamos creando juntes este espacio.<\/p>\n\n\n\n<div class=\"gb-element-db848ef7\">\n<p class=\"has-contrast-color has-text-color has-link-color wp-elements-7c02090b93c6d8e352e0f28484950848\">We are looking forward for your contribution.<br\/><strong>Submit until August 14!<\/strong> <br\/><em>If you are wondering whether your contribution fits, please reach out to <a href=\"mailto:camp@sea-watch.org\">camp@sea-watch.org.<\/a><\/em><\/p>\n\n\n\n<div>\n<a class=\"gb-text-736b29e0 button_on_secondary\" href=\"https:\/\/content.sar-camp.wtf\/sar-camp-2025\/cfp\" target=\"_blank\" rel=\"noopener\"><span class=\"gb-shape\"><svg xmlns=\"http:\/\/www.w3.org\/2000\/svg\" width=\"48\" height=\"48\" viewbox=\"0 0 48 48\" fill=\"none\">\n  <path fill-rule=\"evenodd\" clip-rule=\"evenodd\" d=\"M30 8C28.8954 8 28 7.10457 28 6C28 4.89543 28.8954 4 30 4H42C43.1046 4 44 4.89543 44 6V18C44 19.1046 43.1046 20 42 20C40.8954 20 40 19.1046 40 18V10.8284L21.4142 29.4142C20.6332 30.1953 19.3668 30.1953 18.5858 29.4142C17.8047 28.6332 17.8047 27.3668 18.5858 26.5858L37.1716 8H30ZM10 14C9.46957 14 8.96086 14.2107 8.58579 14.5858C8.21071 14.9609 8 15.4696 8 16V38C8 38.5304 8.21071 39.0391 8.58579 39.4142C8.96086 39.7893 9.46957 40 10 40H32C32.5304 40 33.0391 39.7893 33.4142 39.4142C33.7893 39.0391 34 38.5304 34 38V26C34 24.8954 34.8954 24 36 24C37.1046 24 38 24.8954 38 26V38C38 39.5913 37.3679 41.1174 36.2426 42.2426C35.1174 43.3679 33.5913 44 32 44H10C8.4087 44 6.88258 43.3679 5.75736 42.2426C4.63214 41.1174 4 39.5913 4 38V16C4 14.4087 4.63214 12.8826 5.75736 11.7574C6.88258 10.6321 8.4087 10 10 10H22C23.1046 10 24 10.8954 24 12C24 13.1046 23.1046 14 22 14H10Z\" fill=\"white\"><\/path>\n<\/svg><\/span><span class=\"gb-text\">Link para la Contribuci\u00f3n<\/span><\/a>\n<\/div>\n<\/div>\n<\/div>\n<\/div>\n<\/div>\n\n<div class=\"gb-element-ca0d7206 alignfull\" id=\"WhereWhenHow\">\n<div class=\"gb-element-48ee4355 regular-width\">\n<div class=\"gb-element-2ce19e62\">\n<div class=\"gb-element-052d099a\">\n<h2 class=\"wp-block-heading has-main-1-dark-color has-text-color has-link-color wp-elements-d069c0227d4466f299ca81fc907163f8\">\u00bfD\u00f3nde, Cu\u00e1ndo, y C\u00f3mo?<\/h2>\n\n\n\n<p>Cada entrada incluye acampada y entrada al campamento SAR y comida. \u00a1Esperamos verte a ti y a tus ideas!<\/p>\n\n\n\n<div>\n<p class=\"has-text-align-left date has-contrast-color has-text-color has-link-color wp-elements-e7fb2356eb2ae1f7e4249b416291feea\"><img loading=\"lazy\" decoding=\"async\" width=\"36\" height=\"36\" class=\"wp-image-415\" style=\"width: 36px;\" src=\"https:\/\/sar-camp.wtf\/wp-content\/uploads\/2025\/04\/icon_calendar.png\" alt=\"\"\/>  04. &#8211; 07. 04. &#8211; 07.09.2025<\/p>\n\n\n\n<p class=\"location\"><img loading=\"lazy\" decoding=\"async\" width=\"36\" height=\"37\" class=\"wp-image-416\" style=\"width: 36px;\" src=\"https:\/\/sar-camp.wtf\/wp-content\/uploads\/2025\/04\/icon_location.png\" alt=\"\"\/>Localizaci\u00f3n: Biesenthal cerca Berlin<\/p>\n<\/div>\n<\/div>\n<\/div>\n\n\n\n<figure class=\"wp-block-image size-full\"><img loading=\"lazy\" decoding=\"async\" width=\"490\" height=\"540\" src=\"https:\/\/sar-camp.wtf\/wp-content\/uploads\/2025\/04\/map_tmp.png\" alt=\"\" class=\"wp-image-299\" style=\"object-fit:cover\" srcset=\"https:\/\/sar-camp.wtf\/wp-content\/uploads\/2025\/04\/map_tmp.png 490w, https:\/\/sar-camp.wtf\/wp-content\/uploads\/2025\/04\/map_tmp-272x300.png 272w\" sizes=\"auto, (max-width: 490px) 100vw, 490px\" \/><\/figure>\n<\/div>\n\n\n\n<div class=\"gb-element-5bd87dc3\" id=\"Join\">\n<h2 class=\"wp-block-heading has-contrast-color has-text-color has-link-color wp-elements-573fd4b4f565c03671948e8dda738064\">\u00bfQuieres unirte a nosotres?<\/h2>\n\n\n\n<p class=\"has-contrast-color has-text-color has-link-color wp-elements-18e9aa18a46cba52190ac7b60347304e\">Inscr\u00edbete en el campamento aqu\u00ed.<\/p>\n\n\n\n<a class=\"gb-text-37f323a3 button_on_secondary\" href=\"https:\/\/tickets.sar-camp.wtf\/\" target=\"_blank\" rel=\"noopener\"><span class=\"gb-shape\"><svg xmlns=\"http:\/\/www.w3.org\/2000\/svg\" aria-hidden=\"true\" role=\"img\" height=\"1em\" width=\"1em\" viewbox=\"0 0 512 512\"><path fill=\"currentColor\" d=\"M462.3 62.6C407.5 15.9 326 24.3 275.7 76.2L256 96.5l-19.7-20.3C186.1 24.3 104.5 15.9 49.7 62.6c-62.8 53.6-66.1 149.8-9.9 207.9l193.5 199.8c12.5 12.9 32.8 12.9 45.3 0l193.5-199.8c56.3-58.1 53-154.3-9.8-207.9z\"><\/path><\/svg><\/span><span class=\"gb-text\">Consiga tu billete<\/span><\/a>\n<\/div>\n\n\n\n<div class=\"gb-element-537d2e61 faq\" id=\"FAQ\">\n<div style=\"height:100px\" aria-hidden=\"true\" class=\"wp-block-spacer\"><\/div>\n\n\n\n<h2 class=\"wp-block-heading has-main-1-dark-color has-text-color has-link-color wp-elements-7dddf385c741a3ee8b3bcd7244dd9fbe\">FAQ<\/h2>\n\n\n\n<p>Mas preguntas?<br\/>Contacta con nosotres en camp@sea-watch.org<\/p>\n\n\n\n<h3 class=\"wp-block-heading has-main-2-color has-text-color has-link-color wp-elements-74c52db7d9376cb43d14ca8afdc7c75f\"><strong>Alojamiento e instalaciones<\/strong><\/h3>\n\n\n\n<details class=\"wp-block-details is-layout-flow wp-block-details-is-layout-flow\"><summary>\u00bfTengo que dormir en una tienda de campa\u00f1a?<\/summary>\n<p>No necesariamente. Aunque mucha gente acampa, proporcionaremos espacios limitados para dormir en el interior o alternativas accesibles; ponte en contacto con nosotres si necesitas alguna. <\/p>\n<\/details>\n\n\n\n<hr class=\"wp-block-separator has-alpha-channel-opacity\"\/>\n\n\n\n<details class=\"wp-block-details is-layout-flow wp-block-details-is-layout-flow\"><summary>\u00bfQu\u00e9 deber\u00eda traer conmigo?<\/summary>\n<p>Trae ropa adecuada para el tiempo, material de acampada (tienda, saco de dormir y esterilla&#8230;), , cualquier medicamento que necesites, una toalla para la sauna y cosas que te hagan sentir c\u00f3mode.<\/p>\n<\/details>\n\n\n\n<hr class=\"wp-block-separator has-alpha-channel-opacity\"\/>\n\n\n\n<details class=\"wp-block-details is-layout-flow wp-block-details-is-layout-flow\"><summary>\u00bfHabr\u00e1 posibilidad de ducharse?<\/summary>\n<p>Hay un lago en el camping, perfecto para nadar y ba\u00f1arse. Adem\u00e1s, en el camping habr\u00e1 algunas duchas al aire libre. <\/p>\n<\/details>\n\n\n\n<hr class=\"wp-block-separator has-alpha-channel-opacity\"\/>\n\n\n\n<details class=\"wp-block-details is-layout-flow wp-block-details-is-layout-flow\"><summary>\u00bfHay cajeros autom\u00e1ticos o posibilidad de pagar con tarjeta en el recinto?<\/summary>\n<p>No, desafortunadamente no hay ninguno de los dos disponibles en el recinto. Recomendamos traer algo de dinero en efectivo. <\/p>\n<\/details>\n\n\n\n<hr class=\"wp-block-separator has-alpha-channel-opacity\"\/>\n\n\n\n<details class=\"wp-block-details is-layout-flow wp-block-details-is-layout-flow\"><summary>\u00bfPuedo traer a mi perro?<\/summary>\n<p>Los perros son bienvenidos. Deben llevar correa en todo momento dentro del recinto del festival, pero fuera del recinto hay zonas donde pueden correr libremente. <\/p>\n<\/details>\n\n\n\n<hr class=\"wp-block-separator has-alpha-channel-opacity\"\/>\n\n\n\n<details class=\"wp-block-details is-layout-flow wp-block-details-is-layout-flow\"><summary>\u00bfHay un espacio de coworking?<\/summary>\n<p>En el recinto del festival habr\u00e1 una sala para trabajar, con mesas y wifi.<\/p>\n<\/details>\n\n\n\n<hr class=\"wp-block-separator has-alpha-channel-opacity\"\/>\n\n\n\n<details class=\"wp-block-details is-layout-flow wp-block-details-is-layout-flow\"><summary>\u00bfHabr\u00e1 un intercambio de libros en el evento?<\/summary>\n<p>\u00a1S\u00ed! \u00a1No dudes en traer tus libros le\u00eddos e intercambiarlos con otros participantes! <\/p>\n<\/details>\n\n\n\n<hr class=\"wp-block-separator has-alpha-channel-opacity\"\/>\n\n\n\n<h3 class=\"wp-block-heading has-main-2-color has-text-color has-link-color wp-elements-2cb622c07bcc25033513bb521ad92018\"><strong>Transporte y C\u00f3mo llegar<\/strong><\/h3>\n\n\n\n<details class=\"wp-block-details is-layout-flow wp-block-details-is-layout-flow\"><summary>\u00bfC\u00f3mo llego al campamento? \u00bfHay transporte p\u00fablico? <\/summary>\n<p>S\u00ed, se puede llegar al campamento en transporte p\u00fablico. Tras la inscripci\u00f3n, enviaremos por correo electr\u00f3nico instrucciones detalladas sobre c\u00f3mo llegar. Tambi\u00e9n ofrecemos un servicio de transporte entre la estaci\u00f3n de tren y el campamento  <\/p>\n<\/details>\n\n\n\n<hr class=\"wp-block-separator has-alpha-channel-opacity\"\/>\n\n\n\n<details class=\"wp-block-details is-layout-flow wp-block-details-is-layout-flow\"><summary>\u00bfPuedo venir en coche o furgoneta? \u00bfHay plazas de aparcamiento? <\/summary>\n<p>Habr\u00e1 plazas de aparcamiento limitadas. Puedes venir con tu furgoneta\/coche si duermes en \u00e9l, de lo contrario te animamos a que vengas en transporte p\u00fablico, ya que no podemos garantizarte una plaza de aparcamiento. Te animamos a compartir coche si es posible.  <\/p>\n<\/details>\n\n\n\n<hr class=\"wp-block-separator has-alpha-channel-opacity\"\/>\n\n\n\n<h3 class=\"wp-block-heading has-main-2-color has-text-color has-link-color wp-elements-82e1d35533c8ec42c2052b30bb53f39a\"><strong>Entradas y Gastos<\/strong><\/h3>\n\n\n\n<details class=\"wp-block-details is-layout-flow wp-block-details-is-layout-flow\"><summary>S\u00f3lo quiero venir un d\u00eda, \u00bftengo que pagar la entrada completa?<\/summary>\n<p>Por lo general, nos encantar\u00eda que te quedaraa todo el fin de semana para poder disfrutar plenamente del intercambio y la creaci\u00f3n de redes, por lo que no existe una entrada de un d\u00eda. Pero, por supuesto, puedes venir m\u00e1s tarde o irte antes. Si es as\u00ed, puedes escribirnos y podemos darte un vale, para que no tengas que pagar el precio completo.  <\/p>\n<\/details>\n\n\n\n<hr class=\"wp-block-separator has-alpha-channel-opacity\"\/>\n\n\n\n<details class=\"wp-block-details is-layout-flow wp-block-details-is-layout-flow\"><summary>No puedo permitirme la entrada solidaria, \u00bfpuedo venir?<\/summary>\n<p>S\u00ed. Sugerimos una escala m\u00f3vil de contribuci\u00f3n, pero nadie ser\u00e1 rechazade por falta de fondos. La accesibilidad implica acceso financiero. Si no puedes permit\u00edrtelo, h\u00e1znoslo saber y haremos que funcione.   <\/p>\n<\/details>\n\n\n\n<hr class=\"wp-block-separator has-alpha-channel-opacity\"\/>\n\n\n\n<details class=\"wp-block-details is-layout-flow wp-block-details-is-layout-flow\"><summary>\u00bfHabr\u00e1 comida?<\/summary>\n<p>S\u00ed, tendremos un equipo de cocina apoyado por todos nosotros que ofrecer\u00e1 comida vegana. La comida y el agua est\u00e1n incluidos en el precio de la entrada. Si quieres traer tu propia comida, puedes conseguir una entrada m\u00e1s barata a trav\u00e9s del portal de entradas. Adem\u00e1s, podr\u00e1s tomar caf\u00e9 y otras bebidas en el bar. As\u00ed que trae algo de dinero para eso \ud83d\ude09   <\/p>\n<\/details>\n\n\n\n<hr class=\"wp-block-separator has-alpha-channel-opacity\"\/>\n\n\n\n<h3 class=\"wp-block-heading has-main-2-color has-text-color has-link-color wp-elements-830ffc759086acc97e769e62cc140b77\"><strong>Familias y ni\u00f1es<\/strong><\/h3>\n\n\n\n<div>\n<details class=\"wp-block-details is-layout-flow wp-block-details-is-layout-flow\"><summary>\u00bfPuedo llevar ni\u00f1es?<\/summary>\n<p>S\u00ed. Les ni\u00f1es son bienvenides. Por favor, inf\u00f3rmanos durante el registro para la venta de entradas, cu\u00e1ntos ni\u00f1es vas a traer, para que podamos planificar la comida y el cuidado de les ni\u00f1es, ya que proporcionaremos ambos en el sitio. Les ni\u00f1es mayores de 14 a\u00f1os necesitar\u00e1n una entrada para ellos.    The <a href=\"https:\/\/sar-camp.wtf\/es\/accesibilidad-y-sensibilizacion\/\"><mark style=\"background-color:rgba(0, 0, 0, 0)\" class=\"has-inline-color has-accent-color\">Child Care Concept can be found here<\/mark><\/a>.<\/p>\n<\/details>\n<\/div>\n\n\n\n<hr class=\"wp-block-separator has-alpha-channel-opacity\"\/>\n\n\n\n<h3 class=\"wp-block-heading has-main-2-color has-text-color has-link-color wp-elements-830ffc759086acc97e769e62cc140b77\"><strong>Familias y ni\u00f1es<\/strong><\/h3>\n\n\n\n<details class=\"wp-block-details is-layout-flow wp-block-details-is-layout-flow\"><summary>\u00bfEn qu\u00e9 idioma se impartir\u00e1n los talleres?<\/summary>\n<p>Los idiomas principales del campamento ser\u00e1n el alem\u00e1n y el ingl\u00e9s, y haremos todo lo posible por ofrecer traducci\u00f3n en ambos idiomas. Si necesita alg\u00fan otro idioma o si puede colaborar con la traducci\u00f3n, por favor h\u00e1ganoslo saber. <\/p>\n<\/details>\n\n\n\n<hr class=\"wp-block-separator has-alpha-channel-opacity\"\/>\n\n\n\n<details class=\"wp-block-details is-layout-flow wp-block-details-is-layout-flow\"><summary>\u00bfEs posible que los participantes u organizaciones vendan productos o recauden fondos en el lugar?<\/summary>\n<p>Estamos encantados de que muchas organizaciones e iniciativas sin \u00e1nimo de lucro y financiadas principalmente por donaciones se re\u00fanan en Biesenthal. El campamento no tiene como objetivo ni car\u00e1cter recaudar fondos para las diversas organizaciones, por lo que creemos que no es el lugar adecuado para ello. <\/p>\n<\/details>\n\n\n\n<hr class=\"wp-block-separator has-alpha-channel-opacity\"\/>\n\n\n\n<h3 class=\"wp-block-heading has-main-2-color has-text-color has-link-color wp-elements-3df197709cd9e7e0e333bf8cde1f7d83\"><strong>conexi\u00f3n<\/strong><\/h3>\n\n\n\n<details class=\"wp-block-details is-layout-flow wp-block-details-is-layout-flow\"><summary>\u00bfHay maneras de conectar si vengo solo?<\/summary>\n<p>Mucha gente viene al campamento sin grupo, \u00a1y est\u00e1 totalmente bien! Estamos organizando algunas formas sencillas para ayudarte a conocer gente y sentirte parte desde el principio. <\/p>\n\n\n\n<p>Esto es lo que tenemos preparado:<\/p>\n\n\n\n<p><strong>Grupos de Telegram<\/strong><br\/>Cuando tengas tu entrada, recibir\u00e1s la informaci\u00f3n para acceder a nuestro Telegram, que incluye: <\/p>\n\n\n\n<ul class=\"wp-block-list\">\n<li>Un <strong>grupo de conexi\u00f3n<\/strong> para chatear y conocer a otros antes del campamento<\/li>\n\n\n\n<li>Un grupo para organizar <strong>viajes compartidos<\/strong><\/li>\n\n\n\n<li>Un <strong>canal principal<\/strong> para actualizaciones e informaci\u00f3n pr\u00e1ctica<\/li>\n<\/ul>\n\n\n\n<p><strong>Encuentros diarios<\/strong><br\/>Cada d\u00eda hay una peque\u00f1a reuni\u00f3n en el campamento para quienes quieran conocer gente. Ser\u00e1 relajado y abierto a todos. <\/p>\n\n\n\n<p><strong>Turnos juntos<\/strong><br\/>La mayor\u00eda de los turnos en el campamento (cocina, concienciaci\u00f3n, etc.) se hacen en equipos peque\u00f1os. Es una gran oportunidad para conocer gente mientras haces algo \u00fatil. No hay que preocuparse por hacerlo solo.  <\/p>\n\n\n\n<p><strong>Sesiones abiertas<\/strong><br\/>Tendremos tiempo reservado en el programa para que cualquiera pueda iniciar una peque\u00f1a conversaci\u00f3n o actividad grupal.<br\/><br\/>As\u00ed que, vengas con un grupo o solo, siempre habr\u00e1 espacio para conectar \ud83d\ude42<\/p>\n<\/details>\n\n\n\n<hr class=\"wp-block-separator has-alpha-channel-opacity\"\/>\n\n\n\n<div class=\"wp-block-group is-vertical is-layout-flex wp-container-core-group-is-layout-8cf370e7 wp-block-group-is-layout-flex\">\n<p class=\"has-main-2-color has-text-color has-link-color wp-elements-129bce755f31733fee0809b056b7db35\"><strong>Sensibilizaci\u00f3n y Accesibilidad<\/strong><\/p>\n\n\n\n<details class=\"wp-block-details is-layout-flow wp-block-details-is-layout-flow\"><summary>\u00bfD\u00f3nde puedo encontrar m\u00e1s informaci\u00f3n sobre sensibilizaci\u00f3n y accesibilidad?<\/summary>\n<div>\n<p>La concienciaci\u00f3n y la accesibilidad son esenciales para nosotros. Encontrar\u00e1 los conceptos respectivos en el siguiente enlace: <a href=\"https:\/\/sar-camp.wtf\/es\/programa-2\/\"><mark style=\"background-color:rgba(0, 0, 0, 0)\" class=\"has-inline-color has-accent-color\"><em>Awareness and Accessibility <\/em><\/mark><\/a>  <\/p>\n<\/div>\n<\/details>\n<\/div>\n\n\n\n<hr class=\"wp-block-separator has-alpha-channel-opacity\"\/>\n\n\n\n<div style=\"height:90px\" aria-hidden=\"true\" class=\"wp-block-spacer\"><\/div>\n\n\n\n<h2 class=\"wp-block-heading has-text-align-left has-contrast-color has-text-color has-link-color wp-elements-2b1b3c7ea19bc92bb90347afa605e5f7\">\u00a1Gracias! <\/h2>\n\n\n\n<p>Este campamento ha sido organizado por: Collective aid, I Have Rights., ROSA &#8211; rolling safe space, Sea-Eye, Sea-Watch, Seebr\u00fccke Berlin, Wir packen\u2019s an y todas las personas que participan<br\/><br\/>Este campamento no ser\u00eda posible sin el apoyo de: AStA FU Berlin, AStA TU Berlin, Bar crew, Ben &amp; Jerry&#8217;s, Extinction Rebellion, FLBackline, Food4Action, Movement Hub, Netzwerk Polylux, No Nation Truck, Otto Events, ReBeam, Roses of Care, Satis&amp;fy, Solide Strukturen, Solikante, Woodpecker Dreams y muchos m\u00e1s<\/p>\n\n\n\n<div style=\"height:45px\" aria-hidden=\"true\" class=\"wp-block-spacer\"><\/div>\n<\/div>\n<\/div>\n\n<div class=\"gb-element-5ef24ea1 alignfull\">\n<!--Waves Container-->\n<div>\n<svg xmlns=\"http:\/\/www.w3.org\/2000\/svg\" xmlns:xlink=\"http:\/\/www.w3.org\/1999\/xlink\" class=\"waves\" viewbox=\"0 24 150 28\" preserveaspectratio=\"none\" shape-rendering=\"auto\">\n<defs>\n<path id=\"gentle-wave\" d=\"M-160 44c30 0 58-18 88-18s 58 18 88 18 58-18 88-18 58 18 88 18 v44h-352z\"><\/path>\n<\/defs>\n<g class=\"parallax\">\n<use xlink:href=\"#gentle-wave\" x=\"48\" y=\"0\" fill=\"rgba(86,0,189,0.7\"><\/use>\n<use xlink:href=\"#gentle-wave\" x=\"48\" y=\"3\" fill=\"rgba(86,0,189,0.5)\"><\/use>\n<use xlink:href=\"#gentle-wave\" x=\"48\" y=\"5\" fill=\"rgba(86,0,189,0.3)\"><\/use>\n<use xlink:href=\"#gentle-wave\" x=\"48\" y=\"7\" fill=\"#5600BD\"><\/use>\n<\/g>\n<\/svg>\n<\/div>\n<!--Waves end-->\n<\/div>\n","protected":false},"excerpt":{"rendered":"<p>Reflexionar. Resistir. Recuperar el futuro Un campamento para personas organizadas en b\u00fasqueda y rescate, huida, sin fronteras, descolonizaci\u00f3n y migraci\u00f3n, as\u00ed como para todas las relacionadas con estas luchas. Consiga tu billete 04. &#8211; 07 Septiembre 2025 &#8211; 07.2025 10 A\u00f1os de Solidaridad y Resistencia \u2013 B\u00fasqueda y Rescate Invitamos a personas con experiencias de &#8230; <a title=\"Home\" class=\"read-more\" href=\"https:\/\/sar-camp.wtf\/es\/\" aria-label=\"Leer m\u00e1s sobre Home\">Leer m\u00e1s<\/a><\/p>\n","protected":false},"author":3,"featured_media":986,"parent":0,"menu_order":0,"comment_status":"closed","ping_status":"closed","template":"","meta":{"inline_featured_image":false,"footnotes":""},"class_list":["post-979","page","type-page","status-publish","has-post-thumbnail"],"yoast_head":"<!-- This site is optimized with the Yoast SEO plugin v26.1.1 - https:\/\/yoast.com\/wordpress\/plugins\/seo\/ -->\n<title>Home - SAR Solidarity &amp; Resistance Camp<\/title>\n<meta name=\"description\" content=\"Un campamento para personas organizadas en b\u00fasqueda y rescate, huida, sin fronteras, descolonizaci\u00f3n y migraci\u00f3n, as\u00ed como para todas las relacionadas con estas luchas. Invitamosactivistas y aliades a compartir experiencias, reflexionar sobre nuestras estrategias pol\u00edticas, aprender unes de otres y dar forma al pr\u00f3ximo cap\u00edtulo de este movimiento.\" \/>\n<meta name=\"robots\" content=\"index, follow, max-snippet:-1, max-image-preview:large, max-video-preview:-1\" \/>\n<link rel=\"canonical\" href=\"https:\/\/sar-camp.wtf\/es\/\" \/>\n<meta property=\"og:locale\" content=\"es_ES\" \/>\n<meta property=\"og:type\" content=\"article\" \/>\n<meta property=\"og:title\" content=\"Home - SAR Solidarity &amp; Resistance Camp\" \/>\n<meta property=\"og:description\" content=\"Un campamento para personas organizadas en b\u00fasqueda y rescate, huida, sin fronteras, descolonizaci\u00f3n y migraci\u00f3n, as\u00ed como para todas las relacionadas con estas luchas. Invitamosactivistas y aliades a compartir experiencias, reflexionar sobre nuestras estrategias pol\u00edticas, aprender unes de otres y dar forma al pr\u00f3ximo cap\u00edtulo de este movimiento.\" \/>\n<meta property=\"og:url\" content=\"https:\/\/sar-camp.wtf\/es\/\" \/>\n<meta property=\"og:site_name\" content=\"SAR Solidarity &amp; Resistance Camp\" \/>\n<meta property=\"article:modified_time\" content=\"2025-08-29T18:25:50+00:00\" \/>\n<meta property=\"og:image\" content=\"https:\/\/sar-camp.wtf\/wp-content\/uploads\/2025\/04\/sar-logo-w-text.png\" \/>\n\t<meta property=\"og:image:width\" content=\"2485\" \/>\n\t<meta property=\"og:image:height\" content=\"1560\" \/>\n\t<meta property=\"og:image:type\" content=\"image\/png\" \/>\n<meta name=\"twitter:card\" content=\"summary_large_image\" \/>\n<meta name=\"twitter:label1\" content=\"Tiempo de lectura\" \/>\n\t<meta name=\"twitter:data1\" content=\"7 minutos\" \/>\n<script type=\"application\/ld+json\" class=\"yoast-schema-graph\">{\"@context\":\"https:\/\/schema.org\",\"@graph\":[{\"@type\":\"WebPage\",\"@id\":\"https:\/\/sar-camp.wtf\/es\/\",\"url\":\"https:\/\/sar-camp.wtf\/es\/\",\"name\":\"Home - SAR Solidarity &amp; Resistance Camp\",\"isPartOf\":{\"@id\":\"https:\/\/sar-camp.wtf\/es\/#website\"},\"primaryImageOfPage\":{\"@id\":\"https:\/\/sar-camp.wtf\/es\/#primaryimage\"},\"image\":{\"@id\":\"https:\/\/sar-camp.wtf\/es\/#primaryimage\"},\"thumbnailUrl\":\"https:\/\/sar-camp.wtf\/wp-content\/uploads\/2025\/04\/sar-logo-w-text.png\",\"datePublished\":\"2025-04-08T10:55:00+00:00\",\"dateModified\":\"2025-08-29T18:25:50+00:00\",\"description\":\"Un campamento para personas organizadas en b\u00fasqueda y rescate, huida, sin fronteras, descolonizaci\u00f3n y migraci\u00f3n, as\u00ed como para todas las relacionadas con estas luchas. Invitamosactivistas y aliades a compartir experiencias, reflexionar sobre nuestras estrategias pol\u00edticas, aprender unes de otres y dar forma al pr\u00f3ximo cap\u00edtulo de este movimiento.\",\"breadcrumb\":{\"@id\":\"https:\/\/sar-camp.wtf\/es\/#breadcrumb\"},\"inLanguage\":\"es\",\"potentialAction\":[{\"@type\":\"ReadAction\",\"target\":[\"https:\/\/sar-camp.wtf\/es\/\"]}]},{\"@type\":\"ImageObject\",\"inLanguage\":\"es\",\"@id\":\"https:\/\/sar-camp.wtf\/es\/#primaryimage\",\"url\":\"https:\/\/sar-camp.wtf\/wp-content\/uploads\/2025\/04\/sar-logo-w-text.png\",\"contentUrl\":\"https:\/\/sar-camp.wtf\/wp-content\/uploads\/2025\/04\/sar-logo-w-text.png\",\"width\":2485,\"height\":1560},{\"@type\":\"BreadcrumbList\",\"@id\":\"https:\/\/sar-camp.wtf\/es\/#breadcrumb\",\"itemListElement\":[{\"@type\":\"ListItem\",\"position\":1,\"name\":\"Startseite\",\"item\":\"https:\/\/sar-camp.wtf\/es\/\"},{\"@type\":\"ListItem\",\"position\":2,\"name\":\"Home\"}]},{\"@type\":\"WebSite\",\"@id\":\"https:\/\/sar-camp.wtf\/es\/#website\",\"url\":\"https:\/\/sar-camp.wtf\/es\/\",\"name\":\"SAR Solidarity &amp; Resistance Camp\",\"description\":\"10 Years of Solidarity &amp; Resistance - Search &amp; Rescue\",\"publisher\":{\"@id\":\"https:\/\/sar-camp.wtf\/es\/#organization\"},\"potentialAction\":[{\"@type\":\"SearchAction\",\"target\":{\"@type\":\"EntryPoint\",\"urlTemplate\":\"https:\/\/sar-camp.wtf\/es\/?s={search_term_string}\"},\"query-input\":{\"@type\":\"PropertyValueSpecification\",\"valueRequired\":true,\"valueName\":\"search_term_string\"}}],\"inLanguage\":\"es\"},{\"@type\":\"Organization\",\"@id\":\"https:\/\/sar-camp.wtf\/es\/#organization\",\"name\":\"SAR Solidarity &amp; Resistance Camp\",\"url\":\"https:\/\/sar-camp.wtf\/es\/\",\"logo\":{\"@type\":\"ImageObject\",\"inLanguage\":\"es\",\"@id\":\"https:\/\/sar-camp.wtf\/es\/#\/schema\/logo\/image\/\",\"url\":\"https:\/\/sar-camp.wtf\/wp-content\/uploads\/2025\/04\/sar-logo-w-text.png\",\"contentUrl\":\"https:\/\/sar-camp.wtf\/wp-content\/uploads\/2025\/04\/sar-logo-w-text.png\",\"width\":2485,\"height\":1560,\"caption\":\"SAR Solidarity &amp; Resistance Camp\"},\"image\":{\"@id\":\"https:\/\/sar-camp.wtf\/es\/#\/schema\/logo\/image\/\"}}]}<\/script>\n<!-- \/ Yoast SEO plugin. -->","yoast_head_json":{"title":"Home - SAR Solidarity &amp; Resistance Camp","description":"Un campamento para personas organizadas en b\u00fasqueda y rescate, huida, sin fronteras, descolonizaci\u00f3n y migraci\u00f3n, as\u00ed como para todas las relacionadas con estas luchas. Invitamosactivistas y aliades a compartir experiencias, reflexionar sobre nuestras estrategias pol\u00edticas, aprender unes de otres y dar forma al pr\u00f3ximo cap\u00edtulo de este movimiento.","robots":{"index":"index","follow":"follow","max-snippet":"max-snippet:-1","max-image-preview":"max-image-preview:large","max-video-preview":"max-video-preview:-1"},"canonical":"https:\/\/sar-camp.wtf\/es\/","og_locale":"es_ES","og_type":"article","og_title":"Home - SAR Solidarity &amp; Resistance Camp","og_description":"Un campamento para personas organizadas en b\u00fasqueda y rescate, huida, sin fronteras, descolonizaci\u00f3n y migraci\u00f3n, as\u00ed como para todas las relacionadas con estas luchas. Invitamosactivistas y aliades a compartir experiencias, reflexionar sobre nuestras estrategias pol\u00edticas, aprender unes de otres y dar forma al pr\u00f3ximo cap\u00edtulo de este movimiento.","og_url":"https:\/\/sar-camp.wtf\/es\/","og_site_name":"SAR Solidarity &amp; Resistance Camp","article_modified_time":"2025-08-29T18:25:50+00:00","og_image":[{"width":2485,"height":1560,"url":"https:\/\/sar-camp.wtf\/wp-content\/uploads\/2025\/04\/sar-logo-w-text.png","type":"image\/png"}],"twitter_card":"summary_large_image","twitter_misc":{"Tiempo de lectura":"7 minutos"},"schema":{"@context":"https:\/\/schema.org","@graph":[{"@type":"WebPage","@id":"https:\/\/sar-camp.wtf\/es\/","url":"https:\/\/sar-camp.wtf\/es\/","name":"Home - SAR Solidarity &amp; Resistance Camp","isPartOf":{"@id":"https:\/\/sar-camp.wtf\/es\/#website"},"primaryImageOfPage":{"@id":"https:\/\/sar-camp.wtf\/es\/#primaryimage"},"image":{"@id":"https:\/\/sar-camp.wtf\/es\/#primaryimage"},"thumbnailUrl":"https:\/\/sar-camp.wtf\/wp-content\/uploads\/2025\/04\/sar-logo-w-text.png","datePublished":"2025-04-08T10:55:00+00:00","dateModified":"2025-08-29T18:25:50+00:00","description":"Un campamento para personas organizadas en b\u00fasqueda y rescate, huida, sin fronteras, descolonizaci\u00f3n y migraci\u00f3n, as\u00ed como para todas las relacionadas con estas luchas. Invitamosactivistas y aliades a compartir experiencias, reflexionar sobre nuestras estrategias pol\u00edticas, aprender unes de otres y dar forma al pr\u00f3ximo cap\u00edtulo de este movimiento.","breadcrumb":{"@id":"https:\/\/sar-camp.wtf\/es\/#breadcrumb"},"inLanguage":"es","potentialAction":[{"@type":"ReadAction","target":["https:\/\/sar-camp.wtf\/es\/"]}]},{"@type":"ImageObject","inLanguage":"es","@id":"https:\/\/sar-camp.wtf\/es\/#primaryimage","url":"https:\/\/sar-camp.wtf\/wp-content\/uploads\/2025\/04\/sar-logo-w-text.png","contentUrl":"https:\/\/sar-camp.wtf\/wp-content\/uploads\/2025\/04\/sar-logo-w-text.png","width":2485,"height":1560},{"@type":"BreadcrumbList","@id":"https:\/\/sar-camp.wtf\/es\/#breadcrumb","itemListElement":[{"@type":"ListItem","position":1,"name":"Startseite","item":"https:\/\/sar-camp.wtf\/es\/"},{"@type":"ListItem","position":2,"name":"Home"}]},{"@type":"WebSite","@id":"https:\/\/sar-camp.wtf\/es\/#website","url":"https:\/\/sar-camp.wtf\/es\/","name":"SAR Solidarity &amp; Resistance Camp","description":"10 Years of Solidarity &amp; Resistance - Search &amp; Rescue","publisher":{"@id":"https:\/\/sar-camp.wtf\/es\/#organization"},"potentialAction":[{"@type":"SearchAction","target":{"@type":"EntryPoint","urlTemplate":"https:\/\/sar-camp.wtf\/es\/?s={search_term_string}"},"query-input":{"@type":"PropertyValueSpecification","valueRequired":true,"valueName":"search_term_string"}}],"inLanguage":"es"},{"@type":"Organization","@id":"https:\/\/sar-camp.wtf\/es\/#organization","name":"SAR Solidarity &amp; Resistance Camp","url":"https:\/\/sar-camp.wtf\/es\/","logo":{"@type":"ImageObject","inLanguage":"es","@id":"https:\/\/sar-camp.wtf\/es\/#\/schema\/logo\/image\/","url":"https:\/\/sar-camp.wtf\/wp-content\/uploads\/2025\/04\/sar-logo-w-text.png","contentUrl":"https:\/\/sar-camp.wtf\/wp-content\/uploads\/2025\/04\/sar-logo-w-text.png","width":2485,"height":1560,"caption":"SAR Solidarity &amp; Resistance Camp"},"image":{"@id":"https:\/\/sar-camp.wtf\/es\/#\/schema\/logo\/image\/"}}]}},"_links":{"self":[{"href":"https:\/\/sar-camp.wtf\/es\/wp-json\/wp\/v2\/pages\/979","targetHints":{"allow":["GET"]}}],"collection":[{"href":"https:\/\/sar-camp.wtf\/es\/wp-json\/wp\/v2\/pages"}],"about":[{"href":"https:\/\/sar-camp.wtf\/es\/wp-json\/wp\/v2\/types\/page"}],"author":[{"embeddable":true,"href":"https:\/\/sar-camp.wtf\/es\/wp-json\/wp\/v2\/users\/3"}],"replies":[{"embeddable":true,"href":"https:\/\/sar-camp.wtf\/es\/wp-json\/wp\/v2\/comments?post=979"}],"version-history":[{"count":9,"href":"https:\/\/sar-camp.wtf\/es\/wp-json\/wp\/v2\/pages\/979\/revisions"}],"predecessor-version":[{"id":1356,"href":"https:\/\/sar-camp.wtf\/es\/wp-json\/wp\/v2\/pages\/979\/revisions\/1356"}],"wp:featuredmedia":[{"embeddable":true,"href":"https:\/\/sar-camp.wtf\/es\/wp-json\/wp\/v2\/media\/986"}],"wp:attachment":[{"href":"https:\/\/sar-camp.wtf\/es\/wp-json\/wp\/v2\/media?parent=979"}],"curies":[{"name":"wp","href":"https:\/\/api.w.org\/{rel}","templated":true}]}}