{"id":1213,"date":"2025-08-18T16:06:37","date_gmt":"2025-08-18T16:06:37","guid":{"rendered":"https:\/\/sar-camp.wtf\/?page_id=1213"},"modified":"2025-08-19T19:43:18","modified_gmt":"2025-08-19T19:43:18","slug":"accesibilidad-y-sensibilizacion","status":"publish","type":"page","link":"https:\/\/sar-camp.wtf\/es\/accesibilidad-y-sensibilizacion\/","title":{"rendered":"Concepto de cuidado infantil"},"content":{"rendered":"\n<div class=\"gb-element-0ef186e7 alignfull\">\n<!--Waves Container-->\n<div>\n<svg xmlns=\"http:\/\/www.w3.org\/2000\/svg\" xmlns:xlink=\"http:\/\/www.w3.org\/1999\/xlink\" class=\"waves\" viewbox=\"0 24 150 28\" preserveaspectratio=\"none\" shape-rendering=\"auto\">\n<defs>\n<path id=\"gentle-wave\" d=\"M-160 44c30 0 58-18 88-18s 58 18 88 18 58-18 88-18 58 18 88 18 v44h-352z\"><\/path>\n<\/defs>\n<g class=\"parallax\">\n<use xlink:href=\"#gentle-wave\" x=\"48\" y=\"0\" fill=\"rgba(255,255,255,0.7\"><\/use>\n<use xlink:href=\"#gentle-wave\" x=\"48\" y=\"3\" fill=\"rgba(255,255,255,0.5)\"><\/use>\n<use xlink:href=\"#gentle-wave\" x=\"48\" y=\"5\" fill=\"rgba(255,255,255,0.3)\"><\/use>\n<use xlink:href=\"#gentle-wave\" x=\"48\" y=\"7\" fill=\"#fff\"><\/use>\n<\/g>\n<\/svg>\n<\/div>\n<!--Waves end-->\n<\/div>\n\n<div class=\"gb-element-58f1432b alignfull\">\n<div class=\"gb-element-0b206c7b regular-width\">\n<p class=\"has-main-2-color has-text-color has-link-color wp-elements-fb14b82f5542e24f95ec9da8cc2288a0\" style=\"font-size:30px\"><strong>Concepto de cuidado infantil Campamento SAR 4-7 de septiembre de 2025<\/strong><\/p>\n\n\n\n<p>Querid@s pap\u00e1s y cuidador@s,<\/p>\n\n\n\n<p>Habr\u00e1 servicio de guarder\u00eda disponible en nuestro campamento. A continuaci\u00f3n, le ofrecemos informaci\u00f3n sobre lo que ofrecemos. <\/p>\n\n\n\n<p><strong><br\/>\u00bfQ<strong>UANDO?<\/strong><\/strong><\/p>\n\n\n\n<p>Ofrecemos servicio de guarder\u00eda durante el horario del programa (de 10:30 a. m. a 1:00 p. m. y de 3:00 p. m. a 5:30 p. m.) en el Espacio Infantil para que puedas participar en los talleres y eventos. El Espacio Infantil abre a las 10:15 a. m. y a las 2:45 p. m. para que l@s ni\u00f1@s puedan acomodarse con usted en el Espacio Infantil. Por favor, traiga a sus hijos a tiempo para que podamos hacer el traspaso y conocernos un poco.  <\/p>\n\n\n\n<p><strong>\u00bfDONDE?<\/strong><\/p>\n\n\n\n<p>El Espacio Infantil est\u00e1 ubicado en el centro del campamento. Ser\u00e1 una carpa abierta bien se\u00f1alizada, visible desde todos los lados y marcada en todos los mapas. Tambi\u00e9n est\u00e1 cerca de la carpa m\u00e9dica, por lo que se puede obtener ayuda r\u00e1pidamente en caso de emergencia.  <\/p>\n\n\n\n<p><strong>\u00bfQUI\u00c9N?<\/strong><\/p>\n\n\n\n<p>El Espacio Infantil est\u00e1 abierto a todos los ni\u00f1@s mayores de 4 a\u00f1os. Para los ni\u00f1@s m\u00e1s peque\u00f1@s, por favor, ponte en contacto con los responsables de los turnos de cuidado infantil. Los turnos de cuidado infantil est\u00e1n a cargo de equipos de al menos otr@s dos participantes del campamento. No contamos con educador@s profesionales en el lugar, pero, por supuesto, todos los voluntari@s disfrutan trabajando con ni\u00f1@s y\/o tienen experiencia en ello.   <\/p>\n\n\n\n<p><strong>\u00bfQU\u00c9?<\/strong><\/p>\n\n\n\n<p>Nuestro objetivo es que tod@s l@s ni\u00f1@s se sientan c\u00f3modos con nosotros. Por lo tanto, solo cuidamos a l@s ni\u00f1@s que quieren estar all\u00ed. Por favor, inf\u00f3rmenos de cualquier requisito o necesidad importante que puedan tener sus hij@s (por ejemplo, alergias o problemas m\u00e9dicos), preferiblemente con antelaci\u00f3n en el punto de informaci\u00f3n o, a m\u00e1s tardar, al inscribir a sus hij@s en el Kids Space. Al inscribirlos, tambi\u00e9n le pediremos sus datos de contacto, la hora prevista para recogerlos y el evento al que asistir\u00e1, para poder comunicarnos con usted si fuera necesario. Durante el horario de cuidado infantil, puede comunicarse con nosotros a nuestro n\u00famero de tel\u00e9fono. Por supuesto, tambi\u00e9n puede quedarse con sus hij@s en el Kids Space. Habr\u00e1 una zona m\u00e1s tranquila y otra para juegos m\u00e1s activos. Tambi\u00e9n disponemos de agua y protector solar en el lugar.       <\/p>\n\n\n\n<p>Por favor, inf\u00f3rmenos si sus hij@s ya saben ir al ba\u00f1o y si podemos acompa\u00f1arlos en caso necesario. Por favor, proporci\u00f3nenos pa\u00f1ales limpios para l@s ni\u00f1@s que a\u00fan no saben ir al ba\u00f1o y ac\u00e9rquese a cambiarlos si es necesario. <\/p>\n\n\n\n<p><strong>IDIOMA<\/strong><\/p>\n\n\n\n<p>Lamentablemente, no podemos ofrecer servicios de guarder\u00eda en todos los idiomas. Tenemos libros infantiles en alem\u00e1n e ingl\u00e9s, pero le rogamos que nos indique qu\u00e9 idioma o idiomas hablan sus hij@s. Muchas actividades y juegos no requieren ning\u00fan conocimiento ling\u00fc\u00edstico.  <\/p>\n\n\n\n<p>Si tiene alguna pregunta, p\u00f3ngase en contacto con camp@sea-watch.org.<\/p>\n\n\n\n<div style=\"height:151px\" aria-hidden=\"true\" class=\"wp-block-spacer\"><\/div>\n<\/div>\n<\/div>\n","protected":false},"excerpt":{"rendered":"<p>Concepto de cuidado infantil Campamento SAR 4-7 de septiembre de 2025 Querid@s pap\u00e1s y cuidador@s, Habr\u00e1 servicio de guarder\u00eda disponible en nuestro campamento. A continuaci\u00f3n, le ofrecemos informaci\u00f3n sobre lo que ofrecemos. \u00bfQUANDO? Ofrecemos servicio de guarder\u00eda durante el horario del programa (de 10:30 a. m. a 1:00 p. m. y de 3:00 p. m. &#8230; <a title=\"Concepto de cuidado infantil\" class=\"read-more\" href=\"https:\/\/sar-camp.wtf\/es\/accesibilidad-y-sensibilizacion\/\" aria-label=\"Leer m\u00e1s sobre Concepto de cuidado infantil\">Leer m\u00e1s<\/a><\/p>\n","protected":false},"author":1,"featured_media":0,"parent":0,"menu_order":0,"comment_status":"closed","ping_status":"closed","template":"","meta":{"inline_featured_image":false,"footnotes":""},"class_list":["post-1213","page","type-page","status-publish"],"yoast_head":"<!-- This site is optimized with the Yoast SEO plugin v26.1.1 - https:\/\/yoast.com\/wordpress\/plugins\/seo\/ -->\n<title>Concepto de cuidado infantil - SAR Solidarity &amp; Resistance Camp<\/title>\n<meta name=\"robots\" content=\"index, follow, max-snippet:-1, max-image-preview:large, max-video-preview:-1\" \/>\n<link rel=\"canonical\" href=\"https:\/\/sar-camp.wtf\/es\/accesibilidad-y-sensibilizacion\/\" \/>\n<meta property=\"og:locale\" content=\"es_ES\" \/>\n<meta property=\"og:type\" content=\"article\" \/>\n<meta property=\"og:title\" content=\"Concepto de cuidado infantil - SAR Solidarity &amp; Resistance Camp\" \/>\n<meta property=\"og:description\" content=\"Concepto de cuidado infantil Campamento SAR 4-7 de septiembre de 2025 Querid@s pap\u00e1s y cuidador@s, Habr\u00e1 servicio de guarder\u00eda disponible en nuestro campamento. A continuaci\u00f3n, le ofrecemos informaci\u00f3n sobre lo que ofrecemos. \u00bfQUANDO? Ofrecemos servicio de guarder\u00eda durante el horario del programa (de 10:30 a. m. a 1:00 p. m. y de 3:00 p. m. ... Leer m\u00e1s\" \/>\n<meta property=\"og:url\" content=\"https:\/\/sar-camp.wtf\/es\/accesibilidad-y-sensibilizacion\/\" \/>\n<meta property=\"og:site_name\" content=\"SAR Solidarity &amp; Resistance Camp\" \/>\n<meta property=\"article:modified_time\" content=\"2025-08-19T19:43:18+00:00\" \/>\n<meta name=\"twitter:card\" content=\"summary_large_image\" \/>\n<meta name=\"twitter:label1\" content=\"Tiempo de lectura\" \/>\n\t<meta name=\"twitter:data1\" content=\"3 minutos\" \/>\n<script type=\"application\/ld+json\" class=\"yoast-schema-graph\">{\"@context\":\"https:\/\/schema.org\",\"@graph\":[{\"@type\":\"WebPage\",\"@id\":\"https:\/\/sar-camp.wtf\/es\/accesibilidad-y-sensibilizacion\/\",\"url\":\"https:\/\/sar-camp.wtf\/es\/accesibilidad-y-sensibilizacion\/\",\"name\":\"Concepto de cuidado infantil - SAR Solidarity &amp; Resistance Camp\",\"isPartOf\":{\"@id\":\"https:\/\/sar-camp.wtf\/es\/#website\"},\"datePublished\":\"2025-08-18T16:06:37+00:00\",\"dateModified\":\"2025-08-19T19:43:18+00:00\",\"breadcrumb\":{\"@id\":\"https:\/\/sar-camp.wtf\/es\/accesibilidad-y-sensibilizacion\/#breadcrumb\"},\"inLanguage\":\"es\",\"potentialAction\":[{\"@type\":\"ReadAction\",\"target\":[\"https:\/\/sar-camp.wtf\/es\/accesibilidad-y-sensibilizacion\/\"]}]},{\"@type\":\"BreadcrumbList\",\"@id\":\"https:\/\/sar-camp.wtf\/es\/accesibilidad-y-sensibilizacion\/#breadcrumb\",\"itemListElement\":[{\"@type\":\"ListItem\",\"position\":1,\"name\":\"Startseite\",\"item\":\"https:\/\/sar-camp.wtf\/es\/\"},{\"@type\":\"ListItem\",\"position\":2,\"name\":\"Concepto de cuidado infantil\"}]},{\"@type\":\"WebSite\",\"@id\":\"https:\/\/sar-camp.wtf\/es\/#website\",\"url\":\"https:\/\/sar-camp.wtf\/es\/\",\"name\":\"SAR Solidarity &amp; Resistance Camp\",\"description\":\"10 Years of Solidarity &amp; Resistance - Search &amp; Rescue\",\"publisher\":{\"@id\":\"https:\/\/sar-camp.wtf\/es\/#organization\"},\"potentialAction\":[{\"@type\":\"SearchAction\",\"target\":{\"@type\":\"EntryPoint\",\"urlTemplate\":\"https:\/\/sar-camp.wtf\/es\/?s={search_term_string}\"},\"query-input\":{\"@type\":\"PropertyValueSpecification\",\"valueRequired\":true,\"valueName\":\"search_term_string\"}}],\"inLanguage\":\"es\"},{\"@type\":\"Organization\",\"@id\":\"https:\/\/sar-camp.wtf\/es\/#organization\",\"name\":\"SAR Solidarity &amp; Resistance Camp\",\"url\":\"https:\/\/sar-camp.wtf\/es\/\",\"logo\":{\"@type\":\"ImageObject\",\"inLanguage\":\"es\",\"@id\":\"https:\/\/sar-camp.wtf\/es\/#\/schema\/logo\/image\/\",\"url\":\"https:\/\/sar-camp.wtf\/wp-content\/uploads\/2025\/04\/sar-logo-w-text.png\",\"contentUrl\":\"https:\/\/sar-camp.wtf\/wp-content\/uploads\/2025\/04\/sar-logo-w-text.png\",\"width\":2485,\"height\":1560,\"caption\":\"SAR Solidarity &amp; Resistance Camp\"},\"image\":{\"@id\":\"https:\/\/sar-camp.wtf\/es\/#\/schema\/logo\/image\/\"}}]}<\/script>\n<!-- \/ Yoast SEO plugin. -->","yoast_head_json":{"title":"Concepto de cuidado infantil - SAR Solidarity &amp; Resistance Camp","robots":{"index":"index","follow":"follow","max-snippet":"max-snippet:-1","max-image-preview":"max-image-preview:large","max-video-preview":"max-video-preview:-1"},"canonical":"https:\/\/sar-camp.wtf\/es\/accesibilidad-y-sensibilizacion\/","og_locale":"es_ES","og_type":"article","og_title":"Concepto de cuidado infantil - SAR Solidarity &amp; Resistance Camp","og_description":"Concepto de cuidado infantil Campamento SAR 4-7 de septiembre de 2025 Querid@s pap\u00e1s y cuidador@s, Habr\u00e1 servicio de guarder\u00eda disponible en nuestro campamento. A continuaci\u00f3n, le ofrecemos informaci\u00f3n sobre lo que ofrecemos. \u00bfQUANDO? Ofrecemos servicio de guarder\u00eda durante el horario del programa (de 10:30 a. m. a 1:00 p. m. y de 3:00 p. m. ... Leer m\u00e1s","og_url":"https:\/\/sar-camp.wtf\/es\/accesibilidad-y-sensibilizacion\/","og_site_name":"SAR Solidarity &amp; Resistance Camp","article_modified_time":"2025-08-19T19:43:18+00:00","twitter_card":"summary_large_image","twitter_misc":{"Tiempo de lectura":"3 minutos"},"schema":{"@context":"https:\/\/schema.org","@graph":[{"@type":"WebPage","@id":"https:\/\/sar-camp.wtf\/es\/accesibilidad-y-sensibilizacion\/","url":"https:\/\/sar-camp.wtf\/es\/accesibilidad-y-sensibilizacion\/","name":"Concepto de cuidado infantil - SAR Solidarity &amp; Resistance Camp","isPartOf":{"@id":"https:\/\/sar-camp.wtf\/es\/#website"},"datePublished":"2025-08-18T16:06:37+00:00","dateModified":"2025-08-19T19:43:18+00:00","breadcrumb":{"@id":"https:\/\/sar-camp.wtf\/es\/accesibilidad-y-sensibilizacion\/#breadcrumb"},"inLanguage":"es","potentialAction":[{"@type":"ReadAction","target":["https:\/\/sar-camp.wtf\/es\/accesibilidad-y-sensibilizacion\/"]}]},{"@type":"BreadcrumbList","@id":"https:\/\/sar-camp.wtf\/es\/accesibilidad-y-sensibilizacion\/#breadcrumb","itemListElement":[{"@type":"ListItem","position":1,"name":"Startseite","item":"https:\/\/sar-camp.wtf\/es\/"},{"@type":"ListItem","position":2,"name":"Concepto de cuidado infantil"}]},{"@type":"WebSite","@id":"https:\/\/sar-camp.wtf\/es\/#website","url":"https:\/\/sar-camp.wtf\/es\/","name":"SAR Solidarity &amp; Resistance Camp","description":"10 Years of Solidarity &amp; Resistance - Search &amp; Rescue","publisher":{"@id":"https:\/\/sar-camp.wtf\/es\/#organization"},"potentialAction":[{"@type":"SearchAction","target":{"@type":"EntryPoint","urlTemplate":"https:\/\/sar-camp.wtf\/es\/?s={search_term_string}"},"query-input":{"@type":"PropertyValueSpecification","valueRequired":true,"valueName":"search_term_string"}}],"inLanguage":"es"},{"@type":"Organization","@id":"https:\/\/sar-camp.wtf\/es\/#organization","name":"SAR Solidarity &amp; Resistance Camp","url":"https:\/\/sar-camp.wtf\/es\/","logo":{"@type":"ImageObject","inLanguage":"es","@id":"https:\/\/sar-camp.wtf\/es\/#\/schema\/logo\/image\/","url":"https:\/\/sar-camp.wtf\/wp-content\/uploads\/2025\/04\/sar-logo-w-text.png","contentUrl":"https:\/\/sar-camp.wtf\/wp-content\/uploads\/2025\/04\/sar-logo-w-text.png","width":2485,"height":1560,"caption":"SAR Solidarity &amp; Resistance Camp"},"image":{"@id":"https:\/\/sar-camp.wtf\/es\/#\/schema\/logo\/image\/"}}]}},"_links":{"self":[{"href":"https:\/\/sar-camp.wtf\/es\/wp-json\/wp\/v2\/pages\/1213","targetHints":{"allow":["GET"]}}],"collection":[{"href":"https:\/\/sar-camp.wtf\/es\/wp-json\/wp\/v2\/pages"}],"about":[{"href":"https:\/\/sar-camp.wtf\/es\/wp-json\/wp\/v2\/types\/page"}],"author":[{"embeddable":true,"href":"https:\/\/sar-camp.wtf\/es\/wp-json\/wp\/v2\/users\/1"}],"replies":[{"embeddable":true,"href":"https:\/\/sar-camp.wtf\/es\/wp-json\/wp\/v2\/comments?post=1213"}],"version-history":[{"count":4,"href":"https:\/\/sar-camp.wtf\/es\/wp-json\/wp\/v2\/pages\/1213\/revisions"}],"predecessor-version":[{"id":1260,"href":"https:\/\/sar-camp.wtf\/es\/wp-json\/wp\/v2\/pages\/1213\/revisions\/1260"}],"wp:attachment":[{"href":"https:\/\/sar-camp.wtf\/es\/wp-json\/wp\/v2\/media?parent=1213"}],"curies":[{"name":"wp","href":"https:\/\/api.w.org\/{rel}","templated":true}]}}