{"id":1095,"date":"2025-07-31T09:12:59","date_gmt":"2025-07-31T09:12:59","guid":{"rendered":"https:\/\/sar-camp.wtf\/?page_id=1095"},"modified":"2025-08-19T16:52:47","modified_gmt":"2025-08-19T16:52:47","slug":"programa-2","status":"publish","type":"page","link":"https:\/\/sar-camp.wtf\/es\/programa-2\/","title":{"rendered":"Accesibilidad y Awareness\/sensibilizaci\u00f3n"},"content":{"rendered":"\n<div class=\"gb-element-0ef186e7 alignfull\">\n<!--Waves Container-->\n<div>\n<svg xmlns=\"http:\/\/www.w3.org\/2000\/svg\" xmlns:xlink=\"http:\/\/www.w3.org\/1999\/xlink\" class=\"waves\" viewbox=\"0 24 150 28\" preserveaspectratio=\"none\" shape-rendering=\"auto\">\n<defs>\n<path id=\"gentle-wave\" d=\"M-160 44c30 0 58-18 88-18s 58 18 88 18 58-18 88-18 58 18 88 18 v44h-352z\"><\/path>\n<\/defs>\n<g class=\"parallax\">\n<use xlink:href=\"#gentle-wave\" x=\"48\" y=\"0\" fill=\"rgba(255,255,255,0.7\"><\/use>\n<use xlink:href=\"#gentle-wave\" x=\"48\" y=\"3\" fill=\"rgba(255,255,255,0.5)\"><\/use>\n<use xlink:href=\"#gentle-wave\" x=\"48\" y=\"5\" fill=\"rgba(255,255,255,0.3)\"><\/use>\n<use xlink:href=\"#gentle-wave\" x=\"48\" y=\"7\" fill=\"#fff\"><\/use>\n<\/g>\n<\/svg>\n<\/div>\n<!--Waves end-->\n<\/div>\n\n<div class=\"gb-element-58f1432b alignfull\">\n<div class=\"gb-element-0b206c7b regular-width\">\n<p class=\"has-main-2-color has-text-color has-link-color wp-elements-6310d2de7711ed8fca04bf30b55b1930\" style=\"font-size:30px\"><strong>La accesibilidad y la sensibilizaci\u00f3n son indispensables para nosotros. <\/strong><\/p>\n\n\n\n<p><\/p>\n\n\n\n<details class=\"wp-block-details is-layout-flow wp-block-details-is-layout-flow\"><summary><strong><strong>Concepto de concienciaci\u00f3n\/Awareness SAR-Camp 4-7.9.25<\/strong><\/strong><\/summary>\n<p><\/p>\n\n\n\n<p><strong>1.) \u00bfQu\u00e9 es la concienciaci\u00f3n\/Awareness?<\/strong><\/p>\n\n\n\n<p>\u00abConcienciaci\u00f3n\u00bb proviene del ingl\u00e9s \u00abto be aware\u00bb y significa \u00abser consciente, estar sensibilizad@\u00bb. Se trata principalmente de la conciencia y la atenci\u00f3n a situaciones en las que t\u00fa y\/u otr@s experienciais comportamientos abusivos, que traspasan los l\u00edmites o son discriminatorios. La pr\u00e1ctica del trabajo de concienciaci\u00f3n tiene su origen en los movimientos negr@s e ind\u00edgenas. Se trata de una forma de autoorganizaci\u00f3n, la llamada \u00abjusticia restaurativa\u00bb o \u00abtransformadora\u00bb, que pretende resolver los conflictos independientemente de la l\u00f3gica punitiva violenta del Estado.   <\/p>\n\n\n\n<p>Como concepto, la concienciaci\u00f3n se presenta como una pr\u00e1ctica antidiscriminatoria contra cualquier forma de discriminaci\u00f3n, como el racismo, la homofobia, el capacitismo, el sexismo y el clasismo, contra la violencia y la violaci\u00f3n de l\u00edmites. En el caso ideal, las transgresiones pueden evitarse de antemano mediante la concienciaci\u00f3n sobre las estructuras discriminatorias. Sin embargo, la discriminaci\u00f3n estructural est\u00e1 firmemente anclada en nuestra sociedad. Ning\u00fana persona est\u00e1 completamente libre de prejuicios y discriminaci\u00f3n en su trato con las dem\u00e1s. Por eso se necesita una reflexi\u00f3n consciente y una estructura para contrarrestar la discriminaci\u00f3n. Es imposible ofrecer un espacio seguro para tod@s personas. Sin embargo, intentamos que nuestro campamento sea un espacio m\u00e1s seguro, para lo cual es imprescindible el trabajo de concienciaci\u00f3n.      <\/p>\n\n\n\n<p>Por eso queremos animarte a ti y a tod@s nosotr@s a que cuidemos de nosotr@s mism@s y del bienestar de l@s que nos rodean, y a que seamos respetuos@s l@s un@s con l@s otr@s. \u00a1Pronunciar correctamente un nombre o utilizar el pronombre adecuado puede marcar una gran diferencia! Reflexiona sobre ti mism@: nunca dejamos de aprender.  <\/p>\n\n\n\n<p><strong>2.) El \u00abAwareness-Team\u00bb<\/strong><\/p>\n\n\n\n<p>Una y otra vez se producen situaciones en las que nos sentimos inc\u00f3mod@s, especialmente en espacios con mucha gente. Esto puede deberse, por un lado, al comportamiento discriminatorio y abusivo de otras personas, pero tambi\u00e9n a que, por ejemplo, ciertos est\u00edmulos nos recuerdan situaciones pasadas en las que hemos vivido algo doloroso a nivel personal. Estos est\u00edmulos se denominan \u00abdesencadenantes\u00bb y pueden adoptar formas muy diversas, como olores, ruidos, im\u00e1genes, comportamientos de otr@s personas y mucho m\u00e1s. Estos recuerdos pueden suponer una gran carga emocional para nosotr@s.   <\/p>\n\n\n\n<p>Si se dan situaciones en las que t\u00fa u otras personas se sienten provocad@s o sufr\u00eds discriminaci\u00f3n, el equipo de awareness est\u00e1 a su disposici\u00f3n. Puede tratarse, por ejemplo, de percepciones de desigualdad de poder, discriminaci\u00f3n, traspaso de l\u00edmites y superaci\u00f3n de provocaciones agudas. El equipo de awareness tiene como objetivo garantizar que no se repitan los casos de discriminaci\u00f3n. Est\u00e1 siempre disponible para tod@s y se reconoce f\u00e1cilmente por sus chalecos morados. Est\u00e1 formada por un total de cinco o seis personas y se encuentra, entre otros lugares, en la zona de awareness. Adem\u00e1s, hay miembros m\u00f3viles del equipo de awareness que est\u00e1n presentes en eventos individuales y, especialmente, en contextos festivos, en equipos de dos personas. Tambi\u00e9n puedes dirigirte a otr@s personas en el bar y en el punto de informaci\u00f3n, que se pondr\u00e1n en contacto con el equipo de awareness por ti. Adem\u00e1s, hay un tel\u00e9fono m\u00f3vil de sensibilizaci\u00f3n disponible las 24 horas del d\u00eda.         <\/p>\n\n\n\n<p>El equipo de awareness te apoya activamente como persona afectad@ por un comportamiento inapropiado y se solidariza contigo. Es decir, te escucha y no cuestiona tus experiencias. T\u00fa tienes el poder de definir lo que ha sucedido. Esto significa que solo t\u00fa puedes decidir d\u00f3nde est\u00e1n tus l\u00edmites y, por lo tanto, solo t\u00fa puedes definir cu\u00e1ndo se han traspasado. El equipo de sensibilizaci\u00f3n se adapta a tus deseos y necesidades como persona afectad@ y est\u00e1 a tu lado. Por lo tanto, siempre se reflexiona y se decide conjuntamente, si lo deseas tambi\u00e9n con personas de confianza, sobre la mejor manera de afrontar lo vivido como persona afectad@.     <\/p>\n\n\n\n<p>Para ello, el equipo de sensibilizaci\u00f3n ofrece asesoramiento, intervenci\u00f3n activa, conversaciones aclaratorias e informaci\u00f3n sobre posibles ayudas. Todas las conversaciones son siempre confidenciales. En situaciones de conflicto, el equipo de sensibilizaci\u00f3n act\u00faa de forma conciliadora e intenta contribuir a la resoluci\u00f3n de los conflictos. Aboga por una comunicaci\u00f3n no violenta y no pretende castigar a l@s personas por su comportamiento, sino animar a todas las partes a asumir la responsabilidad de sus actos.   <\/p>\n\n\n\n<p><strong>3.) El \u00e1rea de Awareness<\/strong><\/p>\n\n\n\n<p>Hay un \u00e1rea de concienciaci\u00f3n a la que puedes acudir para ponerte en contacto con el equipo de concienciaci\u00f3n en un entorno protegido. La encontrar\u00e1s se\u00f1alizada y bien indicada. Es un lugar para no estar sol@ durante o despu\u00e9s de una situaci\u00f3n estresante. Tambi\u00e9n es ideal para buscar el di\u00e1logo con el equipo de concienciaci\u00f3n. La zona de concienciaci\u00f3n sirve generalmente como refugio despu\u00e9s de experiencias desencadenantes y\/o discriminatorias. Por lo tanto, tambi\u00e9n puedes utilizar la zona de concienciaci\u00f3n sin recurrir directamente a los servicios del equipo de concienciaci\u00f3n, pero siempre hay al menos una persona del equipo de concienciaci\u00f3n all\u00ed.     <\/p>\n\n\n\n<p>Si simplemente necesitas un momento de tranquilidad y quieres estar sol@, tambi\u00e9n hay una zona de descanso. Tambi\u00e9n est\u00e1 se\u00f1alizada y bien indicada. La zona de descanso est\u00e1 siempre abierta y se puede utilizar en cualquier momento como lugar de retiro.  <\/p>\n\n\n\n<p>Tanto la zona de awareness como la zona de descanso son lugares en los que no se debe consumir, lo que incluye fumar y beber alcohol.<\/p>\n\n\n\n<p>Adem\u00e1s, contamos con un equipo de param\u00e9dic@s in situ, que se encuentra en la sala de primeros auxilios. L@s param\u00e9dic@s ayudan con todo tipo de herida f\u00edsicas. En tal caso, dir\u00edgete a l@s param\u00e9dic@s y no al equipo de concienciaci\u00f3n. <\/p>\n\n\n\n<p><strong>4.) Advertencias y notas sobre el contenido (Trigger Warnings)<\/strong><\/p>\n\n\n\n<p>Dependiendo de tu historia personal y tus propias experiencias, hay situaciones que pueden afectarte de manera individual. Lamentablemente, tampoco podemos evitarlo por completo. Temas como la huida y el r\u00e9gimen europeo de fronteras y asilo son extremadamente violentos y pueden afectarte mucho como persona afectad@. No obstante, para minimizar las situaciones desencadenantes, antes de cada evento se proporcionan notas sobre el contenido (Content Notes) que enumeran l@s posibles temas desencadenantes, de modo que puedas prepararte para el contenido y decidir por ti mism@ si deseas quedarte y exponerte a estos temas o no. Por supuesto, puedes abandonar cualquier evento en cualquier momento, incluso en medio del mismo.    <\/p>\n\n\n\n<p><strong>Y ahora, \u00a1disfruta de nuestro campamento!<\/strong><\/p>\n<\/details>\n\n\n\n<hr class=\"wp-block-separator has-alpha-channel-opacity\"\/>\n\n\n\n<details class=\"wp-block-details is-layout-flow wp-block-details-is-layout-flow\"><summary><strong><strong>Concepto de accesibilidad Campamento SAR 4-7 de septiembre de 2025<\/strong><\/strong><\/summary>\n<p><\/p>\n\n\n\n<p><strong>C\u00d3MO LLEGAR<\/strong><\/p>\n\n\n\n<p>El campamento se realiza en Biesenthal. La estaci\u00f3n de tren m\u00e1s cercana es Bernau. La estaci\u00f3n es accesible sin escaleras y cuenta con indicadores de suelo y elementos de gu\u00eda t\u00e1ctiles  <\/p>\n\n\n\n<p>(https:\/\/www.bahnhof.de\/en\/bernau-b-berlin). Para llegar al campamento hay que coger el autob\u00fas y, adem\u00e1s, disponemos de un servicio de transporte desde la parada de autob\u00fas. Lamentablemente, el servicio de transporte no es accesible para sillas de ruedas. Desde la parada de autob\u00fas hay que caminar unos 20 minutos alrededor de un lago por senderos sin asfaltar. Como alternativa, se puede tomar la ruta m\u00e1s larga por calles asfaltadas, que dura unos 30 minutos.   <\/p>\n\n\n\n<p>Le rogamos que evite llegar en coche debido al estacionamiento limitado. Sin embargo, si es necesario, es posible llegar en coche y estacionarse cerca de la entrada. <\/p>\n\n\n\n<p><strong>\u00c1REA<\/strong><\/p>\n\n\n\n<p>EXTERIOR<\/p>\n\n\n\n<p>El campamento est\u00e1 situado a orillas de un lago y rodeado de \u00e1rboles. El terreno es natural, principalmente c\u00e9sped. La mayor parte del programa, as\u00ed como las comidas, se llevar\u00e1n a cabo al aire libre. Habr\u00e1 iluminaci\u00f3n, especialmente por la noche. Sin embargo, no podemos cubrir toda el \u00e1rea, y las ra\u00edces o los caminos irregulares en general pueden ser dif\u00edciles de ver. Recomendamos traer una linterna.     <\/p>\n\n\n\n<p>El lago del recinto tiene orillas poco profundas y solo se puede acceder a \u00e9l a trav\u00e9s de una playa de arena. La sauna es un espacio irregular y estrecho al que solo se puede acceder mediante escaleras. <\/p>\n\n\n\n<p>Dos de las casas tienen terrazas. Est\u00e1n hechos de tablones de madera con huecos entre ellos. Se puede acceder a ambos mediante rampas de 85 cm de ancho y con un borde de unos 2 cm de altura.  <\/p>\n\n\n\n<p>INTERIOR<\/p>\n\n\n\n<p>Algun@s talleristas se llevar\u00e1n a cabo en interiores. Lamentablemente, algunas de esas salas solo son accesibles mediante escaleras. Los escaleras no est\u00e1n se\u00f1alizados. Si deseas participar en un taller que no es accesible para ti, inf\u00f3rmanos con antelaci\u00f3n para que podamos intentar cambiar la ubicaci\u00f3n o ayudar de otras maneras.   <\/p>\n\n\n\n<p>Las puertas son ligeras y tienen manillas en lugar de pomos, pero la mayor\u00eda de ellas no miden m\u00e1s de 80 cm de ancho. Esto tambi\u00e9n se aplica a los dormitorios interiores. <\/p>\n\n\n\n<p>DORMIR<\/p>\n\n\n\n<p>Si no puedes dormir en una casita de campa\u00f1a, existe la posibilidad de dormir en una caba\u00f1a\/habitaci\u00f3n compartida. Tendr\u00e1s que traer tus propias s\u00e1banas\/saco de dormir. Por favor, av\u00edsanos si deseas utilizar uno de los lugares para dormir en el interior. Como se ha mencionado anteriormente, solo se puede acceder a ell@s mediante escaleras.   <\/p>\n\n\n\n<p>ESPACIOS<\/p>\n\n\n\n<p>Habr\u00e1 un espacio tranquilo para que la gent@ pueda relajarse y descansar. Estar\u00e1 abierta a tod@s en todo momento. <\/p>\n\n\n\n<p>Habr\u00e1 un bar donde se servir\u00e1n bebidas alcoh\u00f3licas y no alcoh\u00f3licas, as\u00ed como un carrito de caf\u00e9.<\/p>\n\n\n\n<p>Por lo general, disponemos de bancos sin respaldo en el comedor y durante l@s talleristas. Pero puedes conseguir sillas plegables en el punto de informaci\u00f3n. <\/p>\n\n\n\n<p>INSTALACIONES SANITARIAS<\/p>\n\n\n\n<p><a><\/a>Habr\u00e1 un aseo accesible para sillas de ruedas y una zona de recarga el\u00e9ctrica.<\/p>\n\n\n\n<p><strong>ATENCI\u00d3N M\u00c9DICA<\/strong><\/p>\n\n\n\n<p>Para cualquier emergencia m\u00e9dica en el recinto, contamos con un equipo de primeros auxilios que te ayudar\u00e1n. Tendremos una nevera en el recinto donde podr\u00e1s guardar tus medicamentos. <\/p>\n\n\n\n<p>La comida ser\u00e1 vegana. Durante la inscripci\u00f3n, puedes informarnos de cualquier alergia para que nuestro equipo de cocina pueda proporcionarte una comida adicional si es necesario. <\/p>\n\n\n\n<p><strong>NI\u00d1@S<\/strong><\/p>\n\n\n\n<p>Habr\u00e1 un espacio para ni\u00f1@s en el campamento: una tienda abierta situada en el centro del recinto. El cuidado de l@s ni\u00f1@s forma parte del concepto participativo del campamento: los turnos de cuidado de l@s ni\u00f1@s ser\u00e1n asumidos por l@s participantes del campamento. Si necesitas cuidado de ni\u00f1@s, ind\u00edcalo al comprar tu entrada y te enviaremos m\u00e1s informaci\u00f3n cuando se acerque la fecha del campamento.  <\/p>\n\n\n\n<p><strong>IDIOMA<\/strong><\/p>\n\n\n\n<p>Los idiomas principales del campamento ser\u00e1n el alem\u00e1n y el ingl\u00e9s. El idioma de l@s eventos del programa se indicar\u00e1 en el tabl\u00f3n del programa. <\/p>\n\n\n\n<p>Intentaremos proporcionar traducci\u00f3n simult\u00e1nea si es necesario, para que el contenido sea accesible al mayor n\u00famero de personas posible. Durante el proceso de inscripci\u00f3n para obtener una entrada, puedes indicarnos si necesitas traducci\u00f3n o si puedes ayudar con la interpretaci\u00f3n. <\/p>\n\n\n\n<p>Durante el campamento, ac\u00e9rcate al punto de informaci\u00f3n para indicarnos si necesitas traducci\u00f3n.<\/p>\n\n\n\n<p>Lamentablemente, es probable que no podamos proporcionar interpretaci\u00f3n en lengua de signos.<\/p>\n\n\n\n<p><strong>CONCIENCIACI\u00d3N\/AWARENESS<\/strong><\/p>\n\n\n\n<p>Habr\u00e1 un Awareness-Team presente en el campamento durante todo el tiempo, as\u00ed como un espacio designado para la concienciaci\u00f3n. Tambi\u00e9n se podr\u00e1 contactar con el equipo por tel\u00e9fono las 24 horas del d\u00eda, los 7 d\u00edas de la semana. Los turnos de concienciaci\u00f3n los realizar\u00e1n l@s participantes del campamento, y habr\u00e1 algun@s con experiencia en segundo plano para coordinar los turnos y dar instrucciones.  <\/p>\n\n\n\n<p>Puedes encontrar m\u00e1s informaci\u00f3n sobre el equipo de concienciaci\u00f3n y su trabajo en el concepto de concienciaci\u00f3n\/Awareness Concept.<\/p>\n\n\n\n<p><strong>CONT\u00c1CTANOS<\/strong><\/p>\n\n\n\n<p><a><\/a><a><\/a><a><\/a><a><\/a><a><\/a><a><\/a><a><\/a><a><\/a><a><\/a><a><\/a><a><\/a><a><\/a><a><\/a><a><\/a>En general, queremos que el campamento sea lo m\u00e1s accesible posible. Si tienes necesidades espec\u00edficas o necesitas m\u00e1s informaci\u00f3n, escr\u00edbenos a [camp@sea-watch.org] <\/p>\n<\/details>\n\n\n\n<div style=\"height:151px\" aria-hidden=\"true\" class=\"wp-block-spacer\"><\/div>\n<\/div>\n<\/div>\n","protected":false},"excerpt":{"rendered":"<p>La accesibilidad y la sensibilizaci\u00f3n son indispensables para nosotros.<\/p>\n","protected":false},"author":1,"featured_media":0,"parent":0,"menu_order":0,"comment_status":"closed","ping_status":"closed","template":"","meta":{"inline_featured_image":false,"footnotes":""},"class_list":["post-1095","page","type-page","status-publish"],"yoast_head":"<!-- This site is optimized with the Yoast SEO plugin v26.1.1 - https:\/\/yoast.com\/wordpress\/plugins\/seo\/ -->\n<title>Accesibilidad y Awareness\/sensibilizaci\u00f3n - SAR Solidarity &amp; Resistance Camp<\/title>\n<meta name=\"robots\" content=\"index, follow, max-snippet:-1, max-image-preview:large, max-video-preview:-1\" \/>\n<link rel=\"canonical\" href=\"https:\/\/sar-camp.wtf\/es\/programa-2\/\" \/>\n<meta property=\"og:locale\" content=\"es_ES\" \/>\n<meta property=\"og:type\" content=\"article\" \/>\n<meta property=\"og:title\" content=\"Accesibilidad y Awareness\/sensibilizaci\u00f3n - SAR Solidarity &amp; Resistance Camp\" \/>\n<meta property=\"og:description\" content=\"La accesibilidad y la sensibilizaci\u00f3n son indispensables para nosotros.\" \/>\n<meta property=\"og:url\" content=\"https:\/\/sar-camp.wtf\/es\/programa-2\/\" \/>\n<meta property=\"og:site_name\" content=\"SAR Solidarity &amp; Resistance Camp\" \/>\n<meta property=\"article:modified_time\" content=\"2025-08-19T16:52:47+00:00\" \/>\n<meta name=\"twitter:card\" content=\"summary_large_image\" \/>\n<meta name=\"twitter:label1\" content=\"Tiempo de lectura\" \/>\n\t<meta name=\"twitter:data1\" content=\"10 minutos\" \/>\n<script type=\"application\/ld+json\" class=\"yoast-schema-graph\">{\"@context\":\"https:\/\/schema.org\",\"@graph\":[{\"@type\":\"WebPage\",\"@id\":\"https:\/\/sar-camp.wtf\/es\/programa-2\/\",\"url\":\"https:\/\/sar-camp.wtf\/es\/programa-2\/\",\"name\":\"Accesibilidad y Awareness\/sensibilizaci\u00f3n - SAR Solidarity &amp; Resistance Camp\",\"isPartOf\":{\"@id\":\"https:\/\/sar-camp.wtf\/es\/#website\"},\"datePublished\":\"2025-07-31T09:12:59+00:00\",\"dateModified\":\"2025-08-19T16:52:47+00:00\",\"breadcrumb\":{\"@id\":\"https:\/\/sar-camp.wtf\/es\/programa-2\/#breadcrumb\"},\"inLanguage\":\"es\",\"potentialAction\":[{\"@type\":\"ReadAction\",\"target\":[\"https:\/\/sar-camp.wtf\/es\/programa-2\/\"]}]},{\"@type\":\"BreadcrumbList\",\"@id\":\"https:\/\/sar-camp.wtf\/es\/programa-2\/#breadcrumb\",\"itemListElement\":[{\"@type\":\"ListItem\",\"position\":1,\"name\":\"Startseite\",\"item\":\"https:\/\/sar-camp.wtf\/es\/\"},{\"@type\":\"ListItem\",\"position\":2,\"name\":\"Accesibilidad y Awareness\/sensibilizaci\u00f3n\"}]},{\"@type\":\"WebSite\",\"@id\":\"https:\/\/sar-camp.wtf\/es\/#website\",\"url\":\"https:\/\/sar-camp.wtf\/es\/\",\"name\":\"SAR Solidarity &amp; Resistance Camp\",\"description\":\"10 Years of Solidarity &amp; Resistance - Search &amp; Rescue\",\"publisher\":{\"@id\":\"https:\/\/sar-camp.wtf\/es\/#organization\"},\"potentialAction\":[{\"@type\":\"SearchAction\",\"target\":{\"@type\":\"EntryPoint\",\"urlTemplate\":\"https:\/\/sar-camp.wtf\/es\/?s={search_term_string}\"},\"query-input\":{\"@type\":\"PropertyValueSpecification\",\"valueRequired\":true,\"valueName\":\"search_term_string\"}}],\"inLanguage\":\"es\"},{\"@type\":\"Organization\",\"@id\":\"https:\/\/sar-camp.wtf\/es\/#organization\",\"name\":\"SAR Solidarity &amp; Resistance Camp\",\"url\":\"https:\/\/sar-camp.wtf\/es\/\",\"logo\":{\"@type\":\"ImageObject\",\"inLanguage\":\"es\",\"@id\":\"https:\/\/sar-camp.wtf\/es\/#\/schema\/logo\/image\/\",\"url\":\"https:\/\/sar-camp.wtf\/wp-content\/uploads\/2025\/04\/sar-logo-w-text.png\",\"contentUrl\":\"https:\/\/sar-camp.wtf\/wp-content\/uploads\/2025\/04\/sar-logo-w-text.png\",\"width\":2485,\"height\":1560,\"caption\":\"SAR Solidarity &amp; Resistance Camp\"},\"image\":{\"@id\":\"https:\/\/sar-camp.wtf\/es\/#\/schema\/logo\/image\/\"}}]}<\/script>\n<!-- \/ Yoast SEO plugin. -->","yoast_head_json":{"title":"Accesibilidad y Awareness\/sensibilizaci\u00f3n - SAR Solidarity &amp; Resistance Camp","robots":{"index":"index","follow":"follow","max-snippet":"max-snippet:-1","max-image-preview":"max-image-preview:large","max-video-preview":"max-video-preview:-1"},"canonical":"https:\/\/sar-camp.wtf\/es\/programa-2\/","og_locale":"es_ES","og_type":"article","og_title":"Accesibilidad y Awareness\/sensibilizaci\u00f3n - SAR Solidarity &amp; Resistance Camp","og_description":"La accesibilidad y la sensibilizaci\u00f3n son indispensables para nosotros.","og_url":"https:\/\/sar-camp.wtf\/es\/programa-2\/","og_site_name":"SAR Solidarity &amp; Resistance Camp","article_modified_time":"2025-08-19T16:52:47+00:00","twitter_card":"summary_large_image","twitter_misc":{"Tiempo de lectura":"10 minutos"},"schema":{"@context":"https:\/\/schema.org","@graph":[{"@type":"WebPage","@id":"https:\/\/sar-camp.wtf\/es\/programa-2\/","url":"https:\/\/sar-camp.wtf\/es\/programa-2\/","name":"Accesibilidad y Awareness\/sensibilizaci\u00f3n - SAR Solidarity &amp; Resistance Camp","isPartOf":{"@id":"https:\/\/sar-camp.wtf\/es\/#website"},"datePublished":"2025-07-31T09:12:59+00:00","dateModified":"2025-08-19T16:52:47+00:00","breadcrumb":{"@id":"https:\/\/sar-camp.wtf\/es\/programa-2\/#breadcrumb"},"inLanguage":"es","potentialAction":[{"@type":"ReadAction","target":["https:\/\/sar-camp.wtf\/es\/programa-2\/"]}]},{"@type":"BreadcrumbList","@id":"https:\/\/sar-camp.wtf\/es\/programa-2\/#breadcrumb","itemListElement":[{"@type":"ListItem","position":1,"name":"Startseite","item":"https:\/\/sar-camp.wtf\/es\/"},{"@type":"ListItem","position":2,"name":"Accesibilidad y Awareness\/sensibilizaci\u00f3n"}]},{"@type":"WebSite","@id":"https:\/\/sar-camp.wtf\/es\/#website","url":"https:\/\/sar-camp.wtf\/es\/","name":"SAR Solidarity &amp; Resistance Camp","description":"10 Years of Solidarity &amp; Resistance - Search &amp; Rescue","publisher":{"@id":"https:\/\/sar-camp.wtf\/es\/#organization"},"potentialAction":[{"@type":"SearchAction","target":{"@type":"EntryPoint","urlTemplate":"https:\/\/sar-camp.wtf\/es\/?s={search_term_string}"},"query-input":{"@type":"PropertyValueSpecification","valueRequired":true,"valueName":"search_term_string"}}],"inLanguage":"es"},{"@type":"Organization","@id":"https:\/\/sar-camp.wtf\/es\/#organization","name":"SAR Solidarity &amp; Resistance Camp","url":"https:\/\/sar-camp.wtf\/es\/","logo":{"@type":"ImageObject","inLanguage":"es","@id":"https:\/\/sar-camp.wtf\/es\/#\/schema\/logo\/image\/","url":"https:\/\/sar-camp.wtf\/wp-content\/uploads\/2025\/04\/sar-logo-w-text.png","contentUrl":"https:\/\/sar-camp.wtf\/wp-content\/uploads\/2025\/04\/sar-logo-w-text.png","width":2485,"height":1560,"caption":"SAR Solidarity &amp; Resistance Camp"},"image":{"@id":"https:\/\/sar-camp.wtf\/es\/#\/schema\/logo\/image\/"}}]}},"_links":{"self":[{"href":"https:\/\/sar-camp.wtf\/es\/wp-json\/wp\/v2\/pages\/1095","targetHints":{"allow":["GET"]}}],"collection":[{"href":"https:\/\/sar-camp.wtf\/es\/wp-json\/wp\/v2\/pages"}],"about":[{"href":"https:\/\/sar-camp.wtf\/es\/wp-json\/wp\/v2\/types\/page"}],"author":[{"embeddable":true,"href":"https:\/\/sar-camp.wtf\/es\/wp-json\/wp\/v2\/users\/1"}],"replies":[{"embeddable":true,"href":"https:\/\/sar-camp.wtf\/es\/wp-json\/wp\/v2\/comments?post=1095"}],"version-history":[{"count":5,"href":"https:\/\/sar-camp.wtf\/es\/wp-json\/wp\/v2\/pages\/1095\/revisions"}],"predecessor-version":[{"id":1251,"href":"https:\/\/sar-camp.wtf\/es\/wp-json\/wp\/v2\/pages\/1095\/revisions\/1251"}],"wp:attachment":[{"href":"https:\/\/sar-camp.wtf\/es\/wp-json\/wp\/v2\/media?parent=1095"}],"curies":[{"name":"wp","href":"https:\/\/api.w.org\/{rel}","templated":true}]}}