{"id":930,"date":"2025-04-08T10:55:00","date_gmt":"2025-04-08T10:55:00","guid":{"rendered":"https:\/\/sar-camp.wtf\/startseite\/"},"modified":"2025-08-29T18:24:53","modified_gmt":"2025-08-29T18:24:53","slug":"startseite","status":"publish","type":"page","link":"https:\/\/sar-camp.wtf\/de\/","title":{"rendered":"Startseite"},"content":{"rendered":"\n<div class=\"gb-element-4572d2a8 alignfull header\">\n<div class=\"gb-element-27091987 regular-width\">\n<h1 class=\"wp-block-heading has-text-align-center\" style=\"font-size:6rem\">Reflect. Resist. Reclaim the Future.  <\/h1>\n\n\n\n<p class=\"subtitle has-contrast-2-color has-text-color has-link-color wp-elements-962634d5bde79105b42a36246847f303\">Ein Camp f\u00fcr Personen, die in den Bereichen Seenotrettung, Flucht, No-Borders, Dekolonialisierung  Migration organisiert sind, sowie f\u00fcr alle, die mit diesen K\u00e4mpfen verbunden sind.<\/p>\n\n\n\n<div class=\"gb-element-eefbab26 navButtons\"><nav class=\"has-text-color has-contrast-2-color items-justified-center wp-block-navigation is-content-justification-center is-layout-flex wp-container-core-navigation-is-layout-16018d1d wp-block-navigation-is-layout-flex\" aria-label=\"Navigation\"><ul class=\"wp-block-navigation__container has-text-color has-contrast-2-color items-justified-center wp-block-navigation\"><li class=\" wp-block-navigation-item wp-block-navigation-link\"><a class=\"wp-block-navigation-item__content\"  href=\"#About\"><span class=\"wp-block-navigation-item__label\">About<\/span><\/a><\/li><li class=\" wp-block-navigation-item wp-block-navigation-link\"><a class=\"wp-block-navigation-item__content\"  href=\"#Expect\"><span class=\"wp-block-navigation-item__label\">What to expect<\/span><\/a><\/li><li class=\" wp-block-navigation-item wp-block-navigation-link\"><a class=\"wp-block-navigation-item__content\"  href=\"#WhereWhenHow\"><span class=\"wp-block-navigation-item__label\">Location &amp; Dates<\/span><\/a><\/li><li class=\" wp-block-navigation-item wp-block-navigation-link\"><a class=\"wp-block-navigation-item__content\"  href=\"#FAQ\"><span class=\"wp-block-navigation-item__label\">FAQ<\/span><\/a><\/li><li class=\" wp-block-navigation-item wp-block-navigation-link\"><a class=\"wp-block-navigation-item__content\"  href=\"https:\/\/sar-camp.wtf\/program\/\"><span class=\"wp-block-navigation-item__label\">Program<\/span><\/a><\/li><li class=\" wp-block-navigation-item wp-block-navigation-link\"><a class=\"wp-block-navigation-item__content\"  href=\"https:\/\/sar-camp.wtf\/accessibility-awareness\/\"><span class=\"wp-block-navigation-item__label\">Accessibility &amp; Awareness<\/span><\/a><\/li><\/ul><\/nav>\n\n\n<div style=\"height:16px\" aria-hidden=\"true\" class=\"wp-block-spacer\"><\/div>\n\n\n\n<div class=\"gb-element-c037695b nav_highlight \">\n<a class=\"gb-text-03e1ebf5 navButtons \" href=\"https:\/\/tickets.sar-camp.wtf\"><span class=\"gb-shape\"><svg xmlns=\"http:\/\/www.w3.org\/2000\/svg\" aria-hidden=\"true\" role=\"img\" height=\"1em\" width=\"1em\" viewbox=\"0 0 512 512\"><path fill=\"currentColor\" d=\"M462.3 62.6C407.5 15.9 326 24.3 275.7 76.2L256 96.5l-19.7-20.3C186.1 24.3 104.5 15.9 49.7 62.6c-62.8 53.6-66.1 149.8-9.9 207.9l193.5 199.8c12.5 12.9 32.8 12.9 45.3 0l193.5-199.8c56.3-58.1 53-154.3-9.8-207.9z\"><\/path><\/svg><\/span><span class=\"gb-text\">Hol dir dein Ticket<\/span><\/a>\n<\/div>\n<\/div>\n<\/div>\n\n\n\n<div class=\"gb-element-0ef186e7 alignfull\">\n<!--Waves Container-->\n<div>\n<svg xmlns=\"http:\/\/www.w3.org\/2000\/svg\" xmlns:xlink=\"http:\/\/www.w3.org\/1999\/xlink\" class=\"waves\" viewbox=\"0 24 150 28\" preserveaspectratio=\"none\" shape-rendering=\"auto\">\n<defs>\n<path id=\"gentle-wave\" d=\"M-160 44c30 0 58-18 88-18s 58 18 88 18 58-18 88-18 58 18 88 18 v44h-352z\"><\/path>\n<\/defs>\n<g class=\"parallax\">\n<use xlink:href=\"#gentle-wave\" x=\"48\" y=\"0\" fill=\"rgba(255,255,255,0.7\"><\/use>\n<use xlink:href=\"#gentle-wave\" x=\"48\" y=\"3\" fill=\"rgba(255,255,255,0.5)\"><\/use>\n<use xlink:href=\"#gentle-wave\" x=\"48\" y=\"5\" fill=\"rgba(255,255,255,0.3)\"><\/use>\n<use xlink:href=\"#gentle-wave\" x=\"48\" y=\"7\" fill=\"#fff\"><\/use>\n<\/g>\n<\/svg>\n<\/div>\n<!--Waves end-->\n<\/div>\n<\/div>\n\n<div class=\"gb-element-fc0a1654  alignfull\" id=\"About\">\n<div class=\"gb-element-df018f58 regular-width\">\n<div class=\"headline_block\">\n<h2 class=\"wp-block-heading has-text-align-center small has-contrast-color has-text-color has-link-color wp-elements-fd886988b5d1aa4fc70e556662f07bb0\"><br\/><strong>04. September &#8211; 07.2025<\/strong><\/h2>\n\n\n\n<h2 class=\"wp-block-heading has-text-align-center has-contrast-color has-text-color has-link-color wp-elements-e878c976f8a5b8f3a4a4144f68afcaed\">10 Jahre Solidarit\u00e4t  Widerstand \u2013 Search and Rescue<\/h2>\n<\/div>\n\n\n\n<div class=\"wp-block-columns is-layout-flex wp-container-core-columns-is-layout-9d6595d7 wp-block-columns-is-layout-flex\">\n<div class=\"wp-block-column is-layout-flow wp-block-column-is-layout-flow\">\n<p class=\"has-contrast-color has-text-color has-link-color wp-elements-beb7df2edbfea15344c670b13ce6fb9c\">Wir laden alle Menschen mit Fluchterfahrungen, Aktivisti und Verb\u00fcndete ein, Erfahrungen auszutauschen, unsere politischen Strategien zu reflektieren, voneinander zu lernen und das n\u00e4chste Kapitel dieser Bewegung zu gestalten.<\/p>\n\n\n\n<p class=\"has-contrast-color has-text-color has-link-color wp-elements-b22d34eb43d4e3ad7b93d9ab98fd8ee9\">Seit zehn Jahren k\u00e4mpfen wir f\u00fcr zivile Seenotrettung, Bewegungsfreiheit und Menschenrechte f\u00fcr alle.<\/p>\n<\/div>\n\n\n\n<div class=\"wp-block-column is-layout-flow wp-block-column-is-layout-flow\">\n<p class=\"has-contrast-color has-text-color has-link-color wp-elements-67cc1ebef7dbb1535877f307f862cfb6\">Dieses Jubil\u00e4um wurzelt in dem breiteren Kampf, der w\u00e4hrend des Sommers der Migration machtvoll hervortrat \u2013 in Solidarit\u00e4t mit Menschen auf der Flucht, im Widerstand gegen die t\u00f6dliche Festung Europa und im Kampf f\u00fcr eine Zukunft ohne Grenzen \u2013 mit Gerechtigkeit und Solidarit\u00e4t.<br\/><br\/>Wir sind Teil de<a href=\"https:\/\/trans-border.net\/index.php\/join-the-transnational-chain-of-actions-for-free-movement\/\">r Transnational Chain of Actions <\/a>die an den Migrationssommer 2015 erinnert. <\/p>\n\n\n\n<p class=\"has-contrast-color has-text-color has-link-color wp-elements-52f8f9e7e7b4968988eeebac38c015fb\"><br\/>Wir organisieren dieses Camp aus der \u201eBlase\u201d der Seenotrettung heraus und sind uns bewusst, dass unsere Perspektive begrenzt ist. Deshalb m\u00f6chten wir diese Systeme in unserer eigenen Arbeit hinterfragen und das Camp so inklusiv und zug\u00e4nglich wie m\u00f6glich gestalten. Lesen Sie hier <a href=\"https:\/\/sar-camp.wtf\/de\/child-care-concept\/\">unsere vollst\u00e4ndige Erkl\u00e4rung.<\/a>  <\/p>\n\n\n\n<p><\/p>\n\n\n\n<p><\/p>\n<\/div>\n<\/div>\n<\/div>\n\n\n\n<div class=\"gb-element-e41a739b overlap\">\n<div class=\"regular-width\">\n<p class=\"has-contrast-color has-text-color has-link-color wp-elements-178be7e38598bb2bd9ec2c7b1db7f6b6\"><strong>Dieses Camp ist f\u00fcr Dich, wenn&#8230;<\/strong><\/p>\n\n\n\n<ul class=\"wp-block-list has-contrast-color has-text-color has-link-color wp-elements-1a22bdaca67e943c2a12ac59784f1bd5\">\n<li>Du in der <strong>Seenotrettung, Solidarit\u00e4tsarbeit<\/strong> <strong>oder in Unterst\u00fctzungsnetzwerken f\u00fcr Menschen auf der Flucht aktiv bist.<\/strong> <\/li>\n\n\n\n<li>Du <strong>f\u00fcr Bewegungsfreiheit<\/strong> und offene Grenzen k\u00e4mpfst.<\/li>\n\n\n\n<li>Du eine Person mit<strong> Erfahrung<\/strong> mit Flucht, Migration oder Asylsuche hast und dich vernetzen, austauschen und organisieren m\u00f6chtest. <\/li>\n\n\n\n<li>Dich in <strong> <\/strong><strong>antirassistischer<\/strong>, <strong>dekolonialer<\/strong> oder <strong>migrantischer Gerechtigkeitsarbeit<\/strong> engagierst.<\/li>\n\n\n\n<li>Du noch nicht organisiert bist, aber <strong>Interesse hast, dich den K\u00e4mpfen anzuschlie\u00dfen<\/strong>.<\/li>\n\n\n\n<li>Du <strong>das n\u00e4chste Jahrzehnt gemeinsam gestalten<\/strong> m\u00f6chtest.<\/li>\n<\/ul>\n<\/div>\n\n\n\n<a class=\"gb-text-651e24c7 button_on_secondary\" href=\"https:\/\/tickets.sar-camp.wtf\/\" target=\"_blank\" rel=\"noopener\"><span class=\"gb-shape\"><svg xmlns=\"http:\/\/www.w3.org\/2000\/svg\" aria-hidden=\"true\" role=\"img\" height=\"1em\" width=\"1em\" viewbox=\"0 0 512 512\"><path fill=\"currentColor\" d=\"M462.3 62.6C407.5 15.9 326 24.3 275.7 76.2L256 96.5l-19.7-20.3C186.1 24.3 104.5 15.9 49.7 62.6c-62.8 53.6-66.1 149.8-9.9 207.9l193.5 199.8c12.5 12.9 32.8 12.9 45.3 0l193.5-199.8c56.3-58.1 53-154.3-9.8-207.9z\"><\/path><\/svg><\/span><span class=\"gb-text\">Hol dir dein Ticket<\/span><\/a>\n<\/div>\n<\/div>\n\n<div class=\"gb-element-31d34648\" id=\"Expect\">\n<div class=\"gb-element-eebbbc60\">\n<h2 class=\"wp-block-heading has-text-align-center\">Austauschen. Lernen. Organisieren. Was auch immer Du beitragen m\u00f6chtest und kannst, wird im Camp stattfinden. Es ist ein partizipatives Camp.    <\/h2>\n\n\n\n<div style=\"height:62px\" aria-hidden=\"true\" class=\"wp-block-spacer\"><\/div>\n\n\n\n<div class=\"wp-block-columns is-layout-flex wp-container-core-columns-is-layout-9d6595d7 wp-block-columns-is-layout-flex\">\n<div class=\"wp-block-column is-layout-flow wp-block-column-is-layout-flow\">\n<div class=\"gb-element-6fec51d8\">\n<div class=\"gb-element-a05d9282 teasercardimg_container\">\n<figure class=\"wp-block-image size-large is-resized\"><img decoding=\"async\" src=\"https:\/\/sar-camp.wtf\/wp-content\/uploads\/2025\/04\/workshop-panels.svg\" alt=\"\" class=\"wp-image-797\" style=\"width:300px\"\/><\/figure>\n<\/div>\n\n\n\n<div>\n<div class=\"gb-element-2c14ddeb\">\n<h3 class=\"wp-block-heading\">Workshops  Panels<\/h3>\n<\/div>\n\n\n\n<p><\/p>\n<\/div>\n<\/div>\n<\/div>\n\n\n\n<div class=\"wp-block-column is-layout-flow wp-block-column-is-layout-flow\">\n<div class=\"gb-element-6fec51d8\">\n<div class=\"gb-element-a05d9282 teasercardimg_container\">\n<figure class=\"wp-block-image size-large is-resized\"><img decoding=\"async\" src=\"https:\/\/sar-camp.wtf\/wp-content\/uploads\/2025\/04\/history-storytelling.svg\" alt=\"\" class=\"wp-image-761\" style=\"width:300px\"\/><\/figure>\n<\/div>\n\n\n\n<div>\n<div class=\"gb-element-2c14ddeb\">\n<h3 class=\"wp-block-heading\">Erz\u00e4hlen  Geschichte<\/h3>\n<\/div>\n\n\n\n<p><\/p>\n<\/div>\n<\/div>\n<\/div>\n\n\n\n<div class=\"wp-block-column is-layout-flow wp-block-column-is-layout-flow\">\n<div class=\"gb-element-6fec51d8\">\n<div class=\"gb-element-a05d9282 teasercardimg_container\">\n<figure class=\"wp-block-image size-large is-resized\"><img decoding=\"async\" src=\"https:\/\/sar-camp.wtf\/wp-content\/uploads\/2025\/04\/strategy-lab.svg\" alt=\"\" class=\"wp-image-793\" style=\"width:300px\"\/><\/figure>\n<\/div>\n\n\n\n<div>\n<div class=\"gb-element-2c14ddeb\">\n<h3 class=\"wp-block-heading\">Strategielabore<\/h3>\n<\/div>\n\n\n\n<p><\/p>\n<\/div>\n<\/div>\n<\/div>\n<\/div>\n\n\n\n<div class=\"wp-block-columns is-layout-flex wp-container-core-columns-is-layout-9d6595d7 wp-block-columns-is-layout-flex\">\n<div class=\"wp-block-column is-layout-flow wp-block-column-is-layout-flow\">\n<div class=\"gb-element-6fec51d8\">\n<div class=\"gb-element-a05d9282 teasercardimg_container\">\n<figure class=\"wp-block-image size-large is-resized\"><img decoding=\"async\" src=\"https:\/\/sar-camp.wtf\/wp-content\/uploads\/2025\/04\/open-spaces.svg\" alt=\"\" class=\"wp-image-791\" style=\"width:300px\"\/><\/figure>\n<\/div>\n\n\n\n<div>\n<div class=\"gb-element-2c14ddeb\">\n<h3 class=\"wp-block-heading\">Offene R\u00e4ume<\/h3>\n<\/div>\n\n\n\n<p><\/p>\n<\/div>\n<\/div>\n<\/div>\n\n\n\n<div class=\"wp-block-column is-layout-flow wp-block-column-is-layout-flow\">\n<div class=\"gb-element-6fec51d8\">\n<div class=\"gb-element-a05d9282 teasercardimg_container\">\n<figure class=\"wp-block-image size-large is-resized\"><img decoding=\"async\" src=\"https:\/\/sar-camp.wtf\/wp-content\/uploads\/2025\/04\/concert-art-music.svg\" alt=\"\" class=\"wp-image-757\" style=\"width:300px\"\/><\/figure>\n<\/div>\n\n\n\n<div>\n<div class=\"gb-element-2c14ddeb\">\n<h3 class=\"wp-block-heading\">Abendliche Zusammenk\u00fcnfte, Konzerte, Kunst, Party<\/h3>\n<\/div>\n\n\n\n<p><\/p>\n<\/div>\n<\/div>\n<\/div>\n\n\n\n<div class=\"wp-block-column is-layout-flow wp-block-column-is-layout-flow\">\n<div class=\"gb-element-6fec51d8\">\n<div class=\"gb-element-a05d9282 teasercardimg_container\">\n<figure class=\"wp-block-image size-large is-resized\"><img decoding=\"async\" src=\"https:\/\/sar-camp.wtf\/wp-content\/uploads\/2025\/04\/movement-building.svg\" alt=\"\" class=\"wp-image-781\" style=\"width:300px\"\/><\/figure>\n<\/div>\n\n\n\n<div>\n<div class=\"gb-element-2c14ddeb\">\n<h3 class=\"wp-block-heading\">Bewegungsaufbau<\/h3>\n<\/div>\n\n\n\n<p><\/p>\n<\/div>\n<\/div>\n<\/div>\n<\/div>\n<\/div>\n\n\n\n<div style=\"height:60px\" aria-hidden=\"true\" class=\"wp-block-spacer\"><\/div>\n\n\n\n<div class=\"gb-element-39102394 overlap\">\n<div class=\"regular-width\">\n<div class=\"gb-element-a6d24788 baseline_middle\">\n<div class=\"gb-element-894208b2\">\n<h2 class=\"wp-block-heading deco-headline has-contrast-color has-text-color has-link-color wp-elements-1ab9b6690406c94441eb30baad791b30\"><img loading=\"lazy\" decoding=\"async\" width=\"40\" height=\"40\" class=\"wp-image-17\" style=\"width: 40px;\" src=\"https:\/\/sar-camp.wtf\/wp-content\/uploads\/2025\/03\/cropped-Element-1.png\" alt=\"\" srcset=\"https:\/\/sar-camp.wtf\/wp-content\/uploads\/2025\/03\/cropped-Element-1.png 512w, https:\/\/sar-camp.wtf\/wp-content\/uploads\/2025\/03\/cropped-Element-1-300x300.png 300w, https:\/\/sar-camp.wtf\/wp-content\/uploads\/2025\/03\/cropped-Element-1-150x150.png 150w, https:\/\/sar-camp.wtf\/wp-content\/uploads\/2025\/03\/cropped-Element-1-270x270.png 270w, https:\/\/sar-camp.wtf\/wp-content\/uploads\/2025\/03\/cropped-Element-1-192x192.png 192w, https:\/\/sar-camp.wtf\/wp-content\/uploads\/2025\/03\/cropped-Element-1-180x180.png 180w, https:\/\/sar-camp.wtf\/wp-content\/uploads\/2025\/03\/cropped-Element-1-32x32.png 32w\" sizes=\"auto, (max-width: 40px) 100vw, 40px\" \/>Bring Deine F\u00e4higkeiten, Ideen und K\u00e4mpfe ein<img loading=\"lazy\" decoding=\"async\" width=\"40\" height=\"40\" class=\"wp-image-17\" style=\"width: 40px;\" src=\"https:\/\/sar-camp.wtf\/wp-content\/uploads\/2025\/03\/cropped-Element-1.png\" alt=\"\" srcset=\"https:\/\/sar-camp.wtf\/wp-content\/uploads\/2025\/03\/cropped-Element-1.png 512w, https:\/\/sar-camp.wtf\/wp-content\/uploads\/2025\/03\/cropped-Element-1-300x300.png 300w, https:\/\/sar-camp.wtf\/wp-content\/uploads\/2025\/03\/cropped-Element-1-150x150.png 150w, https:\/\/sar-camp.wtf\/wp-content\/uploads\/2025\/03\/cropped-Element-1-270x270.png 270w, https:\/\/sar-camp.wtf\/wp-content\/uploads\/2025\/03\/cropped-Element-1-192x192.png 192w, https:\/\/sar-camp.wtf\/wp-content\/uploads\/2025\/03\/cropped-Element-1-180x180.png 180w, https:\/\/sar-camp.wtf\/wp-content\/uploads\/2025\/03\/cropped-Element-1-32x32.png 32w\" sizes=\"auto, (max-width: 40px) 100vw, 40px\" \/><\/h2>\n<\/div>\n<\/div>\n\n\n\n<p class=\"has-contrast-color has-text-color has-link-color wp-elements-7e3b2e146bd752585b3927aa7a7cf0e0\">Ob Workshop, Film, Vortrag, Konzert, Diskussion oder F\u00e4higkeitenaustausch \u2013 wir gestalten diesen Raum gemeinsam.<\/p>\n\n\n\n<div class=\"gb-element-db848ef7\">\n<p class=\"has-contrast-color has-text-color has-link-color wp-elements-7c02090b93c6d8e352e0f28484950848\">We are looking forward for your contribution.<br\/><strong>Submit until August 14!<\/strong> <br\/><em>If you are wondering whether your contribution fits, please reach out to <a href=\"mailto:camp@sea-watch.org\">camp@sea-watch.org.<\/a><\/em><\/p>\n\n\n\n<div>\n<a class=\"gb-text-736b29e0 button_on_secondary\" href=\"https:\/\/content.sar-camp.wtf\/sar-camp-2025\/cfp\" target=\"_blank\" rel=\"noopener\"><span class=\"gb-shape\"><svg xmlns=\"http:\/\/www.w3.org\/2000\/svg\" width=\"48\" height=\"48\" viewbox=\"0 0 48 48\" fill=\"none\">\n  <path fill-rule=\"evenodd\" clip-rule=\"evenodd\" d=\"M30 8C28.8954 8 28 7.10457 28 6C28 4.89543 28.8954 4 30 4H42C43.1046 4 44 4.89543 44 6V18C44 19.1046 43.1046 20 42 20C40.8954 20 40 19.1046 40 18V10.8284L21.4142 29.4142C20.6332 30.1953 19.3668 30.1953 18.5858 29.4142C17.8047 28.6332 17.8047 27.3668 18.5858 26.5858L37.1716 8H30ZM10 14C9.46957 14 8.96086 14.2107 8.58579 14.5858C8.21071 14.9609 8 15.4696 8 16V38C8 38.5304 8.21071 39.0391 8.58579 39.4142C8.96086 39.7893 9.46957 40 10 40H32C32.5304 40 33.0391 39.7893 33.4142 39.4142C33.7893 39.0391 34 38.5304 34 38V26C34 24.8954 34.8954 24 36 24C37.1046 24 38 24.8954 38 26V38C38 39.5913 37.3679 41.1174 36.2426 42.2426C35.1174 43.3679 33.5913 44 32 44H10C8.4087 44 6.88258 43.3679 5.75736 42.2426C4.63214 41.1174 4 39.5913 4 38V16C4 14.4087 4.63214 12.8826 5.75736 11.7574C6.88258 10.6321 8.4087 10 10 10H22C23.1046 10 24 10.8954 24 12C24 13.1046 23.1046 14 22 14H10Z\" fill=\"white\"><\/path>\n<\/svg><\/span><span class=\"gb-text\">Reiche deinen Beitrag ein<\/span><\/a>\n<\/div>\n<\/div>\n<\/div>\n<\/div>\n<\/div>\n\n<div class=\"gb-element-ca0d7206 alignfull\" id=\"WhereWhenHow\">\n<div class=\"gb-element-48ee4355 regular-width\">\n<div class=\"gb-element-2ce19e62\">\n<div class=\"gb-element-052d099a\">\n<h2 class=\"wp-block-heading has-main-1-dark-color has-text-color has-link-color wp-elements-16ec842e07f50cf05b37dd483cfe1759\">Wo, wann  wie<\/h2>\n\n\n\n<p>Jedes Ticket beinhaltet Camping und Eintritt zum SAR-Camp sowie Verpflegung.<br\/>Wir freuen uns darauf, Dich und Deine Ideen zu sehen!<\/p>\n\n\n\n<div>\n<p class=\"has-text-align-left date has-contrast-color has-text-color has-link-color wp-elements-283b6b41e0de3ed2aa474802e5780b2f\"><img loading=\"lazy\" decoding=\"async\" width=\"36\" height=\"36\" class=\"wp-image-415\" style=\"width: 36px;\" src=\"https:\/\/sar-camp.wtf\/wp-content\/uploads\/2025\/04\/icon_calendar.png\" alt=\"\"\/>  04. &#8211; 07. September 2025<\/p>\n\n\n\n<p class=\"location\"><img loading=\"lazy\" decoding=\"async\" width=\"36\" height=\"37\" class=\"wp-image-416\" style=\"width: 36px;\" src=\"https:\/\/sar-camp.wtf\/wp-content\/uploads\/2025\/04\/icon_location.png\" alt=\"\"\/>Ort: Biesenthal bei Berlin<\/p>\n<\/div>\n<\/div>\n<\/div>\n\n\n\n<figure class=\"wp-block-image size-full\"><img loading=\"lazy\" decoding=\"async\" width=\"490\" height=\"540\" src=\"https:\/\/sar-camp.wtf\/wp-content\/uploads\/2025\/04\/map_tmp.png\" alt=\"\" class=\"wp-image-299\" style=\"object-fit:cover\" srcset=\"https:\/\/sar-camp.wtf\/wp-content\/uploads\/2025\/04\/map_tmp.png 490w, https:\/\/sar-camp.wtf\/wp-content\/uploads\/2025\/04\/map_tmp-272x300.png 272w\" sizes=\"auto, (max-width: 490px) 100vw, 490px\" \/><\/figure>\n<\/div>\n\n\n\n<div class=\"gb-element-5bd87dc3\" id=\"Join\">\n<h2 class=\"wp-block-heading has-contrast-color has-text-color has-link-color wp-elements-985b220a604258400c9f66b65e962005\">M\u00f6chtest du dich uns anschlie\u00dfen?<\/h2>\n\n\n\n<p class=\"has-contrast-color has-text-color has-link-color wp-elements-e1abadfb4574357b80da055062b5e6e4\">Melde dich hier f\u00fcr das Camp an.<\/p>\n\n\n\n<a class=\"gb-text-37f323a3 button_on_secondary\" href=\"https:\/\/tickets.sar-camp.wtf\/\" target=\"_blank\" rel=\"noopener\"><span class=\"gb-shape\"><svg xmlns=\"http:\/\/www.w3.org\/2000\/svg\" aria-hidden=\"true\" role=\"img\" height=\"1em\" width=\"1em\" viewbox=\"0 0 512 512\"><path fill=\"currentColor\" d=\"M462.3 62.6C407.5 15.9 326 24.3 275.7 76.2L256 96.5l-19.7-20.3C186.1 24.3 104.5 15.9 49.7 62.6c-62.8 53.6-66.1 149.8-9.9 207.9l193.5 199.8c12.5 12.9 32.8 12.9 45.3 0l193.5-199.8c56.3-58.1 53-154.3-9.8-207.9z\"><\/path><\/svg><\/span><span class=\"gb-text\">Hol dir dein Ticket<\/span><\/a>\n<\/div>\n\n\n\n<div class=\"gb-element-537d2e61 faq\" id=\"FAQ\">\n<div style=\"height:100px\" aria-hidden=\"true\" class=\"wp-block-spacer\"><\/div>\n\n\n\n<h2 class=\"wp-block-heading has-main-1-dark-color has-text-color has-link-color wp-elements-7dddf385c741a3ee8b3bcd7244dd9fbe\">FAQ<\/h2>\n\n\n\n<p>Weitere Fragen?<br\/>Du erreichst uns \u00fcber camp@sea-watch.org<\/p>\n\n\n\n<h3 class=\"wp-block-heading has-main-2-color has-text-color has-link-color wp-elements-b1122c1de98ec95ae21eb61ea62aac12\"><strong>Unterkunft  Einrichtungen<\/strong><\/h3>\n\n\n\n<details class=\"wp-block-details is-layout-flow wp-block-details-is-layout-flow\"><summary>Muss ich in einem Zelt oder Wohnmobil schlafen?<\/summary>\n<p>Nicht unbedingt! W\u00e4hrend viele Personen zelten, stellen wir begrenzte Innenr\u00e4ume zum Schlafen oder barrierefreie Alternativen zur Verf\u00fcgung \u2014 kontaktiere uns, wenn Du das ben\u00f6tigst. <\/p>\n<\/details>\n\n\n\n<hr class=\"wp-block-separator has-alpha-channel-opacity\"\/>\n\n\n\n<details class=\"wp-block-details is-layout-flow wp-block-details-is-layout-flow\"><summary>Was sollte ich mitbringen?<\/summary>\n<p>Bringe wettergerechte Kleidung, Campingausr\u00fcstung (Zelt, Schlafsack und Matte&#8230;), ben\u00f6tigte Medikamente, ein Handtuch f\u00fcr die Sauna und Dinge mit, die dir Komfort bieten.<\/p>\n<\/details>\n\n\n\n<hr class=\"wp-block-separator has-alpha-channel-opacity\"\/>\n\n\n\n<details class=\"wp-block-details is-layout-flow wp-block-details-is-layout-flow\"><summary>Wird es die M\u00f6glichkeit zum Duschen geben?<\/summary>\n<p>Es gibt einen See vor Ort, perfekt zum Schwimmen und Baden. Einige zus\u00e4tzliche Au\u00dfenduschen werden auf dem Campingplatz vorhanden sein. <\/p>\n<\/details>\n\n\n\n<hr class=\"wp-block-separator has-alpha-channel-opacity\"\/>\n\n\n\n<details class=\"wp-block-details is-layout-flow wp-block-details-is-layout-flow\"><summary>Gibt es vor Ort Geldautomaten oder Kartenzahlungsm\u00f6glichkeiten?<\/summary>\n<p>Nein, leider gibt es vor Ort weder Geldautomaten noch Kartenzahlungsm\u00f6glichkeiten. Wir empfehlen dir, etwas Bargeld mitzubringen. <\/p>\n<\/details>\n\n\n\n<hr class=\"wp-block-separator has-alpha-channel-opacity\"\/>\n\n\n\n<details class=\"wp-block-details is-layout-flow wp-block-details-is-layout-flow\"><summary>Kann ich meinen Hund mitbringen?<\/summary>\n<p>Hunde sind herzlich willkommen. Auf dem Festivalgel\u00e4nde m\u00fcssen diese durchgehend angeleint sein, au\u00dferhalb des Gel\u00e4ndes stehen aber Auslaufm\u00f6glichkeiten zur Verf\u00fcgung. <\/p>\n<\/details>\n\n\n\n<hr class=\"wp-block-separator has-alpha-channel-opacity\"\/>\n\n\n\n<details class=\"wp-block-details is-layout-flow wp-block-details-is-layout-flow\"><summary>Gibt es einen Co-Working Space?<\/summary>\n<p>Auf dem Festivalgel\u00e4nde wird es einen Raum zum arbeiten geben &#8211; mit Tischen und WLAN.<\/p>\n<\/details>\n\n\n\n<hr class=\"wp-block-separator has-alpha-channel-opacity\"\/>\n\n\n\n<details class=\"wp-block-details is-layout-flow wp-block-details-is-layout-flow\"><summary>Wird es vor Ort einen Book Exchange geben?<\/summary>\n<p>Yes! Bring gerne gelesene B\u00fccher mit und tausche Sie mit anderen Teilnehmenden! <\/p>\n<\/details>\n\n\n\n<hr class=\"wp-block-separator has-alpha-channel-opacity\"\/>\n\n\n\n<h3 class=\"wp-block-heading has-main-2-color has-text-color has-link-color wp-elements-dcd1c0fdcbcefd35b7fe4c7c015321e1\"><strong>Transport  Anreise<\/strong><\/h3>\n\n\n\n<details class=\"wp-block-details is-layout-flow wp-block-details-is-layout-flow\"><summary>Wie komme ich zum Camp? Gibt es \u00f6ffentliche Verkehrsmittel? <\/summary>\n<p>Ja, das Camp ist mit \u00f6ffentlichen Verkehrsmitteln erreichbar. Wir werden detaillierte Wegbeschreibungen und Optionen per E-Mail nach Ihrer Registrierung mitteilen. Wir werden auch Shuttles zwischen dem Bahnhof und dem Camp zur Verf\u00fcgung stellen.  <\/p>\n<\/details>\n\n\n\n<hr class=\"wp-block-separator has-alpha-channel-opacity\"\/>\n\n\n\n<details class=\"wp-block-details is-layout-flow wp-block-details-is-layout-flow\"><summary>Kann ich mit dem Auto oder Wohnmobil kommen? Gibt es Parkpl\u00e4tze? <\/summary>\n<p>Es wird begrenzte Parkm\u00f6glichkeiten geben. Du kannst mit deinem Wohnmobil\/Auto kommen, wenn du darin schl\u00e4fst, ansonsten m\u00f6chten wir dich ermutigen, mit \u00f6ffentlichen Verkehrsmitteln anzureisen, da wir keinen Parkplatz garantieren k\u00f6nnen. Wir empfehlen Fahrgemeinschaften, wenn m\u00f6glich!  <\/p>\n<\/details>\n\n\n\n<hr class=\"wp-block-separator has-alpha-channel-opacity\"\/>\n\n\n\n<h3 class=\"wp-block-heading has-main-2-color has-text-color has-link-color wp-elements-88f508d24488df618166473841b2f1bf\"><strong>Tickets  Kosten<\/strong><\/h3>\n\n\n\n<details class=\"wp-block-details is-layout-flow wp-block-details-is-layout-flow\"><summary>Ich m\u00f6chte nur f\u00fcr einen Tag kommen \u2014 muss ich trotzdem ein volles Ticket bezahlen?<\/summary>\n<p>Im Allgemeinen w\u00fcrden wir uns freuen, wenn Du das gesamte Wochenende bleiben k\u00f6nntest, um die volle Erfahrung des Austauschs und der Netzwerkbildung zu erleben, daher gibt es kein \u201eEintages\u201c-Ticket. Selbstverst\u00e4ndlich kannst Du auch sp\u00e4ter anreisen oder fr\u00fcher abreisen. In diesem Fall kannst Du uns kontaktieren, und wir k\u00f6nnen Dir einen Gutschein ausstellen, sodass Du nicht den vollen Preis bezahlen musst.  <\/p>\n<\/details>\n\n\n\n<hr class=\"wp-block-separator has-alpha-channel-opacity\"\/>\n\n\n\n<details class=\"wp-block-details is-layout-flow wp-block-details-is-layout-flow\"><summary>Ich kann mir das Soli-Ticket nicht leisten \u2014 kann ich trotzdem teilnehmen?<\/summary>\n<p>Ja. Wir schlagen eine gestaffelte Beitragsskala vor, aber niemand wird aufgrund mangelnder finanzieller Mittel abgewiesen. Zug\u00e4nglichkeit beinhaltet auch finanzielle Zug\u00e4nglichkeit. Wenn du es sich dir nicht leisten kannst, melde dich bei uns \u2014 wir werden eine L\u00f6sung finden.   <\/p>\n<\/details>\n\n\n\n<hr class=\"wp-block-separator has-alpha-channel-opacity\"\/>\n\n\n\n<details class=\"wp-block-details is-layout-flow wp-block-details-is-layout-flow\"><summary>Wird Verpflegung bereitgestellt?<\/summary>\n<p>Ja, wir werden ein K\u00fcchenteam haben, das von uns allen unterst\u00fctzt wird und vegane Mahlzeiten anbietet. Essen und Wasser sind im Ticketpreis inbegriffen. Wenn du eigene Verpflegung mitbringen m\u00f6chtest, kannst du auch ein g\u00fcnstigeres Ticket \u00fcber das Ticketportal erwerben.<br\/>Zus\u00e4tzlich kannst du Kaffee und andere Getr\u00e4nke an der Bar erhalten. Bringen daf\u00fcr bitte etwas Bargeld mit \ud83d\ude09   <\/p>\n<\/details>\n\n\n\n<hr class=\"wp-block-separator has-alpha-channel-opacity\"\/>\n\n\n\n<h3 class=\"wp-block-heading has-main-2-color has-text-color has-link-color wp-elements-060f1d2c04291a05e4fd2c97518719ce\"><strong>Familien  Kinder<\/strong><\/h3>\n\n\n\n<div>\n<details class=\"wp-block-details is-layout-flow wp-block-details-is-layout-flow\"><summary>Kann ich Kinder mitbringen?<\/summary>\n<p>Ja! Kinder sind willkommen. Bitte informieren uns w\u00e4hrend der Registrierung f\u00fcr die Ticketbuchung dar\u00fcber, wie viele Kinder du mitbringen wirst, damit wir die Verpflegung und Kinderbetreuung planen k\u00f6nnen- da wir beides vor Ort anbieten wollen. Kinder \u00fcber 14 Jahre ben\u00f6tigen ein eigenes Ticket.    Das <a href=\"https:\/\/sar-camp.wtf\/de\/accessibility-awareness\/\"><mark style=\"background-color:rgba(0, 0, 0, 0)\" class=\"has-inline-color has-accent-color\">Child Care Concept findet ihr hier<\/mark><\/a><\/p>\n<\/details>\n<\/div>\n\n\n\n<hr class=\"wp-block-separator has-alpha-channel-opacity\"\/>\n\n\n\n<h3 class=\"wp-block-heading has-main-2-color has-text-color has-link-color wp-elements-555033e9f43d7e4741ff289344ce84a8\"><strong>Workshops  Programm<\/strong><\/h3>\n\n\n\n<details class=\"wp-block-details is-layout-flow wp-block-details-is-layout-flow\"><summary>In welcher Sprache werden die Workshops abgehalten?<\/summary>\n<p>Die Hauptsprachen im Camp sind Deutsch und Englisch, und wir werden unser Bestes tun, um \u00dcbersetzungen in beide Sprachen anzubieten. Wenn du eine andere Sprache ben\u00f6tigst oder bei der \u00dcbersetzung helfen kannst, lass es uns gerne wissen. <\/p>\n<\/details>\n\n\n\n<hr class=\"wp-block-separator has-alpha-channel-opacity\"\/>\n\n\n\n<details class=\"wp-block-details is-layout-flow wp-block-details-is-layout-flow\"><summary>Ist es f\u00fcr Teilnehmende oder Organisationen m\u00f6glich, vor Ort Merch zu verkaufen oder Spenden zu sammeln?<\/summary>\n<p>Wir freuen uns sehr, dass sich in Biesenthal viele gemeinn\u00fctzige und haupts\u00e4chlich durch Spenden finanzierte Organisationen und Initiativen zusammenfinden. Das Camp hat nicht den Zweck oder Charakter, Spenden f\u00fcr die vielen verschiedenen Organisationen zu sammeln, und wir sind daher der Meinung, dass es daf\u00fcr nicht der geeignete Ort ist. <\/p>\n<\/details>\n\n\n\n<hr class=\"wp-block-separator has-alpha-channel-opacity\"\/>\n\n\n\n<h3 class=\"wp-block-heading has-main-2-color has-text-color has-link-color wp-elements-ae7264b715027f631ffa1d09537cbe36\"><strong>Anfahrt<\/strong><\/h3>\n\n\n\n<details class=\"wp-block-details is-layout-flow wp-block-details-is-layout-flow\"><summary>Gibt\u2019s M\u00f6glichkeiten, Anschluss zu finden, wenn ich allein komme?<\/summary>\n<p>Viele Leute kommen zum Camp ohne Gruppe, und das ist v\u00f6llig okay! Wir richten ein paar einfache M\u00f6glichkeiten ein, damit du von Anfang an andere treffen und dich wohlf\u00fchlen kannst. <\/p>\n\n\n\n<p>Was es geben wird:<\/p>\n\n\n\n<p><strong>Telegram-Gruppen<\/strong><br\/>Sobald du dein Ticket hast, bekommst du Zugang zu Telegram. Darin findest du: <\/p>\n\n\n\n<ul class=\"wp-block-list\">\n<li>Eine <strong>Connection-Gruppe<\/strong> zum Chatten und sich zusammentun<\/li>\n\n\n\n<li>Eine <strong>Fahrgemeinschafts-Gruppe <\/strong>um gemeinsame Fahrten zu organisieren<\/li>\n\n\n\n<li>Ein <strong>Hauptkanal<\/strong> f\u00fcr Updates und praktische Infos<\/li>\n<\/ul>\n\n\n\n<p><strong>T\u00e4gliche Treffen<\/strong><br\/>Es gibt jeden Tag ein kurzes Treffen im Camp, f\u00fcr alle, die andere kennenlernen wollen. Locker und f\u00fcr alle offen. <\/p>\n\n\n\n<p><strong>Schichten zusammen<\/strong><br\/>Die meisten Schichten im Camp (K\u00fcche, Awareness usw.) machen wir in kleinen Teams. Das ist eine super Gelegenheit, Leute kennenzulernen und dabei was Sinnvolles zu tun. Keine Sorge, du musst das nicht alleine machen.  <\/p>\n\n\n\n<p><strong>Offene Sessions<\/strong><br\/>Wir bauen Zeit im Programm ein, wo jede Person eine kleine Gruppe f\u00fcr Gespr\u00e4che oder Aktivit\u00e4ten starten kann.<br\/><br\/>Also egal, ob du mit einer Gruppe kommst oder allein \u2013 es gibt immer Raum, um in Kontakt zu kommen \ud83d\ude42<\/p>\n<\/details>\n\n\n\n<hr class=\"wp-block-separator has-alpha-channel-opacity\"\/>\n\n\n\n<div class=\"wp-block-group is-vertical is-layout-flex wp-container-core-group-is-layout-8cf370e7 wp-block-group-is-layout-flex\">\n<p class=\"has-main-2-color has-text-color has-link-color wp-elements-818d33f991d2a41b5e995702dd8306d9\"><strong>Awareness and Accessibility<\/strong><\/p>\n\n\n\n<details class=\"wp-block-details is-layout-flow wp-block-details-is-layout-flow\"><summary>Wo finde ich weitere Informationen \u00fcber Awareness und Accessibility?<\/summary>\n<div>\n<p>Awareness and Accessibility sind f\u00fcr uns unerl\u00e4sslich. Die entsprechenden Konzepte findest du unter dem folgenden Link: <a href=\"https:\/\/sar-camp.wtf\/de\/programm\/\"><mark style=\"background-color:rgba(0, 0, 0, 0)\" class=\"has-inline-color has-accent-color\"><em>Awareness and Accessibility <\/em><\/mark><\/a>  <\/p>\n<\/div>\n<\/details>\n<\/div>\n\n\n\n<hr class=\"wp-block-separator has-alpha-channel-opacity\"\/>\n\n\n\n<div style=\"height:90px\" aria-hidden=\"true\" class=\"wp-block-spacer\"><\/div>\n\n\n\n<h2 class=\"wp-block-heading has-text-align-left has-contrast-color has-text-color has-link-color wp-elements-fc271318b08e0b07ee54d1f8b7f86514\">Danke! <\/h2>\n\n\n\n<p>Dieses Camp wir organisiert von: Collective aid, I Have Rights., ROSA &#8211; rolling safe space, Sea-Eye, Sea-Watch, Seebr\u00fccke Berlin, Wir packen\u2019s an und alle Menschen die teilnehmen<br\/><br\/>Das Camp w\u00e4re nicht m\u00f6glich ohne die Unterst\u00fctzung von: AStA FU Berlin, AStA TU Berlin, Bar crew, Ben  Jerry&#8217;s, Extinction Rebellion, FLBackline, Food4Action, Movement Hub, Netzwerk Polylux, No Nation Truck, Otto Events, ReBeam, Roses of Care, Satisfy, Solide Strukturen, Solikante, Woodpecker Dreamsund viele andre<\/p>\n\n\n\n<div style=\"height:45px\" aria-hidden=\"true\" class=\"wp-block-spacer\"><\/div>\n<\/div>\n<\/div>\n\n<div class=\"gb-element-5ef24ea1 alignfull\">\n<!--Waves Container-->\n<div>\n<svg xmlns=\"http:\/\/www.w3.org\/2000\/svg\" xmlns:xlink=\"http:\/\/www.w3.org\/1999\/xlink\" class=\"waves\" viewbox=\"0 24 150 28\" preserveaspectratio=\"none\" shape-rendering=\"auto\">\n<defs>\n<path id=\"gentle-wave\" d=\"M-160 44c30 0 58-18 88-18s 58 18 88 18 58-18 88-18 58 18 88 18 v44h-352z\"><\/path>\n<\/defs>\n<g class=\"parallax\">\n<use xlink:href=\"#gentle-wave\" x=\"48\" y=\"0\" fill=\"rgba(86,0,189,0.7\"><\/use>\n<use xlink:href=\"#gentle-wave\" x=\"48\" y=\"3\" fill=\"rgba(86,0,189,0.5)\"><\/use>\n<use xlink:href=\"#gentle-wave\" x=\"48\" y=\"5\" fill=\"rgba(86,0,189,0.3)\"><\/use>\n<use xlink:href=\"#gentle-wave\" x=\"48\" y=\"7\" fill=\"#5600BD\"><\/use>\n<\/g>\n<\/svg>\n<\/div>\n<!--Waves end-->\n<\/div>\n","protected":false},"excerpt":{"rendered":"<p>Reflect. Resist. Reclaim the Future. Ein Camp f\u00fcr Personen, die in den Bereichen Seenotrettung, Flucht, No-Borders, Dekolonialisierung Migration organisiert sind, sowie f\u00fcr alle, die mit diesen K\u00e4mpfen verbunden sind. Hol dir dein Ticket 04. September &#8211; 07.2025 10 Jahre Solidarit\u00e4t Widerstand \u2013 Search and Rescue Wir laden alle Menschen mit Fluchterfahrungen, Aktivisti und Verb\u00fcndete ein, &#8230; <a title=\"Startseite\" class=\"read-more\" href=\"https:\/\/sar-camp.wtf\/de\/\" aria-label=\"Mehr Informationen \u00fcber Startseite\">Weiterlesen<\/a><\/p>\n","protected":false},"author":3,"featured_media":692,"parent":0,"menu_order":0,"comment_status":"closed","ping_status":"closed","template":"","meta":{"inline_featured_image":false,"footnotes":""},"class_list":["post-930","page","type-page","status-publish","has-post-thumbnail"],"yoast_head":"<!-- This site is optimized with the Yoast SEO plugin v26.1.1 - https:\/\/yoast.com\/wordpress\/plugins\/seo\/ -->\n<title>Startseite - SAR Solidarity &amp; Resistance Camp<\/title>\n<meta name=\"description\" content=\"Ein Camp f\u00fcr Aktivisten in den Bereichen Seenotrettung, Flucht, No-Borders, Dekolonialisierung &amp; Migration. Wir laden Aktivisti und Verb\u00fcndete ein, Erfahrungen auszutauschen, unsere politischen Strategien zu reflektieren, voneinander zu lernen und das n\u00e4chste Kapitel dieser Bewegung zu gestalten.\" \/>\n<meta name=\"robots\" content=\"index, follow, max-snippet:-1, max-image-preview:large, max-video-preview:-1\" \/>\n<link rel=\"canonical\" href=\"https:\/\/sar-camp.wtf\/de\/\" \/>\n<meta property=\"og:locale\" content=\"de_DE\" \/>\n<meta property=\"og:type\" content=\"article\" \/>\n<meta property=\"og:title\" content=\"Startseite - SAR Solidarity &amp; Resistance Camp\" \/>\n<meta property=\"og:description\" content=\"Ein Camp f\u00fcr Aktivisten in den Bereichen Seenotrettung, Flucht, No-Borders, Dekolonialisierung &amp; Migration. Wir laden Aktivisti und Verb\u00fcndete ein, Erfahrungen auszutauschen, unsere politischen Strategien zu reflektieren, voneinander zu lernen und das n\u00e4chste Kapitel dieser Bewegung zu gestalten.\" \/>\n<meta property=\"og:url\" content=\"https:\/\/sar-camp.wtf\/de\/\" \/>\n<meta property=\"og:site_name\" content=\"SAR Solidarity &amp; Resistance Camp\" \/>\n<meta property=\"article:modified_time\" content=\"2025-08-29T18:24:53+00:00\" \/>\n<meta property=\"og:image\" content=\"https:\/\/sar-camp.wtf\/wp-content\/uploads\/2025\/04\/sar-logo-w-text.png\" \/>\n\t<meta property=\"og:image:width\" content=\"2485\" \/>\n\t<meta property=\"og:image:height\" content=\"1560\" \/>\n\t<meta property=\"og:image:type\" content=\"image\/png\" \/>\n<meta name=\"twitter:card\" content=\"summary_large_image\" \/>\n<meta name=\"twitter:label1\" content=\"Gesch\u00e4tzte Lesezeit\" \/>\n\t<meta name=\"twitter:data1\" content=\"6\u00a0Minuten\" \/>\n<script type=\"application\/ld+json\" class=\"yoast-schema-graph\">{\"@context\":\"https:\/\/schema.org\",\"@graph\":[{\"@type\":\"WebPage\",\"@id\":\"https:\/\/sar-camp.wtf\/de\/\",\"url\":\"https:\/\/sar-camp.wtf\/de\/\",\"name\":\"Startseite - SAR Solidarity &amp; Resistance Camp\",\"isPartOf\":{\"@id\":\"https:\/\/sar-camp.wtf\/de\/#website\"},\"primaryImageOfPage\":{\"@id\":\"https:\/\/sar-camp.wtf\/de\/#primaryimage\"},\"image\":{\"@id\":\"https:\/\/sar-camp.wtf\/de\/#primaryimage\"},\"thumbnailUrl\":\"https:\/\/sar-camp.wtf\/wp-content\/uploads\/2025\/04\/sar-logo-w-text.png\",\"datePublished\":\"2025-04-08T10:55:00+00:00\",\"dateModified\":\"2025-08-29T18:24:53+00:00\",\"description\":\"Ein Camp f\u00fcr Aktivisten in den Bereichen Seenotrettung, Flucht, No-Borders, Dekolonialisierung & Migration. Wir laden Aktivisti und Verb\u00fcndete ein, Erfahrungen auszutauschen, unsere politischen Strategien zu reflektieren, voneinander zu lernen und das n\u00e4chste Kapitel dieser Bewegung zu gestalten.\",\"breadcrumb\":{\"@id\":\"https:\/\/sar-camp.wtf\/de\/#breadcrumb\"},\"inLanguage\":\"de\",\"potentialAction\":[{\"@type\":\"ReadAction\",\"target\":[\"https:\/\/sar-camp.wtf\/de\/\"]}]},{\"@type\":\"ImageObject\",\"inLanguage\":\"de\",\"@id\":\"https:\/\/sar-camp.wtf\/de\/#primaryimage\",\"url\":\"https:\/\/sar-camp.wtf\/wp-content\/uploads\/2025\/04\/sar-logo-w-text.png\",\"contentUrl\":\"https:\/\/sar-camp.wtf\/wp-content\/uploads\/2025\/04\/sar-logo-w-text.png\",\"width\":2485,\"height\":1560},{\"@type\":\"BreadcrumbList\",\"@id\":\"https:\/\/sar-camp.wtf\/de\/#breadcrumb\",\"itemListElement\":[{\"@type\":\"ListItem\",\"position\":1,\"name\":\"Startseite\",\"item\":\"https:\/\/sar-camp.wtf\/de\/\"},{\"@type\":\"ListItem\",\"position\":2,\"name\":\"Startseite\"}]},{\"@type\":\"WebSite\",\"@id\":\"https:\/\/sar-camp.wtf\/de\/#website\",\"url\":\"https:\/\/sar-camp.wtf\/de\/\",\"name\":\"SAR Solidarity &amp; Resistance Camp\",\"description\":\"10 Years of Solidarity &amp; Resistance - Search &amp; Rescue\",\"publisher\":{\"@id\":\"https:\/\/sar-camp.wtf\/de\/#organization\"},\"potentialAction\":[{\"@type\":\"SearchAction\",\"target\":{\"@type\":\"EntryPoint\",\"urlTemplate\":\"https:\/\/sar-camp.wtf\/de\/?s={search_term_string}\"},\"query-input\":{\"@type\":\"PropertyValueSpecification\",\"valueRequired\":true,\"valueName\":\"search_term_string\"}}],\"inLanguage\":\"de\"},{\"@type\":\"Organization\",\"@id\":\"https:\/\/sar-camp.wtf\/de\/#organization\",\"name\":\"SAR Solidarity &amp; Resistance Camp\",\"url\":\"https:\/\/sar-camp.wtf\/de\/\",\"logo\":{\"@type\":\"ImageObject\",\"inLanguage\":\"de\",\"@id\":\"https:\/\/sar-camp.wtf\/de\/#\/schema\/logo\/image\/\",\"url\":\"https:\/\/sar-camp.wtf\/wp-content\/uploads\/2025\/04\/sar-logo-w-text.png\",\"contentUrl\":\"https:\/\/sar-camp.wtf\/wp-content\/uploads\/2025\/04\/sar-logo-w-text.png\",\"width\":2485,\"height\":1560,\"caption\":\"SAR Solidarity &amp; Resistance Camp\"},\"image\":{\"@id\":\"https:\/\/sar-camp.wtf\/de\/#\/schema\/logo\/image\/\"}}]}<\/script>\n<!-- \/ Yoast SEO plugin. -->","yoast_head_json":{"title":"Startseite - SAR Solidarity &amp; Resistance Camp","description":"Ein Camp f\u00fcr Aktivisten in den Bereichen Seenotrettung, Flucht, No-Borders, Dekolonialisierung & Migration. Wir laden Aktivisti und Verb\u00fcndete ein, Erfahrungen auszutauschen, unsere politischen Strategien zu reflektieren, voneinander zu lernen und das n\u00e4chste Kapitel dieser Bewegung zu gestalten.","robots":{"index":"index","follow":"follow","max-snippet":"max-snippet:-1","max-image-preview":"max-image-preview:large","max-video-preview":"max-video-preview:-1"},"canonical":"https:\/\/sar-camp.wtf\/de\/","og_locale":"de_DE","og_type":"article","og_title":"Startseite - SAR Solidarity &amp; Resistance Camp","og_description":"Ein Camp f\u00fcr Aktivisten in den Bereichen Seenotrettung, Flucht, No-Borders, Dekolonialisierung & Migration. Wir laden Aktivisti und Verb\u00fcndete ein, Erfahrungen auszutauschen, unsere politischen Strategien zu reflektieren, voneinander zu lernen und das n\u00e4chste Kapitel dieser Bewegung zu gestalten.","og_url":"https:\/\/sar-camp.wtf\/de\/","og_site_name":"SAR Solidarity &amp; Resistance Camp","article_modified_time":"2025-08-29T18:24:53+00:00","og_image":[{"width":2485,"height":1560,"url":"https:\/\/sar-camp.wtf\/wp-content\/uploads\/2025\/04\/sar-logo-w-text.png","type":"image\/png"}],"twitter_card":"summary_large_image","twitter_misc":{"Gesch\u00e4tzte Lesezeit":"6\u00a0Minuten"},"schema":{"@context":"https:\/\/schema.org","@graph":[{"@type":"WebPage","@id":"https:\/\/sar-camp.wtf\/de\/","url":"https:\/\/sar-camp.wtf\/de\/","name":"Startseite - SAR Solidarity &amp; Resistance Camp","isPartOf":{"@id":"https:\/\/sar-camp.wtf\/de\/#website"},"primaryImageOfPage":{"@id":"https:\/\/sar-camp.wtf\/de\/#primaryimage"},"image":{"@id":"https:\/\/sar-camp.wtf\/de\/#primaryimage"},"thumbnailUrl":"https:\/\/sar-camp.wtf\/wp-content\/uploads\/2025\/04\/sar-logo-w-text.png","datePublished":"2025-04-08T10:55:00+00:00","dateModified":"2025-08-29T18:24:53+00:00","description":"Ein Camp f\u00fcr Aktivisten in den Bereichen Seenotrettung, Flucht, No-Borders, Dekolonialisierung & Migration. Wir laden Aktivisti und Verb\u00fcndete ein, Erfahrungen auszutauschen, unsere politischen Strategien zu reflektieren, voneinander zu lernen und das n\u00e4chste Kapitel dieser Bewegung zu gestalten.","breadcrumb":{"@id":"https:\/\/sar-camp.wtf\/de\/#breadcrumb"},"inLanguage":"de","potentialAction":[{"@type":"ReadAction","target":["https:\/\/sar-camp.wtf\/de\/"]}]},{"@type":"ImageObject","inLanguage":"de","@id":"https:\/\/sar-camp.wtf\/de\/#primaryimage","url":"https:\/\/sar-camp.wtf\/wp-content\/uploads\/2025\/04\/sar-logo-w-text.png","contentUrl":"https:\/\/sar-camp.wtf\/wp-content\/uploads\/2025\/04\/sar-logo-w-text.png","width":2485,"height":1560},{"@type":"BreadcrumbList","@id":"https:\/\/sar-camp.wtf\/de\/#breadcrumb","itemListElement":[{"@type":"ListItem","position":1,"name":"Startseite","item":"https:\/\/sar-camp.wtf\/de\/"},{"@type":"ListItem","position":2,"name":"Startseite"}]},{"@type":"WebSite","@id":"https:\/\/sar-camp.wtf\/de\/#website","url":"https:\/\/sar-camp.wtf\/de\/","name":"SAR Solidarity &amp; Resistance Camp","description":"10 Years of Solidarity &amp; Resistance - Search &amp; Rescue","publisher":{"@id":"https:\/\/sar-camp.wtf\/de\/#organization"},"potentialAction":[{"@type":"SearchAction","target":{"@type":"EntryPoint","urlTemplate":"https:\/\/sar-camp.wtf\/de\/?s={search_term_string}"},"query-input":{"@type":"PropertyValueSpecification","valueRequired":true,"valueName":"search_term_string"}}],"inLanguage":"de"},{"@type":"Organization","@id":"https:\/\/sar-camp.wtf\/de\/#organization","name":"SAR Solidarity &amp; Resistance Camp","url":"https:\/\/sar-camp.wtf\/de\/","logo":{"@type":"ImageObject","inLanguage":"de","@id":"https:\/\/sar-camp.wtf\/de\/#\/schema\/logo\/image\/","url":"https:\/\/sar-camp.wtf\/wp-content\/uploads\/2025\/04\/sar-logo-w-text.png","contentUrl":"https:\/\/sar-camp.wtf\/wp-content\/uploads\/2025\/04\/sar-logo-w-text.png","width":2485,"height":1560,"caption":"SAR Solidarity &amp; Resistance Camp"},"image":{"@id":"https:\/\/sar-camp.wtf\/de\/#\/schema\/logo\/image\/"}}]}},"_links":{"self":[{"href":"https:\/\/sar-camp.wtf\/de\/wp-json\/wp\/v2\/pages\/930","targetHints":{"allow":["GET"]}}],"collection":[{"href":"https:\/\/sar-camp.wtf\/de\/wp-json\/wp\/v2\/pages"}],"about":[{"href":"https:\/\/sar-camp.wtf\/de\/wp-json\/wp\/v2\/types\/page"}],"author":[{"embeddable":true,"href":"https:\/\/sar-camp.wtf\/de\/wp-json\/wp\/v2\/users\/3"}],"replies":[{"embeddable":true,"href":"https:\/\/sar-camp.wtf\/de\/wp-json\/wp\/v2\/comments?post=930"}],"version-history":[{"count":9,"href":"https:\/\/sar-camp.wtf\/de\/wp-json\/wp\/v2\/pages\/930\/revisions"}],"predecessor-version":[{"id":1355,"href":"https:\/\/sar-camp.wtf\/de\/wp-json\/wp\/v2\/pages\/930\/revisions\/1355"}],"wp:featuredmedia":[{"embeddable":true,"href":"https:\/\/sar-camp.wtf\/de\/wp-json\/wp\/v2\/media\/692"}],"wp:attachment":[{"href":"https:\/\/sar-camp.wtf\/de\/wp-json\/wp\/v2\/media?parent=930"}],"curies":[{"name":"wp","href":"https:\/\/api.w.org\/{rel}","templated":true}]}}