{"id":1093,"date":"2025-07-31T09:12:59","date_gmt":"2025-07-31T09:12:59","guid":{"rendered":"https:\/\/sar-camp.wtf\/?page_id=1093"},"modified":"2025-08-19T16:27:51","modified_gmt":"2025-08-19T16:27:51","slug":"programm","status":"publish","type":"page","link":"https:\/\/sar-camp.wtf\/de\/programm\/","title":{"rendered":"Accessibility &amp; Awareness"},"content":{"rendered":"\n<div class=\"gb-element-0ef186e7 alignfull\">\n<!--Waves Container-->\n<div>\n<svg xmlns=\"http:\/\/www.w3.org\/2000\/svg\" xmlns:xlink=\"http:\/\/www.w3.org\/1999\/xlink\" class=\"waves\" viewbox=\"0 24 150 28\" preserveaspectratio=\"none\" shape-rendering=\"auto\">\n<defs>\n<path id=\"gentle-wave\" d=\"M-160 44c30 0 58-18 88-18s 58 18 88 18 58-18 88-18 58 18 88 18 v44h-352z\"><\/path>\n<\/defs>\n<g class=\"parallax\">\n<use xlink:href=\"#gentle-wave\" x=\"48\" y=\"0\" fill=\"rgba(255,255,255,0.7\"><\/use>\n<use xlink:href=\"#gentle-wave\" x=\"48\" y=\"3\" fill=\"rgba(255,255,255,0.5)\"><\/use>\n<use xlink:href=\"#gentle-wave\" x=\"48\" y=\"5\" fill=\"rgba(255,255,255,0.3)\"><\/use>\n<use xlink:href=\"#gentle-wave\" x=\"48\" y=\"7\" fill=\"#fff\"><\/use>\n<\/g>\n<\/svg>\n<\/div>\n<!--Waves end-->\n<\/div>\n\n<div class=\"gb-element-58f1432b alignfull\">\n<div class=\"gb-element-0b206c7b regular-width\">\n<p class=\"has-main-2-color has-text-color has-link-color wp-elements-1b97bbe9ce9ed12f2dde42eacd213e97\" style=\"font-size:30px\"><strong>Accessibility und Awareness sind f\u00fcr uns unverzichtbar. <\/strong><\/p>\n\n\n\n<p><\/p>\n\n\n\n<details class=\"wp-block-details is-layout-flow wp-block-details-is-layout-flow\"><summary><strong><strong>Awareness-Konzept SAR-Camp 4.-7.9.25<\/strong><\/strong><\/summary>\n<p><\/p>\n\n\n\n<p><strong>Was ist Awareness?<\/strong><\/p>\n\n\n\n<p>\u201eAwareness\u201c kommt aus dem Englischen \u201eto be aware\u201c und hei\u00dft so viel wie \u201esich bewusst sein, sensibilisiert sein\u201c. Hier geht es vor allem um das Bewusstsein und die Aufmerksamkeit f\u00fcr Situationen, in denen du und\/oder andere \u00fcbergriffiges, grenzverletzendes oder diskriminierendes Verhalten erleben. Die Praxis der Awareness-Arbeit hat ihren Ursprung in Schwarzen und indigenen Bewegungen. Dabei handelt es sich um eine Form der Selbstorganisation, die sogenannte \u201erestorative\u201c oder \u201etransformative justice\u201c, die erm\u00f6glichen m\u00f6chte, Konflikte unabh\u00e4ngig von gewaltsamer staatlicher Straflogik zu l\u00f6sen.   <\/p>\n\n\n\n<p>Als Konzept stellt sich Awareness als antidiskriminatorische Praxis gegen jede Form von Diskriminierung, wie Rassismus, Queerfeindlichkeit, Ableismus, Sexismus und Klassismus, gegen Gewalt und Grenzverletzung. Im Idealfall k\u00f6nnen Grenz\u00fcberschreitungen durch eine Bewusstmachung von diskriminierenden Strukturen bereits im Voraus vermieden werden. Allerdings ist strukturelle Diskriminierung fest in unserer Gesellschaft verankert. Kein Mensch ist ganz vorurteilsfrei und diskriminierungsfrei im Umgang mit anderen. Deshalb braucht es eine bewusste Reflexion und Struktur, um Diskriminierungen aufzufangen. Es ist unm\u00f6glich, f\u00fcr alle Menschen einen sicheren Raum zu bieten. Wir versuchen aber, unser Camp zu einem safer space zu machen, wof\u00fcr Awareness-Arbeit unerl\u00e4sslich ist.      <\/p>\n\n\n\n<p>Wir wollen dich und uns alle deshalb dazu anhalten, auf uns selbst und das Wohlbefinden unserer Mitmenschen zu achten und aufeinander R\u00fccksicht zu nehmen. Einen Namen richtig auszusprechen oder das richtige Pronomen zu verwenden, kann schon einen gro\u00dfen Unterschied machen! Reflektiere dich selbst \u2013 wir alle sind mit dem Lernen niemals fertig.  <\/p>\n\n\n\n<p><strong>2. Das Awareness Team<\/strong><\/p>\n\n\n\n<p>Immer wieder kommt es zu Situationen, in denen wir uns unwohl f\u00fchlen, gerade in R\u00e4umen mit vielen anderen Menschen. Das kann einerseits durch diskriminierendes und grenzverletzendes Verhalten anderer passieren, aber auch dadurch, dass wir zum Beispiel durch bestimmte Ausl\u00f6ser an vergangene Situationen erinnert werden, in denen wir pers\u00f6nlich etwas Verletzendes erlebt haben. Diese Ausl\u00f6ser werden Trigger genannt und k\u00f6nnen alle m\u00f6glichen Formen annehmen, zum Beispiel Ger\u00fcche, Ger\u00e4usche, Bilder, Verhalten anderer und vieles mehr. Diese Erinnerungen k\u00f6nnen uns dann stark emotional belasten.   <\/p>\n\n\n\n<p>Falls es zu Situationen kommt, in der du und\/oder andere getriggert werden oder Diskriminierung erfahren, ist das Awareness-Team f\u00fcr dich da. Dabei kann es beispielsweise um Wahrnehmungen von Machtgef\u00e4lle, Benachteiligung, Grenz\u00fcberschreitungen und die \u00dcberwindung akuter Trigger gehen. Das Awareness-Team soll sicherstellen, dass es nicht zu wiederholten Diskriminierungen kommt. Es ist stets ansprechbar f\u00fcr alle und an gut sichtbaren lila Westen zu erkennen. Es besteht aus insgesamt f\u00fcnf bis sechs Personen und ist unter anderem im Awareness-Bereich zu finden. Au\u00dferdem gibt es auch mobile Mitglieder des Awareness-Teams, die bei einzelnen Veranstaltungen und besonders bei Party-Kontexten in Zweier-Teams anwesend sind. Du kannst dar\u00fcber hinaus auch andere Menschen an der Bar und am Info-Point ansprechen, die dann f\u00fcr dich das Awareness-Team kontaktieren. Es gibt zus\u00e4tzlich ein Awareness-Handy, das rund um die Uhr erreichbar ist.         <\/p>\n\n\n\n<p>Das Awareness-Team unterst\u00fctzt dich als betroffene Person von grenz\u00fcberschreitendem Verhalten aktiv und ist dabei betroffenensolidarisch. Es h\u00f6rt also zu und stellt deine Erfahrungen nicht in Frage. Du hast die Definitionsmacht \u00fcber das Geschehene. Das bedeutet, dass nur du alleine entscheiden kannst, wo deine Grenzen liegen und damit auch nur du definieren kannst, wann diese \u00fcberschritten wurden. Das Awareness-Team richtet sich nach deinen W\u00fcnschen und Bed\u00fcrfnissen als betroffen Person und ist parteilich mit dir.     <\/p>\n\n\n\n<p>Es wird also immer gemeinsam, wenn gew\u00fcnscht auch gerne mit Vertrauenspersonen, dar\u00fcber nachgedacht und beschlossen, wie du als betroffene Person am besten mit dem Erlebten umgehen kannst. Dabei bietet das Awareness-Team Beratung, aktives Einschreiten, kl\u00e4rende Gespr\u00e4che und Infos \u00fcber m\u00f6gliche Hilfeleistungen. S\u00e4mtliche Gespr\u00e4che finden stets vertraulich statt. In Konfliktsituationen geht das Awareness-Team deeskalierend vor und versucht, zur L\u00f6sung von Konflikten beizutragen. Dabei steht es f\u00fcr eine gewaltfreie Kommunikation ein und hat nicht den Anspruch, Menschen f\u00fcr ihr Verhalten zu bestrafen, sondern alle Parteien dazu anzuregen, Verantwortung f\u00fcr ihr Handeln zu \u00fcbernehmen.   <\/p>\n\n\n\n<p><strong>3. Der Awareness Bereich<\/strong><\/p>\n\n\n\n<p>Es gibt einen Awareness-Bereich, den du aufsuchen kannst, um dich in gesch\u00fctztem Rahmen an das Awareness-Team zu wenden. Du findest diesen ausgeschildert und gut gekennzeichnet. Es ist ein Ort, um in oder nach einer belastenden Situation nicht alleine zu sein. Er eignet sich au\u00dferdem gut, um das Gespr\u00e4ch mit dem Awareness-Team zu suchen. Der Awareness-Bereich dient generell als R\u00fcckzugsort nach triggernden und\/oder diskriminierenden Erlebnissen. Du kannst den Awareness-Bereich also auch nutzen, ohne direkt die Angebote des Awareness-Teams in Anspruch zu nehmen, aber dort ist stets mindestens eine Person des Awareness-Teams zu finden.     <\/p>\n\n\n\n<p>Wenn du einfach einen Moment Ruhe brauchst und f\u00fcr dich sein m\u00f6chtest, gibt es au\u00dferdem einen Ruhebereich. Er ist ebenfalls ausgeschildert und gut gekennzeichnet. Der Ruhebereich ist immer offen und kann jederzeit als R\u00fcckzugsort genutzt werden.  <\/p>\n\n\n\n<p>Sowohl Awareness- als auch Ruhebereich sind Orte, an denen bitte nicht konsumiert werden soll, dazu geh\u00f6rt auch Rauchen und Alkohol.<\/p>\n\n\n\n<p>Au\u00dferdem haben wir ein Sanit\u00e4ter*innen-Team vor Ort, welches du im Sani-Raum findest. Die Sanit\u00e4ter*innen helfen bei allen Formen von k\u00f6rperlichen Beschwerden. Wende dich in einem solchen Fall also gerne an die Sanis und nicht das Awareness-Team. <\/p>\n\n\n\n<p><strong>4. Triggerwarnungen and Content Notes<\/strong><\/p>\n\n\n\n<p>Je nach deiner pers\u00f6nlichen Geschichte und deinen eigenen Erfahrungen k\u00f6nnen dich ganz individuell Situationen triggern. Auch das k\u00f6nnen wir leider nicht vollst\u00e4ndig verhindern. Themen wie Flucht und das europ\u00e4ische Grenz- und Asylregime sind \u00e4u\u00dferst gewaltvoll und k\u00f6nnen f\u00fcr dich als betroffene Person sehr stark triggernd sein. Um triggernde Situationen trotzdem m\u00f6glichst gering zu halten, werden vor den einzelnen Veranstaltungen Content Notes gegeben, die m\u00f6gliche triggernde Themen auflisten, sodass du dich auf den Inhalt einstellen und selbstst\u00e4ndig entscheiden kannst, ob du bleiben und dich mit diesen Themen aussetzen m\u00f6chtest oder nicht. Nat\u00fcrlich k\u00f6nnen alle Veranstaltungen jederzeit verlassen werden, auch mittendrin.    <\/p>\n\n\n\n<p><strong>Und jetzt \u2013 hab eine tolle Zeit auf unserem Camp!<\/strong><\/p>\n<\/details>\n\n\n\n<hr class=\"wp-block-separator has-alpha-channel-opacity\"\/>\n\n\n\n<details class=\"wp-block-details is-layout-flow wp-block-details-is-layout-flow\"><summary><strong><strong>Accessibility Concept SAR Camp September 4\u20137, 2025<\/strong><\/strong><\/summary>\n<p><\/p>\n\n\n\n<p><strong>ANREISE<\/strong><\/p>\n\n\n\n<p>Das Camp findet in Biesenthal statt. Der n\u00e4chstgelegene Bahnhof ist Bernau. Der Bahnhof ist stufenlos zug\u00e4nglich und verf\u00fcgt \u00fcber Bodenindikatoren und taktile Leitelemente<br\/>(https:\/\/www.bahnhof.de\/en\/bernau-b-berlin).  <\/p>\n\n\n\n<p>Um zum Camp zu gelangen, musst du den Bus nehmen. Zus\u00e4tzlich bieten wir einen Shuttle-Service von der Bushaltestelle an. Leider ist der Shuttle nicht rollstuhlgerecht. Von der Bushaltestelle sind es noch 20 Minuten zu Fu\u00df um einen See herum \u00fcber unbefestigte Parkwege. Alternativ kannst du den l\u00e4ngeren Weg \u00fcber befestigte Stra\u00dfen nehmen, der etwa 30 Minuten dauert.   <\/p>\n\n\n\n<p>Wir bitten dich, aufgrund der begrenzten Parkm\u00f6glichkeiten nach M\u00f6glichkeit nicht mit dem Auto anzureisen. Bei Bedarf ist es jedoch m\u00f6glich, mit dem Auto anzureisen und in der N\u00e4he des Eingangs zu parken. <\/p>\n\n\n\n<p><strong>AREA<\/strong><\/p>\n\n\n\n<p>OUTDOOR<\/p>\n\n\n\n<p>Das Camp liegt am Ufer eines Sees und ist von B\u00e4umen umgeben. Der Boden ist naturbelassen und besteht haupts\u00e4chlich aus Gras. Der Gro\u00dfteil des Programms sowie die Mahlzeiten finden im Freien statt. Nachts wird f\u00fcr Beleuchtung gesorgt. Allerdings k\u00f6nnen wir nicht den gesamten Bereich ausleuchten, sodass Wurzeln oder unebene Wege m\u00f6glicherweise schwer zu erkennen sind. Wir empfehlen Ihnen, eine Taschenlampe mitzubringen.     <\/p>\n\n\n\n<p>Der See am Standort hat flache Ufer und ist nur \u00fcber einen Sandstrand zug\u00e4nglich. Die Sauna ist ein unebener, schmaler Raum und nur \u00fcber Stufen zug\u00e4nglich. <\/p>\n\n\n\n<p>Zwei der H\u00e4user haben Veranden. Diese bestehen aus Holzplanken mit Zwischenr\u00e4umen. Beide sind \u00fcber Rampen zug\u00e4nglich, die 85 cm breit sind und eine etwa 2 cm hohe Kante haben.  <\/p>\n\n\n\n<p>INDOOR<\/p>\n\n\n\n<p>Einige Workshops finden in Innenr\u00e4umen statt. Leider sind einige dieser R\u00e4ume nur \u00fcber Stufen erreichbar. Die Stufen sind nicht gekennzeichnet. Teil uns bitte im Voraus mit, wenn du an einem Workshop teilnehmen m\u00f6chtest, der f\u00fcr dich nicht zug\u00e4nglich ist, damit wir versuchen k\u00f6nnen, den Veranstaltungsort zu \u00e4ndern oder dich auf andere Weise zu unterst\u00fctzen.   <\/p>\n\n\n\n<p>Die T\u00fcren sind leicht und haben T\u00fcrgriffe statt Kn\u00f6pfe, aber die meisten sind nicht breiter als 80 cm. Das gilt auch f\u00fcr das Schlafen im Innenbereich. <\/p>\n\n\n\n<p>SCHLAFEN<\/p>\n\n\n\n<p>Wenn du nicht in einem Zelt schlafen kannst, besteht die M\u00f6glichkeit, ein Bett in einer Gemeinschaftsh\u00fctte\/einem Gemeinschaftsraum zu nutzen. Du m\u00fcsstest eigene Bettw\u00e4sche\/Schlafsack mitbringen. Bitte teile uns mit, wenn du einen der Schlafpl\u00e4tze im Innenbereich nutzen m\u00f6chten. Wie oben erw\u00e4hnt, sind diese nur \u00fcber Stufen erreichbar.   <\/p>\n\n\n\n<p>R\u00c4UMLICHKEITEN<\/p>\n\n\n\n<p>Es wird einen ruhigen Ort geben, an dem sich die Menschen beruhigen und ausruhen k\u00f6nnen. Er wird jederzeit f\u00fcr alle zug\u00e4nglich sein. <\/p>\n\n\n\n<p>Vor Ort gibt es eine Bar, an der alkoholische und alkoholfreie Getr\u00e4nke serviert werden, sowie einen Kaffeewagen.<\/p>\n\n\n\n<p>Im Essbereich und w\u00e4hrend der Workshops stehen in der Regel B\u00e4nke ohne R\u00fcckenlehne zur Verf\u00fcgung. Klappst\u00fchle kannst du jedoch am Infopoint erhalten. <\/p>\n\n\n\n<p>SANIT\u00c4RANLAGEN<\/p>\n\n\n\n<p><a><\/a>Es wird eine rollstuhlgerechte Toilette und einen Bereich zum Aufladen von Elektroger\u00e4ten geben.<\/p>\n\n\n\n<p><strong>MEDIZINISCHE VERSORGUNG<\/strong><\/p>\n\n\n\n<p>F\u00fcr medizinische Notf\u00e4lle vor Ort steht Ihnen unser Erste-Hilfe-Team zur Verf\u00fcgung. Wir haben einen K\u00fchlschrank vor Ort, in dem du deine Medikamente aufbewahren kannst. <\/p>\n\n\n\n<p>Bei der Anmeldung k\u00f6nnen Sie uns eventuelle Allergien mitteilen, damit unser K\u00fcchenteam bei Bedarf eine zus\u00e4tzliche Mahlzeit bereitstellen kann. <\/p>\n\n\n\n<p><strong>KINDER<\/strong><\/p>\n\n\n\n<p>Es wird einen Kinderbereich im Camp geben \u2013 ein offenes Zelt, das sich in der Mitte des Gel\u00e4ndes befindet. Die Kinderbetreuung ist Teil des partizipativen Konzepts des Camps \u2013 die Betreuungsschichten werden von den Teilnehmenden des Camps \u00fcbernommen. Wenn du eine Kinderbetreuung ben\u00f6tigst, gib dies bitte beim Kauf deines Tickets an \u2013 wir senden dir dann rechtzeitig vor dem Camp weitere Informationen zu.  <\/p>\n\n\n\n<p><strong>SPRACHE<\/strong><\/p>\n\n\n\n<p>Die Hauptsprachen des Camps sind Deutsch und Englisch. Die Sprache der Programmpunkte wird auf der Programmtafel angegeben. <\/p>\n\n\n\n<p>Wir werden versuchen, bei Bedarf eine Simultan\u00fcbersetzung anzubieten, damit der Inhalt f\u00fcr m\u00f6glichst viele Menschen zug\u00e4nglich ist. Bei der Registrierung f\u00fcr ein Ticket kannst du uns mitteilen, ob eine \u00dcbersetzung ben\u00f6tigst oder ob du beim Dolmetschen helfen k\u00f6nntest. <\/p>\n\n\n\n<p>W\u00e4hrend des Camps komm bitte zum Infopoint, um uns mitzuteilen, wenn du eine \u00dcbersetzung ben\u00f6tigst.<\/p>\n\n\n\n<p>Leider k\u00f6nnen wir voraussichtlich keine Verdolmetschung in Geb\u00e4rdensprache anbieten.<\/p>\n\n\n\n<p><strong>AWARENESS<\/strong><\/p>\n\n\n\n<p>W\u00e4hrend der gesamten Dauer des Camps wird ein Awareness-Team vor Ort sein und es wird einen speziellen Awareness-Bereich geben. Das Team ist au\u00dferdem rund um die Uhr telefonisch erreichbar. Die Awareness-Schichten werden von den Teilnehmenden des Camps \u00fcbernommen, wobei einige erfahrene Personen im Hintergrund die Schichten koordinieren und Briefings geben werden.  <\/p>\n\n\n\n<p>Weitere Informationen zum Awareness-Team und seiner Arbeit findest du im Awareness-Konzept.<\/p>\n\n\n\n<p><strong>KONTAKTIERE UNS<\/strong><\/p>\n\n\n\n<p><a><\/a><a><\/a><a><\/a><a><\/a><a><\/a><a><\/a><a><\/a><a><\/a><a><\/a><a><\/a><a><\/a><a><\/a><a><\/a><a><\/a>Generell m\u00f6chten wir das Camp so barrierefrei wie m\u00f6glich gestalten. Wenn du besondere Bed\u00fcrfnisse hast oder weitere Informationen ben\u00f6tigst, wende dichbitte an camp@sea-watch.org. <\/p>\n<\/details>\n\n\n\n<div style=\"height:151px\" aria-hidden=\"true\" class=\"wp-block-spacer\"><\/div>\n<\/div>\n<\/div>\n","protected":false},"excerpt":{"rendered":"<p>Accessibility und Awareness sind f\u00fcr uns unverzichtbar.<\/p>\n","protected":false},"author":1,"featured_media":0,"parent":0,"menu_order":0,"comment_status":"closed","ping_status":"closed","template":"","meta":{"inline_featured_image":false,"footnotes":""},"class_list":["post-1093","page","type-page","status-publish"],"yoast_head":"<!-- This site is optimized with the Yoast SEO plugin v26.1.1 - https:\/\/yoast.com\/wordpress\/plugins\/seo\/ -->\n<title>Accessibility &amp; Awareness - SAR Solidarity &amp; Resistance Camp<\/title>\n<meta name=\"robots\" content=\"index, follow, max-snippet:-1, max-image-preview:large, max-video-preview:-1\" \/>\n<link rel=\"canonical\" href=\"https:\/\/sar-camp.wtf\/de\/programm\/\" \/>\n<meta property=\"og:locale\" content=\"de_DE\" \/>\n<meta property=\"og:type\" content=\"article\" \/>\n<meta property=\"og:title\" content=\"Accessibility &amp; Awareness - SAR Solidarity &amp; Resistance Camp\" \/>\n<meta property=\"og:description\" content=\"Accessibility und Awareness sind f\u00fcr uns unverzichtbar.\" \/>\n<meta property=\"og:url\" content=\"https:\/\/sar-camp.wtf\/de\/programm\/\" \/>\n<meta property=\"og:site_name\" content=\"SAR Solidarity &amp; Resistance Camp\" \/>\n<meta property=\"article:modified_time\" content=\"2025-08-19T16:27:51+00:00\" \/>\n<meta name=\"twitter:card\" content=\"summary_large_image\" \/>\n<meta name=\"twitter:label1\" content=\"Gesch\u00e4tzte Lesezeit\" \/>\n\t<meta name=\"twitter:data1\" content=\"9\u00a0Minuten\" \/>\n<script type=\"application\/ld+json\" class=\"yoast-schema-graph\">{\"@context\":\"https:\/\/schema.org\",\"@graph\":[{\"@type\":\"WebPage\",\"@id\":\"https:\/\/sar-camp.wtf\/de\/programm\/\",\"url\":\"https:\/\/sar-camp.wtf\/de\/programm\/\",\"name\":\"Accessibility &amp; Awareness - SAR Solidarity &amp; Resistance Camp\",\"isPartOf\":{\"@id\":\"https:\/\/sar-camp.wtf\/de\/#website\"},\"datePublished\":\"2025-07-31T09:12:59+00:00\",\"dateModified\":\"2025-08-19T16:27:51+00:00\",\"breadcrumb\":{\"@id\":\"https:\/\/sar-camp.wtf\/de\/programm\/#breadcrumb\"},\"inLanguage\":\"de\",\"potentialAction\":[{\"@type\":\"ReadAction\",\"target\":[\"https:\/\/sar-camp.wtf\/de\/programm\/\"]}]},{\"@type\":\"BreadcrumbList\",\"@id\":\"https:\/\/sar-camp.wtf\/de\/programm\/#breadcrumb\",\"itemListElement\":[{\"@type\":\"ListItem\",\"position\":1,\"name\":\"Startseite\",\"item\":\"https:\/\/sar-camp.wtf\/de\/\"},{\"@type\":\"ListItem\",\"position\":2,\"name\":\"Accessibility &amp; Awareness\"}]},{\"@type\":\"WebSite\",\"@id\":\"https:\/\/sar-camp.wtf\/de\/#website\",\"url\":\"https:\/\/sar-camp.wtf\/de\/\",\"name\":\"SAR Solidarity &amp; Resistance Camp\",\"description\":\"10 Years of Solidarity &amp; Resistance - Search &amp; Rescue\",\"publisher\":{\"@id\":\"https:\/\/sar-camp.wtf\/de\/#organization\"},\"potentialAction\":[{\"@type\":\"SearchAction\",\"target\":{\"@type\":\"EntryPoint\",\"urlTemplate\":\"https:\/\/sar-camp.wtf\/de\/?s={search_term_string}\"},\"query-input\":{\"@type\":\"PropertyValueSpecification\",\"valueRequired\":true,\"valueName\":\"search_term_string\"}}],\"inLanguage\":\"de\"},{\"@type\":\"Organization\",\"@id\":\"https:\/\/sar-camp.wtf\/de\/#organization\",\"name\":\"SAR Solidarity &amp; Resistance Camp\",\"url\":\"https:\/\/sar-camp.wtf\/de\/\",\"logo\":{\"@type\":\"ImageObject\",\"inLanguage\":\"de\",\"@id\":\"https:\/\/sar-camp.wtf\/de\/#\/schema\/logo\/image\/\",\"url\":\"https:\/\/sar-camp.wtf\/wp-content\/uploads\/2025\/04\/sar-logo-w-text.png\",\"contentUrl\":\"https:\/\/sar-camp.wtf\/wp-content\/uploads\/2025\/04\/sar-logo-w-text.png\",\"width\":2485,\"height\":1560,\"caption\":\"SAR Solidarity &amp; Resistance Camp\"},\"image\":{\"@id\":\"https:\/\/sar-camp.wtf\/de\/#\/schema\/logo\/image\/\"}}]}<\/script>\n<!-- \/ Yoast SEO plugin. -->","yoast_head_json":{"title":"Accessibility &amp; Awareness - SAR Solidarity &amp; Resistance Camp","robots":{"index":"index","follow":"follow","max-snippet":"max-snippet:-1","max-image-preview":"max-image-preview:large","max-video-preview":"max-video-preview:-1"},"canonical":"https:\/\/sar-camp.wtf\/de\/programm\/","og_locale":"de_DE","og_type":"article","og_title":"Accessibility &amp; Awareness - SAR Solidarity &amp; Resistance Camp","og_description":"Accessibility und Awareness sind f\u00fcr uns unverzichtbar.","og_url":"https:\/\/sar-camp.wtf\/de\/programm\/","og_site_name":"SAR Solidarity &amp; Resistance Camp","article_modified_time":"2025-08-19T16:27:51+00:00","twitter_card":"summary_large_image","twitter_misc":{"Gesch\u00e4tzte Lesezeit":"9\u00a0Minuten"},"schema":{"@context":"https:\/\/schema.org","@graph":[{"@type":"WebPage","@id":"https:\/\/sar-camp.wtf\/de\/programm\/","url":"https:\/\/sar-camp.wtf\/de\/programm\/","name":"Accessibility &amp; Awareness - SAR Solidarity &amp; Resistance Camp","isPartOf":{"@id":"https:\/\/sar-camp.wtf\/de\/#website"},"datePublished":"2025-07-31T09:12:59+00:00","dateModified":"2025-08-19T16:27:51+00:00","breadcrumb":{"@id":"https:\/\/sar-camp.wtf\/de\/programm\/#breadcrumb"},"inLanguage":"de","potentialAction":[{"@type":"ReadAction","target":["https:\/\/sar-camp.wtf\/de\/programm\/"]}]},{"@type":"BreadcrumbList","@id":"https:\/\/sar-camp.wtf\/de\/programm\/#breadcrumb","itemListElement":[{"@type":"ListItem","position":1,"name":"Startseite","item":"https:\/\/sar-camp.wtf\/de\/"},{"@type":"ListItem","position":2,"name":"Accessibility &amp; Awareness"}]},{"@type":"WebSite","@id":"https:\/\/sar-camp.wtf\/de\/#website","url":"https:\/\/sar-camp.wtf\/de\/","name":"SAR Solidarity &amp; Resistance Camp","description":"10 Years of Solidarity &amp; Resistance - Search &amp; Rescue","publisher":{"@id":"https:\/\/sar-camp.wtf\/de\/#organization"},"potentialAction":[{"@type":"SearchAction","target":{"@type":"EntryPoint","urlTemplate":"https:\/\/sar-camp.wtf\/de\/?s={search_term_string}"},"query-input":{"@type":"PropertyValueSpecification","valueRequired":true,"valueName":"search_term_string"}}],"inLanguage":"de"},{"@type":"Organization","@id":"https:\/\/sar-camp.wtf\/de\/#organization","name":"SAR Solidarity &amp; Resistance Camp","url":"https:\/\/sar-camp.wtf\/de\/","logo":{"@type":"ImageObject","inLanguage":"de","@id":"https:\/\/sar-camp.wtf\/de\/#\/schema\/logo\/image\/","url":"https:\/\/sar-camp.wtf\/wp-content\/uploads\/2025\/04\/sar-logo-w-text.png","contentUrl":"https:\/\/sar-camp.wtf\/wp-content\/uploads\/2025\/04\/sar-logo-w-text.png","width":2485,"height":1560,"caption":"SAR Solidarity &amp; Resistance Camp"},"image":{"@id":"https:\/\/sar-camp.wtf\/de\/#\/schema\/logo\/image\/"}}]}},"_links":{"self":[{"href":"https:\/\/sar-camp.wtf\/de\/wp-json\/wp\/v2\/pages\/1093","targetHints":{"allow":["GET"]}}],"collection":[{"href":"https:\/\/sar-camp.wtf\/de\/wp-json\/wp\/v2\/pages"}],"about":[{"href":"https:\/\/sar-camp.wtf\/de\/wp-json\/wp\/v2\/types\/page"}],"author":[{"embeddable":true,"href":"https:\/\/sar-camp.wtf\/de\/wp-json\/wp\/v2\/users\/1"}],"replies":[{"embeddable":true,"href":"https:\/\/sar-camp.wtf\/de\/wp-json\/wp\/v2\/comments?post=1093"}],"version-history":[{"count":9,"href":"https:\/\/sar-camp.wtf\/de\/wp-json\/wp\/v2\/pages\/1093\/revisions"}],"predecessor-version":[{"id":1249,"href":"https:\/\/sar-camp.wtf\/de\/wp-json\/wp\/v2\/pages\/1093\/revisions\/1249"}],"wp:attachment":[{"href":"https:\/\/sar-camp.wtf\/de\/wp-json\/wp\/v2\/media?parent=1093"}],"curies":[{"name":"wp","href":"https:\/\/api.w.org\/{rel}","templated":true}]}}